{"id":5804,"date":"2018-07-30T11:49:40","date_gmt":"2018-07-30T09:49:40","guid":{"rendered":"http:\/\/observator.org.al\/sq\/?page_id=5804"},"modified":"2018-07-30T11:50:18","modified_gmt":"2018-07-30T09:50:18","slug":"albana-kastrati","status":"publish","type":"page","link":"https:\/\/observator.org.al\/sq\/rreth-nesh\/albana-kastrati\/","title":{"rendered":"Albana Kastrati"},"content":{"rendered":"<div class=\"flex_column av_one_fourth  flex_column_div av-zero-column-padding first  avia-builder-el-0  el_before_av_three_fourth  avia-builder-el-first  \" style='border-radius:0px; '><section  class='avia-team-member   avia-builder-el-1  avia-builder-el-no-sibling '  itemscope=\"itemscope\" itemtype=\"https:\/\/schema.org\/Person\" ><div class='team-img-container'><img decoding=\"async\" width=\"298\" height=\"380\" class='wp-image-5799 avia-img-lazy-loading-not-5799 avia_image avia_image_team' src=\"http:\/\/observator.org.al\/wp-content\/uploads\/2018\/07\/ttt-298x380.jpg\" alt='Albana Kastrati'  itemprop=\"image\" srcset=\"https:\/\/observator.org.al\/wp-content\/uploads\/2018\/07\/ttt-298x380.jpg 298w, https:\/\/observator.org.al\/wp-content\/uploads\/2018\/07\/ttt.jpg 303w\" sizes=\"(max-width: 298px) 100vw, 298px\" \/><\/div><h3 class='team-member-name'    itemprop=\"name\" >Albana Kastrati<\/h3><div class='team-member-job-title '   itemprop=\"jobTitle\" >Eksperte e ODF - Shkod\u00ebr<\/div><span class='hidden team-member-affiliation'  itemprop=\"affiliation\" >Observatori<\/span><\/section><\/div><div class=\"flex_column av_three_fourth  flex_column_div av-zero-column-padding   avia-builder-el-2  el_after_av_one_fourth  avia-builder-el-last  \" style='border-radius:0px; '><section class=\"av_textblock_section \"  itemscope=\"itemscope\" itemtype=\"https:\/\/schema.org\/CreativeWork\" ><div class='avia_textblock  '   itemprop=\"text\" ><p>Albana Kastrati (Kullolli) \u00ebsht\u00eb diplomuar n\u00eb Universitetin \u201cLuigj Gurakuqi\u201d, pran\u00eb Fakultetit Ekonomik, Dega Financ\u00eb \u2013 Kontabilitet, n\u00eb vitin 2004. Po n\u00eb k\u00ebt\u00eb vit em\u00ebrohet pedagoge definitive pran\u00eb k\u00ebtij departamenti.<\/p>\n<p>M\u00eb pas n\u00eb vitin 2006 \u2013 2008 ka marr\u00eb Masterin n\u00eb \u201cKontabilitet\u201d pran\u00eb departamentit t\u00eb Kontabilitetit, pran\u00eb Universitetit t\u00eb Tiran\u00ebs.<\/p>\n<p>M\u00eb 19 Janar t\u00eb vitit 2017 ka mbrojtur grad\u00ebn \u201cDoktor i Shkencave\u201d n\u00eb Universitetin e Tiran\u00ebs, pran\u00eb departamentit t\u00eb Kontabilitetit.<\/p>\n<p>Gjat\u00eb k\u00ebtyre viteve ajo ka marr\u00eb pjes\u00eb n\u00eb trajnime t\u00eb ndryshme n\u00eb lidhje me profesionin e kontabilistit. Gjithashtu, ka marr\u00eb pjes\u00eb n\u00eb konferenca dhe ka shkruar artikuj t\u00eb ndrysh\u00ebm shkencor\u00eb.<\/p>\n<p>Ajo \u00ebsht\u00eb eksperte e Observatorit p\u00ebr t\u00eb Drejtat e F\u00ebmij\u00ebve n\u00eb Shkod\u00ebr, q\u00eb nga muaji tetor 2017. Gjat\u00eb k\u00ebsaj kohe, ajo \u00ebsht\u00eb angazhuar n\u00eb projekte t\u00eb ndryshme q\u00eb observatori ka realizuar n\u00eb k\u00ebt\u00eb qytet.<\/p>\n<\/div><\/section><\/div><\/p>\n","protected":false},"excerpt":{"rendered":"","protected":false},"author":7,"featured_media":0,"parent":2557,"menu_order":0,"comment_status":"closed","ping_status":"closed","template":"","meta":{"_mc_calendar":[],"footnotes":""},"class_list":["post-5804","page","type-page","status-publish","hentry"],"_links":{"self":[{"href":"https:\/\/observator.org.al\/sq\/wp-json\/wp\/v2\/pages\/5804","targetHints":{"allow":["GET"]}}],"collection":[{"href":"https:\/\/observator.org.al\/sq\/wp-json\/wp\/v2\/pages"}],"about":[{"href":"https:\/\/observator.org.al\/sq\/wp-json\/wp\/v2\/types\/page"}],"author":[{"embeddable":true,"href":"https:\/\/observator.org.al\/sq\/wp-json\/wp\/v2\/users\/7"}],"replies":[{"embeddable":true,"href":"https:\/\/observator.org.al\/sq\/wp-json\/wp\/v2\/comments?post=5804"}],"version-history":[{"count":2,"href":"https:\/\/observator.org.al\/sq\/wp-json\/wp\/v2\/pages\/5804\/revisions"}],"predecessor-version":[{"id":5806,"href":"https:\/\/observator.org.al\/sq\/wp-json\/wp\/v2\/pages\/5804\/revisions\/5806"}],"up":[{"embeddable":true,"href":"https:\/\/observator.org.al\/sq\/wp-json\/wp\/v2\/pages\/2557"}],"wp:attachment":[{"href":"https:\/\/observator.org.al\/sq\/wp-json\/wp\/v2\/media?parent=5804"}],"curies":[{"name":"wp","href":"https:\/\/api.w.org\/{rel}","templated":true}]}}