{"id":4282,"date":"2015-11-04T00:11:54","date_gmt":"2015-11-03T23:11:54","guid":{"rendered":"http:\/\/observator.org.al\/?page_id=4282"},"modified":"2017-07-26T01:22:50","modified_gmt":"2017-07-25T23:22:50","slug":"ligje-per-mbrojtjen-e-femijeve","status":"publish","type":"page","link":"https:\/\/observator.org.al\/sq\/legjislacioni\/ligje-per-mbrojtjen-e-femijeve\/","title":{"rendered":"Ligje p\u00ebr mbrojtjen e f\u00ebmij\u00ebve"},"content":{"rendered":"<div class=\"flex_column av_one_full  flex_column_div av-zero-column-padding first  avia-builder-el-0  avia-builder-el-no-sibling  \" style='border-radius:0px; '><div  class=\"togglecontainer   toggle_close_all  avia-builder-el-1  avia-builder-el-no-sibling \" >\n<section class=\"av_toggle_section\"  itemscope=\"itemscope\" itemtype=\"https:\/\/schema.org\/CreativeWork\"  >    <div role=\"tablist\" class=\"single_toggle\" data-tags=\"{All} {1} \"  >        <p data-fake-id=\"#toggle-id-1\" class=\"toggler activeTitle\"  itemprop=\"headline\"    role=\"tab\" tabindex=\"0\" aria-controls=\"toggle-id-1\">Institucionet q\u00eb monitorojn\u00eb t\u00eb drejtat e f\u00ebmij\u00ebve<span class=\"toggle_icon\" >        <span class=\"vert_icon\"><\/span><span class=\"hor_icon\"><\/span><\/span><\/p>        <div id=\"toggle-id-1\" class=\"toggle_wrap active_tc\"  style='display:block;'>            <div class=\"toggle_content invers-color \"  itemprop=\"text\"   ><p><a href=\"http:\/\/observator.org.al\/wp-content\/uploads\/2015\/11\/Institucionet_qe_monitorojne_te_drejtat_e_femijeve.doc\"><img loading=\"lazy\" decoding=\"async\" class=\"alignleft size-full wp-image-3268\" src=\"http:\/\/observator.org.al\/wp-content\/uploads\/2014\/01\/word_icon.png\" alt=\"word_icon\" width=\"190\" height=\"137\" \/><\/a><\/p>\n<p>N\u00eb Strategjin\u00eb Komb\u00ebtare p\u00ebr F\u00ebmij\u00ebt, theksohet se duhet t\u00eb ngrihet mekanizmi institucional p\u00ebr monitorimin e realizimit dhe efektivitetin e politikave komb\u00ebtare dhe rajonale p\u00ebr realizimin e t\u00eb drejtave t\u00eb f\u00ebmij\u00ebve. Ky proces tashm\u00eb ka p\u00ebrfunduar n\u00eb nivel q\u00ebndror me ngritjen e <em>Komitetit Nd\u00ebrministror p\u00ebr t\u00eb Drejtat e F\u00ebmij\u00ebve<\/em>dhe <em>Agjencis\u00eb Shtet\u00ebrore p\u00ebr Mbrojtjen e t\u00eb Drejtave t\u00eb F\u00ebmij\u00ebs<\/em>.<\/p>\n            <\/div>        <\/div>    <\/div><\/section>\n<section class=\"av_toggle_section\"  itemscope=\"itemscope\" itemtype=\"https:\/\/schema.org\/CreativeWork\"  >    <div role=\"tablist\" class=\"single_toggle\" data-tags=\"{All} \"  >        <p data-fake-id=\"#toggle-id-2\" class=\"toggler \"  itemprop=\"headline\"    role=\"tab\" tabindex=\"0\" aria-controls=\"toggle-id-2\">KUSHTETUTA E REPUBLIK\u00cbS S\u00cb SHQIP\u00cbRIS\u00cb<span class=\"toggle_icon\" >        <span class=\"vert_icon\"><\/span><span class=\"hor_icon\"><\/span><\/span><\/p>        <div id=\"toggle-id-2\" class=\"toggle_wrap \"  >            <div class=\"toggle_content invers-color \"  itemprop=\"text\"   ><p><a href=\"http:\/\/observator.org.al\/wp-content\/uploads\/2015\/11\/Kushtetuta_perditesuar_15171_1.pdf\"><img loading=\"lazy\" decoding=\"async\" class=\"alignleft size-full wp-image-3422\" src=\"http:\/\/observator.org.al\/wp-content\/uploads\/2014\/05\/pdflogo.png\" alt=\"pdflogo\" width=\"190\" height=\"137\" \/><\/a>KUSHTETUTA E REPUBLIK\u00cbS S\u00cb SHQIP\u00cbRIS\u00cb<\/p>\n<p>Ne, Populli i Shqip\u00ebris\u00eb, krenar\u00eb dhe t\u00eb vet\u00ebdijsh\u00ebm p\u00ebr historin\u00eb ton\u00eb, me p\u00ebrgjegj\u00ebsi p\u00ebr t\u00eb ardhmen, me besim te Zoti dhe\/ose te vlera t\u00eb tjera universale, me vendosm\u00ebrin\u00eb p\u00ebr t\u00eb nd\u00ebrtuar nj\u00eb shtet t\u00eb s\u00eb drejt\u00ebs, demokratik e social, p\u00ebr t\u00eb garantuar t\u00eb drejtat dhe lirit\u00eb themelore t\u00eb njeriut, me frym\u00ebn e toleranc\u00ebs dhe t\u00eb bashk\u00ebjetes\u00ebs fetare, m e zotimin p\u00ebr mbrojtjen e dinjitetit dhe t\u00eb personalitetit njer\u00ebzor, si dhe p\u00ebr prosperitetin e t\u00eb gjith\u00eb kombit, p\u00ebr paqen, mir\u00ebqenien, kultur\u00ebn dhe solidaritetin shoq\u00ebror, me aspirat\u00ebn shekullore t\u00eb popullit shqiptar p\u00ebr identitetin dhe bashkimin komb\u00ebtar, me bindjen e thell\u00eb se drejt\u00ebsia, paqja, harmonia dhe bashk\u00ebpunimi nd\u00ebrmjet kombeve jan\u00eb nd\u00ebr vlerat m\u00eb t\u00eb larta t\u00eb njer\u00ebzimit, Vendosim k\u00ebt\u00eb Kushtetut\u00eb:<\/p>\n            <\/div>        <\/div>    <\/div><\/section>\n<section class=\"av_toggle_section\"  itemscope=\"itemscope\" itemtype=\"https:\/\/schema.org\/CreativeWork\"  >    <div role=\"tablist\" class=\"single_toggle\" data-tags=\"{All} \"  >        <p data-fake-id=\"#toggle-id-3\" class=\"toggler \"  itemprop=\"headline\"    role=\"tab\" tabindex=\"0\" aria-controls=\"toggle-id-3\">P\u00cbR ORGANIZIMIN DHE FUNKSIONIMIN E QEVERISJES VENDORE<span class=\"toggle_icon\" >        <span class=\"vert_icon\"><\/span><span class=\"hor_icon\"><\/span><\/span><\/p>        <div id=\"toggle-id-3\" class=\"toggle_wrap \"  >            <div class=\"toggle_content invers-color \"  itemprop=\"text\"   ><p><a href=\"http:\/\/observator.org.al\/wp-content\/uploads\/2015\/11\/Ligj_8652_31.07.2000_per_organizimin_e_qeverisjes_vendore.pdf\"><img loading=\"lazy\" decoding=\"async\" class=\"alignleft size-full wp-image-3422\" src=\"http:\/\/observator.org.al\/wp-content\/uploads\/2014\/05\/pdflogo.png\" alt=\"pdflogo\" width=\"190\" height=\"137\" \/><\/a>L I G J<br \/>\nNr.8652, dat\u00eb 31.7.2000<br \/>\nP\u00cbR ORGANIZIMIN DHE FUNKSIONIMIN E QEVERISJES VENDORE<\/p>\n            <\/div>        <\/div>    <\/div><\/section>\n<section class=\"av_toggle_section\"  itemscope=\"itemscope\" itemtype=\"https:\/\/schema.org\/CreativeWork\"  >    <div role=\"tablist\" class=\"single_toggle\" data-tags=\"{All} \"  >        <p data-fake-id=\"#toggle-id-4\" class=\"toggler \"  itemprop=\"headline\"    role=\"tab\" tabindex=\"0\" aria-controls=\"toggle-id-4\">P\u00cbR NDIHM\u00cbN DHE SH\u00cbRBIMET SHOQ\u00cbRORE*<span class=\"toggle_icon\" >        <span class=\"vert_icon\"><\/span><span class=\"hor_icon\"><\/span><\/span><\/p>        <div id=\"toggle-id-4\" class=\"toggle_wrap \"  >            <div class=\"toggle_content invers-color \"  itemprop=\"text\"   ><p><a href=\"http:\/\/observator.org.al\/wp-content\/uploads\/2015\/11\/LIGJ-47-per-ndryshimin-e-ligjit-9355.pdf\"><img loading=\"lazy\" decoding=\"async\" class=\"alignleft size-full wp-image-3422\" src=\"http:\/\/observator.org.al\/wp-content\/uploads\/2014\/05\/pdflogo.png\" alt=\"pdflogo\" width=\"190\" height=\"137\" \/><\/a>LIGJ<br \/>\nNr. 47\/2014<br \/>\nP\u00cbR DISA SHTESA DHE NDRYSHIME N\u00cb LIGJIN NR. 9355, DAT\u00cb 10.3.2005, &#8220;P\u00cbR NDIHM\u00cbN DHE SH\u00cbRBIMET SHOQ\u00cbRORE&#8221;, T\u00cb NDRYSHUAR<\/p>\n            <\/div>        <\/div>    <\/div><\/section>\n<section class=\"av_toggle_section\"  itemscope=\"itemscope\" itemtype=\"https:\/\/schema.org\/CreativeWork\"  >    <div role=\"tablist\" class=\"single_toggle\" data-tags=\"{All} \"  >        <p data-fake-id=\"#toggle-id-5\" class=\"toggler \"  itemprop=\"headline\"    role=\"tab\" tabindex=\"0\" aria-controls=\"toggle-id-5\">P\u00cbR NDIHM\u00cbN DHE SH\u00cbRBIMET SHOQ\u00cbRORE<span class=\"toggle_icon\" >        <span class=\"vert_icon\"><\/span><span class=\"hor_icon\"><\/span><\/span><\/p>        <div id=\"toggle-id-5\" class=\"toggle_wrap \"  >            <div class=\"toggle_content invers-color \"  itemprop=\"text\"   ><p><a href=\"http:\/\/observator.org.al\/wp-content\/uploads\/2015\/11\/Ligji_9355_per_ndihmen_ekon.dhe_sherbimet_sociale.pdf\"><img loading=\"lazy\" decoding=\"async\" class=\"alignleft size-full wp-image-3422\" src=\"http:\/\/observator.org.al\/wp-content\/uploads\/2014\/05\/pdflogo.png\" alt=\"pdflogo\" width=\"190\" height=\"137\" \/><\/a>L I G J<br \/>\nNr. 9355, dat\u00eb 10.03.2005<br \/>\nP\u00cbR NDIHM\u00cbN DHE SH\u00cbRBIMET SHOQ\u00cbRORE<\/p>\n            <\/div>        <\/div>    <\/div><\/section>\n<section class=\"av_toggle_section\"  itemscope=\"itemscope\" itemtype=\"https:\/\/schema.org\/CreativeWork\"  >    <div role=\"tablist\" class=\"single_toggle\" data-tags=\"{All} \"  >        <p data-fake-id=\"#toggle-id-6\" class=\"toggler \"  itemprop=\"headline\"    role=\"tab\" tabindex=\"0\" aria-controls=\"toggle-id-6\">PER TE DREJTEN E INFORMIMIT PER DOKUMENTET ZYRTARE<span class=\"toggle_icon\" >        <span class=\"vert_icon\"><\/span><span class=\"hor_icon\"><\/span><\/span><\/p>        <div id=\"toggle-id-6\" class=\"toggle_wrap \"  >            <div class=\"toggle_content invers-color \"  itemprop=\"text\"   ><p><a href=\"http:\/\/observator.org.al\/wp-content\/uploads\/2015\/11\/Ligji_nr.8503_Per_Informimin_publik.doc\"><img loading=\"lazy\" decoding=\"async\" class=\"alignleft size-full wp-image-3268\" src=\"http:\/\/observator.org.al\/wp-content\/uploads\/2014\/01\/word_icon.png\" alt=\"word_icon\" width=\"190\" height=\"137\" \/><\/a>LIGJ<\/p>\n<p>Nr.8503, date 30.6.1999<\/p>\n<p>PER TE DREJTEN E INFORMIMIT PER DOKUMENTET ZYRTARE<\/p>\n            <\/div>        <\/div>    <\/div><\/section>\n<section class=\"av_toggle_section\"  itemscope=\"itemscope\" itemtype=\"https:\/\/schema.org\/CreativeWork\"  >    <div role=\"tablist\" class=\"single_toggle\" data-tags=\"{All} \"  >        <p data-fake-id=\"#toggle-id-7\" class=\"toggler \"  itemprop=\"headline\"    role=\"tab\" tabindex=\"0\" aria-controls=\"toggle-id-7\">P\u00cbR BARAZIN\u00cb GJINORE N\u00cb SHOQ\u00cbRI<span class=\"toggle_icon\" >        <span class=\"vert_icon\"><\/span><span class=\"hor_icon\"><\/span><\/span><\/p>        <div id=\"toggle-id-7\" class=\"toggle_wrap \"  >            <div class=\"toggle_content invers-color \"  itemprop=\"text\"   ><p><a href=\"http:\/\/observator.org.al\/wp-content\/uploads\/2015\/11\/Ligji_nr.9970_Per_barazine_gjinore_shoqeri.pdf\"><img loading=\"lazy\" decoding=\"async\" class=\"alignleft size-full wp-image-3422\" src=\"http:\/\/observator.org.al\/wp-content\/uploads\/2014\/05\/pdflogo.png\" alt=\"pdflogo\" width=\"190\" height=\"137\" \/><\/a>LIGJ<br \/>\nNr.9970, dat\u00eb 24.7.2008<br \/>\nP\u00cbR BARAZIN\u00cb GJINORE N\u00cb SHOQ\u00cbRI<\/p>\n            <\/div>        <\/div>    <\/div><\/section>\n<section class=\"av_toggle_section\"  itemscope=\"itemscope\" itemtype=\"https:\/\/schema.org\/CreativeWork\"  >    <div role=\"tablist\" class=\"single_toggle\" data-tags=\"{All} \"  >        <p data-fake-id=\"#toggle-id-8\" class=\"toggler \"  itemprop=\"headline\"    role=\"tab\" tabindex=\"0\" aria-controls=\"toggle-id-8\">P\u00cbR MBROJTJEN E T\u00cb DREJTAVE T\u00cb F\u00cbMIJ\u00cbS<span class=\"toggle_icon\" >        <span class=\"vert_icon\"><\/span><span class=\"hor_icon\"><\/span><\/span><\/p>        <div id=\"toggle-id-8\" class=\"toggle_wrap \"  >            <div class=\"toggle_content invers-color \"  itemprop=\"text\"   ><div   class='hr hr-default   avia-builder-el-2  avia-builder-el-no-sibling '><span class='hr-inner ' ><span class='hr-inner-style'><\/span><\/span><\/div>\n<p><a href=\"http:\/\/observator.org.al\/wp-content\/uploads\/2017\/06\/Layout-A5_shqip_fin_11Maj2017.pdf\"><img loading=\"lazy\" decoding=\"async\" class=\"alignleft size-full wp-image-3268\" src=\"http:\/\/observator.org.al\/wp-content\/uploads\/2014\/05\/pdflogo.png\" alt=\"pdf_icon\" width=\"190\" height=\"137\" \/><\/a><\/p>\n<p><strong>L I GJ<\/strong><\/p>\n<p><strong>Nr. 18\/2017, dat\u00eb 9.03.2017<\/strong><\/p>\n<p><strong>P\u00cbR MBROJTJEN E T\u00cb DREJTAVE T\u00cb F\u00cbMIJ\u00cbS<\/strong><\/p>\n            <\/div>        <\/div>    <\/div><\/section>\n<section class=\"av_toggle_section\"  itemscope=\"itemscope\" itemtype=\"https:\/\/schema.org\/CreativeWork\"  >    <div role=\"tablist\" class=\"single_toggle\" data-tags=\"{All} \"  >        <p data-fake-id=\"#toggle-id-9\" class=\"toggler \"  itemprop=\"headline\"    role=\"tab\" tabindex=\"0\" aria-controls=\"toggle-id-9\">P\u00cbR SISTEMIN ARSIMOR PARAUNIVERSITAR N\u00cb REPUBLIK\u00cbN E SHQIP\u00cbRIS\u00cb<span class=\"toggle_icon\" >        <span class=\"vert_icon\"><\/span><span class=\"hor_icon\"><\/span><\/span><\/p>        <div id=\"toggle-id-9\" class=\"toggle_wrap \"  >            <div class=\"toggle_content invers-color \"  itemprop=\"text\"   ><p><a href=\"http:\/\/observator.org.al\/wp-content\/uploads\/2015\/11\/ligj-nr-69-21-06-2012_Per_arsimin_parauniversitar.pdf\"><img loading=\"lazy\" decoding=\"async\" class=\"alignleft size-full wp-image-3422\" src=\"http:\/\/observator.org.al\/wp-content\/uploads\/2014\/05\/pdflogo.png\" alt=\"pdflogo\" width=\"190\" height=\"137\" \/><\/a>LIGJ<br \/>\nNr. 69\/2012<br \/>\nP\u00cbR SISTEMIN ARSIMOR PARAUNIVERSITAR N\u00cb REPUBLIK\u00cbN E SHQIP\u00cbRIS\u00cb<\/p>\n            <\/div>        <\/div>    <\/div><\/section>\n<section class=\"av_toggle_section\"  itemscope=\"itemscope\" itemtype=\"https:\/\/schema.org\/CreativeWork\"  >    <div role=\"tablist\" class=\"single_toggle\" data-tags=\"{All} \"  >        <p data-fake-id=\"#toggle-id-10\" class=\"toggler \"  itemprop=\"headline\"    role=\"tab\" tabindex=\"0\" aria-controls=\"toggle-id-10\">PROTOKOLLI I MBROJTJES S\u00cb F\u00cbMIJ\u00cbS<span class=\"toggle_icon\" >        <span class=\"vert_icon\"><\/span><span class=\"hor_icon\"><\/span><\/span><\/p>        <div id=\"toggle-id-10\" class=\"toggle_wrap \"  >            <div class=\"toggle_content invers-color \"  itemprop=\"text\"   ><p><a href=\"http:\/\/observator.org.al\/wp-content\/uploads\/2015\/11\/Protokolli_i_mbrojtjes_se_femijes1.doc\"><img loading=\"lazy\" decoding=\"async\" class=\"alignleft size-full wp-image-3268\" src=\"http:\/\/observator.org.al\/wp-content\/uploads\/2014\/01\/word_icon.png\" alt=\"word_icon\" width=\"190\" height=\"137\" \/><\/a><\/p>\n<p>Mbrojtja e nj\u00eb f\u00ebmije n\u00eb rrezik k\u00ebrkon nd\u00ebrhyrjen dhe bashk\u00ebpunimin e shum\u00eb aktor\u00ebve dhe profesionist\u00ebve t\u00eb ndrysh\u00ebm. Roli, detyrat e gjith\u00ebsecilit dhe\u00a0 rregullat e bashk\u00ebpunimit duhet t\u00eb p\u00ebrcaktohen qart\u00eb dhe t\u00eb njihen nga t\u00eb gjith\u00eb.<\/p>\n<p>Protokolli p\u00ebr Mbrojtjen e F\u00ebmij\u00ebs p\u00ebrcakton procedurat q\u00eb duhet t\u00eb ndiqen p\u00ebr marrjen n\u00eb\u00a0 mbrojtje t\u00eb f\u00ebmij\u00ebve t\u00eb abuzuar, t\u00eb dhunuar apo t\u00eb f\u00ebmij\u00ebve t\u00eb cil\u00ebt n\u00ebse lihen n\u00eb rrethanat aktuale, jan\u00eb n\u00eb rrezik t\u00eb abuzohen apo dhunohen. Puna p\u00ebr hartimin e nj\u00eb dokumenti t\u00eb till\u00eb\u00a0 ka filluar me Protokollin e Punonj\u00ebsit p\u00ebr Mbrojtjen e F\u00ebmij\u00ebs n\u00eb vitin 2009.<\/p>\n            <\/div>        <\/div>    <\/div><\/section>\n<\/div><\/div>\n","protected":false},"excerpt":{"rendered":"","protected":false},"author":4,"featured_media":0,"parent":4004,"menu_order":0,"comment_status":"closed","ping_status":"closed","template":"","meta":{"_mc_calendar":[],"footnotes":""},"class_list":["post-4282","page","type-page","status-publish","hentry"],"_links":{"self":[{"href":"https:\/\/observator.org.al\/sq\/wp-json\/wp\/v2\/pages\/4282","targetHints":{"allow":["GET"]}}],"collection":[{"href":"https:\/\/observator.org.al\/sq\/wp-json\/wp\/v2\/pages"}],"about":[{"href":"https:\/\/observator.org.al\/sq\/wp-json\/wp\/v2\/types\/page"}],"author":[{"embeddable":true,"href":"https:\/\/observator.org.al\/sq\/wp-json\/wp\/v2\/users\/4"}],"replies":[{"embeddable":true,"href":"https:\/\/observator.org.al\/sq\/wp-json\/wp\/v2\/comments?post=4282"}],"version-history":[{"count":10,"href":"https:\/\/observator.org.al\/sq\/wp-json\/wp\/v2\/pages\/4282\/revisions"}],"predecessor-version":[{"id":5581,"href":"https:\/\/observator.org.al\/sq\/wp-json\/wp\/v2\/pages\/4282\/revisions\/5581"}],"up":[{"embeddable":true,"href":"https:\/\/observator.org.al\/sq\/wp-json\/wp\/v2\/pages\/4004"}],"wp:attachment":[{"href":"https:\/\/observator.org.al\/sq\/wp-json\/wp\/v2\/media?parent=4282"}],"curies":[{"name":"wp","href":"https:\/\/api.w.org\/{rel}","templated":true}]}}