{"id":3883,"date":"2015-06-28T17:51:08","date_gmt":"2015-06-28T15:51:08","guid":{"rendered":"http:\/\/observator.org.al\/?page_id=3883"},"modified":"2024-08-09T10:25:45","modified_gmt":"2024-08-09T08:25:45","slug":"te-reja","status":"publish","type":"page","link":"https:\/\/observator.org.al\/sq\/te-reja\/","title":{"rendered":"Te reja"},"content":{"rendered":"<div class=\"flex_column av_one_full  flex_column_div av-zero-column-padding first  avia-builder-el-0  avia-builder-el-no-sibling  \" style='border-radius:0px; '><div  id=\"1\"  class='av-magazine   avia-builder-el-1  avia-builder-el-no-sibling   av-magazine-top-bar-active av-magazine-tabs-active' ><div class='av-magazine-top-bar ' ><div class='av-magazine-sort ' data-magazine-id='1' ><div class='av-sort-by-term'><a href=\"#\" data-filter=\"sort_all\" class=\"all_sort_button active_sort\"><span class=\"inner_sort_button\"><span>All<\/span><\/span><\/a><span class='text-sep berati_sort_sep'>\/<\/span><a href=\"#\" data-filter=\"sort_45\" class=\"berati_sort_button \" ><span class=\"inner_sort_button\"><span>Berat<\/span><\/span><\/a><span class='text-sep dibra_sort_sep'>\/<\/span><a href=\"#\" data-filter=\"sort_46\" class=\"dibra_sort_button \" ><span class=\"inner_sort_button\"><span>Dib\u00ebr<\/span><\/span><\/a><span class='text-sep durresi_sort_sep'>\/<\/span><a href=\"#\" data-filter=\"sort_47\" class=\"durresi_sort_button \" ><span class=\"inner_sort_button\"><span>Durr\u00ebs<\/span><\/span><\/a><span class='text-sep elbasani_sort_sep'>\/<\/span><a href=\"#\" data-filter=\"sort_48\" class=\"elbasani_sort_button \" ><span class=\"inner_sort_button\"><span>Elbasan<\/span><\/span><\/a><span class='text-sep fieri_sort_sep'>\/<\/span><a href=\"#\" data-filter=\"sort_49\" class=\"fieri_sort_button \" ><span class=\"inner_sort_button\"><span>Fier<\/span><\/span><\/a><span class='text-sep gjirokastra_sort_sep'>\/<\/span><a href=\"#\" data-filter=\"sort_50\" class=\"gjirokastra_sort_button \" ><span class=\"inner_sort_button\"><span>Gjirokaster<\/span><\/span><\/a><span class='text-sep korca_sort_sep'>\/<\/span><a href=\"#\" data-filter=\"sort_51\" class=\"korca_sort_button \" ><span class=\"inner_sort_button\"><span>Kor\u00e7\u00eb<\/span><\/span><\/a><span class='text-sep kukesi_sort_sep'>\/<\/span><a href=\"#\" data-filter=\"sort_52\" class=\"kukesi_sort_button \" ><span class=\"inner_sort_button\"><span>Kuk\u00ebs<\/span><\/span><\/a><span class='text-sep lajme_sort_sep'>\/<\/span><a href=\"#\" data-filter=\"sort_32\" class=\"lajme_sort_button \" ><span class=\"inner_sort_button\"><span>Lajme<\/span><\/span><\/a><span class='text-sep lezha_sort_sep'>\/<\/span><a href=\"#\" data-filter=\"sort_53\" class=\"lezha_sort_button \" ><span class=\"inner_sort_button\"><span>Lezh\u00eb<\/span><\/span><\/a><span class='text-sep shkodra_sort_sep'>\/<\/span><a href=\"#\" data-filter=\"sort_54\" class=\"shkodra_sort_button \" ><span class=\"inner_sort_button\"><span>Shkod\u00ebr<\/span><\/span><\/a><span class='text-sep tepergjithshme_sort_sep'>\/<\/span><a href=\"#\" data-filter=\"sort_59\" class=\"tepergjithshme_sort_button \" ><span class=\"inner_sort_button\"><span>Te pergjithshme<\/span><\/span><\/a><span class='text-sep tirana_sort_sep'>\/<\/span><a href=\"#\" data-filter=\"sort_55\" class=\"tirana_sort_button \" ><span class=\"inner_sort_button\"><span>Tiran\u00eb<\/span><\/span><\/a><span class='text-sep vlora_sort_sep'>\/<\/span><a href=\"#\" data-filter=\"sort_56\" class=\"vlora_sort_button \" ><span class=\"inner_sort_button\"><span>Vlor\u00eb<\/span><\/span><\/a><\/div><\/div><\/div><div class='av-magazine-group sort_all'><article class='av-magazine-entry av-magazine-entry-id-10333 av-magazine-format-standard av-magazine-type-post av-magazine-entry-1 av-magazine-entry-small '  itemscope=\"itemscope\" itemtype=\"https:\/\/schema.org\/CreativeWork\" ><div class='av-magazine-thumbnail'><a href='https:\/\/observator.org.al\/sq\/kerkese-per-oferta-prokurim-pajisjesh-it-ristor\/' title='Link to: K\u00cbRKES\u00cb P\u00cbR OFERTA-Prokurim pajisjesh IT-RISTOR' class='iconfont av-magazine-entry-icon' aria-hidden='true' data-av_icon='\ue836' data-av_iconfont='entypo-fontello'><\/a><\/div><div class='av-magazine-content-wrap'><header class='entry-content-header'><time class='av-magazine-time updated'  itemprop=\"datePublished\" datetime=\"2026-04-27T11:57:24+02:00\" >27\/04\/2026<\/time><h3 class='av-magazine-title entry-title '  itemprop=\"headline\" ><a href='https:\/\/observator.org.al\/sq\/kerkese-per-oferta-prokurim-pajisjesh-it-ristor\/' title='Link to: K\u00cbRKES\u00cb P\u00cbR OFERTA-Prokurim pajisjesh IT-RISTOR'>K\u00cbRKES\u00cb P\u00cbR OFERTA-Prokurim pajisjesh IT-RISTOR<\/a><\/h3><\/header><\/div><footer class='entry-footer'><\/footer><\/article><article class='av-magazine-entry av-magazine-entry-id-10298 av-magazine-format-standard av-magazine-type-post av-magazine-entry-2 av-magazine-entry-small '  itemscope=\"itemscope\" itemtype=\"https:\/\/schema.org\/CreativeWork\" ><div class='av-magazine-thumbnail'><a href='https:\/\/observator.org.al\/sq\/shtyrje-afati-procedure-prokurimi-per-kontraktimin-e-sherbimeve-te-ekspertizes-se-jashtme-per-zbatimin-e-aktiviteteve-te-projektit-ristor-rural-innovation-centres-for-sustainable-an\/' title='Link to: Shtyrje afati-Procedur\u00eb prokurimi p\u00ebr kontraktimin e sh\u00ebrbimeve t\u00eb ekspertiz\u00ebs s\u00eb jashtme p\u00ebr zbatimin e aktiviteteve t\u00eb projektit \u201cRISTOR \u2013 Rural Innovation Centres for Sustainable and Inclusive Tourism' class='iconfont av-magazine-entry-icon' aria-hidden='true' data-av_icon='\ue836' data-av_iconfont='entypo-fontello'><\/a><\/div><div class='av-magazine-content-wrap'><header class='entry-content-header'><time class='av-magazine-time updated'  itemprop=\"datePublished\" datetime=\"2026-04-02T10:59:18+02:00\" >02\/04\/2026<\/time><h3 class='av-magazine-title entry-title '  itemprop=\"headline\" ><a href='https:\/\/observator.org.al\/sq\/shtyrje-afati-procedure-prokurimi-per-kontraktimin-e-sherbimeve-te-ekspertizes-se-jashtme-per-zbatimin-e-aktiviteteve-te-projektit-ristor-rural-innovation-centres-for-sustainable-an\/' title='Link to: Shtyrje afati-Procedur\u00eb prokurimi p\u00ebr kontraktimin e sh\u00ebrbimeve t\u00eb ekspertiz\u00ebs s\u00eb jashtme p\u00ebr zbatimin e aktiviteteve t\u00eb projektit \u201cRISTOR \u2013 Rural Innovation Centres for Sustainable and Inclusive Tourism'>Shtyrje afati-Procedur\u00eb prokurimi p\u00ebr kontraktimin e sh\u00ebrbimeve t\u00eb ekspertiz\u00ebs s\u00eb jashtme p\u00ebr zbatimin e aktiviteteve t\u00eb projektit \u201cRISTOR \u2013 Rural Innovation Centres for Sustainable and Inclusive Tourism<\/a><\/h3><\/header><\/div><footer class='entry-footer'><\/footer><\/article><article class='av-magazine-entry av-magazine-entry-id-10265 av-magazine-format-standard av-magazine-type-post av-magazine-entry-3 av-magazine-entry-small '  itemscope=\"itemscope\" itemtype=\"https:\/\/schema.org\/CreativeWork\" ><div class='av-magazine-thumbnail'><a href='https:\/\/observator.org.al\/sq\/procedure-prokurimi-per-kontraktimin-e-sherbimeve-te-ekspertizes-se-jashtme-per-zbatimin-e-aktiviteteve-te-projektit-ristor-rural-innovation-centres-for-sustainable-and-inc\/' title='Link to: \u201cProcedur\u00eb prokurimi p\u00ebr kontraktimin e sh\u00ebrbimeve t\u00eb ekspertiz\u00ebs s\u00eb jashtme p\u00ebr zbatimin e aktiviteteve t\u00eb projektit \u201cRISTOR \u2013 Rural Innovation Centres for Sustainable and Inclusive Tourism\u201d' class='iconfont av-magazine-entry-icon' aria-hidden='true' data-av_icon='\ue836' data-av_iconfont='entypo-fontello'><\/a><\/div><div class='av-magazine-content-wrap'><header class='entry-content-header'><time class='av-magazine-time updated'  itemprop=\"datePublished\" datetime=\"2026-02-27T10:36:51+01:00\" >27\/02\/2026<\/time><h3 class='av-magazine-title entry-title '  itemprop=\"headline\" ><a href='https:\/\/observator.org.al\/sq\/procedure-prokurimi-per-kontraktimin-e-sherbimeve-te-ekspertizes-se-jashtme-per-zbatimin-e-aktiviteteve-te-projektit-ristor-rural-innovation-centres-for-sustainable-and-inc\/' title='Link to: \u201cProcedur\u00eb prokurimi p\u00ebr kontraktimin e sh\u00ebrbimeve t\u00eb ekspertiz\u00ebs s\u00eb jashtme p\u00ebr zbatimin e aktiviteteve t\u00eb projektit \u201cRISTOR \u2013 Rural Innovation Centres for Sustainable and Inclusive Tourism\u201d'>\u201cProcedur\u00eb prokurimi p\u00ebr kontraktimin e sh\u00ebrbimeve t\u00eb ekspertiz\u00ebs s\u00eb jashtme p\u00ebr zbatimin e aktiviteteve t\u00eb projektit \u201cRISTOR \u2013 Rural Innovation Centres for Sustainable and Inclusive Tourism\u201d<\/a><\/h3><\/header><\/div><footer class='entry-footer'><\/footer><\/article><article class='av-magazine-entry av-magazine-entry-id-9999 av-magazine-format-standard av-magazine-type-post av-magazine-entry-4 av-magazine-entry-small '  itemscope=\"itemscope\" itemtype=\"https:\/\/schema.org\/CreativeWork\" ><div class='av-magazine-thumbnail'><a href='https:\/\/observator.org.al\/sq\/hartimi-i-nje-raporti-statik-dygjuhesh\/' title='Link to: THIRRJE P\u00cbR SHPREHJE INTERESI- Hartimi i nj\u00eb Raporti Statistik Dygjuh\u00ebsh (Anglisht &#038; Shqip, af\u00ebrsisht 150 faqe)' class='iconfont av-magazine-entry-icon' aria-hidden='true' data-av_icon='\ue836' data-av_iconfont='entypo-fontello'><\/a><\/div><div class='av-magazine-content-wrap'><header class='entry-content-header'><time class='av-magazine-time updated'  itemprop=\"datePublished\" datetime=\"2025-06-15T09:32:23+02:00\" >15\/06\/2025<\/time><h3 class='av-magazine-title entry-title '  itemprop=\"headline\" ><a href='https:\/\/observator.org.al\/sq\/hartimi-i-nje-raporti-statik-dygjuhesh\/' title='Link to: THIRRJE P\u00cbR SHPREHJE INTERESI- Hartimi i nj\u00eb Raporti Statistik Dygjuh\u00ebsh (Anglisht &#038; Shqip, af\u00ebrsisht 150 faqe)'>THIRRJE P\u00cbR SHPREHJE INTERESI- Hartimi i nj\u00eb Raporti Statistik Dygjuh\u00ebsh (Anglisht &#038; Shqip, af\u00ebrsisht 150 faqe)<\/a><\/h3><\/header><\/div><footer class='entry-footer'><\/footer><\/article><article class='av-magazine-entry av-magazine-entry-id-9986 av-magazine-format-standard av-magazine-type-post av-magazine-entry-5 av-magazine-entry-small '  itemscope=\"itemscope\" itemtype=\"https:\/\/schema.org\/CreativeWork\" ><div class='av-magazine-thumbnail'><a href='https:\/\/observator.org.al\/sq\/sherbime-perkthimi-nga-anglishtja-ne-shqip\/' title='Link to: Sh\u00ebrbime P\u00ebrkthimi: Nga Anglishtja n\u00eb Shqip' class='iconfont av-magazine-entry-icon' aria-hidden='true' data-av_icon='\ue836' data-av_iconfont='entypo-fontello'><\/a><\/div><div class='av-magazine-content-wrap'><header class='entry-content-header'><time class='av-magazine-time updated'  itemprop=\"datePublished\" datetime=\"2025-06-15T08:21:11+02:00\" >15\/06\/2025<\/time><h3 class='av-magazine-title entry-title '  itemprop=\"headline\" ><a href='https:\/\/observator.org.al\/sq\/sherbime-perkthimi-nga-anglishtja-ne-shqip\/' title='Link to: Sh\u00ebrbime P\u00ebrkthimi: Nga Anglishtja n\u00eb Shqip'>Sh\u00ebrbime P\u00ebrkthimi: Nga Anglishtja n\u00eb Shqip<\/a><\/h3><\/header><\/div><footer class='entry-footer'><\/footer><\/article><article class='av-magazine-entry av-magazine-entry-id-9412 av-magazine-format-standard av-magazine-type-post av-magazine-entry-6 av-magazine-entry-small '  itemscope=\"itemscope\" itemtype=\"https:\/\/schema.org\/CreativeWork\" ><div class='av-magazine-thumbnail'><a href='https:\/\/observator.org.al\/sq\/thirrje-per-shprehje-interesi-international-expert-2\/' title='Link to: THIRRJE PER SHPREHJE INTERESI &#8211; International expert 2' class='iconfont av-magazine-entry-icon' aria-hidden='true' data-av_icon='\ue836' data-av_iconfont='entypo-fontello'><\/a><\/div><div class='av-magazine-content-wrap'><header class='entry-content-header'><time class='av-magazine-time updated'  itemprop=\"datePublished\" datetime=\"2025-02-14T15:33:17+01:00\" >14\/02\/2025<\/time><h3 class='av-magazine-title entry-title '  itemprop=\"headline\" ><a href='https:\/\/observator.org.al\/sq\/thirrje-per-shprehje-interesi-international-expert-2\/' title='Link to: THIRRJE PER SHPREHJE INTERESI &#8211; International expert 2'>THIRRJE PER SHPREHJE INTERESI &#8211; International expert 2<\/a><\/h3><\/header><\/div><footer class='entry-footer'><\/footer><\/article><article class='av-magazine-entry av-magazine-entry-id-9409 av-magazine-format-standard av-magazine-type-post av-magazine-entry-7 av-magazine-entry-small '  itemscope=\"itemscope\" itemtype=\"https:\/\/schema.org\/CreativeWork\" ><div class='av-magazine-thumbnail'><a href='https:\/\/observator.org.al\/sq\/thirrje-per-shprehje-interesi-international-expert\/' title='Link to: THIRRJE PER SHPREHJE INTERESI &#8211; International expert' class='iconfont av-magazine-entry-icon' aria-hidden='true' data-av_icon='\ue836' data-av_iconfont='entypo-fontello'><\/a><\/div><div class='av-magazine-content-wrap'><header class='entry-content-header'><time class='av-magazine-time updated'  itemprop=\"datePublished\" datetime=\"2025-02-14T15:32:26+01:00\" >14\/02\/2025<\/time><h3 class='av-magazine-title entry-title '  itemprop=\"headline\" ><a href='https:\/\/observator.org.al\/sq\/thirrje-per-shprehje-interesi-international-expert\/' title='Link to: THIRRJE PER SHPREHJE INTERESI &#8211; International expert'>THIRRJE PER SHPREHJE INTERESI &#8211; International expert<\/a><\/h3><\/header><\/div><footer class='entry-footer'><\/footer><\/article><article class='av-magazine-entry av-magazine-entry-id-9391 av-magazine-format-standard av-magazine-type-post av-magazine-entry-8 av-magazine-entry-small '  itemscope=\"itemscope\" itemtype=\"https:\/\/schema.org\/CreativeWork\" ><div class='av-magazine-thumbnail'><a href='https:\/\/observator.org.al\/sq\/thirrje-per-shprehje-interesi-ekspert-lokal-mbi-privatesine-dhe-mbrojtjen-e-te-dhenave-te-treguesve-me-fokus-femijet-dhe-te-rinjte-per-tu-propozuar-per-raportin-tematik-nga-censi-i-popullsise-dhe-ban\/' title='Link to: THIRRJE P\u00cbR SHPREHJE INTERESI- EKSPERT LOKAL MBI PRIVAT\u00cbSIN\u00cb DHE MBROJTJEN E T\u00cb DH\u00cbNAVE T\u00cb TREGUESVE ME FOKUS F\u00cbMIJ\u00cbT DHE T\u00cb RINJT\u00cb P\u00cbR TU PROPOZUAR P\u00cbR RAPORTIN TEMATIK NGA CENSI I POPULLSIS\u00cb DHE BANESAVE 2023' class='iconfont av-magazine-entry-icon' aria-hidden='true' data-av_icon='\ue836' data-av_iconfont='entypo-fontello'><\/a><\/div><div class='av-magazine-content-wrap'><header class='entry-content-header'><time class='av-magazine-time updated'  itemprop=\"datePublished\" datetime=\"2025-02-03T15:55:55+01:00\" >03\/02\/2025<\/time><h3 class='av-magazine-title entry-title '  itemprop=\"headline\" ><a href='https:\/\/observator.org.al\/sq\/thirrje-per-shprehje-interesi-ekspert-lokal-mbi-privatesine-dhe-mbrojtjen-e-te-dhenave-te-treguesve-me-fokus-femijet-dhe-te-rinjte-per-tu-propozuar-per-raportin-tematik-nga-censi-i-popullsise-dhe-ban\/' title='Link to: THIRRJE P\u00cbR SHPREHJE INTERESI- EKSPERT LOKAL MBI PRIVAT\u00cbSIN\u00cb DHE MBROJTJEN E T\u00cb DH\u00cbNAVE T\u00cb TREGUESVE ME FOKUS F\u00cbMIJ\u00cbT DHE T\u00cb RINJT\u00cb P\u00cbR TU PROPOZUAR P\u00cbR RAPORTIN TEMATIK NGA CENSI I POPULLSIS\u00cb DHE BANESAVE 2023'>THIRRJE P\u00cbR SHPREHJE INTERESI- EKSPERT LOKAL MBI PRIVAT\u00cbSIN\u00cb DHE MBROJTJEN E T\u00cb DH\u00cbNAVE T\u00cb TREGUESVE ME FOKUS F\u00cbMIJ\u00cbT DHE T\u00cb RINJT\u00cb P\u00cbR TU PROPOZUAR P\u00cbR RAPORTIN TEMATIK NGA CENSI I POPULLSIS\u00cb DHE BANESAVE 2023<\/a><\/h3><\/header><\/div><footer class='entry-footer'><\/footer><\/article><article class='av-magazine-entry av-magazine-entry-id-9388 av-magazine-format-standard av-magazine-type-post av-magazine-entry-9 av-magazine-entry-small '  itemscope=\"itemscope\" itemtype=\"https:\/\/schema.org\/CreativeWork\" ><div class='av-magazine-thumbnail'><a href='https:\/\/observator.org.al\/sq\/thirrje-per-shprehje-interesi-thirrje-per-ekspert-lokal-mbi-privatesine-dhe-mbrojtjen-e-te-dhenave-te-indikatoreve-te-panelit-me-statistika-zyrtare-per-femije-dhe-te-rinj\/' title='Link to: THIRRJE P\u00cbR SHPREHJE INTERESI-THIRRJE P\u00cbR EKSPERT LOKAL MBI PRIVAT\u00cbSIN\u00cb DHE MBROJTJEN E T\u00cb DH\u00cbNAVE T\u00cb INDIKATOR\u00cbVE T\u00cb PANELIT ME STATISTIKA ZYRTARE P\u00cbR  F\u00cbMIJ\u00cb DHE T\u00cb RINJ' class='iconfont av-magazine-entry-icon' aria-hidden='true' data-av_icon='\ue836' data-av_iconfont='entypo-fontello'><\/a><\/div><div class='av-magazine-content-wrap'><header class='entry-content-header'><time class='av-magazine-time updated'  itemprop=\"datePublished\" datetime=\"2025-02-03T15:55:22+01:00\" >03\/02\/2025<\/time><h3 class='av-magazine-title entry-title '  itemprop=\"headline\" ><a href='https:\/\/observator.org.al\/sq\/thirrje-per-shprehje-interesi-thirrje-per-ekspert-lokal-mbi-privatesine-dhe-mbrojtjen-e-te-dhenave-te-indikatoreve-te-panelit-me-statistika-zyrtare-per-femije-dhe-te-rinj\/' title='Link to: THIRRJE P\u00cbR SHPREHJE INTERESI-THIRRJE P\u00cbR EKSPERT LOKAL MBI PRIVAT\u00cbSIN\u00cb DHE MBROJTJEN E T\u00cb DH\u00cbNAVE T\u00cb INDIKATOR\u00cbVE T\u00cb PANELIT ME STATISTIKA ZYRTARE P\u00cbR  F\u00cbMIJ\u00cb DHE T\u00cb RINJ'>THIRRJE P\u00cbR SHPREHJE INTERESI-THIRRJE P\u00cbR EKSPERT LOKAL MBI PRIVAT\u00cbSIN\u00cb DHE MBROJTJEN E T\u00cb DH\u00cbNAVE T\u00cb INDIKATOR\u00cbVE T\u00cb PANELIT ME STATISTIKA ZYRTARE P\u00cbR  F\u00cbMIJ\u00cb DHE T\u00cb RINJ<\/a><\/h3><\/header><\/div><footer class='entry-footer'><\/footer><\/article><article class='av-magazine-entry av-magazine-entry-id-9220 av-magazine-format-standard av-magazine-type-post av-magazine-entry-10 av-magazine-entry-small '  itemscope=\"itemscope\" itemtype=\"https:\/\/schema.org\/CreativeWork\" ><div class='av-magazine-thumbnail'><a href='https:\/\/observator.org.al\/sq\/kerkese-per-oferta-prokurim-pajisjesh-ne-kuader-te-zbatimit-te-projektit-reaching-the-unreached-2\/' title='Link to: K\u00ebrkes\u00eb p\u00ebr Oferta-Prokurim pajisjesh n\u00eb kuad\u00ebr t\u00eb zbatimit t\u00eb projektit \u201cReaching the Unreached 2\u201d' class='iconfont av-magazine-entry-icon' aria-hidden='true' data-av_icon='\ue836' data-av_iconfont='entypo-fontello'><\/a><\/div><div class='av-magazine-content-wrap'><header class='entry-content-header'><time class='av-magazine-time updated'  itemprop=\"datePublished\" datetime=\"2024-06-19T12:22:03+02:00\" >19\/06\/2024<\/time><h3 class='av-magazine-title entry-title '  itemprop=\"headline\" ><a href='https:\/\/observator.org.al\/sq\/kerkese-per-oferta-prokurim-pajisjesh-ne-kuader-te-zbatimit-te-projektit-reaching-the-unreached-2\/' title='Link to: K\u00ebrkes\u00eb p\u00ebr Oferta-Prokurim pajisjesh n\u00eb kuad\u00ebr t\u00eb zbatimit t\u00eb projektit \u201cReaching the Unreached 2\u201d'>K\u00ebrkes\u00eb p\u00ebr Oferta-Prokurim pajisjesh n\u00eb kuad\u00ebr t\u00eb zbatimit t\u00eb projektit \u201cReaching the Unreached 2\u201d<\/a><\/h3><\/header><\/div><footer class='entry-footer'><\/footer><\/article><article class='av-magazine-entry av-magazine-entry-id-9093 av-magazine-format-standard av-magazine-type-post av-magazine-entry-11 av-magazine-entry-small '  itemscope=\"itemscope\" itemtype=\"https:\/\/schema.org\/CreativeWork\" ><div class='av-magazine-thumbnail'><a href='https:\/\/observator.org.al\/sq\/ripostim-terma-reference-ekspert\/' title='Link to: Ripostim-Terma Reference  &#8211; Ekspert' class='iconfont av-magazine-entry-icon' aria-hidden='true' data-av_icon='\ue836' data-av_iconfont='entypo-fontello'><\/a><\/div><div class='av-magazine-content-wrap'><header class='entry-content-header'><time class='av-magazine-time updated'  itemprop=\"datePublished\" datetime=\"2024-01-25T12:24:59+01:00\" >25\/01\/2024<\/time><h3 class='av-magazine-title entry-title '  itemprop=\"headline\" ><a href='https:\/\/observator.org.al\/sq\/ripostim-terma-reference-ekspert\/' title='Link to: Ripostim-Terma Reference  &#8211; Ekspert'>Ripostim-Terma Reference  &#8211; Ekspert<\/a><\/h3><\/header><\/div><footer class='entry-footer'><\/footer><\/article><article class='av-magazine-entry av-magazine-entry-id-9064 av-magazine-format-standard av-magazine-type-post av-magazine-entry-12 av-magazine-entry-small '  itemscope=\"itemscope\" itemtype=\"https:\/\/schema.org\/CreativeWork\" ><div class='av-magazine-thumbnail'><a href='https:\/\/observator.org.al\/sq\/terma-reference-ekspert\/' title='Link to: Terma Reference  &#8211; Ekspert' class='iconfont av-magazine-entry-icon' aria-hidden='true' data-av_icon='\ue836' data-av_iconfont='entypo-fontello'><\/a><\/div><div class='av-magazine-content-wrap'><header class='entry-content-header'><time class='av-magazine-time updated'  itemprop=\"datePublished\" datetime=\"2024-01-10T16:53:26+01:00\" >10\/01\/2024<\/time><h3 class='av-magazine-title entry-title '  itemprop=\"headline\" ><a href='https:\/\/observator.org.al\/sq\/terma-reference-ekspert\/' title='Link to: Terma Reference  &#8211; Ekspert'>Terma Reference  &#8211; Ekspert<\/a><\/h3><\/header><\/div><footer class='entry-footer'><\/footer><\/article><article class='av-magazine-entry av-magazine-entry-id-9030 av-magazine-format-standard av-magazine-type-post av-magazine-entry-13 av-magazine-entry-small '  itemscope=\"itemscope\" itemtype=\"https:\/\/schema.org\/CreativeWork\" ><div class='av-magazine-thumbnail'><a href='https:\/\/observator.org.al\/sq\/oferte-per-organizim-eventesh-aktivitetesh\/' title='Link to: Oferte per organizim eventesh\/aktivitetesh' class='iconfont av-magazine-entry-icon' aria-hidden='true' data-av_icon='\ue836' data-av_iconfont='entypo-fontello'><\/a><\/div><div class='av-magazine-content-wrap'><header class='entry-content-header'><time class='av-magazine-time updated'  itemprop=\"datePublished\" datetime=\"2023-10-10T14:35:59+02:00\" >10\/10\/2023<\/time><h3 class='av-magazine-title entry-title '  itemprop=\"headline\" ><a href='https:\/\/observator.org.al\/sq\/oferte-per-organizim-eventesh-aktivitetesh\/' title='Link to: Oferte per organizim eventesh\/aktivitetesh'>Oferte per organizim eventesh\/aktivitetesh<\/a><\/h3><\/header><\/div><footer class='entry-footer'><\/footer><\/article><article class='av-magazine-entry av-magazine-entry-id-8830 av-magazine-format-standard av-magazine-type-post av-magazine-entry-14 av-magazine-entry-small '  itemscope=\"itemscope\" itemtype=\"https:\/\/schema.org\/CreativeWork\" ><div class='av-magazine-thumbnail'><a href='https:\/\/observator.org.al\/sq\/ekspert-per-permiresimin-e-programeve-edukative-mbi-monitorimin-dhe-vleresimin-e-programeve-dhe-politikave\/' title='Link to: Ekspert p\u00ebr p\u00ebrmiresimin e programeve edukative mbi monitorimin dhe vler\u00ebsimin e programeve dhe politikave' class='iconfont av-magazine-entry-icon' aria-hidden='true' data-av_icon='\ue836' data-av_iconfont='entypo-fontello'><\/a><\/div><div class='av-magazine-content-wrap'><header class='entry-content-header'><time class='av-magazine-time updated'  itemprop=\"datePublished\" datetime=\"2023-01-20T14:55:02+01:00\" >20\/01\/2023<\/time><h3 class='av-magazine-title entry-title '  itemprop=\"headline\" ><a href='https:\/\/observator.org.al\/sq\/ekspert-per-permiresimin-e-programeve-edukative-mbi-monitorimin-dhe-vleresimin-e-programeve-dhe-politikave\/' title='Link to: Ekspert p\u00ebr p\u00ebrmiresimin e programeve edukative mbi monitorimin dhe vler\u00ebsimin e programeve dhe politikave'>Ekspert p\u00ebr p\u00ebrmiresimin e programeve edukative mbi monitorimin dhe vler\u00ebsimin e programeve dhe politikave<\/a><\/h3><\/header><\/div><footer class='entry-footer'><\/footer><\/article><article class='av-magazine-entry av-magazine-entry-id-8819 av-magazine-format-standard av-magazine-type-post av-magazine-entry-15 av-magazine-entry-small '  itemscope=\"itemscope\" itemtype=\"https:\/\/schema.org\/CreativeWork\" ><div class='av-magazine-thumbnail'><a href='https:\/\/observator.org.al\/sq\/thirrje-per-pjesemarres-ide-promovuese-nga-te-rinjte\/' title='Link to: Thirrje p\u00ebr pjes\u00ebmarr\u00ebs &#8211; Ide promovuese nga t\u00eb rinjt\u00eb' class='iconfont av-magazine-entry-icon' aria-hidden='true' data-av_icon='\ue836' data-av_iconfont='entypo-fontello'><\/a><\/div><div class='av-magazine-content-wrap'><header class='entry-content-header'><time class='av-magazine-time updated'  itemprop=\"datePublished\" datetime=\"2023-01-13T12:02:36+01:00\" >13\/01\/2023<\/time><h3 class='av-magazine-title entry-title '  itemprop=\"headline\" ><a href='https:\/\/observator.org.al\/sq\/thirrje-per-pjesemarres-ide-promovuese-nga-te-rinjte\/' title='Link to: Thirrje p\u00ebr pjes\u00ebmarr\u00ebs &#8211; Ide promovuese nga t\u00eb rinjt\u00eb'>Thirrje p\u00ebr pjes\u00ebmarr\u00ebs &#8211; Ide promovuese nga t\u00eb rinjt\u00eb<\/a><\/h3><\/header><\/div><footer class='entry-footer'><\/footer><\/article><article class='av-magazine-entry av-magazine-entry-id-8815 av-magazine-format-standard av-magazine-type-post av-magazine-entry-16 av-magazine-entry-small '  itemscope=\"itemscope\" itemtype=\"https:\/\/schema.org\/CreativeWork\" ><div class='av-magazine-thumbnail'><a href='https:\/\/observator.org.al\/sq\/thirrje-per-shprehje-interesi-ekspert-per-permiresimin-e-kurikules-mbi-monitorimin-dhe-vleresimin\/' title='Link to: THIRRJE P\u00cbR SHPREHJE INTERESI-EKSPERT P\u00cbR P\u00cbRMIR\u00cbSIMIN E KURIKUL\u00cbS MBI MONITORIMIN DHE VLER\u00cbSIMIN' class='iconfont av-magazine-entry-icon' aria-hidden='true' data-av_icon='\ue836' data-av_iconfont='entypo-fontello'><\/a><\/div><div class='av-magazine-content-wrap'><header class='entry-content-header'><time class='av-magazine-time updated'  itemprop=\"datePublished\" datetime=\"2023-01-09T10:00:16+01:00\" >09\/01\/2023<\/time><h3 class='av-magazine-title entry-title '  itemprop=\"headline\" ><a href='https:\/\/observator.org.al\/sq\/thirrje-per-shprehje-interesi-ekspert-per-permiresimin-e-kurikules-mbi-monitorimin-dhe-vleresimin\/' title='Link to: THIRRJE P\u00cbR SHPREHJE INTERESI-EKSPERT P\u00cbR P\u00cbRMIR\u00cbSIMIN E KURIKUL\u00cbS MBI MONITORIMIN DHE VLER\u00cbSIMIN'>THIRRJE P\u00cbR SHPREHJE INTERESI-EKSPERT P\u00cbR P\u00cbRMIR\u00cbSIMIN E KURIKUL\u00cbS MBI MONITORIMIN DHE VLER\u00cbSIMIN<\/a><\/h3><\/header><\/div><footer class='entry-footer'><\/footer><\/article><article class='av-magazine-entry av-magazine-entry-id-8610 av-magazine-format-standard av-magazine-type-post av-magazine-entry-17 av-magazine-entry-small '  itemscope=\"itemscope\" itemtype=\"https:\/\/schema.org\/CreativeWork\" ><div class='av-magazine-thumbnail'><a href='https:\/\/observator.org.al\/sq\/kerkese-per-oferte-2\/' title='Link to: K\u00ebrkes\u00eb P\u00ebr Ofert\u00eb' class='iconfont av-magazine-entry-icon' aria-hidden='true' data-av_icon='\ue836' data-av_iconfont='entypo-fontello'><\/a><\/div><div class='av-magazine-content-wrap'><header class='entry-content-header'><time class='av-magazine-time updated'  itemprop=\"datePublished\" datetime=\"2022-12-02T11:40:56+01:00\" >02\/12\/2022<\/time><h3 class='av-magazine-title entry-title '  itemprop=\"headline\" ><a href='https:\/\/observator.org.al\/sq\/kerkese-per-oferte-2\/' title='Link to: K\u00ebrkes\u00eb P\u00ebr Ofert\u00eb'>K\u00ebrkes\u00eb P\u00ebr Ofert\u00eb<\/a><\/h3><\/header><\/div><footer class='entry-footer'><\/footer><\/article><article class='av-magazine-entry av-magazine-entry-id-8607 av-magazine-format-standard av-magazine-type-post av-magazine-entry-18 av-magazine-entry-small '  itemscope=\"itemscope\" itemtype=\"https:\/\/schema.org\/CreativeWork\" ><div class='av-magazine-thumbnail'><a href='https:\/\/observator.org.al\/sq\/kerkese-per-oferte\/' title='Link to: K\u00cbRKES\u00cb P\u00cbR OFERT\u00cb' class='iconfont av-magazine-entry-icon' aria-hidden='true' data-av_icon='\ue836' data-av_iconfont='entypo-fontello'><\/a><\/div><div class='av-magazine-content-wrap'><header class='entry-content-header'><time class='av-magazine-time updated'  itemprop=\"datePublished\" datetime=\"2022-12-01T14:55:35+01:00\" >01\/12\/2022<\/time><h3 class='av-magazine-title entry-title '  itemprop=\"headline\" ><a href='https:\/\/observator.org.al\/sq\/kerkese-per-oferte\/' title='Link to: K\u00cbRKES\u00cb P\u00cbR OFERT\u00cb'>K\u00cbRKES\u00cb P\u00cbR OFERT\u00cb<\/a><\/h3><\/header><\/div><footer class='entry-footer'><\/footer><\/article><article class='av-magazine-entry av-magazine-entry-id-8594 av-magazine-format-standard av-magazine-type-post av-magazine-entry-19 av-magazine-entry-small '  itemscope=\"itemscope\" itemtype=\"https:\/\/schema.org\/CreativeWork\" ><div class='av-magazine-thumbnail'><a href='https:\/\/observator.org.al\/sq\/thirrje-per-shprehje-interesi-eksperte-per-te-analizuar-dhe-interpretuar-treguesit-e-privimit-te-femijeve\/' title='Link to: THIRRJE P\u00cbR SHPREHJE INTERESI-EKSPERT\u00cb P\u00cbR T\u00cb ANALIZUAR DHE INTERPRETUAR TREGUESIT E PRIVIMIT T\u00cb F\u00cbMIJ\u00cbVE' class='iconfont av-magazine-entry-icon' aria-hidden='true' data-av_icon='\ue836' data-av_iconfont='entypo-fontello'><\/a><\/div><div class='av-magazine-content-wrap'><header class='entry-content-header'><time class='av-magazine-time updated'  itemprop=\"datePublished\" datetime=\"2022-11-16T09:49:18+01:00\" >16\/11\/2022<\/time><h3 class='av-magazine-title entry-title '  itemprop=\"headline\" ><a href='https:\/\/observator.org.al\/sq\/thirrje-per-shprehje-interesi-eksperte-per-te-analizuar-dhe-interpretuar-treguesit-e-privimit-te-femijeve\/' title='Link to: THIRRJE P\u00cbR SHPREHJE INTERESI-EKSPERT\u00cb P\u00cbR T\u00cb ANALIZUAR DHE INTERPRETUAR TREGUESIT E PRIVIMIT T\u00cb F\u00cbMIJ\u00cbVE'>THIRRJE P\u00cbR SHPREHJE INTERESI-EKSPERT\u00cb P\u00cbR T\u00cb ANALIZUAR DHE INTERPRETUAR TREGUESIT E PRIVIMIT T\u00cb F\u00cbMIJ\u00cbVE<\/a><\/h3><\/header><\/div><footer class='entry-footer'><\/footer><\/article><article class='av-magazine-entry av-magazine-entry-id-8783 av-magazine-format-standard av-magazine-type-post av-magazine-entry-20 av-magazine-entry-small '  itemscope=\"itemscope\" itemtype=\"https:\/\/schema.org\/CreativeWork\" ><div class='av-magazine-thumbnail'><a href='https:\/\/observator.org.al\/sq\/thirrje-per-shprehje-interesi-ict-consultant\/' title='Link to: Thirrje per shprehje interesi-ICT Consultant' class='iconfont av-magazine-entry-icon' aria-hidden='true' data-av_icon='\ue836' data-av_iconfont='entypo-fontello'><\/a><\/div><div class='av-magazine-content-wrap'><header class='entry-content-header'><time class='av-magazine-time updated'  itemprop=\"datePublished\" datetime=\"2022-11-01T14:03:22+01:00\" >01\/11\/2022<\/time><h3 class='av-magazine-title entry-title '  itemprop=\"headline\" ><a href='https:\/\/observator.org.al\/sq\/thirrje-per-shprehje-interesi-ict-consultant\/' title='Link to: Thirrje per shprehje interesi-ICT Consultant'>Thirrje per shprehje interesi-ICT Consultant<\/a><\/h3><\/header><\/div><footer class='entry-footer'><\/footer><\/article><article class='av-magazine-entry av-magazine-entry-id-8774 av-magazine-format-standard av-magazine-type-post av-magazine-entry-21 av-magazine-entry-small '  itemscope=\"itemscope\" itemtype=\"https:\/\/schema.org\/CreativeWork\" ><div class='av-magazine-thumbnail'><a href='https:\/\/observator.org.al\/sq\/thirrje-per-shprehje-interesi-consultant-assistant\/' title='Link to: Thirrje per shprehje interesi-Consultant assistant' class='iconfont av-magazine-entry-icon' aria-hidden='true' data-av_icon='\ue836' data-av_iconfont='entypo-fontello'><\/a><\/div><div class='av-magazine-content-wrap'><header class='entry-content-header'><time class='av-magazine-time updated'  itemprop=\"datePublished\" datetime=\"2022-11-01T14:01:39+01:00\" >01\/11\/2022<\/time><h3 class='av-magazine-title entry-title '  itemprop=\"headline\" ><a href='https:\/\/observator.org.al\/sq\/thirrje-per-shprehje-interesi-consultant-assistant\/' title='Link to: Thirrje per shprehje interesi-Consultant assistant'>Thirrje per shprehje interesi-Consultant assistant<\/a><\/h3><\/header><\/div><footer class='entry-footer'><\/footer><\/article><article class='av-magazine-entry av-magazine-entry-id-8767 av-magazine-format-standard av-magazine-type-post av-magazine-entry-22 av-magazine-entry-small '  itemscope=\"itemscope\" itemtype=\"https:\/\/schema.org\/CreativeWork\" ><div class='av-magazine-thumbnail'><a href='https:\/\/observator.org.al\/sq\/thirrje-per-shprehje-interesi-monitoring-and-evaluation-consultants\/' title='Link to: Thirrje per shprehje interesi-Monitoring and Evaluation consultants' class='iconfont av-magazine-entry-icon' aria-hidden='true' data-av_icon='\ue836' data-av_iconfont='entypo-fontello'><\/a><\/div><div class='av-magazine-content-wrap'><header class='entry-content-header'><time class='av-magazine-time updated'  itemprop=\"datePublished\" datetime=\"2022-11-01T14:00:18+01:00\" >01\/11\/2022<\/time><h3 class='av-magazine-title entry-title '  itemprop=\"headline\" ><a href='https:\/\/observator.org.al\/sq\/thirrje-per-shprehje-interesi-monitoring-and-evaluation-consultants\/' title='Link to: Thirrje per shprehje interesi-Monitoring and Evaluation consultants'>Thirrje per shprehje interesi-Monitoring and Evaluation consultants<\/a><\/h3><\/header><\/div><footer class='entry-footer'><\/footer><\/article><article class='av-magazine-entry av-magazine-entry-id-8556 av-magazine-format-standard av-magazine-type-post av-magazine-entry-23 av-magazine-entry-small '  itemscope=\"itemscope\" itemtype=\"https:\/\/schema.org\/CreativeWork\" ><div class='av-magazine-thumbnail'><a href='https:\/\/observator.org.al\/sq\/prokurim-materialesh-ne-kuader-te-zbatimit-te-projektit-monitoring-and-reporting-on-children-rights-for-better-policy-option\/' title='Link to: Prokurim materialesh n\u00eb kuad\u00ebr t\u00eb zbatimit t\u00eb projektit \u201cMonitoring and Reporting on children rights for better policy option\u201d' class='iconfont av-magazine-entry-icon' aria-hidden='true' data-av_icon='\ue836' data-av_iconfont='entypo-fontello'><\/a><\/div><div class='av-magazine-content-wrap'><header class='entry-content-header'><time class='av-magazine-time updated'  itemprop=\"datePublished\" datetime=\"2022-10-26T13:54:13+02:00\" >26\/10\/2022<\/time><h3 class='av-magazine-title entry-title '  itemprop=\"headline\" ><a href='https:\/\/observator.org.al\/sq\/prokurim-materialesh-ne-kuader-te-zbatimit-te-projektit-monitoring-and-reporting-on-children-rights-for-better-policy-option\/' title='Link to: Prokurim materialesh n\u00eb kuad\u00ebr t\u00eb zbatimit t\u00eb projektit \u201cMonitoring and Reporting on children rights for better policy option\u201d'>Prokurim materialesh n\u00eb kuad\u00ebr t\u00eb zbatimit t\u00eb projektit \u201cMonitoring and Reporting on children rights for better policy option\u201d<\/a><\/h3><\/header><\/div><footer class='entry-footer'><\/footer><\/article><article class='av-magazine-entry av-magazine-entry-id-8550 av-magazine-format-standard av-magazine-type-post av-magazine-entry-24 av-magazine-entry-small '  itemscope=\"itemscope\" itemtype=\"https:\/\/schema.org\/CreativeWork\" ><div class='av-magazine-thumbnail'><a href='https:\/\/observator.org.al\/sq\/ripublikuar-thirrje-per-shprehje-interesi-eksperte-per-te-pergatitur-eu-indeks\/' title='Link to: RIPUBLIKUAR-THIRRJE P\u00cbR SHPREHJE INTERESI- EKSPERT\u00cb P\u00cbR T\u00cb P\u00cbRGATITUR EU INDEKS' class='iconfont av-magazine-entry-icon' aria-hidden='true' data-av_icon='\ue836' data-av_iconfont='entypo-fontello'><\/a><\/div><div class='av-magazine-content-wrap'><header class='entry-content-header'><time class='av-magazine-time updated'  itemprop=\"datePublished\" datetime=\"2022-10-21T10:26:55+02:00\" >21\/10\/2022<\/time><h3 class='av-magazine-title entry-title '  itemprop=\"headline\" ><a href='https:\/\/observator.org.al\/sq\/ripublikuar-thirrje-per-shprehje-interesi-eksperte-per-te-pergatitur-eu-indeks\/' title='Link to: RIPUBLIKUAR-THIRRJE P\u00cbR SHPREHJE INTERESI- EKSPERT\u00cb P\u00cbR T\u00cb P\u00cbRGATITUR EU INDEKS'>RIPUBLIKUAR-THIRRJE P\u00cbR SHPREHJE INTERESI- EKSPERT\u00cb P\u00cbR T\u00cb P\u00cbRGATITUR EU INDEKS<\/a><\/h3><\/header><\/div><footer class='entry-footer'><\/footer><\/article><article class='av-magazine-entry av-magazine-entry-id-8542 av-magazine-format-standard av-magazine-type-post av-magazine-entry-25 av-magazine-entry-small '  itemscope=\"itemscope\" itemtype=\"https:\/\/schema.org\/CreativeWork\" ><div class='av-magazine-thumbnail'><a href='https:\/\/observator.org.al\/sq\/thirrje-per-shprehje-interesi-lehtesues-aktiviteti\/' title='Link to: Thirrje p\u00ebr shprehje interesi- Lehtesues aktiviteti' class='iconfont av-magazine-entry-icon' aria-hidden='true' data-av_icon='\ue836' data-av_iconfont='entypo-fontello'><\/a><\/div><div class='av-magazine-content-wrap'><header class='entry-content-header'><time class='av-magazine-time updated'  itemprop=\"datePublished\" datetime=\"2022-10-20T16:11:34+02:00\" >20\/10\/2022<\/time><h3 class='av-magazine-title entry-title '  itemprop=\"headline\" ><a href='https:\/\/observator.org.al\/sq\/thirrje-per-shprehje-interesi-lehtesues-aktiviteti\/' title='Link to: Thirrje p\u00ebr shprehje interesi- Lehtesues aktiviteti'>Thirrje p\u00ebr shprehje interesi- Lehtesues aktiviteti<\/a><\/h3><\/header><\/div><footer class='entry-footer'><\/footer><\/article><article class='av-magazine-entry av-magazine-entry-id-8539 av-magazine-format-standard av-magazine-type-post av-magazine-entry-26 av-magazine-entry-small '  itemscope=\"itemscope\" itemtype=\"https:\/\/schema.org\/CreativeWork\" ><div class='av-magazine-thumbnail'><a href='https:\/\/observator.org.al\/sq\/thirrje-per-shprehje-interesi-trajner\/' title='Link to: Thirrje p\u00ebr shprehje interesi- Trajner' class='iconfont av-magazine-entry-icon' aria-hidden='true' data-av_icon='\ue836' data-av_iconfont='entypo-fontello'><\/a><\/div><div class='av-magazine-content-wrap'><header class='entry-content-header'><time class='av-magazine-time updated'  itemprop=\"datePublished\" datetime=\"2022-10-20T16:07:42+02:00\" >20\/10\/2022<\/time><h3 class='av-magazine-title entry-title '  itemprop=\"headline\" ><a href='https:\/\/observator.org.al\/sq\/thirrje-per-shprehje-interesi-trajner\/' title='Link to: Thirrje p\u00ebr shprehje interesi- Trajner'>Thirrje p\u00ebr shprehje interesi- Trajner<\/a><\/h3><\/header><\/div><footer class='entry-footer'><\/footer><\/article><article class='av-magazine-entry av-magazine-entry-id-8517 av-magazine-format-standard av-magazine-type-post av-magazine-entry-27 av-magazine-entry-small '  itemscope=\"itemscope\" itemtype=\"https:\/\/schema.org\/CreativeWork\" ><div class='av-magazine-thumbnail'><a href='https:\/\/observator.org.al\/sq\/thirrje-per-shprehje-interesi-eksperte-per-te-pergatitur-eu-indeks\/' title='Link to: THIRRJE P\u00cbR SHPREHJE INTERESI- EKSPERT\u00cb P\u00cbR T\u00cb P\u00cbRGATITUR EU INDEKS' class='iconfont av-magazine-entry-icon' aria-hidden='true' data-av_icon='\ue836' data-av_iconfont='entypo-fontello'><\/a><\/div><div class='av-magazine-content-wrap'><header class='entry-content-header'><time class='av-magazine-time updated'  itemprop=\"datePublished\" datetime=\"2022-10-10T11:44:27+02:00\" >10\/10\/2022<\/time><h3 class='av-magazine-title entry-title '  itemprop=\"headline\" ><a href='https:\/\/observator.org.al\/sq\/thirrje-per-shprehje-interesi-eksperte-per-te-pergatitur-eu-indeks\/' title='Link to: THIRRJE P\u00cbR SHPREHJE INTERESI- EKSPERT\u00cb P\u00cbR T\u00cb P\u00cbRGATITUR EU INDEKS'>THIRRJE P\u00cbR SHPREHJE INTERESI- EKSPERT\u00cb P\u00cbR T\u00cb P\u00cbRGATITUR EU INDEKS<\/a><\/h3><\/header><\/div><footer class='entry-footer'><\/footer><\/article><article class='av-magazine-entry av-magazine-entry-id-8514 av-magazine-format-standard av-magazine-type-post av-magazine-entry-28 av-magazine-entry-small '  itemscope=\"itemscope\" itemtype=\"https:\/\/schema.org\/CreativeWork\" ><div class='av-magazine-thumbnail'><a href='https:\/\/observator.org.al\/sq\/ripublikuar-njoftim-punesimi-akelius-project-assistant-2\/' title='Link to: Ripublikuar-Njoftim pun\u00ebsimi- Akelius Project Assistant' class='iconfont av-magazine-entry-icon' aria-hidden='true' data-av_icon='\ue836' data-av_iconfont='entypo-fontello'><\/a><\/div><div class='av-magazine-content-wrap'><header class='entry-content-header'><time class='av-magazine-time updated'  itemprop=\"datePublished\" datetime=\"2022-10-04T12:05:48+02:00\" >04\/10\/2022<\/time><h3 class='av-magazine-title entry-title '  itemprop=\"headline\" ><a href='https:\/\/observator.org.al\/sq\/ripublikuar-njoftim-punesimi-akelius-project-assistant-2\/' title='Link to: Ripublikuar-Njoftim pun\u00ebsimi- Akelius Project Assistant'>Ripublikuar-Njoftim pun\u00ebsimi- Akelius Project Assistant<\/a><\/h3><\/header><\/div><footer class='entry-footer'><\/footer><\/article><article class='av-magazine-entry av-magazine-entry-id-8506 av-magazine-format-standard av-magazine-type-post av-magazine-entry-29 av-magazine-entry-small '  itemscope=\"itemscope\" itemtype=\"https:\/\/schema.org\/CreativeWork\" ><div class='av-magazine-thumbnail'><a href='https:\/\/observator.org.al\/sq\/ripublikuar-njoftim-punesimi-akelius-project-assistant\/' title='Link to: Ripublikuar-Njoftim pun\u00ebsimi- Akelius Project Assistant' class='iconfont av-magazine-entry-icon' aria-hidden='true' data-av_icon='\ue836' data-av_iconfont='entypo-fontello'><\/a><\/div><div class='av-magazine-content-wrap'><header class='entry-content-header'><time class='av-magazine-time updated'  itemprop=\"datePublished\" datetime=\"2022-09-26T10:53:42+02:00\" >26\/09\/2022<\/time><h3 class='av-magazine-title entry-title '  itemprop=\"headline\" ><a href='https:\/\/observator.org.al\/sq\/ripublikuar-njoftim-punesimi-akelius-project-assistant\/' title='Link to: Ripublikuar-Njoftim pun\u00ebsimi- Akelius Project Assistant'>Ripublikuar-Njoftim pun\u00ebsimi- Akelius Project Assistant<\/a><\/h3><\/header><\/div><footer class='entry-footer'><\/footer><\/article><article class='av-magazine-entry av-magazine-entry-id-8765 av-magazine-format-standard av-magazine-type-post av-magazine-entry-30 av-magazine-entry-small '  itemscope=\"itemscope\" itemtype=\"https:\/\/schema.org\/CreativeWork\" ><div class='av-magazine-thumbnail'><a href='https:\/\/observator.org.al\/sq\/thirrje-per-shprehje-interesi-facilitator-fee\/' title='Link to: Thirrje per shprehje interesi-Facilitator fee' class='iconfont av-magazine-entry-icon' aria-hidden='true' data-av_icon='\ue836' data-av_iconfont='entypo-fontello'><\/a><\/div><div class='av-magazine-content-wrap'><header class='entry-content-header'><time class='av-magazine-time updated'  itemprop=\"datePublished\" datetime=\"2022-09-19T13:59:25+02:00\" >19\/09\/2022<\/time><h3 class='av-magazine-title entry-title '  itemprop=\"headline\" ><a href='https:\/\/observator.org.al\/sq\/thirrje-per-shprehje-interesi-facilitator-fee\/' title='Link to: Thirrje per shprehje interesi-Facilitator fee'>Thirrje per shprehje interesi-Facilitator fee<\/a><\/h3><\/header><\/div><footer class='entry-footer'><\/footer><\/article><article class='av-magazine-entry av-magazine-entry-id-8756 av-magazine-format-standard av-magazine-type-post av-magazine-entry-31 av-magazine-entry-small '  itemscope=\"itemscope\" itemtype=\"https:\/\/schema.org\/CreativeWork\" ><div class='av-magazine-thumbnail'><a href='https:\/\/observator.org.al\/sq\/thirrje-per-shprehje-interesi-trainer-fee\/' title='Link to: Thirrje per shprehje interesi-Trainer fee' class='iconfont av-magazine-entry-icon' aria-hidden='true' data-av_icon='\ue836' data-av_iconfont='entypo-fontello'><\/a><\/div><div class='av-magazine-content-wrap'><header class='entry-content-header'><time class='av-magazine-time updated'  itemprop=\"datePublished\" datetime=\"2022-09-19T13:56:44+02:00\" >19\/09\/2022<\/time><h3 class='av-magazine-title entry-title '  itemprop=\"headline\" ><a href='https:\/\/observator.org.al\/sq\/thirrje-per-shprehje-interesi-trainer-fee\/' title='Link to: Thirrje per shprehje interesi-Trainer fee'>Thirrje per shprehje interesi-Trainer fee<\/a><\/h3><\/header><\/div><footer class='entry-footer'><\/footer><\/article><article class='av-magazine-entry av-magazine-entry-id-8500 av-magazine-format-standard av-magazine-type-post av-magazine-entry-32 av-magazine-entry-small '  itemscope=\"itemscope\" itemtype=\"https:\/\/schema.org\/CreativeWork\" ><div class='av-magazine-thumbnail'><a href='https:\/\/observator.org.al\/sq\/thirrje-per-shprehje-interesi-ekspert-per-te-dokumentuar-workshop-et\/' title='Link to: THIRRJE P\u00cbR SHPREHJE INTERESI- EKSPERT P\u00cbR T\u00cb DOKUMENTUAR WORKSHOP-ET' class='iconfont av-magazine-entry-icon' aria-hidden='true' data-av_icon='\ue836' data-av_iconfont='entypo-fontello'><\/a><\/div><div class='av-magazine-content-wrap'><header class='entry-content-header'><time class='av-magazine-time updated'  itemprop=\"datePublished\" datetime=\"2022-09-13T14:42:53+02:00\" >13\/09\/2022<\/time><h3 class='av-magazine-title entry-title '  itemprop=\"headline\" ><a href='https:\/\/observator.org.al\/sq\/thirrje-per-shprehje-interesi-ekspert-per-te-dokumentuar-workshop-et\/' title='Link to: THIRRJE P\u00cbR SHPREHJE INTERESI- EKSPERT P\u00cbR T\u00cb DOKUMENTUAR WORKSHOP-ET'>THIRRJE P\u00cbR SHPREHJE INTERESI- EKSPERT P\u00cbR T\u00cb DOKUMENTUAR WORKSHOP-ET<\/a><\/h3><\/header><\/div><footer class='entry-footer'><\/footer><\/article><article class='av-magazine-entry av-magazine-entry-id-8492 av-magazine-format-standard av-magazine-type-post av-magazine-entry-33 av-magazine-entry-small '  itemscope=\"itemscope\" itemtype=\"https:\/\/schema.org\/CreativeWork\" ><div class='av-magazine-thumbnail'><a href='https:\/\/observator.org.al\/sq\/thirrje-per-shprehje-interesi-ekspert-per-te-pergatitur-nje-broshure\/' title='Link to: THIRRJE P\u00cbR SHPREHJE INTERESI- EKSPERT P\u00cbR T\u00cb P\u00cbRGATITUR NJ\u00cb BROSHUR\u00cb' class='iconfont av-magazine-entry-icon' aria-hidden='true' data-av_icon='\ue836' data-av_iconfont='entypo-fontello'><\/a><\/div><div class='av-magazine-content-wrap'><header class='entry-content-header'><time class='av-magazine-time updated'  itemprop=\"datePublished\" datetime=\"2022-09-13T14:30:32+02:00\" >13\/09\/2022<\/time><h3 class='av-magazine-title entry-title '  itemprop=\"headline\" ><a href='https:\/\/observator.org.al\/sq\/thirrje-per-shprehje-interesi-ekspert-per-te-pergatitur-nje-broshure\/' title='Link to: THIRRJE P\u00cbR SHPREHJE INTERESI- EKSPERT P\u00cbR T\u00cb P\u00cbRGATITUR NJ\u00cb BROSHUR\u00cb'>THIRRJE P\u00cbR SHPREHJE INTERESI- EKSPERT P\u00cbR T\u00cb P\u00cbRGATITUR NJ\u00cb BROSHUR\u00cb<\/a><\/h3><\/header><\/div><footer class='entry-footer'><\/footer><\/article><article class='av-magazine-entry av-magazine-entry-id-8483 av-magazine-format-standard av-magazine-type-post av-magazine-entry-34 av-magazine-entry-small '  itemscope=\"itemscope\" itemtype=\"https:\/\/schema.org\/CreativeWork\" ><div class='av-magazine-thumbnail'><a href='https:\/\/observator.org.al\/sq\/thirrje-per-shprehje-interesi-ekspert-per-te-pergatitur-treguesit-mbi-deprivimin\/' title='Link to: THIRRJE P\u00cbR SHPREHJE INTERESI- EKSPERT P\u00cbR T\u00cb P\u00cbRGATITUR TREGUESIT MBI DEPRIVIMIN' class='iconfont av-magazine-entry-icon' aria-hidden='true' data-av_icon='\ue836' data-av_iconfont='entypo-fontello'><\/a><\/div><div class='av-magazine-content-wrap'><header class='entry-content-header'><time class='av-magazine-time updated'  itemprop=\"datePublished\" datetime=\"2022-09-13T14:19:57+02:00\" >13\/09\/2022<\/time><h3 class='av-magazine-title entry-title '  itemprop=\"headline\" ><a href='https:\/\/observator.org.al\/sq\/thirrje-per-shprehje-interesi-ekspert-per-te-pergatitur-treguesit-mbi-deprivimin\/' title='Link to: THIRRJE P\u00cbR SHPREHJE INTERESI- EKSPERT P\u00cbR T\u00cb P\u00cbRGATITUR TREGUESIT MBI DEPRIVIMIN'>THIRRJE P\u00cbR SHPREHJE INTERESI- EKSPERT P\u00cbR T\u00cb P\u00cbRGATITUR TREGUESIT MBI DEPRIVIMIN<\/a><\/h3><\/header><\/div><footer class='entry-footer'><\/footer><\/article><article class='av-magazine-entry av-magazine-entry-id-8473 av-magazine-format-standard av-magazine-type-post av-magazine-entry-35 av-magazine-entry-small '  itemscope=\"itemscope\" itemtype=\"https:\/\/schema.org\/CreativeWork\" ><div class='av-magazine-thumbnail'><a href='https:\/\/observator.org.al\/sq\/thirrje-per-shprehje-interesi-ekspert\/' title='Link to: THIRRJE P\u00cbR SHPREHJE INTERESI- EKSPERT' class='iconfont av-magazine-entry-icon' aria-hidden='true' data-av_icon='\ue836' data-av_iconfont='entypo-fontello'><\/a><\/div><div class='av-magazine-content-wrap'><header class='entry-content-header'><time class='av-magazine-time updated'  itemprop=\"datePublished\" datetime=\"2022-09-07T10:05:47+02:00\" >07\/09\/2022<\/time><h3 class='av-magazine-title entry-title '  itemprop=\"headline\" ><a href='https:\/\/observator.org.al\/sq\/thirrje-per-shprehje-interesi-ekspert\/' title='Link to: THIRRJE P\u00cbR SHPREHJE INTERESI- EKSPERT'>THIRRJE P\u00cbR SHPREHJE INTERESI- EKSPERT<\/a><\/h3><\/header><\/div><footer class='entry-footer'><\/footer><\/article><article class='av-magazine-entry av-magazine-entry-id-8469 av-magazine-format-standard av-magazine-type-post av-magazine-entry-36 av-magazine-entry-small '  itemscope=\"itemscope\" itemtype=\"https:\/\/schema.org\/CreativeWork\" ><div class='av-magazine-thumbnail'><a href='https:\/\/observator.org.al\/sq\/njoftim-punesimi-akelius-project-assistant\/' title='Link to: Njoftim pun\u00ebsimi- Akelius Project Assistant' class='iconfont av-magazine-entry-icon' aria-hidden='true' data-av_icon='\ue836' data-av_iconfont='entypo-fontello'><\/a><\/div><div class='av-magazine-content-wrap'><header class='entry-content-header'><time class='av-magazine-time updated'  itemprop=\"datePublished\" datetime=\"2022-09-02T15:50:07+02:00\" >02\/09\/2022<\/time><h3 class='av-magazine-title entry-title '  itemprop=\"headline\" ><a href='https:\/\/observator.org.al\/sq\/njoftim-punesimi-akelius-project-assistant\/' title='Link to: Njoftim pun\u00ebsimi- Akelius Project Assistant'>Njoftim pun\u00ebsimi- Akelius Project Assistant<\/a><\/h3><\/header><\/div><footer class='entry-footer'><\/footer><\/article><article class='av-magazine-entry av-magazine-entry-id-8466 av-magazine-format-standard av-magazine-type-post av-magazine-entry-37 av-magazine-entry-small '  itemscope=\"itemscope\" itemtype=\"https:\/\/schema.org\/CreativeWork\" ><div class='av-magazine-thumbnail'><a href='https:\/\/observator.org.al\/sq\/kerkese-per-oferte-blerje-paisje\/' title='Link to: K\u00ebrkes\u00eb p\u00ebr Ofert\u00eb- Blerje Paisje' class='iconfont av-magazine-entry-icon' aria-hidden='true' data-av_icon='\ue836' data-av_iconfont='entypo-fontello'><\/a><\/div><div class='av-magazine-content-wrap'><header class='entry-content-header'><time class='av-magazine-time updated'  itemprop=\"datePublished\" datetime=\"2022-09-01T17:04:56+02:00\" >01\/09\/2022<\/time><h3 class='av-magazine-title entry-title '  itemprop=\"headline\" ><a href='https:\/\/observator.org.al\/sq\/kerkese-per-oferte-blerje-paisje\/' title='Link to: K\u00ebrkes\u00eb p\u00ebr Ofert\u00eb- Blerje Paisje'>K\u00ebrkes\u00eb p\u00ebr Ofert\u00eb- Blerje Paisje<\/a><\/h3><\/header><\/div><footer class='entry-footer'><\/footer><\/article><article class='av-magazine-entry av-magazine-entry-id-8749 av-magazine-format-standard av-magazine-type-post av-magazine-entry-38 av-magazine-entry-small '  itemscope=\"itemscope\" itemtype=\"https:\/\/schema.org\/CreativeWork\" ><div class='av-magazine-thumbnail'><a href='https:\/\/observator.org.al\/sq\/thirrje-per-shprehje-interesi-expert-monitoring-the-financial-support-2\/' title='Link to: Thirrje per shprehje interesi-Expert monitoring the financial support' class='iconfont av-magazine-entry-icon' aria-hidden='true' data-av_icon='\ue836' data-av_iconfont='entypo-fontello'><\/a><\/div><div class='av-magazine-content-wrap'><header class='entry-content-header'><time class='av-magazine-time updated'  itemprop=\"datePublished\" datetime=\"2022-09-01T13:54:52+02:00\" >01\/09\/2022<\/time><h3 class='av-magazine-title entry-title '  itemprop=\"headline\" ><a href='https:\/\/observator.org.al\/sq\/thirrje-per-shprehje-interesi-expert-monitoring-the-financial-support-2\/' title='Link to: Thirrje per shprehje interesi-Expert monitoring the financial support'>Thirrje per shprehje interesi-Expert monitoring the financial support<\/a><\/h3><\/header><\/div><footer class='entry-footer'><\/footer><\/article><article class='av-magazine-entry av-magazine-entry-id-8731 av-magazine-format-standard av-magazine-type-post av-magazine-entry-39 av-magazine-entry-small '  itemscope=\"itemscope\" itemtype=\"https:\/\/schema.org\/CreativeWork\" ><div class='av-magazine-thumbnail'><a href='https:\/\/observator.org.al\/sq\/thirrje-per-ekspert-per-realizimin-e-anketimeve-me-te-rinjte-dhe-administraten-publike-neet\/' title='Link to: Thirrje per Ekspert p\u00ebr realizimin e anketimeve me t\u00eb rinjt\u00eb dhe administrat\u00ebn publike NEET' class='iconfont av-magazine-entry-icon' aria-hidden='true' data-av_icon='\ue836' data-av_iconfont='entypo-fontello'><\/a><\/div><div class='av-magazine-content-wrap'><header class='entry-content-header'><time class='av-magazine-time updated'  itemprop=\"datePublished\" datetime=\"2022-09-01T13:49:46+02:00\" >01\/09\/2022<\/time><h3 class='av-magazine-title entry-title '  itemprop=\"headline\" ><a href='https:\/\/observator.org.al\/sq\/thirrje-per-ekspert-per-realizimin-e-anketimeve-me-te-rinjte-dhe-administraten-publike-neet\/' title='Link to: Thirrje per Ekspert p\u00ebr realizimin e anketimeve me t\u00eb rinjt\u00eb dhe administrat\u00ebn publike NEET'>Thirrje per Ekspert p\u00ebr realizimin e anketimeve me t\u00eb rinjt\u00eb dhe administrat\u00ebn publike NEET<\/a><\/h3><\/header><\/div><footer class='entry-footer'><\/footer><\/article><article class='av-magazine-entry av-magazine-entry-id-8723 av-magazine-format-standard av-magazine-type-post av-magazine-entry-40 av-magazine-entry-small '  itemscope=\"itemscope\" itemtype=\"https:\/\/schema.org\/CreativeWork\" ><div class='av-magazine-thumbnail'><a href='https:\/\/observator.org.al\/sq\/thirrje-per-ekspert-per-desk-review-neet\/' title='Link to: Thirrje p\u00ebr Ekspert p\u00ebr Desk review NEET' class='iconfont av-magazine-entry-icon' aria-hidden='true' data-av_icon='\ue836' data-av_iconfont='entypo-fontello'><\/a><\/div><div class='av-magazine-content-wrap'><header class='entry-content-header'><time class='av-magazine-time updated'  itemprop=\"datePublished\" datetime=\"2022-09-01T13:47:49+02:00\" >01\/09\/2022<\/time><h3 class='av-magazine-title entry-title '  itemprop=\"headline\" ><a href='https:\/\/observator.org.al\/sq\/thirrje-per-ekspert-per-desk-review-neet\/' title='Link to: Thirrje p\u00ebr Ekspert p\u00ebr Desk review NEET'>Thirrje p\u00ebr Ekspert p\u00ebr Desk review NEET<\/a><\/h3><\/header><\/div><footer class='entry-footer'><\/footer><\/article><\/div><div class='av-magazine-group av-hidden-mag sort_45'><article class='av-magazine-entry av-magazine-entry-id-5555 av-magazine-format-standard av-magazine-type-post av-magazine-entry-1 av-magazine-entry-small '  itemscope=\"itemscope\" itemtype=\"https:\/\/schema.org\/CreativeWork\" ><div class='av-magazine-thumbnail'><a href='https:\/\/observator.org.al\/sq\/njoftimi-weber\/' title='Link to: WeBER' class='iconfont av-magazine-entry-icon' aria-hidden='true' data-av_icon='\ue836' data-av_iconfont='entypo-fontello'><\/a><\/div><div class='av-magazine-content-wrap'><header class='entry-content-header'><time class='av-magazine-time updated'  itemprop=\"datePublished\" datetime=\"2017-07-13T00:48:30+02:00\" >13\/07\/2017<\/time><h3 class='av-magazine-title entry-title '  itemprop=\"headline\" ><a href='https:\/\/observator.org.al\/sq\/njoftimi-weber\/' title='Link to: WeBER'>WeBER<\/a><\/h3><\/header><\/div><footer class='entry-footer'><\/footer><\/article><article class='av-magazine-entry av-magazine-entry-id-5532 av-magazine-format-standard av-magazine-type-post av-magazine-entry-2 av-magazine-entry-small '  itemscope=\"itemscope\" itemtype=\"https:\/\/schema.org\/CreativeWork\" ><div class='av-magazine-thumbnail'><a href='https:\/\/observator.org.al\/sq\/regjistrimi-i-nxenesve-ne-klasen-e-pare\/' title='Link to: Regjistrimi i nx\u00ebn\u00ebsve n\u00eb klas\u00ebn e par\u00eb' class='iconfont av-magazine-entry-icon' aria-hidden='true' data-av_icon='\ue836' data-av_iconfont='entypo-fontello'><\/a><\/div><div class='av-magazine-content-wrap'><header class='entry-content-header'><time class='av-magazine-time updated'  itemprop=\"datePublished\" datetime=\"2017-06-27T10:20:45+02:00\" >27\/06\/2017<\/time><h3 class='av-magazine-title entry-title '  itemprop=\"headline\" ><a href='https:\/\/observator.org.al\/sq\/regjistrimi-i-nxenesve-ne-klasen-e-pare\/' title='Link to: Regjistrimi i nx\u00ebn\u00ebsve n\u00eb klas\u00ebn e par\u00eb'>Regjistrimi i nx\u00ebn\u00ebsve n\u00eb klas\u00ebn e par\u00eb<\/a><\/h3><\/header><\/div><footer class='entry-footer'><\/footer><\/article><article class='av-magazine-entry av-magazine-entry-id-5472 av-magazine-format-standard av-magazine-type-post av-magazine-entry-3 av-magazine-entry-small '  itemscope=\"itemscope\" itemtype=\"https:\/\/schema.org\/CreativeWork\" ><div class='av-magazine-thumbnail'><a href='https:\/\/observator.org.al\/sq\/ne-pritje-te-1-qershorit-2017-unembrojfemijetinvestojmeperfemijet\/' title='Link to: N\u00eb pritje t\u00eb 1 Qershorit 2017\u2026. #UneMbrojfemijet#InvestojmePerFemijet' class='iconfont av-magazine-entry-icon' aria-hidden='true' data-av_icon='\ue836' data-av_iconfont='entypo-fontello'><\/a><\/div><div class='av-magazine-content-wrap'><header class='entry-content-header'><time class='av-magazine-time updated'  itemprop=\"datePublished\" datetime=\"2017-05-18T13:03:43+02:00\" >18\/05\/2017<\/time><h3 class='av-magazine-title entry-title '  itemprop=\"headline\" ><a href='https:\/\/observator.org.al\/sq\/ne-pritje-te-1-qershorit-2017-unembrojfemijetinvestojmeperfemijet\/' title='Link to: N\u00eb pritje t\u00eb 1 Qershorit 2017\u2026. #UneMbrojfemijet#InvestojmePerFemijet'>N\u00eb pritje t\u00eb 1 Qershorit 2017\u2026. #UneMbrojfemijet#InvestojmePerFemijet<\/a><\/h3><\/header><\/div><footer class='entry-footer'><\/footer><\/article><article class='av-magazine-entry av-magazine-entry-id-6017 av-magazine-format-standard av-magazine-type-post av-magazine-entry-4 av-magazine-entry-small '  itemscope=\"itemscope\" itemtype=\"https:\/\/schema.org\/CreativeWork\" ><div class='av-magazine-thumbnail'><a href='https:\/\/observator.org.al\/sq\/fact-sheet-mbi-situaten-e-te-drejtave-te-femijeve-berat\/' title='Link to: Fact Sheet mbi situat\u00ebn e t\u00eb drejtave t\u00eb f\u00ebmij\u00ebve, Berat' class='iconfont av-magazine-entry-icon' aria-hidden='true' data-av_icon='\ue836' data-av_iconfont='entypo-fontello'><\/a><\/div><div class='av-magazine-content-wrap'><header class='entry-content-header'><time class='av-magazine-time updated'  itemprop=\"datePublished\" datetime=\"2017-02-19T18:57:53+01:00\" >19\/02\/2017<\/time><h3 class='av-magazine-title entry-title '  itemprop=\"headline\" ><a href='https:\/\/observator.org.al\/sq\/fact-sheet-mbi-situaten-e-te-drejtave-te-femijeve-berat\/' title='Link to: Fact Sheet mbi situat\u00ebn e t\u00eb drejtave t\u00eb f\u00ebmij\u00ebve, Berat'>Fact Sheet mbi situat\u00ebn e t\u00eb drejtave t\u00eb f\u00ebmij\u00ebve, Berat<\/a><\/h3><\/header><\/div><footer class='entry-footer'><\/footer><\/article><article class='av-magazine-entry av-magazine-entry-id-4941 av-magazine-format-standard av-magazine-type-post av-magazine-entry-5 av-magazine-entry-small '  itemscope=\"itemscope\" itemtype=\"https:\/\/schema.org\/CreativeWork\" ><div class='av-magazine-thumbnail'><a href='https:\/\/observator.org.al\/sq\/informacion-ne-lidhje-me-permbytjet-qe-ndodhen-gjate-janarit-2016\/' title='Link to: Informacion n\u00eb lidhje me p\u00ebrmbytjet q\u00eb ndodh\u00ebn gjat\u00eb Janarit 2016' class='iconfont av-magazine-entry-icon' aria-hidden='true' data-av_icon='\ue836' data-av_iconfont='entypo-fontello'><\/a><\/div><div class='av-magazine-content-wrap'><header class='entry-content-header'><time class='av-magazine-time updated'  itemprop=\"datePublished\" datetime=\"2016-03-02T15:47:09+01:00\" >02\/03\/2016<\/time><h3 class='av-magazine-title entry-title '  itemprop=\"headline\" ><a href='https:\/\/observator.org.al\/sq\/informacion-ne-lidhje-me-permbytjet-qe-ndodhen-gjate-janarit-2016\/' title='Link to: Informacion n\u00eb lidhje me p\u00ebrmbytjet q\u00eb ndodh\u00ebn gjat\u00eb Janarit 2016'>Informacion n\u00eb lidhje me p\u00ebrmbytjet q\u00eb ndodh\u00ebn gjat\u00eb Janarit 2016<\/a><\/h3><\/header><\/div><footer class='entry-footer'><\/footer><\/article><article class='av-magazine-entry av-magazine-entry-id-4758 av-magazine-format-standard av-magazine-type-post av-magazine-entry-6 av-magazine-entry-small '  itemscope=\"itemscope\" itemtype=\"https:\/\/schema.org\/CreativeWork\" ><div class='av-magazine-thumbnail'><a href='https:\/\/observator.org.al\/sq\/workshop-cdo_femije_ne_shkolle\/' title='Link to: Workshop dhe Debate \u00c7do f\u00ebmij\u00eb n\u00eb shkoll\u00eb' class='iconfont av-magazine-entry-icon' aria-hidden='true' data-av_icon='\ue836' data-av_iconfont='entypo-fontello'><\/a><\/div><div class='av-magazine-content-wrap'><header class='entry-content-header'><time class='av-magazine-time updated'  itemprop=\"datePublished\" datetime=\"2016-01-27T17:22:27+01:00\" >27\/01\/2016<\/time><h3 class='av-magazine-title entry-title '  itemprop=\"headline\" ><a href='https:\/\/observator.org.al\/sq\/workshop-cdo_femije_ne_shkolle\/' title='Link to: Workshop dhe Debate \u00c7do f\u00ebmij\u00eb n\u00eb shkoll\u00eb'>Workshop dhe Debate \u00c7do f\u00ebmij\u00eb n\u00eb shkoll\u00eb<\/a><\/h3><\/header><\/div><footer class='entry-footer'><\/footer><\/article><article class='av-magazine-entry av-magazine-entry-id-4253 av-magazine-format-standard av-magazine-type-post av-magazine-entry-7 av-magazine-entry-small '  itemscope=\"itemscope\" itemtype=\"https:\/\/schema.org\/CreativeWork\" ><div class='av-magazine-thumbnail'><a href='https:\/\/observator.org.al\/sq\/situata-ne-zonat-e-permbytura-ne-vlore-fier-berat-dhe-korce-dhe-nevoja-per-nderhyrje\/' title='Link to: Situata n\u00eb zonat e p\u00ebrmbytura n\u00eb Vlor\u00eb, Fier, Berat dhe Kor\u00e7\u00eb dhe nevoja p\u00ebr nd\u00ebrhyrje' class='iconfont av-magazine-entry-icon' aria-hidden='true' data-av_icon='\ue836' data-av_iconfont='entypo-fontello'><\/a><\/div><div class='av-magazine-content-wrap'><header class='entry-content-header'><time class='av-magazine-time updated'  itemprop=\"datePublished\" datetime=\"2015-10-26T16:17:47+01:00\" >26\/10\/2015<\/time><h3 class='av-magazine-title entry-title '  itemprop=\"headline\" ><a href='https:\/\/observator.org.al\/sq\/situata-ne-zonat-e-permbytura-ne-vlore-fier-berat-dhe-korce-dhe-nevoja-per-nderhyrje\/' title='Link to: Situata n\u00eb zonat e p\u00ebrmbytura n\u00eb Vlor\u00eb, Fier, Berat dhe Kor\u00e7\u00eb dhe nevoja p\u00ebr nd\u00ebrhyrje'>Situata n\u00eb zonat e p\u00ebrmbytura n\u00eb Vlor\u00eb, Fier, Berat dhe Kor\u00e7\u00eb dhe nevoja p\u00ebr nd\u00ebrhyrje<\/a><\/h3><\/header><\/div><footer class='entry-footer'><\/footer><\/article><article class='av-magazine-entry av-magazine-entry-id-4205 av-magazine-format-standard av-magazine-type-post av-magazine-entry-8 av-magazine-entry-small '  itemscope=\"itemscope\" itemtype=\"https:\/\/schema.org\/CreativeWork\" ><div class='av-magazine-thumbnail'><a href='https:\/\/observator.org.al\/sq\/plani-i-veprimit-per-femije-2012-2015-2\/' title='Link to: Plani i veprimit p\u00ebr f\u00ebmij\u00eb 2012-2015' class='iconfont av-magazine-entry-icon' aria-hidden='true' data-av_icon='\ue836' data-av_iconfont='entypo-fontello'><\/a><\/div><div class='av-magazine-content-wrap'><header class='entry-content-header'><time class='av-magazine-time updated'  itemprop=\"datePublished\" datetime=\"2015-10-07T15:25:28+02:00\" >07\/10\/2015<\/time><h3 class='av-magazine-title entry-title '  itemprop=\"headline\" ><a href='https:\/\/observator.org.al\/sq\/plani-i-veprimit-per-femije-2012-2015-2\/' title='Link to: Plani i veprimit p\u00ebr f\u00ebmij\u00eb 2012-2015'>Plani i veprimit p\u00ebr f\u00ebmij\u00eb 2012-2015<\/a><\/h3><\/header><\/div><footer class='entry-footer'><\/footer><\/article><article class='av-magazine-entry av-magazine-entry-id-4191 av-magazine-format-standard av-magazine-type-post av-magazine-entry-9 av-magazine-entry-small '  itemscope=\"itemscope\" itemtype=\"https:\/\/schema.org\/CreativeWork\" ><div class='av-magazine-thumbnail'><a href='https:\/\/observator.org.al\/sq\/fillimi-i-vitit-shkollor-2015-2016\/' title='Link to: Fillimi i vitit shkollor 2015-2016' class='iconfont av-magazine-entry-icon' aria-hidden='true' data-av_icon='\ue836' data-av_iconfont='entypo-fontello'><\/a><\/div><div class='av-magazine-content-wrap'><header class='entry-content-header'><time class='av-magazine-time updated'  itemprop=\"datePublished\" datetime=\"2015-10-06T16:51:48+02:00\" >06\/10\/2015<\/time><h3 class='av-magazine-title entry-title '  itemprop=\"headline\" ><a href='https:\/\/observator.org.al\/sq\/fillimi-i-vitit-shkollor-2015-2016\/' title='Link to: Fillimi i vitit shkollor 2015-2016'>Fillimi i vitit shkollor 2015-2016<\/a><\/h3><\/header><\/div><footer class='entry-footer'><\/footer><\/article><article class='av-magazine-entry av-magazine-entry-id-6022 av-magazine-format-standard av-magazine-type-post av-magazine-entry-10 av-magazine-entry-small '  itemscope=\"itemscope\" itemtype=\"https:\/\/schema.org\/CreativeWork\" ><div class='av-magazine-thumbnail'><a href='https:\/\/observator.org.al\/sq\/varferia-e-femijeve-ne-shqiperi-karta-raportuese-nr-1\/' title='Link to: \u201cVarf\u00ebria e f\u00ebmij\u00ebve n\u00eb Shqip\u00ebri\u201d \u2013 Karta Raportuese Nr. 1' class='iconfont av-magazine-entry-icon' aria-hidden='true' data-av_icon='\ue836' data-av_iconfont='entypo-fontello'><\/a><\/div><div class='av-magazine-content-wrap'><header class='entry-content-header'><time class='av-magazine-time updated'  itemprop=\"datePublished\" datetime=\"2013-11-19T19:18:45+01:00\" >19\/11\/2013<\/time><h3 class='av-magazine-title entry-title '  itemprop=\"headline\" ><a href='https:\/\/observator.org.al\/sq\/varferia-e-femijeve-ne-shqiperi-karta-raportuese-nr-1\/' title='Link to: \u201cVarf\u00ebria e f\u00ebmij\u00ebve n\u00eb Shqip\u00ebri\u201d \u2013 Karta Raportuese Nr. 1'>\u201cVarf\u00ebria e f\u00ebmij\u00ebve n\u00eb Shqip\u00ebri\u201d \u2013 Karta Raportuese Nr. 1<\/a><\/h3><\/header><\/div><footer class='entry-footer'><\/footer><\/article><article class='av-magazine-entry av-magazine-entry-id-6020 av-magazine-format-standard av-magazine-type-post av-magazine-entry-11 av-magazine-entry-small '  itemscope=\"itemscope\" itemtype=\"https:\/\/schema.org\/CreativeWork\" ><div class='av-magazine-thumbnail'><a href='https:\/\/observator.org.al\/sq\/fletepalosje-berat\/' title='Link to: Flet\u00ebpalosje Berat' class='iconfont av-magazine-entry-icon' aria-hidden='true' data-av_icon='\ue836' data-av_iconfont='entypo-fontello'><\/a><\/div><div class='av-magazine-content-wrap'><header class='entry-content-header'><time class='av-magazine-time updated'  itemprop=\"datePublished\" datetime=\"2013-10-19T19:11:41+02:00\" >19\/10\/2013<\/time><h3 class='av-magazine-title entry-title '  itemprop=\"headline\" ><a href='https:\/\/observator.org.al\/sq\/fletepalosje-berat\/' title='Link to: Flet\u00ebpalosje Berat'>Flet\u00ebpalosje Berat<\/a><\/h3><\/header><\/div><footer class='entry-footer'><\/footer><\/article><article class='av-magazine-entry av-magazine-entry-id-2918 av-magazine-format-standard av-magazine-type-post av-magazine-entry-12 av-magazine-entry-small '  itemscope=\"itemscope\" itemtype=\"https:\/\/schema.org\/CreativeWork\" ><div class='av-magazine-thumbnail'><a href='https:\/\/observator.org.al\/sq\/observatori-berat-14-nentor-2011-4\/' title='Link to: Observatori Berat &#8211; 14 N\u00ebntor 2011' class='av-magazine-thumbnail-link '><img loading=\"lazy\" decoding=\"async\" width=\"80\" height=\"80\" src=\"https:\/\/observator.org.al\/wp-content\/uploads\/2013\/09\/Berat-80x80.png\" class=\"wp-image-3062 avia-img-lazy-loading-3062 attachment-thumbnail size-thumbnail wp-post-image\" alt=\"\" srcset=\"https:\/\/observator.org.al\/wp-content\/uploads\/2013\/09\/Berat-80x80.png 80w, https:\/\/observator.org.al\/wp-content\/uploads\/2013\/09\/Berat-36x36.png 36w, https:\/\/observator.org.al\/wp-content\/uploads\/2013\/09\/Berat-180x180.png 180w, https:\/\/observator.org.al\/wp-content\/uploads\/2013\/09\/Berat-120x120.png 120w\" sizes=\"auto, (max-width: 80px) 100vw, 80px\" \/><\/a><\/div><div class='av-magazine-content-wrap'><header class='entry-content-header'><time class='av-magazine-time updated'  itemprop=\"datePublished\" datetime=\"2013-10-10T17:21:02+02:00\" >10\/10\/2013<\/time><h3 class='av-magazine-title entry-title '  itemprop=\"headline\" ><a href='https:\/\/observator.org.al\/sq\/observatori-berat-14-nentor-2011-4\/' title='Link to: Observatori Berat &#8211; 14 N\u00ebntor 2011'>Observatori Berat &#8211; 14 N\u00ebntor 2011<\/a><\/h3><\/header><\/div><footer class='entry-footer'><\/footer><\/article><article class='av-magazine-entry av-magazine-entry-id-6027 av-magazine-format-standard av-magazine-type-post av-magazine-entry-13 av-magazine-entry-small '  itemscope=\"itemscope\" itemtype=\"https:\/\/schema.org\/CreativeWork\" ><div class='av-magazine-thumbnail'><a href='https:\/\/observator.org.al\/sq\/raport-alternativ-i-konventes-se-okb-se-per-te-drejtat-e-femijeve\/' title='Link to: \u201cRaport Alternativ i Konvent\u00ebs s\u00eb OKB-s\u00eb p\u00ebr t\u00eb Drejtat e F\u00ebmij\u00ebve\u201d' class='iconfont av-magazine-entry-icon' aria-hidden='true' data-av_icon='\ue836' data-av_iconfont='entypo-fontello'><\/a><\/div><div class='av-magazine-content-wrap'><header class='entry-content-header'><time class='av-magazine-time updated'  itemprop=\"datePublished\" datetime=\"2013-09-19T20:40:41+02:00\" >19\/09\/2013<\/time><h3 class='av-magazine-title entry-title '  itemprop=\"headline\" ><a href='https:\/\/observator.org.al\/sq\/raport-alternativ-i-konventes-se-okb-se-per-te-drejtat-e-femijeve\/' title='Link to: \u201cRaport Alternativ i Konvent\u00ebs s\u00eb OKB-s\u00eb p\u00ebr t\u00eb Drejtat e F\u00ebmij\u00ebve\u201d'>\u201cRaport Alternativ i Konvent\u00ebs s\u00eb OKB-s\u00eb p\u00ebr t\u00eb Drejtat e F\u00ebmij\u00ebve\u201d<\/a><\/h3><\/header><\/div><footer class='entry-footer'><\/footer><\/article><article class='av-magazine-entry av-magazine-entry-id-6025 av-magazine-format-standard av-magazine-type-post av-magazine-entry-14 av-magazine-entry-small '  itemscope=\"itemscope\" itemtype=\"https:\/\/schema.org\/CreativeWork\" ><div class='av-magazine-thumbnail'><a href='https:\/\/observator.org.al\/sq\/te-drejtat-e-femijeve-ne-shqiperi-2009\/' title='Link to: \u201cT\u00eb drejtat e f\u00ebmij\u00ebve n\u00eb Shqip\u00ebri, 2009\u201d' class='iconfont av-magazine-entry-icon' aria-hidden='true' data-av_icon='\ue836' data-av_iconfont='entypo-fontello'><\/a><\/div><div class='av-magazine-content-wrap'><header class='entry-content-header'><time class='av-magazine-time updated'  itemprop=\"datePublished\" datetime=\"2013-09-19T20:35:32+02:00\" >19\/09\/2013<\/time><h3 class='av-magazine-title entry-title '  itemprop=\"headline\" ><a href='https:\/\/observator.org.al\/sq\/te-drejtat-e-femijeve-ne-shqiperi-2009\/' title='Link to: \u201cT\u00eb drejtat e f\u00ebmij\u00ebve n\u00eb Shqip\u00ebri, 2009\u201d'>\u201cT\u00eb drejtat e f\u00ebmij\u00ebve n\u00eb Shqip\u00ebri, 2009\u201d<\/a><\/h3><\/header><\/div><footer class='entry-footer'><\/footer><\/article><article class='av-magazine-entry av-magazine-entry-id-2323 av-magazine-format-standard av-magazine-type-post av-magazine-entry-15 av-magazine-entry-small '  itemscope=\"itemscope\" itemtype=\"https:\/\/schema.org\/CreativeWork\" ><div class='av-magazine-thumbnail'><a href='https:\/\/observator.org.al\/sq\/observatori-berat-20-nentor-2011\/' title='Link to: Observatori Berat &#8211; 20 n\u00ebntor 2011' class='iconfont av-magazine-entry-icon' aria-hidden='true' data-av_icon='\ue836' data-av_iconfont='entypo-fontello'><\/a><\/div><div class='av-magazine-content-wrap'><header class='entry-content-header'><time class='av-magazine-time updated'  itemprop=\"datePublished\" datetime=\"2013-09-06T22:44:45+02:00\" >06\/09\/2013<\/time><h3 class='av-magazine-title entry-title '  itemprop=\"headline\" ><a href='https:\/\/observator.org.al\/sq\/observatori-berat-20-nentor-2011\/' title='Link to: Observatori Berat &#8211; 20 n\u00ebntor 2011'>Observatori Berat &#8211; 20 n\u00ebntor 2011<\/a><\/h3><\/header><\/div><footer class='entry-footer'><\/footer><\/article><article class='av-magazine-entry av-magazine-entry-id-2321 av-magazine-format-standard av-magazine-type-post av-magazine-entry-16 av-magazine-entry-small '  itemscope=\"itemscope\" itemtype=\"https:\/\/schema.org\/CreativeWork\" ><div class='av-magazine-thumbnail'><a href='https:\/\/observator.org.al\/sq\/observatori-berat-14-nentor-2011-3\/' title='Link to: Observatori Berat &#8211; 14 N\u00ebntor 2011' class='iconfont av-magazine-entry-icon' aria-hidden='true' data-av_icon='\ue836' data-av_iconfont='entypo-fontello'><\/a><\/div><div class='av-magazine-content-wrap'><header class='entry-content-header'><time class='av-magazine-time updated'  itemprop=\"datePublished\" datetime=\"2013-09-06T22:24:35+02:00\" >06\/09\/2013<\/time><h3 class='av-magazine-title entry-title '  itemprop=\"headline\" ><a href='https:\/\/observator.org.al\/sq\/observatori-berat-14-nentor-2011-3\/' title='Link to: Observatori Berat &#8211; 14 N\u00ebntor 2011'>Observatori Berat &#8211; 14 N\u00ebntor 2011<\/a><\/h3><\/header><\/div><footer class='entry-footer'><\/footer><\/article><\/div><div class='av-magazine-group av-hidden-mag sort_46'><article class='av-magazine-entry av-magazine-entry-id-6029 av-magazine-format-standard av-magazine-type-post av-magazine-entry-1 av-magazine-entry-small '  itemscope=\"itemscope\" itemtype=\"https:\/\/schema.org\/CreativeWork\" ><div class='av-magazine-thumbnail'><a href='https:\/\/observator.org.al\/sq\/fact-sheet-nga-anketimi-me-te-rinjte-e-dibres\/' title='Link to: Fact Sheet nga anketimi me t\u00eb rinjt\u00eb e Dibr\u00ebs' class='iconfont av-magazine-entry-icon' aria-hidden='true' data-av_icon='\ue836' data-av_iconfont='entypo-fontello'><\/a><\/div><div class='av-magazine-content-wrap'><header class='entry-content-header'><time class='av-magazine-time updated'  itemprop=\"datePublished\" datetime=\"2018-12-19T20:45:09+01:00\" >19\/12\/2018<\/time><h3 class='av-magazine-title entry-title '  itemprop=\"headline\" ><a href='https:\/\/observator.org.al\/sq\/fact-sheet-nga-anketimi-me-te-rinjte-e-dibres\/' title='Link to: Fact Sheet nga anketimi me t\u00eb rinjt\u00eb e Dibr\u00ebs'>Fact Sheet nga anketimi me t\u00eb rinjt\u00eb e Dibr\u00ebs<\/a><\/h3><\/header><\/div><footer class='entry-footer'><\/footer><\/article><article class='av-magazine-entry av-magazine-entry-id-6036 av-magazine-format-standard av-magazine-type-post av-magazine-entry-2 av-magazine-entry-small '  itemscope=\"itemscope\" itemtype=\"https:\/\/schema.org\/CreativeWork\" ><div class='av-magazine-thumbnail'><a href='https:\/\/observator.org.al\/sq\/dokument-i-politikave-vendore-per-femijerine-e-hershme-cdo-femije-rom-ne-ciklin-parashkollor-bashkia-diber\/' title='Link to: Dokument i politikave vendore p\u00ebr f\u00ebmij\u00ebrin\u00eb e hershme \u201c\u00c7do f\u00ebmij\u00eb rom n\u00eb ciklin parashkollor\u201d, Bashkia Dib\u00ebr' class='iconfont av-magazine-entry-icon' aria-hidden='true' data-av_icon='\ue836' data-av_iconfont='entypo-fontello'><\/a><\/div><div class='av-magazine-content-wrap'><header class='entry-content-header'><time class='av-magazine-time updated'  itemprop=\"datePublished\" datetime=\"2017-07-19T20:51:37+02:00\" >19\/07\/2017<\/time><h3 class='av-magazine-title entry-title '  itemprop=\"headline\" ><a href='https:\/\/observator.org.al\/sq\/dokument-i-politikave-vendore-per-femijerine-e-hershme-cdo-femije-rom-ne-ciklin-parashkollor-bashkia-diber\/' title='Link to: Dokument i politikave vendore p\u00ebr f\u00ebmij\u00ebrin\u00eb e hershme \u201c\u00c7do f\u00ebmij\u00eb rom n\u00eb ciklin parashkollor\u201d, Bashkia Dib\u00ebr'>Dokument i politikave vendore p\u00ebr f\u00ebmij\u00ebrin\u00eb e hershme \u201c\u00c7do f\u00ebmij\u00eb rom n\u00eb ciklin parashkollor\u201d, Bashkia Dib\u00ebr<\/a><\/h3><\/header><\/div><footer class='entry-footer'><\/footer><\/article><article class='av-magazine-entry av-magazine-entry-id-5555 av-magazine-format-standard av-magazine-type-post av-magazine-entry-3 av-magazine-entry-small '  itemscope=\"itemscope\" itemtype=\"https:\/\/schema.org\/CreativeWork\" ><div class='av-magazine-thumbnail'><a href='https:\/\/observator.org.al\/sq\/njoftimi-weber\/' title='Link to: WeBER' class='iconfont av-magazine-entry-icon' aria-hidden='true' data-av_icon='\ue836' data-av_iconfont='entypo-fontello'><\/a><\/div><div class='av-magazine-content-wrap'><header class='entry-content-header'><time class='av-magazine-time updated'  itemprop=\"datePublished\" datetime=\"2017-07-13T00:48:30+02:00\" >13\/07\/2017<\/time><h3 class='av-magazine-title entry-title '  itemprop=\"headline\" ><a href='https:\/\/observator.org.al\/sq\/njoftimi-weber\/' title='Link to: WeBER'>WeBER<\/a><\/h3><\/header><\/div><footer class='entry-footer'><\/footer><\/article><article class='av-magazine-entry av-magazine-entry-id-5532 av-magazine-format-standard av-magazine-type-post av-magazine-entry-4 av-magazine-entry-small '  itemscope=\"itemscope\" itemtype=\"https:\/\/schema.org\/CreativeWork\" ><div class='av-magazine-thumbnail'><a href='https:\/\/observator.org.al\/sq\/regjistrimi-i-nxenesve-ne-klasen-e-pare\/' title='Link to: Regjistrimi i nx\u00ebn\u00ebsve n\u00eb klas\u00ebn e par\u00eb' class='iconfont av-magazine-entry-icon' aria-hidden='true' data-av_icon='\ue836' data-av_iconfont='entypo-fontello'><\/a><\/div><div class='av-magazine-content-wrap'><header class='entry-content-header'><time class='av-magazine-time updated'  itemprop=\"datePublished\" datetime=\"2017-06-27T10:20:45+02:00\" >27\/06\/2017<\/time><h3 class='av-magazine-title entry-title '  itemprop=\"headline\" ><a href='https:\/\/observator.org.al\/sq\/regjistrimi-i-nxenesve-ne-klasen-e-pare\/' title='Link to: Regjistrimi i nx\u00ebn\u00ebsve n\u00eb klas\u00ebn e par\u00eb'>Regjistrimi i nx\u00ebn\u00ebsve n\u00eb klas\u00ebn e par\u00eb<\/a><\/h3><\/header><\/div><footer class='entry-footer'><\/footer><\/article><article class='av-magazine-entry av-magazine-entry-id-5472 av-magazine-format-standard av-magazine-type-post av-magazine-entry-5 av-magazine-entry-small '  itemscope=\"itemscope\" itemtype=\"https:\/\/schema.org\/CreativeWork\" ><div class='av-magazine-thumbnail'><a href='https:\/\/observator.org.al\/sq\/ne-pritje-te-1-qershorit-2017-unembrojfemijetinvestojmeperfemijet\/' title='Link to: N\u00eb pritje t\u00eb 1 Qershorit 2017\u2026. #UneMbrojfemijet#InvestojmePerFemijet' class='iconfont av-magazine-entry-icon' aria-hidden='true' data-av_icon='\ue836' data-av_iconfont='entypo-fontello'><\/a><\/div><div class='av-magazine-content-wrap'><header class='entry-content-header'><time class='av-magazine-time updated'  itemprop=\"datePublished\" datetime=\"2017-05-18T13:03:43+02:00\" >18\/05\/2017<\/time><h3 class='av-magazine-title entry-title '  itemprop=\"headline\" ><a href='https:\/\/observator.org.al\/sq\/ne-pritje-te-1-qershorit-2017-unembrojfemijetinvestojmeperfemijet\/' title='Link to: N\u00eb pritje t\u00eb 1 Qershorit 2017\u2026. #UneMbrojfemijet#InvestojmePerFemijet'>N\u00eb pritje t\u00eb 1 Qershorit 2017\u2026. #UneMbrojfemijet#InvestojmePerFemijet<\/a><\/h3><\/header><\/div><footer class='entry-footer'><\/footer><\/article><article class='av-magazine-entry av-magazine-entry-id-6032 av-magazine-format-standard av-magazine-type-post av-magazine-entry-6 av-magazine-entry-small '  itemscope=\"itemscope\" itemtype=\"https:\/\/schema.org\/CreativeWork\" ><div class='av-magazine-thumbnail'><a href='https:\/\/observator.org.al\/sq\/fact-sheet-mbi-situaten-e-te-drejtave-te-femijeve-diber\/' title='Link to: Fact Sheet mbi situat\u00ebn e t\u00eb drejtave t\u00eb f\u00ebmij\u00ebve, Dib\u00ebr' class='iconfont av-magazine-entry-icon' aria-hidden='true' data-av_icon='\ue836' data-av_iconfont='entypo-fontello'><\/a><\/div><div class='av-magazine-content-wrap'><header class='entry-content-header'><time class='av-magazine-time updated'  itemprop=\"datePublished\" datetime=\"2017-02-19T20:47:32+01:00\" >19\/02\/2017<\/time><h3 class='av-magazine-title entry-title '  itemprop=\"headline\" ><a href='https:\/\/observator.org.al\/sq\/fact-sheet-mbi-situaten-e-te-drejtave-te-femijeve-diber\/' title='Link to: Fact Sheet mbi situat\u00ebn e t\u00eb drejtave t\u00eb f\u00ebmij\u00ebve, Dib\u00ebr'>Fact Sheet mbi situat\u00ebn e t\u00eb drejtave t\u00eb f\u00ebmij\u00ebve, Dib\u00ebr<\/a><\/h3><\/header><\/div><footer class='entry-footer'><\/footer><\/article><article class='av-magazine-entry av-magazine-entry-id-4941 av-magazine-format-standard av-magazine-type-post av-magazine-entry-7 av-magazine-entry-small '  itemscope=\"itemscope\" itemtype=\"https:\/\/schema.org\/CreativeWork\" ><div class='av-magazine-thumbnail'><a href='https:\/\/observator.org.al\/sq\/informacion-ne-lidhje-me-permbytjet-qe-ndodhen-gjate-janarit-2016\/' title='Link to: Informacion n\u00eb lidhje me p\u00ebrmbytjet q\u00eb ndodh\u00ebn gjat\u00eb Janarit 2016' class='iconfont av-magazine-entry-icon' aria-hidden='true' data-av_icon='\ue836' data-av_iconfont='entypo-fontello'><\/a><\/div><div class='av-magazine-content-wrap'><header class='entry-content-header'><time class='av-magazine-time updated'  itemprop=\"datePublished\" datetime=\"2016-03-02T15:47:09+01:00\" >02\/03\/2016<\/time><h3 class='av-magazine-title entry-title '  itemprop=\"headline\" ><a href='https:\/\/observator.org.al\/sq\/informacion-ne-lidhje-me-permbytjet-qe-ndodhen-gjate-janarit-2016\/' title='Link to: Informacion n\u00eb lidhje me p\u00ebrmbytjet q\u00eb ndodh\u00ebn gjat\u00eb Janarit 2016'>Informacion n\u00eb lidhje me p\u00ebrmbytjet q\u00eb ndodh\u00ebn gjat\u00eb Janarit 2016<\/a><\/h3><\/header><\/div><footer class='entry-footer'><\/footer><\/article><article class='av-magazine-entry av-magazine-entry-id-4758 av-magazine-format-standard av-magazine-type-post av-magazine-entry-8 av-magazine-entry-small '  itemscope=\"itemscope\" itemtype=\"https:\/\/schema.org\/CreativeWork\" ><div class='av-magazine-thumbnail'><a href='https:\/\/observator.org.al\/sq\/workshop-cdo_femije_ne_shkolle\/' title='Link to: Workshop dhe Debate \u00c7do f\u00ebmij\u00eb n\u00eb shkoll\u00eb' class='iconfont av-magazine-entry-icon' aria-hidden='true' data-av_icon='\ue836' data-av_iconfont='entypo-fontello'><\/a><\/div><div class='av-magazine-content-wrap'><header class='entry-content-header'><time class='av-magazine-time updated'  itemprop=\"datePublished\" datetime=\"2016-01-27T17:22:27+01:00\" >27\/01\/2016<\/time><h3 class='av-magazine-title entry-title '  itemprop=\"headline\" ><a href='https:\/\/observator.org.al\/sq\/workshop-cdo_femije_ne_shkolle\/' title='Link to: Workshop dhe Debate \u00c7do f\u00ebmij\u00eb n\u00eb shkoll\u00eb'>Workshop dhe Debate \u00c7do f\u00ebmij\u00eb n\u00eb shkoll\u00eb<\/a><\/h3><\/header><\/div><footer class='entry-footer'><\/footer><\/article><article class='av-magazine-entry av-magazine-entry-id-4205 av-magazine-format-standard av-magazine-type-post av-magazine-entry-9 av-magazine-entry-small '  itemscope=\"itemscope\" itemtype=\"https:\/\/schema.org\/CreativeWork\" ><div class='av-magazine-thumbnail'><a href='https:\/\/observator.org.al\/sq\/plani-i-veprimit-per-femije-2012-2015-2\/' title='Link to: Plani i veprimit p\u00ebr f\u00ebmij\u00eb 2012-2015' class='iconfont av-magazine-entry-icon' aria-hidden='true' data-av_icon='\ue836' data-av_iconfont='entypo-fontello'><\/a><\/div><div class='av-magazine-content-wrap'><header class='entry-content-header'><time class='av-magazine-time updated'  itemprop=\"datePublished\" datetime=\"2015-10-07T15:25:28+02:00\" >07\/10\/2015<\/time><h3 class='av-magazine-title entry-title '  itemprop=\"headline\" ><a href='https:\/\/observator.org.al\/sq\/plani-i-veprimit-per-femije-2012-2015-2\/' title='Link to: Plani i veprimit p\u00ebr f\u00ebmij\u00eb 2012-2015'>Plani i veprimit p\u00ebr f\u00ebmij\u00eb 2012-2015<\/a><\/h3><\/header><\/div><footer class='entry-footer'><\/footer><\/article><article class='av-magazine-entry av-magazine-entry-id-4191 av-magazine-format-standard av-magazine-type-post av-magazine-entry-10 av-magazine-entry-small '  itemscope=\"itemscope\" itemtype=\"https:\/\/schema.org\/CreativeWork\" ><div class='av-magazine-thumbnail'><a href='https:\/\/observator.org.al\/sq\/fillimi-i-vitit-shkollor-2015-2016\/' title='Link to: Fillimi i vitit shkollor 2015-2016' class='iconfont av-magazine-entry-icon' aria-hidden='true' data-av_icon='\ue836' data-av_iconfont='entypo-fontello'><\/a><\/div><div class='av-magazine-content-wrap'><header class='entry-content-header'><time class='av-magazine-time updated'  itemprop=\"datePublished\" datetime=\"2015-10-06T16:51:48+02:00\" >06\/10\/2015<\/time><h3 class='av-magazine-title entry-title '  itemprop=\"headline\" ><a href='https:\/\/observator.org.al\/sq\/fillimi-i-vitit-shkollor-2015-2016\/' title='Link to: Fillimi i vitit shkollor 2015-2016'>Fillimi i vitit shkollor 2015-2016<\/a><\/h3><\/header><\/div><footer class='entry-footer'><\/footer><\/article><article class='av-magazine-entry av-magazine-entry-id-4180 av-magazine-format-standard av-magazine-type-post av-magazine-entry-11 av-magazine-entry-small '  itemscope=\"itemscope\" itemtype=\"https:\/\/schema.org\/CreativeWork\" ><div class='av-magazine-thumbnail'><a href='https:\/\/observator.org.al\/sq\/shperndarja-e-teksteve-falas-per-femijet-rom-dhe-egjiptian-ne-vitin-shkollor-2015-2016\/' title='Link to: Shp\u00ebrndarja e teksteve falas dhe debate mbi f\u00ebmij\u00ebt Rom dhe Egjiptian n\u00eb vitin shkollor 2015-2016' class='iconfont av-magazine-entry-icon' aria-hidden='true' data-av_icon='\ue836' data-av_iconfont='entypo-fontello'><\/a><\/div><div class='av-magazine-content-wrap'><header class='entry-content-header'><time class='av-magazine-time updated'  itemprop=\"datePublished\" datetime=\"2015-09-29T15:31:39+02:00\" >29\/09\/2015<\/time><h3 class='av-magazine-title entry-title '  itemprop=\"headline\" ><a href='https:\/\/observator.org.al\/sq\/shperndarja-e-teksteve-falas-per-femijet-rom-dhe-egjiptian-ne-vitin-shkollor-2015-2016\/' title='Link to: Shp\u00ebrndarja e teksteve falas dhe debate mbi f\u00ebmij\u00ebt Rom dhe Egjiptian n\u00eb vitin shkollor 2015-2016'>Shp\u00ebrndarja e teksteve falas dhe debate mbi f\u00ebmij\u00ebt Rom dhe Egjiptian n\u00eb vitin shkollor 2015-2016<\/a><\/h3><\/header><\/div><footer class='entry-footer'><\/footer><\/article><article class='av-magazine-entry av-magazine-entry-id-6022 av-magazine-format-standard av-magazine-type-post av-magazine-entry-12 av-magazine-entry-small '  itemscope=\"itemscope\" itemtype=\"https:\/\/schema.org\/CreativeWork\" ><div class='av-magazine-thumbnail'><a href='https:\/\/observator.org.al\/sq\/varferia-e-femijeve-ne-shqiperi-karta-raportuese-nr-1\/' title='Link to: \u201cVarf\u00ebria e f\u00ebmij\u00ebve n\u00eb Shqip\u00ebri\u201d \u2013 Karta Raportuese Nr. 1' class='iconfont av-magazine-entry-icon' aria-hidden='true' data-av_icon='\ue836' data-av_iconfont='entypo-fontello'><\/a><\/div><div class='av-magazine-content-wrap'><header class='entry-content-header'><time class='av-magazine-time updated'  itemprop=\"datePublished\" datetime=\"2013-11-19T19:18:45+01:00\" >19\/11\/2013<\/time><h3 class='av-magazine-title entry-title '  itemprop=\"headline\" ><a href='https:\/\/observator.org.al\/sq\/varferia-e-femijeve-ne-shqiperi-karta-raportuese-nr-1\/' title='Link to: \u201cVarf\u00ebria e f\u00ebmij\u00ebve n\u00eb Shqip\u00ebri\u201d \u2013 Karta Raportuese Nr. 1'>\u201cVarf\u00ebria e f\u00ebmij\u00ebve n\u00eb Shqip\u00ebri\u201d \u2013 Karta Raportuese Nr. 1<\/a><\/h3><\/header><\/div><footer class='entry-footer'><\/footer><\/article><article class='av-magazine-entry av-magazine-entry-id-6034 av-magazine-format-standard av-magazine-type-post av-magazine-entry-13 av-magazine-entry-small '  itemscope=\"itemscope\" itemtype=\"https:\/\/schema.org\/CreativeWork\" ><div class='av-magazine-thumbnail'><a href='https:\/\/observator.org.al\/sq\/fletepalosje-diber\/' title='Link to: Flet\u00ebpalosje Dib\u00ebr' class='iconfont av-magazine-entry-icon' aria-hidden='true' data-av_icon='\ue836' data-av_iconfont='entypo-fontello'><\/a><\/div><div class='av-magazine-content-wrap'><header class='entry-content-header'><time class='av-magazine-time updated'  itemprop=\"datePublished\" datetime=\"2013-10-19T20:49:48+02:00\" >19\/10\/2013<\/time><h3 class='av-magazine-title entry-title '  itemprop=\"headline\" ><a href='https:\/\/observator.org.al\/sq\/fletepalosje-diber\/' title='Link to: Flet\u00ebpalosje Dib\u00ebr'>Flet\u00ebpalosje Dib\u00ebr<\/a><\/h3><\/header><\/div><footer class='entry-footer'><\/footer><\/article><article class='av-magazine-entry av-magazine-entry-id-2930 av-magazine-format-standard av-magazine-type-post av-magazine-entry-14 av-magazine-entry-small '  itemscope=\"itemscope\" itemtype=\"https:\/\/schema.org\/CreativeWork\" ><div class='av-magazine-thumbnail'><a href='https:\/\/observator.org.al\/sq\/observatori-diber-15-nentor-2011-2\/' title='Link to: Observatori Dib\u00ebr&#8211; 15 N\u00ebntor 2011' class='av-magazine-thumbnail-link '><img loading=\"lazy\" decoding=\"async\" width=\"80\" height=\"80\" src=\"https:\/\/observator.org.al\/wp-content\/uploads\/2013\/09\/Diber-80x80.png\" class=\"wp-image-3065 avia-img-lazy-loading-3065 attachment-thumbnail size-thumbnail wp-post-image\" alt=\"\" srcset=\"https:\/\/observator.org.al\/wp-content\/uploads\/2013\/09\/Diber-80x80.png 80w, https:\/\/observator.org.al\/wp-content\/uploads\/2013\/09\/Diber-36x36.png 36w, https:\/\/observator.org.al\/wp-content\/uploads\/2013\/09\/Diber-180x180.png 180w, https:\/\/observator.org.al\/wp-content\/uploads\/2013\/09\/Diber-120x120.png 120w\" sizes=\"auto, (max-width: 80px) 100vw, 80px\" \/><\/a><\/div><div class='av-magazine-content-wrap'><header class='entry-content-header'><time class='av-magazine-time updated'  itemprop=\"datePublished\" datetime=\"2013-10-10T17:50:01+02:00\" >10\/10\/2013<\/time><h3 class='av-magazine-title entry-title '  itemprop=\"headline\" ><a href='https:\/\/observator.org.al\/sq\/observatori-diber-15-nentor-2011-2\/' title='Link to: Observatori Dib\u00ebr&#8211; 15 N\u00ebntor 2011'>Observatori Dib\u00ebr&#8211; 15 N\u00ebntor 2011<\/a><\/h3><\/header><\/div><footer class='entry-footer'><\/footer><\/article><article class='av-magazine-entry av-magazine-entry-id-6027 av-magazine-format-standard av-magazine-type-post av-magazine-entry-15 av-magazine-entry-small '  itemscope=\"itemscope\" itemtype=\"https:\/\/schema.org\/CreativeWork\" ><div class='av-magazine-thumbnail'><a href='https:\/\/observator.org.al\/sq\/raport-alternativ-i-konventes-se-okb-se-per-te-drejtat-e-femijeve\/' title='Link to: \u201cRaport Alternativ i Konvent\u00ebs s\u00eb OKB-s\u00eb p\u00ebr t\u00eb Drejtat e F\u00ebmij\u00ebve\u201d' class='iconfont av-magazine-entry-icon' aria-hidden='true' data-av_icon='\ue836' data-av_iconfont='entypo-fontello'><\/a><\/div><div class='av-magazine-content-wrap'><header class='entry-content-header'><time class='av-magazine-time updated'  itemprop=\"datePublished\" datetime=\"2013-09-19T20:40:41+02:00\" >19\/09\/2013<\/time><h3 class='av-magazine-title entry-title '  itemprop=\"headline\" ><a href='https:\/\/observator.org.al\/sq\/raport-alternativ-i-konventes-se-okb-se-per-te-drejtat-e-femijeve\/' title='Link to: \u201cRaport Alternativ i Konvent\u00ebs s\u00eb OKB-s\u00eb p\u00ebr t\u00eb Drejtat e F\u00ebmij\u00ebve\u201d'>\u201cRaport Alternativ i Konvent\u00ebs s\u00eb OKB-s\u00eb p\u00ebr t\u00eb Drejtat e F\u00ebmij\u00ebve\u201d<\/a><\/h3><\/header><\/div><footer class='entry-footer'><\/footer><\/article><article class='av-magazine-entry av-magazine-entry-id-6025 av-magazine-format-standard av-magazine-type-post av-magazine-entry-16 av-magazine-entry-small '  itemscope=\"itemscope\" itemtype=\"https:\/\/schema.org\/CreativeWork\" ><div class='av-magazine-thumbnail'><a href='https:\/\/observator.org.al\/sq\/te-drejtat-e-femijeve-ne-shqiperi-2009\/' title='Link to: \u201cT\u00eb drejtat e f\u00ebmij\u00ebve n\u00eb Shqip\u00ebri, 2009\u201d' class='iconfont av-magazine-entry-icon' aria-hidden='true' data-av_icon='\ue836' data-av_iconfont='entypo-fontello'><\/a><\/div><div class='av-magazine-content-wrap'><header class='entry-content-header'><time class='av-magazine-time updated'  itemprop=\"datePublished\" datetime=\"2013-09-19T20:35:32+02:00\" >19\/09\/2013<\/time><h3 class='av-magazine-title entry-title '  itemprop=\"headline\" ><a href='https:\/\/observator.org.al\/sq\/te-drejtat-e-femijeve-ne-shqiperi-2009\/' title='Link to: \u201cT\u00eb drejtat e f\u00ebmij\u00ebve n\u00eb Shqip\u00ebri, 2009\u201d'>\u201cT\u00eb drejtat e f\u00ebmij\u00ebve n\u00eb Shqip\u00ebri, 2009\u201d<\/a><\/h3><\/header><\/div><footer class='entry-footer'><\/footer><\/article><article class='av-magazine-entry av-magazine-entry-id-2331 av-magazine-format-standard av-magazine-type-post av-magazine-entry-17 av-magazine-entry-small '  itemscope=\"itemscope\" itemtype=\"https:\/\/schema.org\/CreativeWork\" ><div class='av-magazine-thumbnail'><a href='https:\/\/observator.org.al\/sq\/observatori-diber-20-nentor-2011\/' title='Link to: Observatori Dib\u00ebr &#8211; 20 n\u00ebntor 2011' class='iconfont av-magazine-entry-icon' aria-hidden='true' data-av_icon='\ue836' data-av_iconfont='entypo-fontello'><\/a><\/div><div class='av-magazine-content-wrap'><header class='entry-content-header'><time class='av-magazine-time updated'  itemprop=\"datePublished\" datetime=\"2013-09-06T22:48:14+02:00\" >06\/09\/2013<\/time><h3 class='av-magazine-title entry-title '  itemprop=\"headline\" ><a href='https:\/\/observator.org.al\/sq\/observatori-diber-20-nentor-2011\/' title='Link to: Observatori Dib\u00ebr &#8211; 20 n\u00ebntor 2011'>Observatori Dib\u00ebr &#8211; 20 n\u00ebntor 2011<\/a><\/h3><\/header><\/div><footer class='entry-footer'><\/footer><\/article><article class='av-magazine-entry av-magazine-entry-id-2328 av-magazine-format-standard av-magazine-type-post av-magazine-entry-18 av-magazine-entry-small '  itemscope=\"itemscope\" itemtype=\"https:\/\/schema.org\/CreativeWork\" ><div class='av-magazine-thumbnail'><a href='https:\/\/observator.org.al\/sq\/observatori-diber-15-nentor-2011\/' title='Link to: Observatori Dib\u00ebr &#8211; 15 N\u00ebntor 2011' class='iconfont av-magazine-entry-icon' aria-hidden='true' data-av_icon='\ue836' data-av_iconfont='entypo-fontello'><\/a><\/div><div class='av-magazine-content-wrap'><header class='entry-content-header'><time class='av-magazine-time updated'  itemprop=\"datePublished\" datetime=\"2013-09-06T22:47:19+02:00\" >06\/09\/2013<\/time><h3 class='av-magazine-title entry-title '  itemprop=\"headline\" ><a href='https:\/\/observator.org.al\/sq\/observatori-diber-15-nentor-2011\/' title='Link to: Observatori Dib\u00ebr &#8211; 15 N\u00ebntor 2011'>Observatori Dib\u00ebr &#8211; 15 N\u00ebntor 2011<\/a><\/h3><\/header><\/div><footer class='entry-footer'><\/footer><\/article><\/div><div class='av-magazine-group av-hidden-mag sort_47'><article class='av-magazine-entry av-magazine-entry-id-8610 av-magazine-format-standard av-magazine-type-post av-magazine-entry-1 av-magazine-entry-small '  itemscope=\"itemscope\" itemtype=\"https:\/\/schema.org\/CreativeWork\" ><div class='av-magazine-thumbnail'><a href='https:\/\/observator.org.al\/sq\/kerkese-per-oferte-2\/' title='Link to: K\u00ebrkes\u00eb P\u00ebr Ofert\u00eb' class='iconfont av-magazine-entry-icon' aria-hidden='true' data-av_icon='\ue836' data-av_iconfont='entypo-fontello'><\/a><\/div><div class='av-magazine-content-wrap'><header class='entry-content-header'><time class='av-magazine-time updated'  itemprop=\"datePublished\" datetime=\"2022-12-02T11:40:56+01:00\" >02\/12\/2022<\/time><h3 class='av-magazine-title entry-title '  itemprop=\"headline\" ><a href='https:\/\/observator.org.al\/sq\/kerkese-per-oferte-2\/' title='Link to: K\u00ebrkes\u00eb P\u00ebr Ofert\u00eb'>K\u00ebrkes\u00eb P\u00ebr Ofert\u00eb<\/a><\/h3><\/header><\/div><footer class='entry-footer'><\/footer><\/article><article class='av-magazine-entry av-magazine-entry-id-6038 av-magazine-format-standard av-magazine-type-post av-magazine-entry-2 av-magazine-entry-small '  itemscope=\"itemscope\" itemtype=\"https:\/\/schema.org\/CreativeWork\" ><div class='av-magazine-thumbnail'><a href='https:\/\/observator.org.al\/sq\/analiza-e-buxhetimit-per-rinine-nga-bashkia-durres\/' title='Link to: Analiza e buxhetimit p\u00ebr rinin\u00eb nga Bashkia Durr\u00ebs' class='iconfont av-magazine-entry-icon' aria-hidden='true' data-av_icon='\ue836' data-av_iconfont='entypo-fontello'><\/a><\/div><div class='av-magazine-content-wrap'><header class='entry-content-header'><time class='av-magazine-time updated'  itemprop=\"datePublished\" datetime=\"2018-12-19T21:00:07+01:00\" >19\/12\/2018<\/time><h3 class='av-magazine-title entry-title '  itemprop=\"headline\" ><a href='https:\/\/observator.org.al\/sq\/analiza-e-buxhetimit-per-rinine-nga-bashkia-durres\/' title='Link to: Analiza e buxhetimit p\u00ebr rinin\u00eb nga Bashkia Durr\u00ebs'>Analiza e buxhetimit p\u00ebr rinin\u00eb nga Bashkia Durr\u00ebs<\/a><\/h3><\/header><\/div><footer class='entry-footer'><\/footer><\/article><article class='av-magazine-entry av-magazine-entry-id-6046 av-magazine-format-standard av-magazine-type-post av-magazine-entry-3 av-magazine-entry-small '  itemscope=\"itemscope\" itemtype=\"https:\/\/schema.org\/CreativeWork\" ><div class='av-magazine-thumbnail'><a href='https:\/\/observator.org.al\/sq\/martesa-e-femijeve-njohurite-qendrimet-dhe-perceptimet-nder-komunitetet-e-prekura-ne-shqiperi\/' title='Link to: \u201cMartesa e f\u00ebmij\u00ebve: Njohurit\u00eb, qendrimet dhe perceptimet nd\u00ebr komunitetet e prekura n\u00eb Shqip\u00ebri\u201d' class='iconfont av-magazine-entry-icon' aria-hidden='true' data-av_icon='\ue836' data-av_iconfont='entypo-fontello'><\/a><\/div><div class='av-magazine-content-wrap'><header class='entry-content-header'><time class='av-magazine-time updated'  itemprop=\"datePublished\" datetime=\"2018-10-19T21:08:01+02:00\" >19\/10\/2018<\/time><h3 class='av-magazine-title entry-title '  itemprop=\"headline\" ><a href='https:\/\/observator.org.al\/sq\/martesa-e-femijeve-njohurite-qendrimet-dhe-perceptimet-nder-komunitetet-e-prekura-ne-shqiperi\/' title='Link to: \u201cMartesa e f\u00ebmij\u00ebve: Njohurit\u00eb, qendrimet dhe perceptimet nd\u00ebr komunitetet e prekura n\u00eb Shqip\u00ebri\u201d'>\u201cMartesa e f\u00ebmij\u00ebve: Njohurit\u00eb, qendrimet dhe perceptimet nd\u00ebr komunitetet e prekura n\u00eb Shqip\u00ebri\u201d<\/a><\/h3><\/header><\/div><footer class='entry-footer'><\/footer><\/article><article class='av-magazine-entry av-magazine-entry-id-6040 av-magazine-format-standard av-magazine-type-post av-magazine-entry-4 av-magazine-entry-small '  itemscope=\"itemscope\" itemtype=\"https:\/\/schema.org\/CreativeWork\" ><div class='av-magazine-thumbnail'><a href='https:\/\/observator.org.al\/sq\/fact-sheet-nga-anketimi-me-te-rinjte-e-durresit\/' title='Link to: Fact Sheet nga anketimi me t\u00eb rinjt\u00eb e Durr\u00ebsit' class='iconfont av-magazine-entry-icon' aria-hidden='true' data-av_icon='\ue836' data-av_iconfont='entypo-fontello'><\/a><\/div><div class='av-magazine-content-wrap'><header class='entry-content-header'><time class='av-magazine-time updated'  itemprop=\"datePublished\" datetime=\"2018-08-19T21:02:50+02:00\" >19\/08\/2018<\/time><h3 class='av-magazine-title entry-title '  itemprop=\"headline\" ><a href='https:\/\/observator.org.al\/sq\/fact-sheet-nga-anketimi-me-te-rinjte-e-durresit\/' title='Link to: Fact Sheet nga anketimi me t\u00eb rinjt\u00eb e Durr\u00ebsit'>Fact Sheet nga anketimi me t\u00eb rinjt\u00eb e Durr\u00ebsit<\/a><\/h3><\/header><\/div><footer class='entry-footer'><\/footer><\/article><article class='av-magazine-entry av-magazine-entry-id-5555 av-magazine-format-standard av-magazine-type-post av-magazine-entry-5 av-magazine-entry-small '  itemscope=\"itemscope\" itemtype=\"https:\/\/schema.org\/CreativeWork\" ><div class='av-magazine-thumbnail'><a href='https:\/\/observator.org.al\/sq\/njoftimi-weber\/' title='Link to: WeBER' class='iconfont av-magazine-entry-icon' aria-hidden='true' data-av_icon='\ue836' data-av_iconfont='entypo-fontello'><\/a><\/div><div class='av-magazine-content-wrap'><header class='entry-content-header'><time class='av-magazine-time updated'  itemprop=\"datePublished\" datetime=\"2017-07-13T00:48:30+02:00\" >13\/07\/2017<\/time><h3 class='av-magazine-title entry-title '  itemprop=\"headline\" ><a href='https:\/\/observator.org.al\/sq\/njoftimi-weber\/' title='Link to: WeBER'>WeBER<\/a><\/h3><\/header><\/div><footer class='entry-footer'><\/footer><\/article><article class='av-magazine-entry av-magazine-entry-id-5532 av-magazine-format-standard av-magazine-type-post av-magazine-entry-6 av-magazine-entry-small '  itemscope=\"itemscope\" itemtype=\"https:\/\/schema.org\/CreativeWork\" ><div class='av-magazine-thumbnail'><a href='https:\/\/observator.org.al\/sq\/regjistrimi-i-nxenesve-ne-klasen-e-pare\/' title='Link to: Regjistrimi i nx\u00ebn\u00ebsve n\u00eb klas\u00ebn e par\u00eb' class='iconfont av-magazine-entry-icon' aria-hidden='true' data-av_icon='\ue836' data-av_iconfont='entypo-fontello'><\/a><\/div><div class='av-magazine-content-wrap'><header class='entry-content-header'><time class='av-magazine-time updated'  itemprop=\"datePublished\" datetime=\"2017-06-27T10:20:45+02:00\" >27\/06\/2017<\/time><h3 class='av-magazine-title entry-title '  itemprop=\"headline\" ><a href='https:\/\/observator.org.al\/sq\/regjistrimi-i-nxenesve-ne-klasen-e-pare\/' title='Link to: Regjistrimi i nx\u00ebn\u00ebsve n\u00eb klas\u00ebn e par\u00eb'>Regjistrimi i nx\u00ebn\u00ebsve n\u00eb klas\u00ebn e par\u00eb<\/a><\/h3><\/header><\/div><footer class='entry-footer'><\/footer><\/article><article class='av-magazine-entry av-magazine-entry-id-5472 av-magazine-format-standard av-magazine-type-post av-magazine-entry-7 av-magazine-entry-small '  itemscope=\"itemscope\" itemtype=\"https:\/\/schema.org\/CreativeWork\" ><div class='av-magazine-thumbnail'><a href='https:\/\/observator.org.al\/sq\/ne-pritje-te-1-qershorit-2017-unembrojfemijetinvestojmeperfemijet\/' title='Link to: N\u00eb pritje t\u00eb 1 Qershorit 2017\u2026. #UneMbrojfemijet#InvestojmePerFemijet' class='iconfont av-magazine-entry-icon' aria-hidden='true' data-av_icon='\ue836' data-av_iconfont='entypo-fontello'><\/a><\/div><div class='av-magazine-content-wrap'><header class='entry-content-header'><time class='av-magazine-time updated'  itemprop=\"datePublished\" datetime=\"2017-05-18T13:03:43+02:00\" >18\/05\/2017<\/time><h3 class='av-magazine-title entry-title '  itemprop=\"headline\" ><a href='https:\/\/observator.org.al\/sq\/ne-pritje-te-1-qershorit-2017-unembrojfemijetinvestojmeperfemijet\/' title='Link to: N\u00eb pritje t\u00eb 1 Qershorit 2017\u2026. #UneMbrojfemijet#InvestojmePerFemijet'>N\u00eb pritje t\u00eb 1 Qershorit 2017\u2026. #UneMbrojfemijet#InvestojmePerFemijet<\/a><\/h3><\/header><\/div><footer class='entry-footer'><\/footer><\/article><article class='av-magazine-entry av-magazine-entry-id-6042 av-magazine-format-standard av-magazine-type-post av-magazine-entry-8 av-magazine-entry-small '  itemscope=\"itemscope\" itemtype=\"https:\/\/schema.org\/CreativeWork\" ><div class='av-magazine-thumbnail'><a href='https:\/\/observator.org.al\/sq\/fact-sheet-mbi-situaten-e-te-drejtave-te-femijeve-durres\/' title='Link to: Fact Sheet mbi situat\u00ebn e t\u00eb drejtave t\u00eb f\u00ebmij\u00ebve, Durr\u00ebs' class='iconfont av-magazine-entry-icon' aria-hidden='true' data-av_icon='\ue836' data-av_iconfont='entypo-fontello'><\/a><\/div><div class='av-magazine-content-wrap'><header class='entry-content-header'><time class='av-magazine-time updated'  itemprop=\"datePublished\" datetime=\"2017-02-19T21:04:18+01:00\" >19\/02\/2017<\/time><h3 class='av-magazine-title entry-title '  itemprop=\"headline\" ><a href='https:\/\/observator.org.al\/sq\/fact-sheet-mbi-situaten-e-te-drejtave-te-femijeve-durres\/' title='Link to: Fact Sheet mbi situat\u00ebn e t\u00eb drejtave t\u00eb f\u00ebmij\u00ebve, Durr\u00ebs'>Fact Sheet mbi situat\u00ebn e t\u00eb drejtave t\u00eb f\u00ebmij\u00ebve, Durr\u00ebs<\/a><\/h3><\/header><\/div><footer class='entry-footer'><\/footer><\/article><article class='av-magazine-entry av-magazine-entry-id-5196 av-magazine-format-standard av-magazine-type-post av-magazine-entry-9 av-magazine-entry-small '  itemscope=\"itemscope\" itemtype=\"https:\/\/schema.org\/CreativeWork\" ><div class='av-magazine-thumbnail'><a href='https:\/\/observator.org.al\/sq\/cdo-femije-ne-shkolle\/' title='Link to: \u00c7DO F\u00cbMIJ\u00cb N\u00cb SHKOLL\u00cb' class='iconfont av-magazine-entry-icon' aria-hidden='true' data-av_icon='\ue836' data-av_iconfont='entypo-fontello'><\/a><\/div><div class='av-magazine-content-wrap'><header class='entry-content-header'><time class='av-magazine-time updated'  itemprop=\"datePublished\" datetime=\"2016-09-14T10:08:00+02:00\" >14\/09\/2016<\/time><h3 class='av-magazine-title entry-title '  itemprop=\"headline\" ><a href='https:\/\/observator.org.al\/sq\/cdo-femije-ne-shkolle\/' title='Link to: \u00c7DO F\u00cbMIJ\u00cb N\u00cb SHKOLL\u00cb'>\u00c7DO F\u00cbMIJ\u00cb N\u00cb SHKOLL\u00cb<\/a><\/h3><\/header><\/div><footer class='entry-footer'><\/footer><\/article><article class='av-magazine-entry av-magazine-entry-id-5070 av-magazine-format-standard av-magazine-type-post av-magazine-entry-10 av-magazine-entry-small '  itemscope=\"itemscope\" itemtype=\"https:\/\/schema.org\/CreativeWork\" ><div class='av-magazine-thumbnail'><a href='https:\/\/observator.org.al\/sq\/trajnime-me-perfaqesues-te-shkollave-pilot-maj-2016\/' title='Link to: Trajnime dhe debate me p\u00ebrfaq\u00ebsues t\u00eb shkollave pilot- Maj 2016' class='iconfont av-magazine-entry-icon' aria-hidden='true' data-av_icon='\ue836' data-av_iconfont='entypo-fontello'><\/a><\/div><div class='av-magazine-content-wrap'><header class='entry-content-header'><time class='av-magazine-time updated'  itemprop=\"datePublished\" datetime=\"2016-06-09T09:56:49+02:00\" >09\/06\/2016<\/time><h3 class='av-magazine-title entry-title '  itemprop=\"headline\" ><a href='https:\/\/observator.org.al\/sq\/trajnime-me-perfaqesues-te-shkollave-pilot-maj-2016\/' title='Link to: Trajnime dhe debate me p\u00ebrfaq\u00ebsues t\u00eb shkollave pilot- Maj 2016'>Trajnime dhe debate me p\u00ebrfaq\u00ebsues t\u00eb shkollave pilot- Maj 2016<\/a><\/h3><\/header><\/div><footer class='entry-footer'><\/footer><\/article><article class='av-magazine-entry av-magazine-entry-id-5042 av-magazine-format-standard av-magazine-type-post av-magazine-entry-11 av-magazine-entry-small '  itemscope=\"itemscope\" itemtype=\"https:\/\/schema.org\/CreativeWork\" ><div class='av-magazine-thumbnail'><a href='https:\/\/observator.org.al\/sq\/takimet-ne-lidhje-me-ecurine-e-identifikimit-te-femijeve-jashte-shkolle\/' title='Link to: Takime, konsultime dhe debate n\u00eb lidhje me ecurin\u00eb e identifikimit t\u00eb f\u00ebmij\u00ebve jasht\u00eb shkolle' class='iconfont av-magazine-entry-icon' aria-hidden='true' data-av_icon='\ue836' data-av_iconfont='entypo-fontello'><\/a><\/div><div class='av-magazine-content-wrap'><header class='entry-content-header'><time class='av-magazine-time updated'  itemprop=\"datePublished\" datetime=\"2016-04-26T17:20:10+02:00\" >26\/04\/2016<\/time><h3 class='av-magazine-title entry-title '  itemprop=\"headline\" ><a href='https:\/\/observator.org.al\/sq\/takimet-ne-lidhje-me-ecurine-e-identifikimit-te-femijeve-jashte-shkolle\/' title='Link to: Takime, konsultime dhe debate n\u00eb lidhje me ecurin\u00eb e identifikimit t\u00eb f\u00ebmij\u00ebve jasht\u00eb shkolle'>Takime, konsultime dhe debate n\u00eb lidhje me ecurin\u00eb e identifikimit t\u00eb f\u00ebmij\u00ebve jasht\u00eb shkolle<\/a><\/h3><\/header><\/div><footer class='entry-footer'><\/footer><\/article><article class='av-magazine-entry av-magazine-entry-id-4941 av-magazine-format-standard av-magazine-type-post av-magazine-entry-12 av-magazine-entry-small '  itemscope=\"itemscope\" itemtype=\"https:\/\/schema.org\/CreativeWork\" ><div class='av-magazine-thumbnail'><a href='https:\/\/observator.org.al\/sq\/informacion-ne-lidhje-me-permbytjet-qe-ndodhen-gjate-janarit-2016\/' title='Link to: Informacion n\u00eb lidhje me p\u00ebrmbytjet q\u00eb ndodh\u00ebn gjat\u00eb Janarit 2016' class='iconfont av-magazine-entry-icon' aria-hidden='true' data-av_icon='\ue836' data-av_iconfont='entypo-fontello'><\/a><\/div><div class='av-magazine-content-wrap'><header class='entry-content-header'><time class='av-magazine-time updated'  itemprop=\"datePublished\" datetime=\"2016-03-02T15:47:09+01:00\" >02\/03\/2016<\/time><h3 class='av-magazine-title entry-title '  itemprop=\"headline\" ><a href='https:\/\/observator.org.al\/sq\/informacion-ne-lidhje-me-permbytjet-qe-ndodhen-gjate-janarit-2016\/' title='Link to: Informacion n\u00eb lidhje me p\u00ebrmbytjet q\u00eb ndodh\u00ebn gjat\u00eb Janarit 2016'>Informacion n\u00eb lidhje me p\u00ebrmbytjet q\u00eb ndodh\u00ebn gjat\u00eb Janarit 2016<\/a><\/h3><\/header><\/div><footer class='entry-footer'><\/footer><\/article><article class='av-magazine-entry av-magazine-entry-id-4758 av-magazine-format-standard av-magazine-type-post av-magazine-entry-13 av-magazine-entry-small '  itemscope=\"itemscope\" itemtype=\"https:\/\/schema.org\/CreativeWork\" ><div class='av-magazine-thumbnail'><a href='https:\/\/observator.org.al\/sq\/workshop-cdo_femije_ne_shkolle\/' title='Link to: Workshop dhe Debate \u00c7do f\u00ebmij\u00eb n\u00eb shkoll\u00eb' class='iconfont av-magazine-entry-icon' aria-hidden='true' data-av_icon='\ue836' data-av_iconfont='entypo-fontello'><\/a><\/div><div class='av-magazine-content-wrap'><header class='entry-content-header'><time class='av-magazine-time updated'  itemprop=\"datePublished\" datetime=\"2016-01-27T17:22:27+01:00\" >27\/01\/2016<\/time><h3 class='av-magazine-title entry-title '  itemprop=\"headline\" ><a href='https:\/\/observator.org.al\/sq\/workshop-cdo_femije_ne_shkolle\/' title='Link to: Workshop dhe Debate \u00c7do f\u00ebmij\u00eb n\u00eb shkoll\u00eb'>Workshop dhe Debate \u00c7do f\u00ebmij\u00eb n\u00eb shkoll\u00eb<\/a><\/h3><\/header><\/div><footer class='entry-footer'><\/footer><\/article><article class='av-magazine-entry av-magazine-entry-id-4720 av-magazine-format-standard av-magazine-type-post av-magazine-entry-14 av-magazine-entry-small '  itemscope=\"itemscope\" itemtype=\"https:\/\/schema.org\/CreativeWork\" ><div class='av-magazine-thumbnail'><a href='https:\/\/observator.org.al\/sq\/trajnime-me-perfaqesues-te-shkollave-jan2016\/' title='Link to: Trajnime, konsultime dhe debate me p\u00ebrfaq\u00ebsues t\u00eb shkollave dhe institucioneve lokale n\u00eb Durres &#8211; Cdo f\u00ebmij\u00eb n\u00eb shkoll\u00eb' class='iconfont av-magazine-entry-icon' aria-hidden='true' data-av_icon='\ue836' data-av_iconfont='entypo-fontello'><\/a><\/div><div class='av-magazine-content-wrap'><header class='entry-content-header'><time class='av-magazine-time updated'  itemprop=\"datePublished\" datetime=\"2016-01-26T00:05:23+01:00\" >26\/01\/2016<\/time><h3 class='av-magazine-title entry-title '  itemprop=\"headline\" ><a href='https:\/\/observator.org.al\/sq\/trajnime-me-perfaqesues-te-shkollave-jan2016\/' title='Link to: Trajnime, konsultime dhe debate me p\u00ebrfaq\u00ebsues t\u00eb shkollave dhe institucioneve lokale n\u00eb Durres &#8211; Cdo f\u00ebmij\u00eb n\u00eb shkoll\u00eb'>Trajnime, konsultime dhe debate me p\u00ebrfaq\u00ebsues t\u00eb shkollave dhe institucioneve lokale n\u00eb Durres &#8211; Cdo f\u00ebmij\u00eb n\u00eb shkoll\u00eb<\/a><\/h3><\/header><\/div><footer class='entry-footer'><\/footer><\/article><article class='av-magazine-entry av-magazine-entry-id-4205 av-magazine-format-standard av-magazine-type-post av-magazine-entry-15 av-magazine-entry-small '  itemscope=\"itemscope\" itemtype=\"https:\/\/schema.org\/CreativeWork\" ><div class='av-magazine-thumbnail'><a href='https:\/\/observator.org.al\/sq\/plani-i-veprimit-per-femije-2012-2015-2\/' title='Link to: Plani i veprimit p\u00ebr f\u00ebmij\u00eb 2012-2015' class='iconfont av-magazine-entry-icon' aria-hidden='true' data-av_icon='\ue836' data-av_iconfont='entypo-fontello'><\/a><\/div><div class='av-magazine-content-wrap'><header class='entry-content-header'><time class='av-magazine-time updated'  itemprop=\"datePublished\" datetime=\"2015-10-07T15:25:28+02:00\" >07\/10\/2015<\/time><h3 class='av-magazine-title entry-title '  itemprop=\"headline\" ><a href='https:\/\/observator.org.al\/sq\/plani-i-veprimit-per-femije-2012-2015-2\/' title='Link to: Plani i veprimit p\u00ebr f\u00ebmij\u00eb 2012-2015'>Plani i veprimit p\u00ebr f\u00ebmij\u00eb 2012-2015<\/a><\/h3><\/header><\/div><footer class='entry-footer'><\/footer><\/article><article class='av-magazine-entry av-magazine-entry-id-4191 av-magazine-format-standard av-magazine-type-post av-magazine-entry-16 av-magazine-entry-small '  itemscope=\"itemscope\" itemtype=\"https:\/\/schema.org\/CreativeWork\" ><div class='av-magazine-thumbnail'><a href='https:\/\/observator.org.al\/sq\/fillimi-i-vitit-shkollor-2015-2016\/' title='Link to: Fillimi i vitit shkollor 2015-2016' class='iconfont av-magazine-entry-icon' aria-hidden='true' data-av_icon='\ue836' data-av_iconfont='entypo-fontello'><\/a><\/div><div class='av-magazine-content-wrap'><header class='entry-content-header'><time class='av-magazine-time updated'  itemprop=\"datePublished\" datetime=\"2015-10-06T16:51:48+02:00\" >06\/10\/2015<\/time><h3 class='av-magazine-title entry-title '  itemprop=\"headline\" ><a href='https:\/\/observator.org.al\/sq\/fillimi-i-vitit-shkollor-2015-2016\/' title='Link to: Fillimi i vitit shkollor 2015-2016'>Fillimi i vitit shkollor 2015-2016<\/a><\/h3><\/header><\/div><footer class='entry-footer'><\/footer><\/article><article class='av-magazine-entry av-magazine-entry-id-6022 av-magazine-format-standard av-magazine-type-post av-magazine-entry-17 av-magazine-entry-small '  itemscope=\"itemscope\" itemtype=\"https:\/\/schema.org\/CreativeWork\" ><div class='av-magazine-thumbnail'><a href='https:\/\/observator.org.al\/sq\/varferia-e-femijeve-ne-shqiperi-karta-raportuese-nr-1\/' title='Link to: \u201cVarf\u00ebria e f\u00ebmij\u00ebve n\u00eb Shqip\u00ebri\u201d \u2013 Karta Raportuese Nr. 1' class='iconfont av-magazine-entry-icon' aria-hidden='true' data-av_icon='\ue836' data-av_iconfont='entypo-fontello'><\/a><\/div><div class='av-magazine-content-wrap'><header class='entry-content-header'><time class='av-magazine-time updated'  itemprop=\"datePublished\" datetime=\"2013-11-19T19:18:45+01:00\" >19\/11\/2013<\/time><h3 class='av-magazine-title entry-title '  itemprop=\"headline\" ><a href='https:\/\/observator.org.al\/sq\/varferia-e-femijeve-ne-shqiperi-karta-raportuese-nr-1\/' title='Link to: \u201cVarf\u00ebria e f\u00ebmij\u00ebve n\u00eb Shqip\u00ebri\u201d \u2013 Karta Raportuese Nr. 1'>\u201cVarf\u00ebria e f\u00ebmij\u00ebve n\u00eb Shqip\u00ebri\u201d \u2013 Karta Raportuese Nr. 1<\/a><\/h3><\/header><\/div><footer class='entry-footer'><\/footer><\/article><article class='av-magazine-entry av-magazine-entry-id-6044 av-magazine-format-standard av-magazine-type-post av-magazine-entry-18 av-magazine-entry-small '  itemscope=\"itemscope\" itemtype=\"https:\/\/schema.org\/CreativeWork\" ><div class='av-magazine-thumbnail'><a href='https:\/\/observator.org.al\/sq\/fletepalosje-durres\/' title='Link to: Flet\u00ebpalosje Durr\u00ebs' class='iconfont av-magazine-entry-icon' aria-hidden='true' data-av_icon='\ue836' data-av_iconfont='entypo-fontello'><\/a><\/div><div class='av-magazine-content-wrap'><header class='entry-content-header'><time class='av-magazine-time updated'  itemprop=\"datePublished\" datetime=\"2013-10-19T21:06:11+02:00\" >19\/10\/2013<\/time><h3 class='av-magazine-title entry-title '  itemprop=\"headline\" ><a href='https:\/\/observator.org.al\/sq\/fletepalosje-durres\/' title='Link to: Flet\u00ebpalosje Durr\u00ebs'>Flet\u00ebpalosje Durr\u00ebs<\/a><\/h3><\/header><\/div><footer class='entry-footer'><\/footer><\/article><article class='av-magazine-entry av-magazine-entry-id-2947 av-magazine-format-standard av-magazine-type-post av-magazine-entry-19 av-magazine-entry-small '  itemscope=\"itemscope\" itemtype=\"https:\/\/schema.org\/CreativeWork\" ><div class='av-magazine-thumbnail'><a href='https:\/\/observator.org.al\/sq\/observatori-durres-17-nentor-2011-2\/' title='Link to: Observatori Durr\u00ebs &#8211; 17 N\u00ebntor 2011' class='av-magazine-thumbnail-link '><img loading=\"lazy\" decoding=\"async\" width=\"80\" height=\"80\" src=\"https:\/\/observator.org.al\/wp-content\/uploads\/2013\/09\/Durres-80x80.png\" class=\"wp-image-3068 avia-img-lazy-loading-3068 attachment-thumbnail size-thumbnail wp-post-image\" alt=\"\" srcset=\"https:\/\/observator.org.al\/wp-content\/uploads\/2013\/09\/Durres-80x80.png 80w, https:\/\/observator.org.al\/wp-content\/uploads\/2013\/09\/Durres-36x36.png 36w, https:\/\/observator.org.al\/wp-content\/uploads\/2013\/09\/Durres-180x180.png 180w, https:\/\/observator.org.al\/wp-content\/uploads\/2013\/09\/Durres-120x120.png 120w\" sizes=\"auto, (max-width: 80px) 100vw, 80px\" \/><\/a><\/div><div class='av-magazine-content-wrap'><header class='entry-content-header'><time class='av-magazine-time updated'  itemprop=\"datePublished\" datetime=\"2013-10-10T18:30:08+02:00\" >10\/10\/2013<\/time><h3 class='av-magazine-title entry-title '  itemprop=\"headline\" ><a href='https:\/\/observator.org.al\/sq\/observatori-durres-17-nentor-2011-2\/' title='Link to: Observatori Durr\u00ebs &#8211; 17 N\u00ebntor 2011'>Observatori Durr\u00ebs &#8211; 17 N\u00ebntor 2011<\/a><\/h3><\/header><\/div><footer class='entry-footer'><\/footer><\/article><article class='av-magazine-entry av-magazine-entry-id-6027 av-magazine-format-standard av-magazine-type-post av-magazine-entry-20 av-magazine-entry-small '  itemscope=\"itemscope\" itemtype=\"https:\/\/schema.org\/CreativeWork\" ><div class='av-magazine-thumbnail'><a href='https:\/\/observator.org.al\/sq\/raport-alternativ-i-konventes-se-okb-se-per-te-drejtat-e-femijeve\/' title='Link to: \u201cRaport Alternativ i Konvent\u00ebs s\u00eb OKB-s\u00eb p\u00ebr t\u00eb Drejtat e F\u00ebmij\u00ebve\u201d' class='iconfont av-magazine-entry-icon' aria-hidden='true' data-av_icon='\ue836' data-av_iconfont='entypo-fontello'><\/a><\/div><div class='av-magazine-content-wrap'><header class='entry-content-header'><time class='av-magazine-time updated'  itemprop=\"datePublished\" datetime=\"2013-09-19T20:40:41+02:00\" >19\/09\/2013<\/time><h3 class='av-magazine-title entry-title '  itemprop=\"headline\" ><a href='https:\/\/observator.org.al\/sq\/raport-alternativ-i-konventes-se-okb-se-per-te-drejtat-e-femijeve\/' title='Link to: \u201cRaport Alternativ i Konvent\u00ebs s\u00eb OKB-s\u00eb p\u00ebr t\u00eb Drejtat e F\u00ebmij\u00ebve\u201d'>\u201cRaport Alternativ i Konvent\u00ebs s\u00eb OKB-s\u00eb p\u00ebr t\u00eb Drejtat e F\u00ebmij\u00ebve\u201d<\/a><\/h3><\/header><\/div><footer class='entry-footer'><\/footer><\/article><article class='av-magazine-entry av-magazine-entry-id-6025 av-magazine-format-standard av-magazine-type-post av-magazine-entry-21 av-magazine-entry-small '  itemscope=\"itemscope\" itemtype=\"https:\/\/schema.org\/CreativeWork\" ><div class='av-magazine-thumbnail'><a href='https:\/\/observator.org.al\/sq\/te-drejtat-e-femijeve-ne-shqiperi-2009\/' title='Link to: \u201cT\u00eb drejtat e f\u00ebmij\u00ebve n\u00eb Shqip\u00ebri, 2009\u201d' class='iconfont av-magazine-entry-icon' aria-hidden='true' data-av_icon='\ue836' data-av_iconfont='entypo-fontello'><\/a><\/div><div class='av-magazine-content-wrap'><header class='entry-content-header'><time class='av-magazine-time updated'  itemprop=\"datePublished\" datetime=\"2013-09-19T20:35:32+02:00\" >19\/09\/2013<\/time><h3 class='av-magazine-title entry-title '  itemprop=\"headline\" ><a href='https:\/\/observator.org.al\/sq\/te-drejtat-e-femijeve-ne-shqiperi-2009\/' title='Link to: \u201cT\u00eb drejtat e f\u00ebmij\u00ebve n\u00eb Shqip\u00ebri, 2009\u201d'>\u201cT\u00eb drejtat e f\u00ebmij\u00ebve n\u00eb Shqip\u00ebri, 2009\u201d<\/a><\/h3><\/header><\/div><footer class='entry-footer'><\/footer><\/article><article class='av-magazine-entry av-magazine-entry-id-2337 av-magazine-format-standard av-magazine-type-post av-magazine-entry-22 av-magazine-entry-small '  itemscope=\"itemscope\" itemtype=\"https:\/\/schema.org\/CreativeWork\" ><div class='av-magazine-thumbnail'><a href='https:\/\/observator.org.al\/sq\/observatori-durres-20-nentor-2011\/' title='Link to: Observatori Durr\u00ebs &#8211; 20 n\u00ebntor 2011' class='iconfont av-magazine-entry-icon' aria-hidden='true' data-av_icon='\ue836' data-av_iconfont='entypo-fontello'><\/a><\/div><div class='av-magazine-content-wrap'><header class='entry-content-header'><time class='av-magazine-time updated'  itemprop=\"datePublished\" datetime=\"2013-09-06T22:51:15+02:00\" >06\/09\/2013<\/time><h3 class='av-magazine-title entry-title '  itemprop=\"headline\" ><a href='https:\/\/observator.org.al\/sq\/observatori-durres-20-nentor-2011\/' title='Link to: Observatori Durr\u00ebs &#8211; 20 n\u00ebntor 2011'>Observatori Durr\u00ebs &#8211; 20 n\u00ebntor 2011<\/a><\/h3><\/header><\/div><footer class='entry-footer'><\/footer><\/article><article class='av-magazine-entry av-magazine-entry-id-2334 av-magazine-format-standard av-magazine-type-post av-magazine-entry-23 av-magazine-entry-small '  itemscope=\"itemscope\" itemtype=\"https:\/\/schema.org\/CreativeWork\" ><div class='av-magazine-thumbnail'><a href='https:\/\/observator.org.al\/sq\/observatori-durres-17-nentor-2011\/' title='Link to: Observatori Durr\u00ebs &#8211; 17 N\u00ebntor 2011' class='iconfont av-magazine-entry-icon' aria-hidden='true' data-av_icon='\ue836' data-av_iconfont='entypo-fontello'><\/a><\/div><div class='av-magazine-content-wrap'><header class='entry-content-header'><time class='av-magazine-time updated'  itemprop=\"datePublished\" datetime=\"2013-09-06T22:50:35+02:00\" >06\/09\/2013<\/time><h3 class='av-magazine-title entry-title '  itemprop=\"headline\" ><a href='https:\/\/observator.org.al\/sq\/observatori-durres-17-nentor-2011\/' title='Link to: Observatori Durr\u00ebs &#8211; 17 N\u00ebntor 2011'>Observatori Durr\u00ebs &#8211; 17 N\u00ebntor 2011<\/a><\/h3><\/header><\/div><footer class='entry-footer'><\/footer><\/article><\/div><div class='av-magazine-group av-hidden-mag sort_48'><article class='av-magazine-entry av-magazine-entry-id-6055 av-magazine-format-standard av-magazine-type-post av-magazine-entry-1 av-magazine-entry-small '  itemscope=\"itemscope\" itemtype=\"https:\/\/schema.org\/CreativeWork\" ><div class='av-magazine-thumbnail'><a href='https:\/\/observator.org.al\/sq\/shkollat-si-kundershtare-te-vijes-se-pare-te-ekstremizmit-te-dhunshem\/' title='Link to: \u201cShkollat si kund\u00ebrshtare t\u00eb vij\u00ebs s\u00eb par\u00eb t\u00eb ekstremizmit t\u00eb dhunsh\u00ebm\u201d' class='iconfont av-magazine-entry-icon' aria-hidden='true' data-av_icon='\ue836' data-av_iconfont='entypo-fontello'><\/a><\/div><div class='av-magazine-content-wrap'><header class='entry-content-header'><time class='av-magazine-time updated'  itemprop=\"datePublished\" datetime=\"2019-01-19T21:21:03+01:00\" >19\/01\/2019<\/time><h3 class='av-magazine-title entry-title '  itemprop=\"headline\" ><a href='https:\/\/observator.org.al\/sq\/shkollat-si-kundershtare-te-vijes-se-pare-te-ekstremizmit-te-dhunshem\/' title='Link to: \u201cShkollat si kund\u00ebrshtare t\u00eb vij\u00ebs s\u00eb par\u00eb t\u00eb ekstremizmit t\u00eb dhunsh\u00ebm\u201d'>\u201cShkollat si kund\u00ebrshtare t\u00eb vij\u00ebs s\u00eb par\u00eb t\u00eb ekstremizmit t\u00eb dhunsh\u00ebm\u201d<\/a><\/h3><\/header><\/div><footer class='entry-footer'><\/footer><\/article><article class='av-magazine-entry av-magazine-entry-id-6161 av-magazine-format-standard av-magazine-type-post av-magazine-entry-2 av-magazine-entry-small '  itemscope=\"itemscope\" itemtype=\"https:\/\/schema.org\/CreativeWork\" ><div class='av-magazine-thumbnail'><a href='https:\/\/observator.org.al\/sq\/fletevolanti-12-maj-2018-shkollat-si-kundershtare-te-vijes-se-pare-te-ekstremizmit-te-dhunshem\/' title='Link to: Fletevolanti 12 maj 2018: Shkollat si kund\u00ebrshtar\u00eb t\u00eb vij\u00ebs s\u00eb par\u00eb t\u00eb ekstremizmit t\u00eb dhunsh\u00ebm' class='iconfont av-magazine-entry-icon' aria-hidden='true' data-av_icon='\ue836' data-av_iconfont='entypo-fontello'><\/a><\/div><div class='av-magazine-content-wrap'><header class='entry-content-header'><time class='av-magazine-time updated'  itemprop=\"datePublished\" datetime=\"2018-05-03T23:35:47+02:00\" >03\/05\/2018<\/time><h3 class='av-magazine-title entry-title '  itemprop=\"headline\" ><a href='https:\/\/observator.org.al\/sq\/fletevolanti-12-maj-2018-shkollat-si-kundershtare-te-vijes-se-pare-te-ekstremizmit-te-dhunshem\/' title='Link to: Fletevolanti 12 maj 2018: Shkollat si kund\u00ebrshtar\u00eb t\u00eb vij\u00ebs s\u00eb par\u00eb t\u00eb ekstremizmit t\u00eb dhunsh\u00ebm'>Fletevolanti 12 maj 2018: Shkollat si kund\u00ebrshtar\u00eb t\u00eb vij\u00ebs s\u00eb par\u00eb t\u00eb ekstremizmit t\u00eb dhunsh\u00ebm<\/a><\/h3><\/header><\/div><footer class='entry-footer'><\/footer><\/article><article class='av-magazine-entry av-magazine-entry-id-6048 av-magazine-format-standard av-magazine-type-post av-magazine-entry-3 av-magazine-entry-small '  itemscope=\"itemscope\" itemtype=\"https:\/\/schema.org\/CreativeWork\" ><div class='av-magazine-thumbnail'><a href='https:\/\/observator.org.al\/sq\/analiza-e-buxhetimit-per-rinine-nga-bashkia-belsh\/' title='Link to: Analiza e buxhetimit p\u00ebr rinin\u00eb nga Bashkia Belsh' class='iconfont av-magazine-entry-icon' aria-hidden='true' data-av_icon='\ue836' data-av_iconfont='entypo-fontello'><\/a><\/div><div class='av-magazine-content-wrap'><header class='entry-content-header'><time class='av-magazine-time updated'  itemprop=\"datePublished\" datetime=\"2018-01-19T21:12:36+01:00\" >19\/01\/2018<\/time><h3 class='av-magazine-title entry-title '  itemprop=\"headline\" ><a href='https:\/\/observator.org.al\/sq\/analiza-e-buxhetimit-per-rinine-nga-bashkia-belsh\/' title='Link to: Analiza e buxhetimit p\u00ebr rinin\u00eb nga Bashkia Belsh'>Analiza e buxhetimit p\u00ebr rinin\u00eb nga Bashkia Belsh<\/a><\/h3><\/header><\/div><footer class='entry-footer'><\/footer><\/article><article class='av-magazine-entry av-magazine-entry-id-5555 av-magazine-format-standard av-magazine-type-post av-magazine-entry-4 av-magazine-entry-small '  itemscope=\"itemscope\" itemtype=\"https:\/\/schema.org\/CreativeWork\" ><div class='av-magazine-thumbnail'><a href='https:\/\/observator.org.al\/sq\/njoftimi-weber\/' title='Link to: WeBER' class='iconfont av-magazine-entry-icon' aria-hidden='true' data-av_icon='\ue836' data-av_iconfont='entypo-fontello'><\/a><\/div><div class='av-magazine-content-wrap'><header class='entry-content-header'><time class='av-magazine-time updated'  itemprop=\"datePublished\" datetime=\"2017-07-13T00:48:30+02:00\" >13\/07\/2017<\/time><h3 class='av-magazine-title entry-title '  itemprop=\"headline\" ><a href='https:\/\/observator.org.al\/sq\/njoftimi-weber\/' title='Link to: WeBER'>WeBER<\/a><\/h3><\/header><\/div><footer class='entry-footer'><\/footer><\/article><article class='av-magazine-entry av-magazine-entry-id-5532 av-magazine-format-standard av-magazine-type-post av-magazine-entry-5 av-magazine-entry-small '  itemscope=\"itemscope\" itemtype=\"https:\/\/schema.org\/CreativeWork\" ><div class='av-magazine-thumbnail'><a href='https:\/\/observator.org.al\/sq\/regjistrimi-i-nxenesve-ne-klasen-e-pare\/' title='Link to: Regjistrimi i nx\u00ebn\u00ebsve n\u00eb klas\u00ebn e par\u00eb' class='iconfont av-magazine-entry-icon' aria-hidden='true' data-av_icon='\ue836' data-av_iconfont='entypo-fontello'><\/a><\/div><div class='av-magazine-content-wrap'><header class='entry-content-header'><time class='av-magazine-time updated'  itemprop=\"datePublished\" datetime=\"2017-06-27T10:20:45+02:00\" >27\/06\/2017<\/time><h3 class='av-magazine-title entry-title '  itemprop=\"headline\" ><a href='https:\/\/observator.org.al\/sq\/regjistrimi-i-nxenesve-ne-klasen-e-pare\/' title='Link to: Regjistrimi i nx\u00ebn\u00ebsve n\u00eb klas\u00ebn e par\u00eb'>Regjistrimi i nx\u00ebn\u00ebsve n\u00eb klas\u00ebn e par\u00eb<\/a><\/h3><\/header><\/div><footer class='entry-footer'><\/footer><\/article><article class='av-magazine-entry av-magazine-entry-id-5472 av-magazine-format-standard av-magazine-type-post av-magazine-entry-6 av-magazine-entry-small '  itemscope=\"itemscope\" itemtype=\"https:\/\/schema.org\/CreativeWork\" ><div class='av-magazine-thumbnail'><a href='https:\/\/observator.org.al\/sq\/ne-pritje-te-1-qershorit-2017-unembrojfemijetinvestojmeperfemijet\/' title='Link to: N\u00eb pritje t\u00eb 1 Qershorit 2017\u2026. #UneMbrojfemijet#InvestojmePerFemijet' class='iconfont av-magazine-entry-icon' aria-hidden='true' data-av_icon='\ue836' data-av_iconfont='entypo-fontello'><\/a><\/div><div class='av-magazine-content-wrap'><header class='entry-content-header'><time class='av-magazine-time updated'  itemprop=\"datePublished\" datetime=\"2017-05-18T13:03:43+02:00\" >18\/05\/2017<\/time><h3 class='av-magazine-title entry-title '  itemprop=\"headline\" ><a href='https:\/\/observator.org.al\/sq\/ne-pritje-te-1-qershorit-2017-unembrojfemijetinvestojmeperfemijet\/' title='Link to: N\u00eb pritje t\u00eb 1 Qershorit 2017\u2026. #UneMbrojfemijet#InvestojmePerFemijet'>N\u00eb pritje t\u00eb 1 Qershorit 2017\u2026. #UneMbrojfemijet#InvestojmePerFemijet<\/a><\/h3><\/header><\/div><footer class='entry-footer'><\/footer><\/article><article class='av-magazine-entry av-magazine-entry-id-6051 av-magazine-format-standard av-magazine-type-post av-magazine-entry-7 av-magazine-entry-small '  itemscope=\"itemscope\" itemtype=\"https:\/\/schema.org\/CreativeWork\" ><div class='av-magazine-thumbnail'><a href='https:\/\/observator.org.al\/sq\/fact-sheet-mbi-situaten-e-te-drejtave-te-femijeve-elbasan\/' title='Link to: Fact Sheet mbi situat\u00ebn e t\u00eb drejtave t\u00eb f\u00ebmij\u00ebve, Elbasan' class='iconfont av-magazine-entry-icon' aria-hidden='true' data-av_icon='\ue836' data-av_iconfont='entypo-fontello'><\/a><\/div><div class='av-magazine-content-wrap'><header class='entry-content-header'><time class='av-magazine-time updated'  itemprop=\"datePublished\" datetime=\"2017-02-19T21:17:03+01:00\" >19\/02\/2017<\/time><h3 class='av-magazine-title entry-title '  itemprop=\"headline\" ><a href='https:\/\/observator.org.al\/sq\/fact-sheet-mbi-situaten-e-te-drejtave-te-femijeve-elbasan\/' title='Link to: Fact Sheet mbi situat\u00ebn e t\u00eb drejtave t\u00eb f\u00ebmij\u00ebve, Elbasan'>Fact Sheet mbi situat\u00ebn e t\u00eb drejtave t\u00eb f\u00ebmij\u00ebve, Elbasan<\/a><\/h3><\/header><\/div><footer class='entry-footer'><\/footer><\/article><article class='av-magazine-entry av-magazine-entry-id-4941 av-magazine-format-standard av-magazine-type-post av-magazine-entry-8 av-magazine-entry-small '  itemscope=\"itemscope\" itemtype=\"https:\/\/schema.org\/CreativeWork\" ><div class='av-magazine-thumbnail'><a href='https:\/\/observator.org.al\/sq\/informacion-ne-lidhje-me-permbytjet-qe-ndodhen-gjate-janarit-2016\/' title='Link to: Informacion n\u00eb lidhje me p\u00ebrmbytjet q\u00eb ndodh\u00ebn gjat\u00eb Janarit 2016' class='iconfont av-magazine-entry-icon' aria-hidden='true' data-av_icon='\ue836' data-av_iconfont='entypo-fontello'><\/a><\/div><div class='av-magazine-content-wrap'><header class='entry-content-header'><time class='av-magazine-time updated'  itemprop=\"datePublished\" datetime=\"2016-03-02T15:47:09+01:00\" >02\/03\/2016<\/time><h3 class='av-magazine-title entry-title '  itemprop=\"headline\" ><a href='https:\/\/observator.org.al\/sq\/informacion-ne-lidhje-me-permbytjet-qe-ndodhen-gjate-janarit-2016\/' title='Link to: Informacion n\u00eb lidhje me p\u00ebrmbytjet q\u00eb ndodh\u00ebn gjat\u00eb Janarit 2016'>Informacion n\u00eb lidhje me p\u00ebrmbytjet q\u00eb ndodh\u00ebn gjat\u00eb Janarit 2016<\/a><\/h3><\/header><\/div><footer class='entry-footer'><\/footer><\/article><article class='av-magazine-entry av-magazine-entry-id-4758 av-magazine-format-standard av-magazine-type-post av-magazine-entry-9 av-magazine-entry-small '  itemscope=\"itemscope\" itemtype=\"https:\/\/schema.org\/CreativeWork\" ><div class='av-magazine-thumbnail'><a href='https:\/\/observator.org.al\/sq\/workshop-cdo_femije_ne_shkolle\/' title='Link to: Workshop dhe Debate \u00c7do f\u00ebmij\u00eb n\u00eb shkoll\u00eb' class='iconfont av-magazine-entry-icon' aria-hidden='true' data-av_icon='\ue836' data-av_iconfont='entypo-fontello'><\/a><\/div><div class='av-magazine-content-wrap'><header class='entry-content-header'><time class='av-magazine-time updated'  itemprop=\"datePublished\" datetime=\"2016-01-27T17:22:27+01:00\" >27\/01\/2016<\/time><h3 class='av-magazine-title entry-title '  itemprop=\"headline\" ><a href='https:\/\/observator.org.al\/sq\/workshop-cdo_femije_ne_shkolle\/' title='Link to: Workshop dhe Debate \u00c7do f\u00ebmij\u00eb n\u00eb shkoll\u00eb'>Workshop dhe Debate \u00c7do f\u00ebmij\u00eb n\u00eb shkoll\u00eb<\/a><\/h3><\/header><\/div><footer class='entry-footer'><\/footer><\/article><article class='av-magazine-entry av-magazine-entry-id-4205 av-magazine-format-standard av-magazine-type-post av-magazine-entry-10 av-magazine-entry-small '  itemscope=\"itemscope\" itemtype=\"https:\/\/schema.org\/CreativeWork\" ><div class='av-magazine-thumbnail'><a href='https:\/\/observator.org.al\/sq\/plani-i-veprimit-per-femije-2012-2015-2\/' title='Link to: Plani i veprimit p\u00ebr f\u00ebmij\u00eb 2012-2015' class='iconfont av-magazine-entry-icon' aria-hidden='true' data-av_icon='\ue836' data-av_iconfont='entypo-fontello'><\/a><\/div><div class='av-magazine-content-wrap'><header class='entry-content-header'><time class='av-magazine-time updated'  itemprop=\"datePublished\" datetime=\"2015-10-07T15:25:28+02:00\" >07\/10\/2015<\/time><h3 class='av-magazine-title entry-title '  itemprop=\"headline\" ><a href='https:\/\/observator.org.al\/sq\/plani-i-veprimit-per-femije-2012-2015-2\/' title='Link to: Plani i veprimit p\u00ebr f\u00ebmij\u00eb 2012-2015'>Plani i veprimit p\u00ebr f\u00ebmij\u00eb 2012-2015<\/a><\/h3><\/header><\/div><footer class='entry-footer'><\/footer><\/article><article class='av-magazine-entry av-magazine-entry-id-4191 av-magazine-format-standard av-magazine-type-post av-magazine-entry-11 av-magazine-entry-small '  itemscope=\"itemscope\" itemtype=\"https:\/\/schema.org\/CreativeWork\" ><div class='av-magazine-thumbnail'><a href='https:\/\/observator.org.al\/sq\/fillimi-i-vitit-shkollor-2015-2016\/' title='Link to: Fillimi i vitit shkollor 2015-2016' class='iconfont av-magazine-entry-icon' aria-hidden='true' data-av_icon='\ue836' data-av_iconfont='entypo-fontello'><\/a><\/div><div class='av-magazine-content-wrap'><header class='entry-content-header'><time class='av-magazine-time updated'  itemprop=\"datePublished\" datetime=\"2015-10-06T16:51:48+02:00\" >06\/10\/2015<\/time><h3 class='av-magazine-title entry-title '  itemprop=\"headline\" ><a href='https:\/\/observator.org.al\/sq\/fillimi-i-vitit-shkollor-2015-2016\/' title='Link to: Fillimi i vitit shkollor 2015-2016'>Fillimi i vitit shkollor 2015-2016<\/a><\/h3><\/header><\/div><footer class='entry-footer'><\/footer><\/article><article class='av-magazine-entry av-magazine-entry-id-6022 av-magazine-format-standard av-magazine-type-post av-magazine-entry-12 av-magazine-entry-small '  itemscope=\"itemscope\" itemtype=\"https:\/\/schema.org\/CreativeWork\" ><div class='av-magazine-thumbnail'><a href='https:\/\/observator.org.al\/sq\/varferia-e-femijeve-ne-shqiperi-karta-raportuese-nr-1\/' title='Link to: \u201cVarf\u00ebria e f\u00ebmij\u00ebve n\u00eb Shqip\u00ebri\u201d \u2013 Karta Raportuese Nr. 1' class='iconfont av-magazine-entry-icon' aria-hidden='true' data-av_icon='\ue836' data-av_iconfont='entypo-fontello'><\/a><\/div><div class='av-magazine-content-wrap'><header class='entry-content-header'><time class='av-magazine-time updated'  itemprop=\"datePublished\" datetime=\"2013-11-19T19:18:45+01:00\" >19\/11\/2013<\/time><h3 class='av-magazine-title entry-title '  itemprop=\"headline\" ><a href='https:\/\/observator.org.al\/sq\/varferia-e-femijeve-ne-shqiperi-karta-raportuese-nr-1\/' title='Link to: \u201cVarf\u00ebria e f\u00ebmij\u00ebve n\u00eb Shqip\u00ebri\u201d \u2013 Karta Raportuese Nr. 1'>\u201cVarf\u00ebria e f\u00ebmij\u00ebve n\u00eb Shqip\u00ebri\u201d \u2013 Karta Raportuese Nr. 1<\/a><\/h3><\/header><\/div><footer class='entry-footer'><\/footer><\/article><article class='av-magazine-entry av-magazine-entry-id-6053 av-magazine-format-standard av-magazine-type-post av-magazine-entry-13 av-magazine-entry-small '  itemscope=\"itemscope\" itemtype=\"https:\/\/schema.org\/CreativeWork\" ><div class='av-magazine-thumbnail'><a href='https:\/\/observator.org.al\/sq\/fletepalosje-elbasan\/' title='Link to: Flet\u00ebpalosje Elbasan' class='iconfont av-magazine-entry-icon' aria-hidden='true' data-av_icon='\ue836' data-av_iconfont='entypo-fontello'><\/a><\/div><div class='av-magazine-content-wrap'><header class='entry-content-header'><time class='av-magazine-time updated'  itemprop=\"datePublished\" datetime=\"2013-10-19T21:18:24+02:00\" >19\/10\/2013<\/time><h3 class='av-magazine-title entry-title '  itemprop=\"headline\" ><a href='https:\/\/observator.org.al\/sq\/fletepalosje-elbasan\/' title='Link to: Flet\u00ebpalosje Elbasan'>Flet\u00ebpalosje Elbasan<\/a><\/h3><\/header><\/div><footer class='entry-footer'><\/footer><\/article><article class='av-magazine-entry av-magazine-entry-id-2943 av-magazine-format-standard av-magazine-type-post av-magazine-entry-14 av-magazine-entry-small '  itemscope=\"itemscope\" itemtype=\"https:\/\/schema.org\/CreativeWork\" ><div class='av-magazine-thumbnail'><a href='https:\/\/observator.org.al\/sq\/observatori-elbasan-14-nentor-2011-2\/' title='Link to: Observatori Elbasan &#8211; 14 N\u00ebntor 2011' class='av-magazine-thumbnail-link '><img loading=\"lazy\" decoding=\"async\" width=\"80\" height=\"80\" src=\"https:\/\/observator.org.al\/wp-content\/uploads\/2013\/09\/Elbasan-80x80.png\" class=\"wp-image-3071 avia-img-lazy-loading-3071 attachment-thumbnail size-thumbnail wp-post-image\" alt=\"\" srcset=\"https:\/\/observator.org.al\/wp-content\/uploads\/2013\/09\/Elbasan-80x80.png 80w, https:\/\/observator.org.al\/wp-content\/uploads\/2013\/09\/Elbasan-36x36.png 36w, https:\/\/observator.org.al\/wp-content\/uploads\/2013\/09\/Elbasan-180x180.png 180w, https:\/\/observator.org.al\/wp-content\/uploads\/2013\/09\/Elbasan-120x120.png 120w\" sizes=\"auto, (max-width: 80px) 100vw, 80px\" \/><\/a><\/div><div class='av-magazine-content-wrap'><header class='entry-content-header'><time class='av-magazine-time updated'  itemprop=\"datePublished\" datetime=\"2013-10-10T18:24:13+02:00\" >10\/10\/2013<\/time><h3 class='av-magazine-title entry-title '  itemprop=\"headline\" ><a href='https:\/\/observator.org.al\/sq\/observatori-elbasan-14-nentor-2011-2\/' title='Link to: Observatori Elbasan &#8211; 14 N\u00ebntor 2011'>Observatori Elbasan &#8211; 14 N\u00ebntor 2011<\/a><\/h3><\/header><\/div><footer class='entry-footer'><\/footer><\/article><article class='av-magazine-entry av-magazine-entry-id-6027 av-magazine-format-standard av-magazine-type-post av-magazine-entry-15 av-magazine-entry-small '  itemscope=\"itemscope\" itemtype=\"https:\/\/schema.org\/CreativeWork\" ><div class='av-magazine-thumbnail'><a href='https:\/\/observator.org.al\/sq\/raport-alternativ-i-konventes-se-okb-se-per-te-drejtat-e-femijeve\/' title='Link to: \u201cRaport Alternativ i Konvent\u00ebs s\u00eb OKB-s\u00eb p\u00ebr t\u00eb Drejtat e F\u00ebmij\u00ebve\u201d' class='iconfont av-magazine-entry-icon' aria-hidden='true' data-av_icon='\ue836' data-av_iconfont='entypo-fontello'><\/a><\/div><div class='av-magazine-content-wrap'><header class='entry-content-header'><time class='av-magazine-time updated'  itemprop=\"datePublished\" datetime=\"2013-09-19T20:40:41+02:00\" >19\/09\/2013<\/time><h3 class='av-magazine-title entry-title '  itemprop=\"headline\" ><a href='https:\/\/observator.org.al\/sq\/raport-alternativ-i-konventes-se-okb-se-per-te-drejtat-e-femijeve\/' title='Link to: \u201cRaport Alternativ i Konvent\u00ebs s\u00eb OKB-s\u00eb p\u00ebr t\u00eb Drejtat e F\u00ebmij\u00ebve\u201d'>\u201cRaport Alternativ i Konvent\u00ebs s\u00eb OKB-s\u00eb p\u00ebr t\u00eb Drejtat e F\u00ebmij\u00ebve\u201d<\/a><\/h3><\/header><\/div><footer class='entry-footer'><\/footer><\/article><article class='av-magazine-entry av-magazine-entry-id-6025 av-magazine-format-standard av-magazine-type-post av-magazine-entry-16 av-magazine-entry-small '  itemscope=\"itemscope\" itemtype=\"https:\/\/schema.org\/CreativeWork\" ><div class='av-magazine-thumbnail'><a href='https:\/\/observator.org.al\/sq\/te-drejtat-e-femijeve-ne-shqiperi-2009\/' title='Link to: \u201cT\u00eb drejtat e f\u00ebmij\u00ebve n\u00eb Shqip\u00ebri, 2009\u201d' class='iconfont av-magazine-entry-icon' aria-hidden='true' data-av_icon='\ue836' data-av_iconfont='entypo-fontello'><\/a><\/div><div class='av-magazine-content-wrap'><header class='entry-content-header'><time class='av-magazine-time updated'  itemprop=\"datePublished\" datetime=\"2013-09-19T20:35:32+02:00\" >19\/09\/2013<\/time><h3 class='av-magazine-title entry-title '  itemprop=\"headline\" ><a href='https:\/\/observator.org.al\/sq\/te-drejtat-e-femijeve-ne-shqiperi-2009\/' title='Link to: \u201cT\u00eb drejtat e f\u00ebmij\u00ebve n\u00eb Shqip\u00ebri, 2009\u201d'>\u201cT\u00eb drejtat e f\u00ebmij\u00ebve n\u00eb Shqip\u00ebri, 2009\u201d<\/a><\/h3><\/header><\/div><footer class='entry-footer'><\/footer><\/article><article class='av-magazine-entry av-magazine-entry-id-2343 av-magazine-format-standard av-magazine-type-post av-magazine-entry-17 av-magazine-entry-small '  itemscope=\"itemscope\" itemtype=\"https:\/\/schema.org\/CreativeWork\" ><div class='av-magazine-thumbnail'><a href='https:\/\/observator.org.al\/sq\/observatori-elbasan-20-nentor-2011\/' title='Link to: Observatori Elbasan &#8211; 20 n\u00ebntor 2011' class='iconfont av-magazine-entry-icon' aria-hidden='true' data-av_icon='\ue836' data-av_iconfont='entypo-fontello'><\/a><\/div><div class='av-magazine-content-wrap'><header class='entry-content-header'><time class='av-magazine-time updated'  itemprop=\"datePublished\" datetime=\"2013-09-06T22:54:45+02:00\" >06\/09\/2013<\/time><h3 class='av-magazine-title entry-title '  itemprop=\"headline\" ><a href='https:\/\/observator.org.al\/sq\/observatori-elbasan-20-nentor-2011\/' title='Link to: Observatori Elbasan &#8211; 20 n\u00ebntor 2011'>Observatori Elbasan &#8211; 20 n\u00ebntor 2011<\/a><\/h3><\/header><\/div><footer class='entry-footer'><\/footer><\/article><article class='av-magazine-entry av-magazine-entry-id-2340 av-magazine-format-standard av-magazine-type-post av-magazine-entry-18 av-magazine-entry-small '  itemscope=\"itemscope\" itemtype=\"https:\/\/schema.org\/CreativeWork\" ><div class='av-magazine-thumbnail'><a href='https:\/\/observator.org.al\/sq\/observatori-elbasan-14-nentor-2011\/' title='Link to: Observatori Elbasan &#8211; 14 N\u00ebntor 2011' class='iconfont av-magazine-entry-icon' aria-hidden='true' data-av_icon='\ue836' data-av_iconfont='entypo-fontello'><\/a><\/div><div class='av-magazine-content-wrap'><header class='entry-content-header'><time class='av-magazine-time updated'  itemprop=\"datePublished\" datetime=\"2013-09-06T22:54:12+02:00\" >06\/09\/2013<\/time><h3 class='av-magazine-title entry-title '  itemprop=\"headline\" ><a href='https:\/\/observator.org.al\/sq\/observatori-elbasan-14-nentor-2011\/' title='Link to: Observatori Elbasan &#8211; 14 N\u00ebntor 2011'>Observatori Elbasan &#8211; 14 N\u00ebntor 2011<\/a><\/h3><\/header><\/div><footer class='entry-footer'><\/footer><\/article><\/div><div class='av-magazine-group av-hidden-mag sort_49'><article class='av-magazine-entry av-magazine-entry-id-6057 av-magazine-format-standard av-magazine-type-post av-magazine-entry-1 av-magazine-entry-small '  itemscope=\"itemscope\" itemtype=\"https:\/\/schema.org\/CreativeWork\" ><div class='av-magazine-thumbnail'><a href='https:\/\/observator.org.al\/sq\/analiza-e-buxhetimit-per-rinine-nga-bashkia-fier\/' title='Link to: Analiza e buxhetimit p\u00ebr rinin\u00eb nga Bashkia Fier' class='iconfont av-magazine-entry-icon' aria-hidden='true' data-av_icon='\ue836' data-av_iconfont='entypo-fontello'><\/a><\/div><div class='av-magazine-content-wrap'><header class='entry-content-header'><time class='av-magazine-time updated'  itemprop=\"datePublished\" datetime=\"2018-11-19T21:22:58+01:00\" >19\/11\/2018<\/time><h3 class='av-magazine-title entry-title '  itemprop=\"headline\" ><a href='https:\/\/observator.org.al\/sq\/analiza-e-buxhetimit-per-rinine-nga-bashkia-fier\/' title='Link to: Analiza e buxhetimit p\u00ebr rinin\u00eb nga Bashkia Fier'>Analiza e buxhetimit p\u00ebr rinin\u00eb nga Bashkia Fier<\/a><\/h3><\/header><\/div><footer class='entry-footer'><\/footer><\/article><article class='av-magazine-entry av-magazine-entry-id-6059 av-magazine-format-standard av-magazine-type-post av-magazine-entry-2 av-magazine-entry-small '  itemscope=\"itemscope\" itemtype=\"https:\/\/schema.org\/CreativeWork\" ><div class='av-magazine-thumbnail'><a href='https:\/\/observator.org.al\/sq\/fact-sheet-nga-anketimi-me-te-rinjte-e-fierit\/' title='Link to: Fact Sheet nga anketimi me t\u00eb rinjt\u00eb e Fierit' class='iconfont av-magazine-entry-icon' aria-hidden='true' data-av_icon='\ue836' data-av_iconfont='entypo-fontello'><\/a><\/div><div class='av-magazine-content-wrap'><header class='entry-content-header'><time class='av-magazine-time updated'  itemprop=\"datePublished\" datetime=\"2018-08-19T21:25:11+02:00\" >19\/08\/2018<\/time><h3 class='av-magazine-title entry-title '  itemprop=\"headline\" ><a href='https:\/\/observator.org.al\/sq\/fact-sheet-nga-anketimi-me-te-rinjte-e-fierit\/' title='Link to: Fact Sheet nga anketimi me t\u00eb rinjt\u00eb e Fierit'>Fact Sheet nga anketimi me t\u00eb rinjt\u00eb e Fierit<\/a><\/h3><\/header><\/div><footer class='entry-footer'><\/footer><\/article><article class='av-magazine-entry av-magazine-entry-id-6102 av-magazine-format-standard av-magazine-type-post av-magazine-entry-3 av-magazine-entry-small '  itemscope=\"itemscope\" itemtype=\"https:\/\/schema.org\/CreativeWork\" ><div class='av-magazine-thumbnail'><a href='https:\/\/observator.org.al\/sq\/raport-2-aspektet-ligjore-sociale-dhe-praktiken-gjyqesore-te-martesave-nen-moshe-ne-shkoder-kukes-tropoje-lezhe-puke-fier-dhe-kavaje-per-periudhen-2011-2017-2\/' title='Link to: Raport 2 \u201cAspektet ligjore, sociale dhe praktik\u00ebn gjyq\u00ebsore t\u00eb martesave n\u00ebn mosh\u00eb n\u00eb Shkod\u00ebr, Kuk\u00ebs, Tropoj\u00eb, Lezh\u00eb, Puk\u00eb, Fier dhe Kavaj\u00eb p\u00ebr periudh\u00ebn 2011 \u2013 2017\u201d:' class='iconfont av-magazine-entry-icon' aria-hidden='true' data-av_icon='\ue836' data-av_iconfont='entypo-fontello'><\/a><\/div><div class='av-magazine-content-wrap'><header class='entry-content-header'><time class='av-magazine-time updated'  itemprop=\"datePublished\" datetime=\"2018-07-19T23:24:21+02:00\" >19\/07\/2018<\/time><h3 class='av-magazine-title entry-title '  itemprop=\"headline\" ><a href='https:\/\/observator.org.al\/sq\/raport-2-aspektet-ligjore-sociale-dhe-praktiken-gjyqesore-te-martesave-nen-moshe-ne-shkoder-kukes-tropoje-lezhe-puke-fier-dhe-kavaje-per-periudhen-2011-2017-2\/' title='Link to: Raport 2 \u201cAspektet ligjore, sociale dhe praktik\u00ebn gjyq\u00ebsore t\u00eb martesave n\u00ebn mosh\u00eb n\u00eb Shkod\u00ebr, Kuk\u00ebs, Tropoj\u00eb, Lezh\u00eb, Puk\u00eb, Fier dhe Kavaj\u00eb p\u00ebr periudh\u00ebn 2011 \u2013 2017\u201d:'>Raport 2 \u201cAspektet ligjore, sociale dhe praktik\u00ebn gjyq\u00ebsore t\u00eb martesave n\u00ebn mosh\u00eb n\u00eb Shkod\u00ebr, Kuk\u00ebs, Tropoj\u00eb, Lezh\u00eb, Puk\u00eb, Fier dhe Kavaj\u00eb p\u00ebr periudh\u00ebn 2011 \u2013 2017\u201d:<\/a><\/h3><\/header><\/div><footer class='entry-footer'><\/footer><\/article><article class='av-magazine-entry av-magazine-entry-id-6061 av-magazine-format-standard av-magazine-type-post av-magazine-entry-4 av-magazine-entry-small '  itemscope=\"itemscope\" itemtype=\"https:\/\/schema.org\/CreativeWork\" ><div class='av-magazine-thumbnail'><a href='https:\/\/observator.org.al\/sq\/fact-sheet-nga-anketimi-me-te-rinjte-e-roskovecit\/' title='Link to: Fact Sheet nga anketimi me t\u00eb rinjt\u00eb e Roskovecit' class='iconfont av-magazine-entry-icon' aria-hidden='true' data-av_icon='\ue836' data-av_iconfont='entypo-fontello'><\/a><\/div><div class='av-magazine-content-wrap'><header class='entry-content-header'><time class='av-magazine-time updated'  itemprop=\"datePublished\" datetime=\"2018-01-19T21:26:21+01:00\" >19\/01\/2018<\/time><h3 class='av-magazine-title entry-title '  itemprop=\"headline\" ><a href='https:\/\/observator.org.al\/sq\/fact-sheet-nga-anketimi-me-te-rinjte-e-roskovecit\/' title='Link to: Fact Sheet nga anketimi me t\u00eb rinjt\u00eb e Roskovecit'>Fact Sheet nga anketimi me t\u00eb rinjt\u00eb e Roskovecit<\/a><\/h3><\/header><\/div><footer class='entry-footer'><\/footer><\/article><article class='av-magazine-entry av-magazine-entry-id-6070 av-magazine-format-standard av-magazine-type-post av-magazine-entry-5 av-magazine-entry-small '  itemscope=\"itemscope\" itemtype=\"https:\/\/schema.org\/CreativeWork\" ><div class='av-magazine-thumbnail'><a href='https:\/\/observator.org.al\/sq\/dokument-i-politikave-vendore-per-femijerine-e-hershme-cdo-femije-rom-ne-ciklin-parashkollor-bashkia-roskovec\/' title='Link to: Dokument i politikave vendore p\u00ebr f\u00ebmij\u00ebrin\u00eb e hershme \u201c\u00c7do f\u00ebmij\u00eb rom n\u00eb ciklin parashkollor\u201d, Bashkia Roskovec' class='iconfont av-magazine-entry-icon' aria-hidden='true' data-av_icon='\ue836' data-av_iconfont='entypo-fontello'><\/a><\/div><div class='av-magazine-content-wrap'><header class='entry-content-header'><time class='av-magazine-time updated'  itemprop=\"datePublished\" datetime=\"2017-07-19T21:31:27+02:00\" >19\/07\/2017<\/time><h3 class='av-magazine-title entry-title '  itemprop=\"headline\" ><a href='https:\/\/observator.org.al\/sq\/dokument-i-politikave-vendore-per-femijerine-e-hershme-cdo-femije-rom-ne-ciklin-parashkollor-bashkia-roskovec\/' title='Link to: Dokument i politikave vendore p\u00ebr f\u00ebmij\u00ebrin\u00eb e hershme \u201c\u00c7do f\u00ebmij\u00eb rom n\u00eb ciklin parashkollor\u201d, Bashkia Roskovec'>Dokument i politikave vendore p\u00ebr f\u00ebmij\u00ebrin\u00eb e hershme \u201c\u00c7do f\u00ebmij\u00eb rom n\u00eb ciklin parashkollor\u201d, Bashkia Roskovec<\/a><\/h3><\/header><\/div><footer class='entry-footer'><\/footer><\/article><article class='av-magazine-entry av-magazine-entry-id-6068 av-magazine-format-standard av-magazine-type-post av-magazine-entry-6 av-magazine-entry-small '  itemscope=\"itemscope\" itemtype=\"https:\/\/schema.org\/CreativeWork\" ><div class='av-magazine-thumbnail'><a href='https:\/\/observator.org.al\/sq\/dokument-i-politikave-vendore-per-femijerine-e-hershme-cdo-femije-rom-ne-ciklin-parashkollor-bashkia-fier\/' title='Link to: Dokument i politikave vendore p\u00ebr f\u00ebmij\u00ebrin\u00eb e hershme \u201c\u00c7do f\u00ebmij\u00eb rom n\u00eb ciklin parashkollor\u201d, Bashkia Fier' class='iconfont av-magazine-entry-icon' aria-hidden='true' data-av_icon='\ue836' data-av_iconfont='entypo-fontello'><\/a><\/div><div class='av-magazine-content-wrap'><header class='entry-content-header'><time class='av-magazine-time updated'  itemprop=\"datePublished\" datetime=\"2017-07-19T21:29:40+02:00\" >19\/07\/2017<\/time><h3 class='av-magazine-title entry-title '  itemprop=\"headline\" ><a href='https:\/\/observator.org.al\/sq\/dokument-i-politikave-vendore-per-femijerine-e-hershme-cdo-femije-rom-ne-ciklin-parashkollor-bashkia-fier\/' title='Link to: Dokument i politikave vendore p\u00ebr f\u00ebmij\u00ebrin\u00eb e hershme \u201c\u00c7do f\u00ebmij\u00eb rom n\u00eb ciklin parashkollor\u201d, Bashkia Fier'>Dokument i politikave vendore p\u00ebr f\u00ebmij\u00ebrin\u00eb e hershme \u201c\u00c7do f\u00ebmij\u00eb rom n\u00eb ciklin parashkollor\u201d, Bashkia Fier<\/a><\/h3><\/header><\/div><footer class='entry-footer'><\/footer><\/article><article class='av-magazine-entry av-magazine-entry-id-5555 av-magazine-format-standard av-magazine-type-post av-magazine-entry-7 av-magazine-entry-small '  itemscope=\"itemscope\" itemtype=\"https:\/\/schema.org\/CreativeWork\" ><div class='av-magazine-thumbnail'><a href='https:\/\/observator.org.al\/sq\/njoftimi-weber\/' title='Link to: WeBER' class='iconfont av-magazine-entry-icon' aria-hidden='true' data-av_icon='\ue836' data-av_iconfont='entypo-fontello'><\/a><\/div><div class='av-magazine-content-wrap'><header class='entry-content-header'><time class='av-magazine-time updated'  itemprop=\"datePublished\" datetime=\"2017-07-13T00:48:30+02:00\" >13\/07\/2017<\/time><h3 class='av-magazine-title entry-title '  itemprop=\"headline\" ><a href='https:\/\/observator.org.al\/sq\/njoftimi-weber\/' title='Link to: WeBER'>WeBER<\/a><\/h3><\/header><\/div><footer class='entry-footer'><\/footer><\/article><article class='av-magazine-entry av-magazine-entry-id-5532 av-magazine-format-standard av-magazine-type-post av-magazine-entry-8 av-magazine-entry-small '  itemscope=\"itemscope\" itemtype=\"https:\/\/schema.org\/CreativeWork\" ><div class='av-magazine-thumbnail'><a href='https:\/\/observator.org.al\/sq\/regjistrimi-i-nxenesve-ne-klasen-e-pare\/' title='Link to: Regjistrimi i nx\u00ebn\u00ebsve n\u00eb klas\u00ebn e par\u00eb' class='iconfont av-magazine-entry-icon' aria-hidden='true' data-av_icon='\ue836' data-av_iconfont='entypo-fontello'><\/a><\/div><div class='av-magazine-content-wrap'><header class='entry-content-header'><time class='av-magazine-time updated'  itemprop=\"datePublished\" datetime=\"2017-06-27T10:20:45+02:00\" >27\/06\/2017<\/time><h3 class='av-magazine-title entry-title '  itemprop=\"headline\" ><a href='https:\/\/observator.org.al\/sq\/regjistrimi-i-nxenesve-ne-klasen-e-pare\/' title='Link to: Regjistrimi i nx\u00ebn\u00ebsve n\u00eb klas\u00ebn e par\u00eb'>Regjistrimi i nx\u00ebn\u00ebsve n\u00eb klas\u00ebn e par\u00eb<\/a><\/h3><\/header><\/div><footer class='entry-footer'><\/footer><\/article><article class='av-magazine-entry av-magazine-entry-id-5472 av-magazine-format-standard av-magazine-type-post av-magazine-entry-9 av-magazine-entry-small '  itemscope=\"itemscope\" itemtype=\"https:\/\/schema.org\/CreativeWork\" ><div class='av-magazine-thumbnail'><a href='https:\/\/observator.org.al\/sq\/ne-pritje-te-1-qershorit-2017-unembrojfemijetinvestojmeperfemijet\/' title='Link to: N\u00eb pritje t\u00eb 1 Qershorit 2017\u2026. #UneMbrojfemijet#InvestojmePerFemijet' class='iconfont av-magazine-entry-icon' aria-hidden='true' data-av_icon='\ue836' data-av_iconfont='entypo-fontello'><\/a><\/div><div class='av-magazine-content-wrap'><header class='entry-content-header'><time class='av-magazine-time updated'  itemprop=\"datePublished\" datetime=\"2017-05-18T13:03:43+02:00\" >18\/05\/2017<\/time><h3 class='av-magazine-title entry-title '  itemprop=\"headline\" ><a href='https:\/\/observator.org.al\/sq\/ne-pritje-te-1-qershorit-2017-unembrojfemijetinvestojmeperfemijet\/' title='Link to: N\u00eb pritje t\u00eb 1 Qershorit 2017\u2026. #UneMbrojfemijet#InvestojmePerFemijet'>N\u00eb pritje t\u00eb 1 Qershorit 2017\u2026. #UneMbrojfemijet#InvestojmePerFemijet<\/a><\/h3><\/header><\/div><footer class='entry-footer'><\/footer><\/article><article class='av-magazine-entry av-magazine-entry-id-6063 av-magazine-format-standard av-magazine-type-post av-magazine-entry-10 av-magazine-entry-small '  itemscope=\"itemscope\" itemtype=\"https:\/\/schema.org\/CreativeWork\" ><div class='av-magazine-thumbnail'><a href='https:\/\/observator.org.al\/sq\/fact-sheet-mbi-situaten-e-te-drejtave-te-femijeve-fier\/' title='Link to: Fact Sheet mbi situat\u00ebn e t\u00eb drejtave t\u00eb f\u00ebmij\u00ebve, Fier' class='iconfont av-magazine-entry-icon' aria-hidden='true' data-av_icon='\ue836' data-av_iconfont='entypo-fontello'><\/a><\/div><div class='av-magazine-content-wrap'><header class='entry-content-header'><time class='av-magazine-time updated'  itemprop=\"datePublished\" datetime=\"2017-02-19T21:27:30+01:00\" >19\/02\/2017<\/time><h3 class='av-magazine-title entry-title '  itemprop=\"headline\" ><a href='https:\/\/observator.org.al\/sq\/fact-sheet-mbi-situaten-e-te-drejtave-te-femijeve-fier\/' title='Link to: Fact Sheet mbi situat\u00ebn e t\u00eb drejtave t\u00eb f\u00ebmij\u00ebve, Fier'>Fact Sheet mbi situat\u00ebn e t\u00eb drejtave t\u00eb f\u00ebmij\u00ebve, Fier<\/a><\/h3><\/header><\/div><footer class='entry-footer'><\/footer><\/article><article class='av-magazine-entry av-magazine-entry-id-4941 av-magazine-format-standard av-magazine-type-post av-magazine-entry-11 av-magazine-entry-small '  itemscope=\"itemscope\" itemtype=\"https:\/\/schema.org\/CreativeWork\" ><div class='av-magazine-thumbnail'><a href='https:\/\/observator.org.al\/sq\/informacion-ne-lidhje-me-permbytjet-qe-ndodhen-gjate-janarit-2016\/' title='Link to: Informacion n\u00eb lidhje me p\u00ebrmbytjet q\u00eb ndodh\u00ebn gjat\u00eb Janarit 2016' class='iconfont av-magazine-entry-icon' aria-hidden='true' data-av_icon='\ue836' data-av_iconfont='entypo-fontello'><\/a><\/div><div class='av-magazine-content-wrap'><header class='entry-content-header'><time class='av-magazine-time updated'  itemprop=\"datePublished\" datetime=\"2016-03-02T15:47:09+01:00\" >02\/03\/2016<\/time><h3 class='av-magazine-title entry-title '  itemprop=\"headline\" ><a href='https:\/\/observator.org.al\/sq\/informacion-ne-lidhje-me-permbytjet-qe-ndodhen-gjate-janarit-2016\/' title='Link to: Informacion n\u00eb lidhje me p\u00ebrmbytjet q\u00eb ndodh\u00ebn gjat\u00eb Janarit 2016'>Informacion n\u00eb lidhje me p\u00ebrmbytjet q\u00eb ndodh\u00ebn gjat\u00eb Janarit 2016<\/a><\/h3><\/header><\/div><footer class='entry-footer'><\/footer><\/article><article class='av-magazine-entry av-magazine-entry-id-4758 av-magazine-format-standard av-magazine-type-post av-magazine-entry-12 av-magazine-entry-small '  itemscope=\"itemscope\" itemtype=\"https:\/\/schema.org\/CreativeWork\" ><div class='av-magazine-thumbnail'><a href='https:\/\/observator.org.al\/sq\/workshop-cdo_femije_ne_shkolle\/' title='Link to: Workshop dhe Debate \u00c7do f\u00ebmij\u00eb n\u00eb shkoll\u00eb' class='iconfont av-magazine-entry-icon' aria-hidden='true' data-av_icon='\ue836' data-av_iconfont='entypo-fontello'><\/a><\/div><div class='av-magazine-content-wrap'><header class='entry-content-header'><time class='av-magazine-time updated'  itemprop=\"datePublished\" datetime=\"2016-01-27T17:22:27+01:00\" >27\/01\/2016<\/time><h3 class='av-magazine-title entry-title '  itemprop=\"headline\" ><a href='https:\/\/observator.org.al\/sq\/workshop-cdo_femije_ne_shkolle\/' title='Link to: Workshop dhe Debate \u00c7do f\u00ebmij\u00eb n\u00eb shkoll\u00eb'>Workshop dhe Debate \u00c7do f\u00ebmij\u00eb n\u00eb shkoll\u00eb<\/a><\/h3><\/header><\/div><footer class='entry-footer'><\/footer><\/article><article class='av-magazine-entry av-magazine-entry-id-4253 av-magazine-format-standard av-magazine-type-post av-magazine-entry-13 av-magazine-entry-small '  itemscope=\"itemscope\" itemtype=\"https:\/\/schema.org\/CreativeWork\" ><div class='av-magazine-thumbnail'><a href='https:\/\/observator.org.al\/sq\/situata-ne-zonat-e-permbytura-ne-vlore-fier-berat-dhe-korce-dhe-nevoja-per-nderhyrje\/' title='Link to: Situata n\u00eb zonat e p\u00ebrmbytura n\u00eb Vlor\u00eb, Fier, Berat dhe Kor\u00e7\u00eb dhe nevoja p\u00ebr nd\u00ebrhyrje' class='iconfont av-magazine-entry-icon' aria-hidden='true' data-av_icon='\ue836' data-av_iconfont='entypo-fontello'><\/a><\/div><div class='av-magazine-content-wrap'><header class='entry-content-header'><time class='av-magazine-time updated'  itemprop=\"datePublished\" datetime=\"2015-10-26T16:17:47+01:00\" >26\/10\/2015<\/time><h3 class='av-magazine-title entry-title '  itemprop=\"headline\" ><a href='https:\/\/observator.org.al\/sq\/situata-ne-zonat-e-permbytura-ne-vlore-fier-berat-dhe-korce-dhe-nevoja-per-nderhyrje\/' title='Link to: Situata n\u00eb zonat e p\u00ebrmbytura n\u00eb Vlor\u00eb, Fier, Berat dhe Kor\u00e7\u00eb dhe nevoja p\u00ebr nd\u00ebrhyrje'>Situata n\u00eb zonat e p\u00ebrmbytura n\u00eb Vlor\u00eb, Fier, Berat dhe Kor\u00e7\u00eb dhe nevoja p\u00ebr nd\u00ebrhyrje<\/a><\/h3><\/header><\/div><footer class='entry-footer'><\/footer><\/article><article class='av-magazine-entry av-magazine-entry-id-4205 av-magazine-format-standard av-magazine-type-post av-magazine-entry-14 av-magazine-entry-small '  itemscope=\"itemscope\" itemtype=\"https:\/\/schema.org\/CreativeWork\" ><div class='av-magazine-thumbnail'><a href='https:\/\/observator.org.al\/sq\/plani-i-veprimit-per-femije-2012-2015-2\/' title='Link to: Plani i veprimit p\u00ebr f\u00ebmij\u00eb 2012-2015' class='iconfont av-magazine-entry-icon' aria-hidden='true' data-av_icon='\ue836' data-av_iconfont='entypo-fontello'><\/a><\/div><div class='av-magazine-content-wrap'><header class='entry-content-header'><time class='av-magazine-time updated'  itemprop=\"datePublished\" datetime=\"2015-10-07T15:25:28+02:00\" >07\/10\/2015<\/time><h3 class='av-magazine-title entry-title '  itemprop=\"headline\" ><a href='https:\/\/observator.org.al\/sq\/plani-i-veprimit-per-femije-2012-2015-2\/' title='Link to: Plani i veprimit p\u00ebr f\u00ebmij\u00eb 2012-2015'>Plani i veprimit p\u00ebr f\u00ebmij\u00eb 2012-2015<\/a><\/h3><\/header><\/div><footer class='entry-footer'><\/footer><\/article><article class='av-magazine-entry av-magazine-entry-id-4191 av-magazine-format-standard av-magazine-type-post av-magazine-entry-15 av-magazine-entry-small '  itemscope=\"itemscope\" itemtype=\"https:\/\/schema.org\/CreativeWork\" ><div class='av-magazine-thumbnail'><a href='https:\/\/observator.org.al\/sq\/fillimi-i-vitit-shkollor-2015-2016\/' title='Link to: Fillimi i vitit shkollor 2015-2016' class='iconfont av-magazine-entry-icon' aria-hidden='true' data-av_icon='\ue836' data-av_iconfont='entypo-fontello'><\/a><\/div><div class='av-magazine-content-wrap'><header class='entry-content-header'><time class='av-magazine-time updated'  itemprop=\"datePublished\" datetime=\"2015-10-06T16:51:48+02:00\" >06\/10\/2015<\/time><h3 class='av-magazine-title entry-title '  itemprop=\"headline\" ><a href='https:\/\/observator.org.al\/sq\/fillimi-i-vitit-shkollor-2015-2016\/' title='Link to: Fillimi i vitit shkollor 2015-2016'>Fillimi i vitit shkollor 2015-2016<\/a><\/h3><\/header><\/div><footer class='entry-footer'><\/footer><\/article><article class='av-magazine-entry av-magazine-entry-id-4180 av-magazine-format-standard av-magazine-type-post av-magazine-entry-16 av-magazine-entry-small '  itemscope=\"itemscope\" itemtype=\"https:\/\/schema.org\/CreativeWork\" ><div class='av-magazine-thumbnail'><a href='https:\/\/observator.org.al\/sq\/shperndarja-e-teksteve-falas-per-femijet-rom-dhe-egjiptian-ne-vitin-shkollor-2015-2016\/' title='Link to: Shp\u00ebrndarja e teksteve falas dhe debate mbi f\u00ebmij\u00ebt Rom dhe Egjiptian n\u00eb vitin shkollor 2015-2016' class='iconfont av-magazine-entry-icon' aria-hidden='true' data-av_icon='\ue836' data-av_iconfont='entypo-fontello'><\/a><\/div><div class='av-magazine-content-wrap'><header class='entry-content-header'><time class='av-magazine-time updated'  itemprop=\"datePublished\" datetime=\"2015-09-29T15:31:39+02:00\" >29\/09\/2015<\/time><h3 class='av-magazine-title entry-title '  itemprop=\"headline\" ><a href='https:\/\/observator.org.al\/sq\/shperndarja-e-teksteve-falas-per-femijet-rom-dhe-egjiptian-ne-vitin-shkollor-2015-2016\/' title='Link to: Shp\u00ebrndarja e teksteve falas dhe debate mbi f\u00ebmij\u00ebt Rom dhe Egjiptian n\u00eb vitin shkollor 2015-2016'>Shp\u00ebrndarja e teksteve falas dhe debate mbi f\u00ebmij\u00ebt Rom dhe Egjiptian n\u00eb vitin shkollor 2015-2016<\/a><\/h3><\/header><\/div><footer class='entry-footer'><\/footer><\/article><article class='av-magazine-entry av-magazine-entry-id-6022 av-magazine-format-standard av-magazine-type-post av-magazine-entry-17 av-magazine-entry-small '  itemscope=\"itemscope\" itemtype=\"https:\/\/schema.org\/CreativeWork\" ><div class='av-magazine-thumbnail'><a href='https:\/\/observator.org.al\/sq\/varferia-e-femijeve-ne-shqiperi-karta-raportuese-nr-1\/' title='Link to: \u201cVarf\u00ebria e f\u00ebmij\u00ebve n\u00eb Shqip\u00ebri\u201d \u2013 Karta Raportuese Nr. 1' class='iconfont av-magazine-entry-icon' aria-hidden='true' data-av_icon='\ue836' data-av_iconfont='entypo-fontello'><\/a><\/div><div class='av-magazine-content-wrap'><header class='entry-content-header'><time class='av-magazine-time updated'  itemprop=\"datePublished\" datetime=\"2013-11-19T19:18:45+01:00\" >19\/11\/2013<\/time><h3 class='av-magazine-title entry-title '  itemprop=\"headline\" ><a href='https:\/\/observator.org.al\/sq\/varferia-e-femijeve-ne-shqiperi-karta-raportuese-nr-1\/' title='Link to: \u201cVarf\u00ebria e f\u00ebmij\u00ebve n\u00eb Shqip\u00ebri\u201d \u2013 Karta Raportuese Nr. 1'>\u201cVarf\u00ebria e f\u00ebmij\u00ebve n\u00eb Shqip\u00ebri\u201d \u2013 Karta Raportuese Nr. 1<\/a><\/h3><\/header><\/div><footer class='entry-footer'><\/footer><\/article><article class='av-magazine-entry av-magazine-entry-id-6066 av-magazine-format-standard av-magazine-type-post av-magazine-entry-18 av-magazine-entry-small '  itemscope=\"itemscope\" itemtype=\"https:\/\/schema.org\/CreativeWork\" ><div class='av-magazine-thumbnail'><a href='https:\/\/observator.org.al\/sq\/fletepalosje-fier\/' title='Link to: Flet\u00ebpalosje Fier' class='iconfont av-magazine-entry-icon' aria-hidden='true' data-av_icon='\ue836' data-av_iconfont='entypo-fontello'><\/a><\/div><div class='av-magazine-content-wrap'><header class='entry-content-header'><time class='av-magazine-time updated'  itemprop=\"datePublished\" datetime=\"2013-10-19T21:28:31+02:00\" >19\/10\/2013<\/time><h3 class='av-magazine-title entry-title '  itemprop=\"headline\" ><a href='https:\/\/observator.org.al\/sq\/fletepalosje-fier\/' title='Link to: Flet\u00ebpalosje Fier'>Flet\u00ebpalosje Fier<\/a><\/h3><\/header><\/div><footer class='entry-footer'><\/footer><\/article><article class='av-magazine-entry av-magazine-entry-id-2934 av-magazine-format-standard av-magazine-type-post av-magazine-entry-19 av-magazine-entry-small '  itemscope=\"itemscope\" itemtype=\"https:\/\/schema.org\/CreativeWork\" ><div class='av-magazine-thumbnail'><a href='https:\/\/observator.org.al\/sq\/observatori-fier-14-nentor-2011-2\/' title='Link to: Observatori Fier &#8211; 14 N\u00ebntor 2011' class='av-magazine-thumbnail-link '><img loading=\"lazy\" decoding=\"async\" width=\"80\" height=\"80\" src=\"https:\/\/observator.org.al\/wp-content\/uploads\/2013\/09\/Fier-80x80.png\" class=\"wp-image-3074 avia-img-lazy-loading-3074 attachment-thumbnail size-thumbnail wp-post-image\" alt=\"\" srcset=\"https:\/\/observator.org.al\/wp-content\/uploads\/2013\/09\/Fier-80x80.png 80w, https:\/\/observator.org.al\/wp-content\/uploads\/2013\/09\/Fier-36x36.png 36w, https:\/\/observator.org.al\/wp-content\/uploads\/2013\/09\/Fier-180x180.png 180w, https:\/\/observator.org.al\/wp-content\/uploads\/2013\/09\/Fier-120x120.png 120w\" sizes=\"auto, (max-width: 80px) 100vw, 80px\" \/><\/a><\/div><div class='av-magazine-content-wrap'><header class='entry-content-header'><time class='av-magazine-time updated'  itemprop=\"datePublished\" datetime=\"2013-10-10T17:58:33+02:00\" >10\/10\/2013<\/time><h3 class='av-magazine-title entry-title '  itemprop=\"headline\" ><a href='https:\/\/observator.org.al\/sq\/observatori-fier-14-nentor-2011-2\/' title='Link to: Observatori Fier &#8211; 14 N\u00ebntor 2011'>Observatori Fier &#8211; 14 N\u00ebntor 2011<\/a><\/h3><\/header><\/div><footer class='entry-footer'><\/footer><\/article><article class='av-magazine-entry av-magazine-entry-id-2641 av-magazine-format-standard av-magazine-type-post av-magazine-entry-20 av-magazine-entry-small '  itemscope=\"itemscope\" itemtype=\"https:\/\/schema.org\/CreativeWork\" ><div class='av-magazine-thumbnail'><a href='https:\/\/observator.org.al\/sq\/observatori-fier-22-gusht-2013\/' title='Link to: Observatori Fier &#8211; 22 Gusht 2013' class='av-magazine-thumbnail-link '><img loading=\"lazy\" decoding=\"async\" width=\"80\" height=\"80\" src=\"https:\/\/observator.org.al\/wp-content\/uploads\/2013\/09\/Fier-80x80.png\" class=\"wp-image-3074 avia-img-lazy-loading-3074 attachment-thumbnail size-thumbnail wp-post-image\" alt=\"\" srcset=\"https:\/\/observator.org.al\/wp-content\/uploads\/2013\/09\/Fier-80x80.png 80w, https:\/\/observator.org.al\/wp-content\/uploads\/2013\/09\/Fier-36x36.png 36w, https:\/\/observator.org.al\/wp-content\/uploads\/2013\/09\/Fier-180x180.png 180w, https:\/\/observator.org.al\/wp-content\/uploads\/2013\/09\/Fier-120x120.png 120w\" sizes=\"auto, (max-width: 80px) 100vw, 80px\" \/><\/a><\/div><div class='av-magazine-content-wrap'><header class='entry-content-header'><time class='av-magazine-time updated'  itemprop=\"datePublished\" datetime=\"2013-09-23T21:21:22+02:00\" >23\/09\/2013<\/time><h3 class='av-magazine-title entry-title '  itemprop=\"headline\" ><a href='https:\/\/observator.org.al\/sq\/observatori-fier-22-gusht-2013\/' title='Link to: Observatori Fier &#8211; 22 Gusht 2013'>Observatori Fier &#8211; 22 Gusht 2013<\/a><\/h3><\/header><\/div><footer class='entry-footer'><\/footer><\/article><article class='av-magazine-entry av-magazine-entry-id-6027 av-magazine-format-standard av-magazine-type-post av-magazine-entry-21 av-magazine-entry-small '  itemscope=\"itemscope\" itemtype=\"https:\/\/schema.org\/CreativeWork\" ><div class='av-magazine-thumbnail'><a href='https:\/\/observator.org.al\/sq\/raport-alternativ-i-konventes-se-okb-se-per-te-drejtat-e-femijeve\/' title='Link to: \u201cRaport Alternativ i Konvent\u00ebs s\u00eb OKB-s\u00eb p\u00ebr t\u00eb Drejtat e F\u00ebmij\u00ebve\u201d' class='iconfont av-magazine-entry-icon' aria-hidden='true' data-av_icon='\ue836' data-av_iconfont='entypo-fontello'><\/a><\/div><div class='av-magazine-content-wrap'><header class='entry-content-header'><time class='av-magazine-time updated'  itemprop=\"datePublished\" datetime=\"2013-09-19T20:40:41+02:00\" >19\/09\/2013<\/time><h3 class='av-magazine-title entry-title '  itemprop=\"headline\" ><a href='https:\/\/observator.org.al\/sq\/raport-alternativ-i-konventes-se-okb-se-per-te-drejtat-e-femijeve\/' title='Link to: \u201cRaport Alternativ i Konvent\u00ebs s\u00eb OKB-s\u00eb p\u00ebr t\u00eb Drejtat e F\u00ebmij\u00ebve\u201d'>\u201cRaport Alternativ i Konvent\u00ebs s\u00eb OKB-s\u00eb p\u00ebr t\u00eb Drejtat e F\u00ebmij\u00ebve\u201d<\/a><\/h3><\/header><\/div><footer class='entry-footer'><\/footer><\/article><article class='av-magazine-entry av-magazine-entry-id-6025 av-magazine-format-standard av-magazine-type-post av-magazine-entry-22 av-magazine-entry-small '  itemscope=\"itemscope\" itemtype=\"https:\/\/schema.org\/CreativeWork\" ><div class='av-magazine-thumbnail'><a href='https:\/\/observator.org.al\/sq\/te-drejtat-e-femijeve-ne-shqiperi-2009\/' title='Link to: \u201cT\u00eb drejtat e f\u00ebmij\u00ebve n\u00eb Shqip\u00ebri, 2009\u201d' class='iconfont av-magazine-entry-icon' aria-hidden='true' data-av_icon='\ue836' data-av_iconfont='entypo-fontello'><\/a><\/div><div class='av-magazine-content-wrap'><header class='entry-content-header'><time class='av-magazine-time updated'  itemprop=\"datePublished\" datetime=\"2013-09-19T20:35:32+02:00\" >19\/09\/2013<\/time><h3 class='av-magazine-title entry-title '  itemprop=\"headline\" ><a href='https:\/\/observator.org.al\/sq\/te-drejtat-e-femijeve-ne-shqiperi-2009\/' title='Link to: \u201cT\u00eb drejtat e f\u00ebmij\u00ebve n\u00eb Shqip\u00ebri, 2009\u201d'>\u201cT\u00eb drejtat e f\u00ebmij\u00ebve n\u00eb Shqip\u00ebri, 2009\u201d<\/a><\/h3><\/header><\/div><footer class='entry-footer'><\/footer><\/article><article class='av-magazine-entry av-magazine-entry-id-2346 av-magazine-format-standard av-magazine-type-post av-magazine-entry-23 av-magazine-entry-small '  itemscope=\"itemscope\" itemtype=\"https:\/\/schema.org\/CreativeWork\" ><div class='av-magazine-thumbnail'><a href='https:\/\/observator.org.al\/sq\/observatori-fier-14-nentor-2011\/' title='Link to: Observatori Fier &#8211; 14 N\u00ebntor 2011' class='iconfont av-magazine-entry-icon' aria-hidden='true' data-av_icon='\ue836' data-av_iconfont='entypo-fontello'><\/a><\/div><div class='av-magazine-content-wrap'><header class='entry-content-header'><time class='av-magazine-time updated'  itemprop=\"datePublished\" datetime=\"2013-09-06T22:55:29+02:00\" >06\/09\/2013<\/time><h3 class='av-magazine-title entry-title '  itemprop=\"headline\" ><a href='https:\/\/observator.org.al\/sq\/observatori-fier-14-nentor-2011\/' title='Link to: Observatori Fier &#8211; 14 N\u00ebntor 2011'>Observatori Fier &#8211; 14 N\u00ebntor 2011<\/a><\/h3><\/header><\/div><footer class='entry-footer'><\/footer><\/article><\/div><div class='av-magazine-group av-hidden-mag sort_50'><article class='av-magazine-entry av-magazine-entry-id-6074 av-magazine-format-standard av-magazine-type-post av-magazine-entry-1 av-magazine-entry-small '  itemscope=\"itemscope\" itemtype=\"https:\/\/schema.org\/CreativeWork\" ><div class='av-magazine-thumbnail'><a href='https:\/\/observator.org.al\/sq\/fact-sheet-nga-anketimi-me-te-rinjte-e-permetit\/' title='Link to: Fact Sheet nga anketimi me t\u00eb rinjt\u00eb e P\u00ebrmetit' class='iconfont av-magazine-entry-icon' aria-hidden='true' data-av_icon='\ue836' data-av_iconfont='entypo-fontello'><\/a><\/div><div class='av-magazine-content-wrap'><header class='entry-content-header'><time class='av-magazine-time updated'  itemprop=\"datePublished\" datetime=\"2018-12-19T21:35:22+01:00\" >19\/12\/2018<\/time><h3 class='av-magazine-title entry-title '  itemprop=\"headline\" ><a href='https:\/\/observator.org.al\/sq\/fact-sheet-nga-anketimi-me-te-rinjte-e-permetit\/' title='Link to: Fact Sheet nga anketimi me t\u00eb rinjt\u00eb e P\u00ebrmetit'>Fact Sheet nga anketimi me t\u00eb rinjt\u00eb e P\u00ebrmetit<\/a><\/h3><\/header><\/div><footer class='entry-footer'><\/footer><\/article><article class='av-magazine-entry av-magazine-entry-id-5555 av-magazine-format-standard av-magazine-type-post av-magazine-entry-2 av-magazine-entry-small '  itemscope=\"itemscope\" itemtype=\"https:\/\/schema.org\/CreativeWork\" ><div class='av-magazine-thumbnail'><a href='https:\/\/observator.org.al\/sq\/njoftimi-weber\/' title='Link to: WeBER' class='iconfont av-magazine-entry-icon' aria-hidden='true' data-av_icon='\ue836' data-av_iconfont='entypo-fontello'><\/a><\/div><div class='av-magazine-content-wrap'><header class='entry-content-header'><time class='av-magazine-time updated'  itemprop=\"datePublished\" datetime=\"2017-07-13T00:48:30+02:00\" >13\/07\/2017<\/time><h3 class='av-magazine-title entry-title '  itemprop=\"headline\" ><a href='https:\/\/observator.org.al\/sq\/njoftimi-weber\/' title='Link to: WeBER'>WeBER<\/a><\/h3><\/header><\/div><footer class='entry-footer'><\/footer><\/article><article class='av-magazine-entry av-magazine-entry-id-5532 av-magazine-format-standard av-magazine-type-post av-magazine-entry-3 av-magazine-entry-small '  itemscope=\"itemscope\" itemtype=\"https:\/\/schema.org\/CreativeWork\" ><div class='av-magazine-thumbnail'><a href='https:\/\/observator.org.al\/sq\/regjistrimi-i-nxenesve-ne-klasen-e-pare\/' title='Link to: Regjistrimi i nx\u00ebn\u00ebsve n\u00eb klas\u00ebn e par\u00eb' class='iconfont av-magazine-entry-icon' aria-hidden='true' data-av_icon='\ue836' data-av_iconfont='entypo-fontello'><\/a><\/div><div class='av-magazine-content-wrap'><header class='entry-content-header'><time class='av-magazine-time updated'  itemprop=\"datePublished\" datetime=\"2017-06-27T10:20:45+02:00\" >27\/06\/2017<\/time><h3 class='av-magazine-title entry-title '  itemprop=\"headline\" ><a href='https:\/\/observator.org.al\/sq\/regjistrimi-i-nxenesve-ne-klasen-e-pare\/' title='Link to: Regjistrimi i nx\u00ebn\u00ebsve n\u00eb klas\u00ebn e par\u00eb'>Regjistrimi i nx\u00ebn\u00ebsve n\u00eb klas\u00ebn e par\u00eb<\/a><\/h3><\/header><\/div><footer class='entry-footer'><\/footer><\/article><article class='av-magazine-entry av-magazine-entry-id-5472 av-magazine-format-standard av-magazine-type-post av-magazine-entry-4 av-magazine-entry-small '  itemscope=\"itemscope\" itemtype=\"https:\/\/schema.org\/CreativeWork\" ><div class='av-magazine-thumbnail'><a href='https:\/\/observator.org.al\/sq\/ne-pritje-te-1-qershorit-2017-unembrojfemijetinvestojmeperfemijet\/' title='Link to: N\u00eb pritje t\u00eb 1 Qershorit 2017\u2026. #UneMbrojfemijet#InvestojmePerFemijet' class='iconfont av-magazine-entry-icon' aria-hidden='true' data-av_icon='\ue836' data-av_iconfont='entypo-fontello'><\/a><\/div><div class='av-magazine-content-wrap'><header class='entry-content-header'><time class='av-magazine-time updated'  itemprop=\"datePublished\" datetime=\"2017-05-18T13:03:43+02:00\" >18\/05\/2017<\/time><h3 class='av-magazine-title entry-title '  itemprop=\"headline\" ><a href='https:\/\/observator.org.al\/sq\/ne-pritje-te-1-qershorit-2017-unembrojfemijetinvestojmeperfemijet\/' title='Link to: N\u00eb pritje t\u00eb 1 Qershorit 2017\u2026. #UneMbrojfemijet#InvestojmePerFemijet'>N\u00eb pritje t\u00eb 1 Qershorit 2017\u2026. #UneMbrojfemijet#InvestojmePerFemijet<\/a><\/h3><\/header><\/div><footer class='entry-footer'><\/footer><\/article><article class='av-magazine-entry av-magazine-entry-id-6076 av-magazine-format-standard av-magazine-type-post av-magazine-entry-5 av-magazine-entry-small '  itemscope=\"itemscope\" itemtype=\"https:\/\/schema.org\/CreativeWork\" ><div class='av-magazine-thumbnail'><a href='https:\/\/observator.org.al\/sq\/fact-sheet-mbi-situaten-e-te-drejtave-te-femijeve-gjirokaster\/' title='Link to: Fact Sheet mbi situat\u00ebn e t\u00eb drejtave t\u00eb f\u00ebmij\u00ebve, Gjirokast\u00ebr' class='iconfont av-magazine-entry-icon' aria-hidden='true' data-av_icon='\ue836' data-av_iconfont='entypo-fontello'><\/a><\/div><div class='av-magazine-content-wrap'><header class='entry-content-header'><time class='av-magazine-time updated'  itemprop=\"datePublished\" datetime=\"2017-02-19T21:36:29+01:00\" >19\/02\/2017<\/time><h3 class='av-magazine-title entry-title '  itemprop=\"headline\" ><a href='https:\/\/observator.org.al\/sq\/fact-sheet-mbi-situaten-e-te-drejtave-te-femijeve-gjirokaster\/' title='Link to: Fact Sheet mbi situat\u00ebn e t\u00eb drejtave t\u00eb f\u00ebmij\u00ebve, Gjirokast\u00ebr'>Fact Sheet mbi situat\u00ebn e t\u00eb drejtave t\u00eb f\u00ebmij\u00ebve, Gjirokast\u00ebr<\/a><\/h3><\/header><\/div><footer class='entry-footer'><\/footer><\/article><article class='av-magazine-entry av-magazine-entry-id-4758 av-magazine-format-standard av-magazine-type-post av-magazine-entry-6 av-magazine-entry-small '  itemscope=\"itemscope\" itemtype=\"https:\/\/schema.org\/CreativeWork\" ><div class='av-magazine-thumbnail'><a href='https:\/\/observator.org.al\/sq\/workshop-cdo_femije_ne_shkolle\/' title='Link to: Workshop dhe Debate \u00c7do f\u00ebmij\u00eb n\u00eb shkoll\u00eb' class='iconfont av-magazine-entry-icon' aria-hidden='true' data-av_icon='\ue836' data-av_iconfont='entypo-fontello'><\/a><\/div><div class='av-magazine-content-wrap'><header class='entry-content-header'><time class='av-magazine-time updated'  itemprop=\"datePublished\" datetime=\"2016-01-27T17:22:27+01:00\" >27\/01\/2016<\/time><h3 class='av-magazine-title entry-title '  itemprop=\"headline\" ><a href='https:\/\/observator.org.al\/sq\/workshop-cdo_femije_ne_shkolle\/' title='Link to: Workshop dhe Debate \u00c7do f\u00ebmij\u00eb n\u00eb shkoll\u00eb'>Workshop dhe Debate \u00c7do f\u00ebmij\u00eb n\u00eb shkoll\u00eb<\/a><\/h3><\/header><\/div><footer class='entry-footer'><\/footer><\/article><article class='av-magazine-entry av-magazine-entry-id-4205 av-magazine-format-standard av-magazine-type-post av-magazine-entry-7 av-magazine-entry-small '  itemscope=\"itemscope\" itemtype=\"https:\/\/schema.org\/CreativeWork\" ><div class='av-magazine-thumbnail'><a href='https:\/\/observator.org.al\/sq\/plani-i-veprimit-per-femije-2012-2015-2\/' title='Link to: Plani i veprimit p\u00ebr f\u00ebmij\u00eb 2012-2015' class='iconfont av-magazine-entry-icon' aria-hidden='true' data-av_icon='\ue836' data-av_iconfont='entypo-fontello'><\/a><\/div><div class='av-magazine-content-wrap'><header class='entry-content-header'><time class='av-magazine-time updated'  itemprop=\"datePublished\" datetime=\"2015-10-07T15:25:28+02:00\" >07\/10\/2015<\/time><h3 class='av-magazine-title entry-title '  itemprop=\"headline\" ><a href='https:\/\/observator.org.al\/sq\/plani-i-veprimit-per-femije-2012-2015-2\/' title='Link to: Plani i veprimit p\u00ebr f\u00ebmij\u00eb 2012-2015'>Plani i veprimit p\u00ebr f\u00ebmij\u00eb 2012-2015<\/a><\/h3><\/header><\/div><footer class='entry-footer'><\/footer><\/article><article class='av-magazine-entry av-magazine-entry-id-4191 av-magazine-format-standard av-magazine-type-post av-magazine-entry-8 av-magazine-entry-small '  itemscope=\"itemscope\" itemtype=\"https:\/\/schema.org\/CreativeWork\" ><div class='av-magazine-thumbnail'><a href='https:\/\/observator.org.al\/sq\/fillimi-i-vitit-shkollor-2015-2016\/' title='Link to: Fillimi i vitit shkollor 2015-2016' class='iconfont av-magazine-entry-icon' aria-hidden='true' data-av_icon='\ue836' data-av_iconfont='entypo-fontello'><\/a><\/div><div class='av-magazine-content-wrap'><header class='entry-content-header'><time class='av-magazine-time updated'  itemprop=\"datePublished\" datetime=\"2015-10-06T16:51:48+02:00\" >06\/10\/2015<\/time><h3 class='av-magazine-title entry-title '  itemprop=\"headline\" ><a href='https:\/\/observator.org.al\/sq\/fillimi-i-vitit-shkollor-2015-2016\/' title='Link to: Fillimi i vitit shkollor 2015-2016'>Fillimi i vitit shkollor 2015-2016<\/a><\/h3><\/header><\/div><footer class='entry-footer'><\/footer><\/article><article class='av-magazine-entry av-magazine-entry-id-6022 av-magazine-format-standard av-magazine-type-post av-magazine-entry-9 av-magazine-entry-small '  itemscope=\"itemscope\" itemtype=\"https:\/\/schema.org\/CreativeWork\" ><div class='av-magazine-thumbnail'><a href='https:\/\/observator.org.al\/sq\/varferia-e-femijeve-ne-shqiperi-karta-raportuese-nr-1\/' title='Link to: \u201cVarf\u00ebria e f\u00ebmij\u00ebve n\u00eb Shqip\u00ebri\u201d \u2013 Karta Raportuese Nr. 1' class='iconfont av-magazine-entry-icon' aria-hidden='true' data-av_icon='\ue836' data-av_iconfont='entypo-fontello'><\/a><\/div><div class='av-magazine-content-wrap'><header class='entry-content-header'><time class='av-magazine-time updated'  itemprop=\"datePublished\" datetime=\"2013-11-19T19:18:45+01:00\" >19\/11\/2013<\/time><h3 class='av-magazine-title entry-title '  itemprop=\"headline\" ><a href='https:\/\/observator.org.al\/sq\/varferia-e-femijeve-ne-shqiperi-karta-raportuese-nr-1\/' title='Link to: \u201cVarf\u00ebria e f\u00ebmij\u00ebve n\u00eb Shqip\u00ebri\u201d \u2013 Karta Raportuese Nr. 1'>\u201cVarf\u00ebria e f\u00ebmij\u00ebve n\u00eb Shqip\u00ebri\u201d \u2013 Karta Raportuese Nr. 1<\/a><\/h3><\/header><\/div><footer class='entry-footer'><\/footer><\/article><article class='av-magazine-entry av-magazine-entry-id-6079 av-magazine-format-standard av-magazine-type-post av-magazine-entry-10 av-magazine-entry-small '  itemscope=\"itemscope\" itemtype=\"https:\/\/schema.org\/CreativeWork\" ><div class='av-magazine-thumbnail'><a href='https:\/\/observator.org.al\/sq\/fletepalosje-gjirokaster\/' title='Link to: Flet\u00ebpalosje Gjirokast\u00ebr' class='iconfont av-magazine-entry-icon' aria-hidden='true' data-av_icon='\ue836' data-av_iconfont='entypo-fontello'><\/a><\/div><div class='av-magazine-content-wrap'><header class='entry-content-header'><time class='av-magazine-time updated'  itemprop=\"datePublished\" datetime=\"2013-10-19T21:37:36+02:00\" >19\/10\/2013<\/time><h3 class='av-magazine-title entry-title '  itemprop=\"headline\" ><a href='https:\/\/observator.org.al\/sq\/fletepalosje-gjirokaster\/' title='Link to: Flet\u00ebpalosje Gjirokast\u00ebr'>Flet\u00ebpalosje Gjirokast\u00ebr<\/a><\/h3><\/header><\/div><footer class='entry-footer'><\/footer><\/article><article class='av-magazine-entry av-magazine-entry-id-6027 av-magazine-format-standard av-magazine-type-post av-magazine-entry-11 av-magazine-entry-small '  itemscope=\"itemscope\" itemtype=\"https:\/\/schema.org\/CreativeWork\" ><div class='av-magazine-thumbnail'><a href='https:\/\/observator.org.al\/sq\/raport-alternativ-i-konventes-se-okb-se-per-te-drejtat-e-femijeve\/' title='Link to: \u201cRaport Alternativ i Konvent\u00ebs s\u00eb OKB-s\u00eb p\u00ebr t\u00eb Drejtat e F\u00ebmij\u00ebve\u201d' class='iconfont av-magazine-entry-icon' aria-hidden='true' data-av_icon='\ue836' data-av_iconfont='entypo-fontello'><\/a><\/div><div class='av-magazine-content-wrap'><header class='entry-content-header'><time class='av-magazine-time updated'  itemprop=\"datePublished\" datetime=\"2013-09-19T20:40:41+02:00\" >19\/09\/2013<\/time><h3 class='av-magazine-title entry-title '  itemprop=\"headline\" ><a href='https:\/\/observator.org.al\/sq\/raport-alternativ-i-konventes-se-okb-se-per-te-drejtat-e-femijeve\/' title='Link to: \u201cRaport Alternativ i Konvent\u00ebs s\u00eb OKB-s\u00eb p\u00ebr t\u00eb Drejtat e F\u00ebmij\u00ebve\u201d'>\u201cRaport Alternativ i Konvent\u00ebs s\u00eb OKB-s\u00eb p\u00ebr t\u00eb Drejtat e F\u00ebmij\u00ebve\u201d<\/a><\/h3><\/header><\/div><footer class='entry-footer'><\/footer><\/article><article class='av-magazine-entry av-magazine-entry-id-6025 av-magazine-format-standard av-magazine-type-post av-magazine-entry-12 av-magazine-entry-small '  itemscope=\"itemscope\" itemtype=\"https:\/\/schema.org\/CreativeWork\" ><div class='av-magazine-thumbnail'><a href='https:\/\/observator.org.al\/sq\/te-drejtat-e-femijeve-ne-shqiperi-2009\/' title='Link to: \u201cT\u00eb drejtat e f\u00ebmij\u00ebve n\u00eb Shqip\u00ebri, 2009\u201d' class='iconfont av-magazine-entry-icon' aria-hidden='true' data-av_icon='\ue836' data-av_iconfont='entypo-fontello'><\/a><\/div><div class='av-magazine-content-wrap'><header class='entry-content-header'><time class='av-magazine-time updated'  itemprop=\"datePublished\" datetime=\"2013-09-19T20:35:32+02:00\" >19\/09\/2013<\/time><h3 class='av-magazine-title entry-title '  itemprop=\"headline\" ><a href='https:\/\/observator.org.al\/sq\/te-drejtat-e-femijeve-ne-shqiperi-2009\/' title='Link to: \u201cT\u00eb drejtat e f\u00ebmij\u00ebve n\u00eb Shqip\u00ebri, 2009\u201d'>\u201cT\u00eb drejtat e f\u00ebmij\u00ebve n\u00eb Shqip\u00ebri, 2009\u201d<\/a><\/h3><\/header><\/div><footer class='entry-footer'><\/footer><\/article><article class='av-magazine-entry av-magazine-entry-id-2349 av-magazine-format-standard av-magazine-type-post av-magazine-entry-13 av-magazine-entry-small '  itemscope=\"itemscope\" itemtype=\"https:\/\/schema.org\/CreativeWork\" ><div class='av-magazine-thumbnail'><a href='https:\/\/observator.org.al\/sq\/observatori-gjirokaster-20-nentor-2011\/' title='Link to: Observatori Gjirokast\u00ebr &#8211; 20 n\u00ebntor 2011' class='iconfont av-magazine-entry-icon' aria-hidden='true' data-av_icon='\ue836' data-av_iconfont='entypo-fontello'><\/a><\/div><div class='av-magazine-content-wrap'><header class='entry-content-header'><time class='av-magazine-time updated'  itemprop=\"datePublished\" datetime=\"2013-09-06T23:00:59+02:00\" >06\/09\/2013<\/time><h3 class='av-magazine-title entry-title '  itemprop=\"headline\" ><a href='https:\/\/observator.org.al\/sq\/observatori-gjirokaster-20-nentor-2011\/' title='Link to: Observatori Gjirokast\u00ebr &#8211; 20 n\u00ebntor 2011'>Observatori Gjirokast\u00ebr &#8211; 20 n\u00ebntor 2011<\/a><\/h3><\/header><\/div><footer class='entry-footer'><\/footer><\/article><\/div><div class='av-magazine-group av-hidden-mag sort_51'><article class='av-magazine-entry av-magazine-entry-id-8542 av-magazine-format-standard av-magazine-type-post av-magazine-entry-1 av-magazine-entry-small '  itemscope=\"itemscope\" itemtype=\"https:\/\/schema.org\/CreativeWork\" ><div class='av-magazine-thumbnail'><a href='https:\/\/observator.org.al\/sq\/thirrje-per-shprehje-interesi-lehtesues-aktiviteti\/' title='Link to: Thirrje p\u00ebr shprehje interesi- Lehtesues aktiviteti' class='iconfont av-magazine-entry-icon' aria-hidden='true' data-av_icon='\ue836' data-av_iconfont='entypo-fontello'><\/a><\/div><div class='av-magazine-content-wrap'><header class='entry-content-header'><time class='av-magazine-time updated'  itemprop=\"datePublished\" datetime=\"2022-10-20T16:11:34+02:00\" >20\/10\/2022<\/time><h3 class='av-magazine-title entry-title '  itemprop=\"headline\" ><a href='https:\/\/observator.org.al\/sq\/thirrje-per-shprehje-interesi-lehtesues-aktiviteti\/' title='Link to: Thirrje p\u00ebr shprehje interesi- Lehtesues aktiviteti'>Thirrje p\u00ebr shprehje interesi- Lehtesues aktiviteti<\/a><\/h3><\/header><\/div><footer class='entry-footer'><\/footer><\/article><article class='av-magazine-entry av-magazine-entry-id-8539 av-magazine-format-standard av-magazine-type-post av-magazine-entry-2 av-magazine-entry-small '  itemscope=\"itemscope\" itemtype=\"https:\/\/schema.org\/CreativeWork\" ><div class='av-magazine-thumbnail'><a href='https:\/\/observator.org.al\/sq\/thirrje-per-shprehje-interesi-trajner\/' title='Link to: Thirrje p\u00ebr shprehje interesi- Trajner' class='iconfont av-magazine-entry-icon' aria-hidden='true' data-av_icon='\ue836' data-av_iconfont='entypo-fontello'><\/a><\/div><div class='av-magazine-content-wrap'><header class='entry-content-header'><time class='av-magazine-time updated'  itemprop=\"datePublished\" datetime=\"2022-10-20T16:07:42+02:00\" >20\/10\/2022<\/time><h3 class='av-magazine-title entry-title '  itemprop=\"headline\" ><a href='https:\/\/observator.org.al\/sq\/thirrje-per-shprehje-interesi-trajner\/' title='Link to: Thirrje p\u00ebr shprehje interesi- Trajner'>Thirrje p\u00ebr shprehje interesi- Trajner<\/a><\/h3><\/header><\/div><footer class='entry-footer'><\/footer><\/article><article class='av-magazine-entry av-magazine-entry-id-6055 av-magazine-format-standard av-magazine-type-post av-magazine-entry-3 av-magazine-entry-small '  itemscope=\"itemscope\" itemtype=\"https:\/\/schema.org\/CreativeWork\" ><div class='av-magazine-thumbnail'><a href='https:\/\/observator.org.al\/sq\/shkollat-si-kundershtare-te-vijes-se-pare-te-ekstremizmit-te-dhunshem\/' title='Link to: \u201cShkollat si kund\u00ebrshtare t\u00eb vij\u00ebs s\u00eb par\u00eb t\u00eb ekstremizmit t\u00eb dhunsh\u00ebm\u201d' class='iconfont av-magazine-entry-icon' aria-hidden='true' data-av_icon='\ue836' data-av_iconfont='entypo-fontello'><\/a><\/div><div class='av-magazine-content-wrap'><header class='entry-content-header'><time class='av-magazine-time updated'  itemprop=\"datePublished\" datetime=\"2019-01-19T21:21:03+01:00\" >19\/01\/2019<\/time><h3 class='av-magazine-title entry-title '  itemprop=\"headline\" ><a href='https:\/\/observator.org.al\/sq\/shkollat-si-kundershtare-te-vijes-se-pare-te-ekstremizmit-te-dhunshem\/' title='Link to: \u201cShkollat si kund\u00ebrshtare t\u00eb vij\u00ebs s\u00eb par\u00eb t\u00eb ekstremizmit t\u00eb dhunsh\u00ebm\u201d'>\u201cShkollat si kund\u00ebrshtare t\u00eb vij\u00ebs s\u00eb par\u00eb t\u00eb ekstremizmit t\u00eb dhunsh\u00ebm\u201d<\/a><\/h3><\/header><\/div><footer class='entry-footer'><\/footer><\/article><article class='av-magazine-entry av-magazine-entry-id-6081 av-magazine-format-standard av-magazine-type-post av-magazine-entry-4 av-magazine-entry-small '  itemscope=\"itemscope\" itemtype=\"https:\/\/schema.org\/CreativeWork\" ><div class='av-magazine-thumbnail'><a href='https:\/\/observator.org.al\/sq\/fact-sheet-nga-anketimi-me-te-rinjte-e-korces\/' title='Link to: Fact Sheet nga anketimi me t\u00eb rinjt\u00eb e Kor\u00e7\u00ebs' class='iconfont av-magazine-entry-icon' aria-hidden='true' data-av_icon='\ue836' data-av_iconfont='entypo-fontello'><\/a><\/div><div class='av-magazine-content-wrap'><header class='entry-content-header'><time class='av-magazine-time updated'  itemprop=\"datePublished\" datetime=\"2018-10-19T22:51:09+02:00\" >19\/10\/2018<\/time><h3 class='av-magazine-title entry-title '  itemprop=\"headline\" ><a href='https:\/\/observator.org.al\/sq\/fact-sheet-nga-anketimi-me-te-rinjte-e-korces\/' title='Link to: Fact Sheet nga anketimi me t\u00eb rinjt\u00eb e Kor\u00e7\u00ebs'>Fact Sheet nga anketimi me t\u00eb rinjt\u00eb e Kor\u00e7\u00ebs<\/a><\/h3><\/header><\/div><footer class='entry-footer'><\/footer><\/article><article class='av-magazine-entry av-magazine-entry-id-6046 av-magazine-format-standard av-magazine-type-post av-magazine-entry-5 av-magazine-entry-small '  itemscope=\"itemscope\" itemtype=\"https:\/\/schema.org\/CreativeWork\" ><div class='av-magazine-thumbnail'><a href='https:\/\/observator.org.al\/sq\/martesa-e-femijeve-njohurite-qendrimet-dhe-perceptimet-nder-komunitetet-e-prekura-ne-shqiperi\/' title='Link to: \u201cMartesa e f\u00ebmij\u00ebve: Njohurit\u00eb, qendrimet dhe perceptimet nd\u00ebr komunitetet e prekura n\u00eb Shqip\u00ebri\u201d' class='iconfont av-magazine-entry-icon' aria-hidden='true' data-av_icon='\ue836' data-av_iconfont='entypo-fontello'><\/a><\/div><div class='av-magazine-content-wrap'><header class='entry-content-header'><time class='av-magazine-time updated'  itemprop=\"datePublished\" datetime=\"2018-10-19T21:08:01+02:00\" >19\/10\/2018<\/time><h3 class='av-magazine-title entry-title '  itemprop=\"headline\" ><a href='https:\/\/observator.org.al\/sq\/martesa-e-femijeve-njohurite-qendrimet-dhe-perceptimet-nder-komunitetet-e-prekura-ne-shqiperi\/' title='Link to: \u201cMartesa e f\u00ebmij\u00ebve: Njohurit\u00eb, qendrimet dhe perceptimet nd\u00ebr komunitetet e prekura n\u00eb Shqip\u00ebri\u201d'>\u201cMartesa e f\u00ebmij\u00ebve: Njohurit\u00eb, qendrimet dhe perceptimet nd\u00ebr komunitetet e prekura n\u00eb Shqip\u00ebri\u201d<\/a><\/h3><\/header><\/div><footer class='entry-footer'><\/footer><\/article><article class='av-magazine-entry av-magazine-entry-id-6161 av-magazine-format-standard av-magazine-type-post av-magazine-entry-6 av-magazine-entry-small '  itemscope=\"itemscope\" itemtype=\"https:\/\/schema.org\/CreativeWork\" ><div class='av-magazine-thumbnail'><a href='https:\/\/observator.org.al\/sq\/fletevolanti-12-maj-2018-shkollat-si-kundershtare-te-vijes-se-pare-te-ekstremizmit-te-dhunshem\/' title='Link to: Fletevolanti 12 maj 2018: Shkollat si kund\u00ebrshtar\u00eb t\u00eb vij\u00ebs s\u00eb par\u00eb t\u00eb ekstremizmit t\u00eb dhunsh\u00ebm' class='iconfont av-magazine-entry-icon' aria-hidden='true' data-av_icon='\ue836' data-av_iconfont='entypo-fontello'><\/a><\/div><div class='av-magazine-content-wrap'><header class='entry-content-header'><time class='av-magazine-time updated'  itemprop=\"datePublished\" datetime=\"2018-05-03T23:35:47+02:00\" >03\/05\/2018<\/time><h3 class='av-magazine-title entry-title '  itemprop=\"headline\" ><a href='https:\/\/observator.org.al\/sq\/fletevolanti-12-maj-2018-shkollat-si-kundershtare-te-vijes-se-pare-te-ekstremizmit-te-dhunshem\/' title='Link to: Fletevolanti 12 maj 2018: Shkollat si kund\u00ebrshtar\u00eb t\u00eb vij\u00ebs s\u00eb par\u00eb t\u00eb ekstremizmit t\u00eb dhunsh\u00ebm'>Fletevolanti 12 maj 2018: Shkollat si kund\u00ebrshtar\u00eb t\u00eb vij\u00ebs s\u00eb par\u00eb t\u00eb ekstremizmit t\u00eb dhunsh\u00ebm<\/a><\/h3><\/header><\/div><footer class='entry-footer'><\/footer><\/article><article class='av-magazine-entry av-magazine-entry-id-5555 av-magazine-format-standard av-magazine-type-post av-magazine-entry-7 av-magazine-entry-small '  itemscope=\"itemscope\" itemtype=\"https:\/\/schema.org\/CreativeWork\" ><div class='av-magazine-thumbnail'><a href='https:\/\/observator.org.al\/sq\/njoftimi-weber\/' title='Link to: WeBER' class='iconfont av-magazine-entry-icon' aria-hidden='true' data-av_icon='\ue836' data-av_iconfont='entypo-fontello'><\/a><\/div><div class='av-magazine-content-wrap'><header class='entry-content-header'><time class='av-magazine-time updated'  itemprop=\"datePublished\" datetime=\"2017-07-13T00:48:30+02:00\" >13\/07\/2017<\/time><h3 class='av-magazine-title entry-title '  itemprop=\"headline\" ><a href='https:\/\/observator.org.al\/sq\/njoftimi-weber\/' title='Link to: WeBER'>WeBER<\/a><\/h3><\/header><\/div><footer class='entry-footer'><\/footer><\/article><article class='av-magazine-entry av-magazine-entry-id-5532 av-magazine-format-standard av-magazine-type-post av-magazine-entry-8 av-magazine-entry-small '  itemscope=\"itemscope\" itemtype=\"https:\/\/schema.org\/CreativeWork\" ><div class='av-magazine-thumbnail'><a href='https:\/\/observator.org.al\/sq\/regjistrimi-i-nxenesve-ne-klasen-e-pare\/' title='Link to: Regjistrimi i nx\u00ebn\u00ebsve n\u00eb klas\u00ebn e par\u00eb' class='iconfont av-magazine-entry-icon' aria-hidden='true' data-av_icon='\ue836' data-av_iconfont='entypo-fontello'><\/a><\/div><div class='av-magazine-content-wrap'><header class='entry-content-header'><time class='av-magazine-time updated'  itemprop=\"datePublished\" datetime=\"2017-06-27T10:20:45+02:00\" >27\/06\/2017<\/time><h3 class='av-magazine-title entry-title '  itemprop=\"headline\" ><a href='https:\/\/observator.org.al\/sq\/regjistrimi-i-nxenesve-ne-klasen-e-pare\/' title='Link to: Regjistrimi i nx\u00ebn\u00ebsve n\u00eb klas\u00ebn e par\u00eb'>Regjistrimi i nx\u00ebn\u00ebsve n\u00eb klas\u00ebn e par\u00eb<\/a><\/h3><\/header><\/div><footer class='entry-footer'><\/footer><\/article><article class='av-magazine-entry av-magazine-entry-id-5472 av-magazine-format-standard av-magazine-type-post av-magazine-entry-9 av-magazine-entry-small '  itemscope=\"itemscope\" itemtype=\"https:\/\/schema.org\/CreativeWork\" ><div class='av-magazine-thumbnail'><a href='https:\/\/observator.org.al\/sq\/ne-pritje-te-1-qershorit-2017-unembrojfemijetinvestojmeperfemijet\/' title='Link to: N\u00eb pritje t\u00eb 1 Qershorit 2017\u2026. #UneMbrojfemijet#InvestojmePerFemijet' class='iconfont av-magazine-entry-icon' aria-hidden='true' data-av_icon='\ue836' data-av_iconfont='entypo-fontello'><\/a><\/div><div class='av-magazine-content-wrap'><header class='entry-content-header'><time class='av-magazine-time updated'  itemprop=\"datePublished\" datetime=\"2017-05-18T13:03:43+02:00\" >18\/05\/2017<\/time><h3 class='av-magazine-title entry-title '  itemprop=\"headline\" ><a href='https:\/\/observator.org.al\/sq\/ne-pritje-te-1-qershorit-2017-unembrojfemijetinvestojmeperfemijet\/' title='Link to: N\u00eb pritje t\u00eb 1 Qershorit 2017\u2026. #UneMbrojfemijet#InvestojmePerFemijet'>N\u00eb pritje t\u00eb 1 Qershorit 2017\u2026. #UneMbrojfemijet#InvestojmePerFemijet<\/a><\/h3><\/header><\/div><footer class='entry-footer'><\/footer><\/article><article class='av-magazine-entry av-magazine-entry-id-6089 av-magazine-format-standard av-magazine-type-post av-magazine-entry-10 av-magazine-entry-small '  itemscope=\"itemscope\" itemtype=\"https:\/\/schema.org\/CreativeWork\" ><div class='av-magazine-thumbnail'><a href='https:\/\/observator.org.al\/sq\/te-drejtat-e-femijeve-martesa-nen-moshe-dhe-roli-i-gjykates\/' title='Link to: \u201cT\u00eb drejtat e f\u00ebmij\u00ebve, martesa n\u00ebn mosh\u00eb dhe roli i gjykat\u00ebs\u201d' class='iconfont av-magazine-entry-icon' aria-hidden='true' data-av_icon='\ue836' data-av_iconfont='entypo-fontello'><\/a><\/div><div class='av-magazine-content-wrap'><header class='entry-content-header'><time class='av-magazine-time updated'  itemprop=\"datePublished\" datetime=\"2017-03-19T22:59:45+01:00\" >19\/03\/2017<\/time><h3 class='av-magazine-title entry-title '  itemprop=\"headline\" ><a href='https:\/\/observator.org.al\/sq\/te-drejtat-e-femijeve-martesa-nen-moshe-dhe-roli-i-gjykates\/' title='Link to: \u201cT\u00eb drejtat e f\u00ebmij\u00ebve, martesa n\u00ebn mosh\u00eb dhe roli i gjykat\u00ebs\u201d'>\u201cT\u00eb drejtat e f\u00ebmij\u00ebve, martesa n\u00ebn mosh\u00eb dhe roli i gjykat\u00ebs\u201d<\/a><\/h3><\/header><\/div><footer class='entry-footer'><\/footer><\/article><article class='av-magazine-entry av-magazine-entry-id-5406 av-magazine-format-standard av-magazine-type-post av-magazine-entry-11 av-magazine-entry-small '  itemscope=\"itemscope\" itemtype=\"https:\/\/schema.org\/CreativeWork\" ><div class='av-magazine-thumbnail'><a href='https:\/\/observator.org.al\/sq\/event-prezantues-i-raportit-mbi-martesat-nen-moshe\/' title='Link to: Event prezantues i raportit mbi martesat n\u00ebn mosh\u00eb' class='iconfont av-magazine-entry-icon' aria-hidden='true' data-av_icon='\ue836' data-av_iconfont='entypo-fontello'><\/a><\/div><div class='av-magazine-content-wrap'><header class='entry-content-header'><time class='av-magazine-time updated'  itemprop=\"datePublished\" datetime=\"2017-03-10T15:57:46+01:00\" >10\/03\/2017<\/time><h3 class='av-magazine-title entry-title '  itemprop=\"headline\" ><a href='https:\/\/observator.org.al\/sq\/event-prezantues-i-raportit-mbi-martesat-nen-moshe\/' title='Link to: Event prezantues i raportit mbi martesat n\u00ebn mosh\u00eb'>Event prezantues i raportit mbi martesat n\u00ebn mosh\u00eb<\/a><\/h3><\/header><\/div><footer class='entry-footer'><\/footer><\/article><article class='av-magazine-entry av-magazine-entry-id-6083 av-magazine-format-standard av-magazine-type-post av-magazine-entry-12 av-magazine-entry-small '  itemscope=\"itemscope\" itemtype=\"https:\/\/schema.org\/CreativeWork\" ><div class='av-magazine-thumbnail'><a href='https:\/\/observator.org.al\/sq\/fact-sheet-mbi-situaten-e-te-drejtave-te-femijeve-korce\/' title='Link to: Fact Sheet mbi situat\u00ebn e t\u00eb drejtave t\u00eb f\u00ebmij\u00ebve, Kor\u00e7\u00eb' class='iconfont av-magazine-entry-icon' aria-hidden='true' data-av_icon='\ue836' data-av_iconfont='entypo-fontello'><\/a><\/div><div class='av-magazine-content-wrap'><header class='entry-content-header'><time class='av-magazine-time updated'  itemprop=\"datePublished\" datetime=\"2017-02-19T22:53:03+01:00\" >19\/02\/2017<\/time><h3 class='av-magazine-title entry-title '  itemprop=\"headline\" ><a href='https:\/\/observator.org.al\/sq\/fact-sheet-mbi-situaten-e-te-drejtave-te-femijeve-korce\/' title='Link to: Fact Sheet mbi situat\u00ebn e t\u00eb drejtave t\u00eb f\u00ebmij\u00ebve, Kor\u00e7\u00eb'>Fact Sheet mbi situat\u00ebn e t\u00eb drejtave t\u00eb f\u00ebmij\u00ebve, Kor\u00e7\u00eb<\/a><\/h3><\/header><\/div><footer class='entry-footer'><\/footer><\/article><article class='av-magazine-entry av-magazine-entry-id-4910 av-magazine-format-standard av-magazine-type-post av-magazine-entry-13 av-magazine-entry-small '  itemscope=\"itemscope\" itemtype=\"https:\/\/schema.org\/CreativeWork\" ><div class='av-magazine-thumbnail'><a href='https:\/\/observator.org.al\/sq\/konference-mbi-realitetin-shqiptar-te-martesave-nen-moshe-dhe-domosdoshmeria-per-nderhyrje\/' title='Link to: Diskutime dhe debate mbi realitetin shqiptar t\u00eb martesave n\u00ebn mosh\u00eb dhe domosdoshm\u00ebria p\u00ebr nd\u00ebrhyrje&#8230;&#8221;' class='iconfont av-magazine-entry-icon' aria-hidden='true' data-av_icon='\ue836' data-av_iconfont='entypo-fontello'><\/a><\/div><div class='av-magazine-content-wrap'><header class='entry-content-header'><time class='av-magazine-time updated'  itemprop=\"datePublished\" datetime=\"2016-02-24T10:02:39+01:00\" >24\/02\/2016<\/time><h3 class='av-magazine-title entry-title '  itemprop=\"headline\" ><a href='https:\/\/observator.org.al\/sq\/konference-mbi-realitetin-shqiptar-te-martesave-nen-moshe-dhe-domosdoshmeria-per-nderhyrje\/' title='Link to: Diskutime dhe debate mbi realitetin shqiptar t\u00eb martesave n\u00ebn mosh\u00eb dhe domosdoshm\u00ebria p\u00ebr nd\u00ebrhyrje&#8230;&#8221;'>Diskutime dhe debate mbi realitetin shqiptar t\u00eb martesave n\u00ebn mosh\u00eb dhe domosdoshm\u00ebria p\u00ebr nd\u00ebrhyrje&#8230;&#8221;<\/a><\/h3><\/header><\/div><footer class='entry-footer'><\/footer><\/article><article class='av-magazine-entry av-magazine-entry-id-6091 av-magazine-format-standard av-magazine-type-post av-magazine-entry-14 av-magazine-entry-small '  itemscope=\"itemscope\" itemtype=\"https:\/\/schema.org\/CreativeWork\" ><div class='av-magazine-thumbnail'><a href='https:\/\/observator.org.al\/sq\/zgjendrra-e-lumturise-se-marteses-se-hershme-raste-studimore-per-martesen-e-hershme-ne-korce-dhe-vlore\/' title='Link to: \u201cZgjendrra e Lumturis\u00eb s\u00eb Martes\u00ebs s\u00eb Hershme: Raste Studimore p\u00ebr Martes\u00ebn e Hershme n\u00eb Kor\u00e7\u00eb dhe Vlor\u00eb\u201d' class='iconfont av-magazine-entry-icon' aria-hidden='true' data-av_icon='\ue836' data-av_iconfont='entypo-fontello'><\/a><\/div><div class='av-magazine-content-wrap'><header class='entry-content-header'><time class='av-magazine-time updated'  itemprop=\"datePublished\" datetime=\"2016-02-19T23:02:07+01:00\" >19\/02\/2016<\/time><h3 class='av-magazine-title entry-title '  itemprop=\"headline\" ><a href='https:\/\/observator.org.al\/sq\/zgjendrra-e-lumturise-se-marteses-se-hershme-raste-studimore-per-martesen-e-hershme-ne-korce-dhe-vlore\/' title='Link to: \u201cZgjendrra e Lumturis\u00eb s\u00eb Martes\u00ebs s\u00eb Hershme: Raste Studimore p\u00ebr Martes\u00ebn e Hershme n\u00eb Kor\u00e7\u00eb dhe Vlor\u00eb\u201d'>\u201cZgjendrra e Lumturis\u00eb s\u00eb Martes\u00ebs s\u00eb Hershme: Raste Studimore p\u00ebr Martes\u00ebn e Hershme n\u00eb Kor\u00e7\u00eb dhe Vlor\u00eb\u201d<\/a><\/h3><\/header><\/div><footer class='entry-footer'><\/footer><\/article><article class='av-magazine-entry av-magazine-entry-id-4758 av-magazine-format-standard av-magazine-type-post av-magazine-entry-15 av-magazine-entry-small '  itemscope=\"itemscope\" itemtype=\"https:\/\/schema.org\/CreativeWork\" ><div class='av-magazine-thumbnail'><a href='https:\/\/observator.org.al\/sq\/workshop-cdo_femije_ne_shkolle\/' title='Link to: Workshop dhe Debate \u00c7do f\u00ebmij\u00eb n\u00eb shkoll\u00eb' class='iconfont av-magazine-entry-icon' aria-hidden='true' data-av_icon='\ue836' data-av_iconfont='entypo-fontello'><\/a><\/div><div class='av-magazine-content-wrap'><header class='entry-content-header'><time class='av-magazine-time updated'  itemprop=\"datePublished\" datetime=\"2016-01-27T17:22:27+01:00\" >27\/01\/2016<\/time><h3 class='av-magazine-title entry-title '  itemprop=\"headline\" ><a href='https:\/\/observator.org.al\/sq\/workshop-cdo_femije_ne_shkolle\/' title='Link to: Workshop dhe Debate \u00c7do f\u00ebmij\u00eb n\u00eb shkoll\u00eb'>Workshop dhe Debate \u00c7do f\u00ebmij\u00eb n\u00eb shkoll\u00eb<\/a><\/h3><\/header><\/div><footer class='entry-footer'><\/footer><\/article><article class='av-magazine-entry av-magazine-entry-id-4253 av-magazine-format-standard av-magazine-type-post av-magazine-entry-16 av-magazine-entry-small '  itemscope=\"itemscope\" itemtype=\"https:\/\/schema.org\/CreativeWork\" ><div class='av-magazine-thumbnail'><a href='https:\/\/observator.org.al\/sq\/situata-ne-zonat-e-permbytura-ne-vlore-fier-berat-dhe-korce-dhe-nevoja-per-nderhyrje\/' title='Link to: Situata n\u00eb zonat e p\u00ebrmbytura n\u00eb Vlor\u00eb, Fier, Berat dhe Kor\u00e7\u00eb dhe nevoja p\u00ebr nd\u00ebrhyrje' class='iconfont av-magazine-entry-icon' aria-hidden='true' data-av_icon='\ue836' data-av_iconfont='entypo-fontello'><\/a><\/div><div class='av-magazine-content-wrap'><header class='entry-content-header'><time class='av-magazine-time updated'  itemprop=\"datePublished\" datetime=\"2015-10-26T16:17:47+01:00\" >26\/10\/2015<\/time><h3 class='av-magazine-title entry-title '  itemprop=\"headline\" ><a href='https:\/\/observator.org.al\/sq\/situata-ne-zonat-e-permbytura-ne-vlore-fier-berat-dhe-korce-dhe-nevoja-per-nderhyrje\/' title='Link to: Situata n\u00eb zonat e p\u00ebrmbytura n\u00eb Vlor\u00eb, Fier, Berat dhe Kor\u00e7\u00eb dhe nevoja p\u00ebr nd\u00ebrhyrje'>Situata n\u00eb zonat e p\u00ebrmbytura n\u00eb Vlor\u00eb, Fier, Berat dhe Kor\u00e7\u00eb dhe nevoja p\u00ebr nd\u00ebrhyrje<\/a><\/h3><\/header><\/div><footer class='entry-footer'><\/footer><\/article><article class='av-magazine-entry av-magazine-entry-id-4205 av-magazine-format-standard av-magazine-type-post av-magazine-entry-17 av-magazine-entry-small '  itemscope=\"itemscope\" itemtype=\"https:\/\/schema.org\/CreativeWork\" ><div class='av-magazine-thumbnail'><a href='https:\/\/observator.org.al\/sq\/plani-i-veprimit-per-femije-2012-2015-2\/' title='Link to: Plani i veprimit p\u00ebr f\u00ebmij\u00eb 2012-2015' class='iconfont av-magazine-entry-icon' aria-hidden='true' data-av_icon='\ue836' data-av_iconfont='entypo-fontello'><\/a><\/div><div class='av-magazine-content-wrap'><header class='entry-content-header'><time class='av-magazine-time updated'  itemprop=\"datePublished\" datetime=\"2015-10-07T15:25:28+02:00\" >07\/10\/2015<\/time><h3 class='av-magazine-title entry-title '  itemprop=\"headline\" ><a href='https:\/\/observator.org.al\/sq\/plani-i-veprimit-per-femije-2012-2015-2\/' title='Link to: Plani i veprimit p\u00ebr f\u00ebmij\u00eb 2012-2015'>Plani i veprimit p\u00ebr f\u00ebmij\u00eb 2012-2015<\/a><\/h3><\/header><\/div><footer class='entry-footer'><\/footer><\/article><article class='av-magazine-entry av-magazine-entry-id-4191 av-magazine-format-standard av-magazine-type-post av-magazine-entry-18 av-magazine-entry-small '  itemscope=\"itemscope\" itemtype=\"https:\/\/schema.org\/CreativeWork\" ><div class='av-magazine-thumbnail'><a href='https:\/\/observator.org.al\/sq\/fillimi-i-vitit-shkollor-2015-2016\/' title='Link to: Fillimi i vitit shkollor 2015-2016' class='iconfont av-magazine-entry-icon' aria-hidden='true' data-av_icon='\ue836' data-av_iconfont='entypo-fontello'><\/a><\/div><div class='av-magazine-content-wrap'><header class='entry-content-header'><time class='av-magazine-time updated'  itemprop=\"datePublished\" datetime=\"2015-10-06T16:51:48+02:00\" >06\/10\/2015<\/time><h3 class='av-magazine-title entry-title '  itemprop=\"headline\" ><a href='https:\/\/observator.org.al\/sq\/fillimi-i-vitit-shkollor-2015-2016\/' title='Link to: Fillimi i vitit shkollor 2015-2016'>Fillimi i vitit shkollor 2015-2016<\/a><\/h3><\/header><\/div><footer class='entry-footer'><\/footer><\/article><article class='av-magazine-entry av-magazine-entry-id-6022 av-magazine-format-standard av-magazine-type-post av-magazine-entry-19 av-magazine-entry-small '  itemscope=\"itemscope\" itemtype=\"https:\/\/schema.org\/CreativeWork\" ><div class='av-magazine-thumbnail'><a href='https:\/\/observator.org.al\/sq\/varferia-e-femijeve-ne-shqiperi-karta-raportuese-nr-1\/' title='Link to: \u201cVarf\u00ebria e f\u00ebmij\u00ebve n\u00eb Shqip\u00ebri\u201d \u2013 Karta Raportuese Nr. 1' class='iconfont av-magazine-entry-icon' aria-hidden='true' data-av_icon='\ue836' data-av_iconfont='entypo-fontello'><\/a><\/div><div class='av-magazine-content-wrap'><header class='entry-content-header'><time class='av-magazine-time updated'  itemprop=\"datePublished\" datetime=\"2013-11-19T19:18:45+01:00\" >19\/11\/2013<\/time><h3 class='av-magazine-title entry-title '  itemprop=\"headline\" ><a href='https:\/\/observator.org.al\/sq\/varferia-e-femijeve-ne-shqiperi-karta-raportuese-nr-1\/' title='Link to: \u201cVarf\u00ebria e f\u00ebmij\u00ebve n\u00eb Shqip\u00ebri\u201d \u2013 Karta Raportuese Nr. 1'>\u201cVarf\u00ebria e f\u00ebmij\u00ebve n\u00eb Shqip\u00ebri\u201d \u2013 Karta Raportuese Nr. 1<\/a><\/h3><\/header><\/div><footer class='entry-footer'><\/footer><\/article><article class='av-magazine-entry av-magazine-entry-id-6085 av-magazine-format-standard av-magazine-type-post av-magazine-entry-20 av-magazine-entry-small '  itemscope=\"itemscope\" itemtype=\"https:\/\/schema.org\/CreativeWork\" ><div class='av-magazine-thumbnail'><a href='https:\/\/observator.org.al\/sq\/fletepalosje-korce\/' title='Link to: Flet\u00ebpalosje Kor\u00e7\u00eb' class='iconfont av-magazine-entry-icon' aria-hidden='true' data-av_icon='\ue836' data-av_iconfont='entypo-fontello'><\/a><\/div><div class='av-magazine-content-wrap'><header class='entry-content-header'><time class='av-magazine-time updated'  itemprop=\"datePublished\" datetime=\"2013-10-19T22:54:36+02:00\" >19\/10\/2013<\/time><h3 class='av-magazine-title entry-title '  itemprop=\"headline\" ><a href='https:\/\/observator.org.al\/sq\/fletepalosje-korce\/' title='Link to: Flet\u00ebpalosje Kor\u00e7\u00eb'>Flet\u00ebpalosje Kor\u00e7\u00eb<\/a><\/h3><\/header><\/div><footer class='entry-footer'><\/footer><\/article><article class='av-magazine-entry av-magazine-entry-id-2939 av-magazine-format-standard av-magazine-type-post av-magazine-entry-21 av-magazine-entry-small '  itemscope=\"itemscope\" itemtype=\"https:\/\/schema.org\/CreativeWork\" ><div class='av-magazine-thumbnail'><a href='https:\/\/observator.org.al\/sq\/observatori-korce-16-nentor-2011-2\/' title='Link to: Observatori Kor\u00e7\u00eb &#8211; 16 N\u00ebntor 2011' class='av-magazine-thumbnail-link '><img loading=\"lazy\" decoding=\"async\" width=\"80\" height=\"80\" src=\"https:\/\/observator.org.al\/wp-content\/uploads\/2013\/09\/Korce-80x80.png\" class=\"wp-image-3080 avia-img-lazy-loading-3080 attachment-thumbnail size-thumbnail wp-post-image\" alt=\"\" srcset=\"https:\/\/observator.org.al\/wp-content\/uploads\/2013\/09\/Korce-80x80.png 80w, https:\/\/observator.org.al\/wp-content\/uploads\/2013\/09\/Korce-36x36.png 36w, https:\/\/observator.org.al\/wp-content\/uploads\/2013\/09\/Korce-180x180.png 180w, https:\/\/observator.org.al\/wp-content\/uploads\/2013\/09\/Korce-120x120.png 120w\" sizes=\"auto, (max-width: 80px) 100vw, 80px\" \/><\/a><\/div><div class='av-magazine-content-wrap'><header class='entry-content-header'><time class='av-magazine-time updated'  itemprop=\"datePublished\" datetime=\"2013-10-10T18:03:16+02:00\" >10\/10\/2013<\/time><h3 class='av-magazine-title entry-title '  itemprop=\"headline\" ><a href='https:\/\/observator.org.al\/sq\/observatori-korce-16-nentor-2011-2\/' title='Link to: Observatori Kor\u00e7\u00eb &#8211; 16 N\u00ebntor 2011'>Observatori Kor\u00e7\u00eb &#8211; 16 N\u00ebntor 2011<\/a><\/h3><\/header><\/div><footer class='entry-footer'><\/footer><\/article><article class='av-magazine-entry av-magazine-entry-id-6027 av-magazine-format-standard av-magazine-type-post av-magazine-entry-22 av-magazine-entry-small '  itemscope=\"itemscope\" itemtype=\"https:\/\/schema.org\/CreativeWork\" ><div class='av-magazine-thumbnail'><a href='https:\/\/observator.org.al\/sq\/raport-alternativ-i-konventes-se-okb-se-per-te-drejtat-e-femijeve\/' title='Link to: \u201cRaport Alternativ i Konvent\u00ebs s\u00eb OKB-s\u00eb p\u00ebr t\u00eb Drejtat e F\u00ebmij\u00ebve\u201d' class='iconfont av-magazine-entry-icon' aria-hidden='true' data-av_icon='\ue836' data-av_iconfont='entypo-fontello'><\/a><\/div><div class='av-magazine-content-wrap'><header class='entry-content-header'><time class='av-magazine-time updated'  itemprop=\"datePublished\" datetime=\"2013-09-19T20:40:41+02:00\" >19\/09\/2013<\/time><h3 class='av-magazine-title entry-title '  itemprop=\"headline\" ><a href='https:\/\/observator.org.al\/sq\/raport-alternativ-i-konventes-se-okb-se-per-te-drejtat-e-femijeve\/' title='Link to: \u201cRaport Alternativ i Konvent\u00ebs s\u00eb OKB-s\u00eb p\u00ebr t\u00eb Drejtat e F\u00ebmij\u00ebve\u201d'>\u201cRaport Alternativ i Konvent\u00ebs s\u00eb OKB-s\u00eb p\u00ebr t\u00eb Drejtat e F\u00ebmij\u00ebve\u201d<\/a><\/h3><\/header><\/div><footer class='entry-footer'><\/footer><\/article><article class='av-magazine-entry av-magazine-entry-id-6025 av-magazine-format-standard av-magazine-type-post av-magazine-entry-23 av-magazine-entry-small '  itemscope=\"itemscope\" itemtype=\"https:\/\/schema.org\/CreativeWork\" ><div class='av-magazine-thumbnail'><a href='https:\/\/observator.org.al\/sq\/te-drejtat-e-femijeve-ne-shqiperi-2009\/' title='Link to: \u201cT\u00eb drejtat e f\u00ebmij\u00ebve n\u00eb Shqip\u00ebri, 2009\u201d' class='iconfont av-magazine-entry-icon' aria-hidden='true' data-av_icon='\ue836' data-av_iconfont='entypo-fontello'><\/a><\/div><div class='av-magazine-content-wrap'><header class='entry-content-header'><time class='av-magazine-time updated'  itemprop=\"datePublished\" datetime=\"2013-09-19T20:35:32+02:00\" >19\/09\/2013<\/time><h3 class='av-magazine-title entry-title '  itemprop=\"headline\" ><a href='https:\/\/observator.org.al\/sq\/te-drejtat-e-femijeve-ne-shqiperi-2009\/' title='Link to: \u201cT\u00eb drejtat e f\u00ebmij\u00ebve n\u00eb Shqip\u00ebri, 2009\u201d'>\u201cT\u00eb drejtat e f\u00ebmij\u00ebve n\u00eb Shqip\u00ebri, 2009\u201d<\/a><\/h3><\/header><\/div><footer class='entry-footer'><\/footer><\/article><article class='av-magazine-entry av-magazine-entry-id-2355 av-magazine-format-standard av-magazine-type-post av-magazine-entry-24 av-magazine-entry-small '  itemscope=\"itemscope\" itemtype=\"https:\/\/schema.org\/CreativeWork\" ><div class='av-magazine-thumbnail'><a href='https:\/\/observator.org.al\/sq\/observatori-korce-20-nentor-2011\/' title='Link to: Observatori Kor\u00e7\u00eb &#8211; 20 n\u00ebntor 2011' class='iconfont av-magazine-entry-icon' aria-hidden='true' data-av_icon='\ue836' data-av_iconfont='entypo-fontello'><\/a><\/div><div class='av-magazine-content-wrap'><header class='entry-content-header'><time class='av-magazine-time updated'  itemprop=\"datePublished\" datetime=\"2013-09-06T23:02:37+02:00\" >06\/09\/2013<\/time><h3 class='av-magazine-title entry-title '  itemprop=\"headline\" ><a href='https:\/\/observator.org.al\/sq\/observatori-korce-20-nentor-2011\/' title='Link to: Observatori Kor\u00e7\u00eb &#8211; 20 n\u00ebntor 2011'>Observatori Kor\u00e7\u00eb &#8211; 20 n\u00ebntor 2011<\/a><\/h3><\/header><\/div><footer class='entry-footer'><\/footer><\/article><article class='av-magazine-entry av-magazine-entry-id-2352 av-magazine-format-standard av-magazine-type-post av-magazine-entry-25 av-magazine-entry-small '  itemscope=\"itemscope\" itemtype=\"https:\/\/schema.org\/CreativeWork\" ><div class='av-magazine-thumbnail'><a href='https:\/\/observator.org.al\/sq\/observatori-korce-16-nentor-2011\/' title='Link to: Observatori Kor\u00e7\u00eb &#8211; 16 N\u00ebntor 2011' class='iconfont av-magazine-entry-icon' aria-hidden='true' data-av_icon='\ue836' data-av_iconfont='entypo-fontello'><\/a><\/div><div class='av-magazine-content-wrap'><header class='entry-content-header'><time class='av-magazine-time updated'  itemprop=\"datePublished\" datetime=\"2013-09-06T23:01:34+02:00\" >06\/09\/2013<\/time><h3 class='av-magazine-title entry-title '  itemprop=\"headline\" ><a href='https:\/\/observator.org.al\/sq\/observatori-korce-16-nentor-2011\/' title='Link to: Observatori Kor\u00e7\u00eb &#8211; 16 N\u00ebntor 2011'>Observatori Kor\u00e7\u00eb &#8211; 16 N\u00ebntor 2011<\/a><\/h3><\/header><\/div><footer class='entry-footer'><\/footer><\/article><\/div><div class='av-magazine-group av-hidden-mag sort_52'><article class='av-magazine-entry av-magazine-entry-id-6102 av-magazine-format-standard av-magazine-type-post av-magazine-entry-1 av-magazine-entry-small '  itemscope=\"itemscope\" itemtype=\"https:\/\/schema.org\/CreativeWork\" ><div class='av-magazine-thumbnail'><a href='https:\/\/observator.org.al\/sq\/raport-2-aspektet-ligjore-sociale-dhe-praktiken-gjyqesore-te-martesave-nen-moshe-ne-shkoder-kukes-tropoje-lezhe-puke-fier-dhe-kavaje-per-periudhen-2011-2017-2\/' title='Link to: Raport 2 \u201cAspektet ligjore, sociale dhe praktik\u00ebn gjyq\u00ebsore t\u00eb martesave n\u00ebn mosh\u00eb n\u00eb Shkod\u00ebr, Kuk\u00ebs, Tropoj\u00eb, Lezh\u00eb, Puk\u00eb, Fier dhe Kavaj\u00eb p\u00ebr periudh\u00ebn 2011 \u2013 2017\u201d:' class='iconfont av-magazine-entry-icon' aria-hidden='true' data-av_icon='\ue836' data-av_iconfont='entypo-fontello'><\/a><\/div><div class='av-magazine-content-wrap'><header class='entry-content-header'><time class='av-magazine-time updated'  itemprop=\"datePublished\" datetime=\"2018-07-19T23:24:21+02:00\" >19\/07\/2018<\/time><h3 class='av-magazine-title entry-title '  itemprop=\"headline\" ><a href='https:\/\/observator.org.al\/sq\/raport-2-aspektet-ligjore-sociale-dhe-praktiken-gjyqesore-te-martesave-nen-moshe-ne-shkoder-kukes-tropoje-lezhe-puke-fier-dhe-kavaje-per-periudhen-2011-2017-2\/' title='Link to: Raport 2 \u201cAspektet ligjore, sociale dhe praktik\u00ebn gjyq\u00ebsore t\u00eb martesave n\u00ebn mosh\u00eb n\u00eb Shkod\u00ebr, Kuk\u00ebs, Tropoj\u00eb, Lezh\u00eb, Puk\u00eb, Fier dhe Kavaj\u00eb p\u00ebr periudh\u00ebn 2011 \u2013 2017\u201d:'>Raport 2 \u201cAspektet ligjore, sociale dhe praktik\u00ebn gjyq\u00ebsore t\u00eb martesave n\u00ebn mosh\u00eb n\u00eb Shkod\u00ebr, Kuk\u00ebs, Tropoj\u00eb, Lezh\u00eb, Puk\u00eb, Fier dhe Kavaj\u00eb p\u00ebr periudh\u00ebn 2011 \u2013 2017\u201d:<\/a><\/h3><\/header><\/div><footer class='entry-footer'><\/footer><\/article><article class='av-magazine-entry av-magazine-entry-id-6100 av-magazine-format-standard av-magazine-type-post av-magazine-entry-2 av-magazine-entry-small '  itemscope=\"itemscope\" itemtype=\"https:\/\/schema.org\/CreativeWork\" ><div class='av-magazine-thumbnail'><a href='https:\/\/observator.org.al\/sq\/dokument-i-politikave-vendore-per-femijerine-e-hershme-cdo-femije-rom-ne-ciklin-parashkollor-bashkia-kukes\/' title='Link to: Dokument i politikave vendore p\u00ebr f\u00ebmij\u00ebrin\u00eb e hershme \u201c\u00c7do f\u00ebmij\u00eb rom n\u00eb ciklin parashkollor\u201d, Bashkia Kuk\u00ebs' class='iconfont av-magazine-entry-icon' aria-hidden='true' data-av_icon='\ue836' data-av_iconfont='entypo-fontello'><\/a><\/div><div class='av-magazine-content-wrap'><header class='entry-content-header'><time class='av-magazine-time updated'  itemprop=\"datePublished\" datetime=\"2017-07-19T23:19:22+02:00\" >19\/07\/2017<\/time><h3 class='av-magazine-title entry-title '  itemprop=\"headline\" ><a href='https:\/\/observator.org.al\/sq\/dokument-i-politikave-vendore-per-femijerine-e-hershme-cdo-femije-rom-ne-ciklin-parashkollor-bashkia-kukes\/' title='Link to: Dokument i politikave vendore p\u00ebr f\u00ebmij\u00ebrin\u00eb e hershme \u201c\u00c7do f\u00ebmij\u00eb rom n\u00eb ciklin parashkollor\u201d, Bashkia Kuk\u00ebs'>Dokument i politikave vendore p\u00ebr f\u00ebmij\u00ebrin\u00eb e hershme \u201c\u00c7do f\u00ebmij\u00eb rom n\u00eb ciklin parashkollor\u201d, Bashkia Kuk\u00ebs<\/a><\/h3><\/header><\/div><footer class='entry-footer'><\/footer><\/article><article class='av-magazine-entry av-magazine-entry-id-5555 av-magazine-format-standard av-magazine-type-post av-magazine-entry-3 av-magazine-entry-small '  itemscope=\"itemscope\" itemtype=\"https:\/\/schema.org\/CreativeWork\" ><div class='av-magazine-thumbnail'><a href='https:\/\/observator.org.al\/sq\/njoftimi-weber\/' title='Link to: WeBER' class='iconfont av-magazine-entry-icon' aria-hidden='true' data-av_icon='\ue836' data-av_iconfont='entypo-fontello'><\/a><\/div><div class='av-magazine-content-wrap'><header class='entry-content-header'><time class='av-magazine-time updated'  itemprop=\"datePublished\" datetime=\"2017-07-13T00:48:30+02:00\" >13\/07\/2017<\/time><h3 class='av-magazine-title entry-title '  itemprop=\"headline\" ><a href='https:\/\/observator.org.al\/sq\/njoftimi-weber\/' title='Link to: WeBER'>WeBER<\/a><\/h3><\/header><\/div><footer class='entry-footer'><\/footer><\/article><article class='av-magazine-entry av-magazine-entry-id-5532 av-magazine-format-standard av-magazine-type-post av-magazine-entry-4 av-magazine-entry-small '  itemscope=\"itemscope\" itemtype=\"https:\/\/schema.org\/CreativeWork\" ><div class='av-magazine-thumbnail'><a href='https:\/\/observator.org.al\/sq\/regjistrimi-i-nxenesve-ne-klasen-e-pare\/' title='Link to: Regjistrimi i nx\u00ebn\u00ebsve n\u00eb klas\u00ebn e par\u00eb' class='iconfont av-magazine-entry-icon' aria-hidden='true' data-av_icon='\ue836' data-av_iconfont='entypo-fontello'><\/a><\/div><div class='av-magazine-content-wrap'><header class='entry-content-header'><time class='av-magazine-time updated'  itemprop=\"datePublished\" datetime=\"2017-06-27T10:20:45+02:00\" >27\/06\/2017<\/time><h3 class='av-magazine-title entry-title '  itemprop=\"headline\" ><a href='https:\/\/observator.org.al\/sq\/regjistrimi-i-nxenesve-ne-klasen-e-pare\/' title='Link to: Regjistrimi i nx\u00ebn\u00ebsve n\u00eb klas\u00ebn e par\u00eb'>Regjistrimi i nx\u00ebn\u00ebsve n\u00eb klas\u00ebn e par\u00eb<\/a><\/h3><\/header><\/div><footer class='entry-footer'><\/footer><\/article><article class='av-magazine-entry av-magazine-entry-id-5472 av-magazine-format-standard av-magazine-type-post av-magazine-entry-5 av-magazine-entry-small '  itemscope=\"itemscope\" itemtype=\"https:\/\/schema.org\/CreativeWork\" ><div class='av-magazine-thumbnail'><a href='https:\/\/observator.org.al\/sq\/ne-pritje-te-1-qershorit-2017-unembrojfemijetinvestojmeperfemijet\/' title='Link to: N\u00eb pritje t\u00eb 1 Qershorit 2017\u2026. #UneMbrojfemijet#InvestojmePerFemijet' class='iconfont av-magazine-entry-icon' aria-hidden='true' data-av_icon='\ue836' data-av_iconfont='entypo-fontello'><\/a><\/div><div class='av-magazine-content-wrap'><header class='entry-content-header'><time class='av-magazine-time updated'  itemprop=\"datePublished\" datetime=\"2017-05-18T13:03:43+02:00\" >18\/05\/2017<\/time><h3 class='av-magazine-title entry-title '  itemprop=\"headline\" ><a href='https:\/\/observator.org.al\/sq\/ne-pritje-te-1-qershorit-2017-unembrojfemijetinvestojmeperfemijet\/' title='Link to: N\u00eb pritje t\u00eb 1 Qershorit 2017\u2026. #UneMbrojfemijet#InvestojmePerFemijet'>N\u00eb pritje t\u00eb 1 Qershorit 2017\u2026. #UneMbrojfemijet#InvestojmePerFemijet<\/a><\/h3><\/header><\/div><footer class='entry-footer'><\/footer><\/article><article class='av-magazine-entry av-magazine-entry-id-6096 av-magazine-format-standard av-magazine-type-post av-magazine-entry-6 av-magazine-entry-small '  itemscope=\"itemscope\" itemtype=\"https:\/\/schema.org\/CreativeWork\" ><div class='av-magazine-thumbnail'><a href='https:\/\/observator.org.al\/sq\/fact-sheet-mbi-situaten-e-te-drejtave-te-femijeve-kukes\/' title='Link to: Fact Sheet mbi situat\u00ebn e t\u00eb drejtave t\u00eb f\u00ebmij\u00ebve, Kuk\u00ebs' class='iconfont av-magazine-entry-icon' aria-hidden='true' data-av_icon='\ue836' data-av_iconfont='entypo-fontello'><\/a><\/div><div class='av-magazine-content-wrap'><header class='entry-content-header'><time class='av-magazine-time updated'  itemprop=\"datePublished\" datetime=\"2017-02-19T23:11:10+01:00\" >19\/02\/2017<\/time><h3 class='av-magazine-title entry-title '  itemprop=\"headline\" ><a href='https:\/\/observator.org.al\/sq\/fact-sheet-mbi-situaten-e-te-drejtave-te-femijeve-kukes\/' title='Link to: Fact Sheet mbi situat\u00ebn e t\u00eb drejtave t\u00eb f\u00ebmij\u00ebve, Kuk\u00ebs'>Fact Sheet mbi situat\u00ebn e t\u00eb drejtave t\u00eb f\u00ebmij\u00ebve, Kuk\u00ebs<\/a><\/h3><\/header><\/div><footer class='entry-footer'><\/footer><\/article><article class='av-magazine-entry av-magazine-entry-id-4758 av-magazine-format-standard av-magazine-type-post av-magazine-entry-7 av-magazine-entry-small '  itemscope=\"itemscope\" itemtype=\"https:\/\/schema.org\/CreativeWork\" ><div class='av-magazine-thumbnail'><a href='https:\/\/observator.org.al\/sq\/workshop-cdo_femije_ne_shkolle\/' title='Link to: Workshop dhe Debate \u00c7do f\u00ebmij\u00eb n\u00eb shkoll\u00eb' class='iconfont av-magazine-entry-icon' aria-hidden='true' data-av_icon='\ue836' data-av_iconfont='entypo-fontello'><\/a><\/div><div class='av-magazine-content-wrap'><header class='entry-content-header'><time class='av-magazine-time updated'  itemprop=\"datePublished\" datetime=\"2016-01-27T17:22:27+01:00\" >27\/01\/2016<\/time><h3 class='av-magazine-title entry-title '  itemprop=\"headline\" ><a href='https:\/\/observator.org.al\/sq\/workshop-cdo_femije_ne_shkolle\/' title='Link to: Workshop dhe Debate \u00c7do f\u00ebmij\u00eb n\u00eb shkoll\u00eb'>Workshop dhe Debate \u00c7do f\u00ebmij\u00eb n\u00eb shkoll\u00eb<\/a><\/h3><\/header><\/div><footer class='entry-footer'><\/footer><\/article><article class='av-magazine-entry av-magazine-entry-id-4205 av-magazine-format-standard av-magazine-type-post av-magazine-entry-8 av-magazine-entry-small '  itemscope=\"itemscope\" itemtype=\"https:\/\/schema.org\/CreativeWork\" ><div class='av-magazine-thumbnail'><a href='https:\/\/observator.org.al\/sq\/plani-i-veprimit-per-femije-2012-2015-2\/' title='Link to: Plani i veprimit p\u00ebr f\u00ebmij\u00eb 2012-2015' class='iconfont av-magazine-entry-icon' aria-hidden='true' data-av_icon='\ue836' data-av_iconfont='entypo-fontello'><\/a><\/div><div class='av-magazine-content-wrap'><header class='entry-content-header'><time class='av-magazine-time updated'  itemprop=\"datePublished\" datetime=\"2015-10-07T15:25:28+02:00\" >07\/10\/2015<\/time><h3 class='av-magazine-title entry-title '  itemprop=\"headline\" ><a href='https:\/\/observator.org.al\/sq\/plani-i-veprimit-per-femije-2012-2015-2\/' title='Link to: Plani i veprimit p\u00ebr f\u00ebmij\u00eb 2012-2015'>Plani i veprimit p\u00ebr f\u00ebmij\u00eb 2012-2015<\/a><\/h3><\/header><\/div><footer class='entry-footer'><\/footer><\/article><article class='av-magazine-entry av-magazine-entry-id-4191 av-magazine-format-standard av-magazine-type-post av-magazine-entry-9 av-magazine-entry-small '  itemscope=\"itemscope\" itemtype=\"https:\/\/schema.org\/CreativeWork\" ><div class='av-magazine-thumbnail'><a href='https:\/\/observator.org.al\/sq\/fillimi-i-vitit-shkollor-2015-2016\/' title='Link to: Fillimi i vitit shkollor 2015-2016' class='iconfont av-magazine-entry-icon' aria-hidden='true' data-av_icon='\ue836' data-av_iconfont='entypo-fontello'><\/a><\/div><div class='av-magazine-content-wrap'><header class='entry-content-header'><time class='av-magazine-time updated'  itemprop=\"datePublished\" datetime=\"2015-10-06T16:51:48+02:00\" >06\/10\/2015<\/time><h3 class='av-magazine-title entry-title '  itemprop=\"headline\" ><a href='https:\/\/observator.org.al\/sq\/fillimi-i-vitit-shkollor-2015-2016\/' title='Link to: Fillimi i vitit shkollor 2015-2016'>Fillimi i vitit shkollor 2015-2016<\/a><\/h3><\/header><\/div><footer class='entry-footer'><\/footer><\/article><article class='av-magazine-entry av-magazine-entry-id-4180 av-magazine-format-standard av-magazine-type-post av-magazine-entry-10 av-magazine-entry-small '  itemscope=\"itemscope\" itemtype=\"https:\/\/schema.org\/CreativeWork\" ><div class='av-magazine-thumbnail'><a href='https:\/\/observator.org.al\/sq\/shperndarja-e-teksteve-falas-per-femijet-rom-dhe-egjiptian-ne-vitin-shkollor-2015-2016\/' title='Link to: Shp\u00ebrndarja e teksteve falas dhe debate mbi f\u00ebmij\u00ebt Rom dhe Egjiptian n\u00eb vitin shkollor 2015-2016' class='iconfont av-magazine-entry-icon' aria-hidden='true' data-av_icon='\ue836' data-av_iconfont='entypo-fontello'><\/a><\/div><div class='av-magazine-content-wrap'><header class='entry-content-header'><time class='av-magazine-time updated'  itemprop=\"datePublished\" datetime=\"2015-09-29T15:31:39+02:00\" >29\/09\/2015<\/time><h3 class='av-magazine-title entry-title '  itemprop=\"headline\" ><a href='https:\/\/observator.org.al\/sq\/shperndarja-e-teksteve-falas-per-femijet-rom-dhe-egjiptian-ne-vitin-shkollor-2015-2016\/' title='Link to: Shp\u00ebrndarja e teksteve falas dhe debate mbi f\u00ebmij\u00ebt Rom dhe Egjiptian n\u00eb vitin shkollor 2015-2016'>Shp\u00ebrndarja e teksteve falas dhe debate mbi f\u00ebmij\u00ebt Rom dhe Egjiptian n\u00eb vitin shkollor 2015-2016<\/a><\/h3><\/header><\/div><footer class='entry-footer'><\/footer><\/article><article class='av-magazine-entry av-magazine-entry-id-6022 av-magazine-format-standard av-magazine-type-post av-magazine-entry-11 av-magazine-entry-small '  itemscope=\"itemscope\" itemtype=\"https:\/\/schema.org\/CreativeWork\" ><div class='av-magazine-thumbnail'><a href='https:\/\/observator.org.al\/sq\/varferia-e-femijeve-ne-shqiperi-karta-raportuese-nr-1\/' title='Link to: \u201cVarf\u00ebria e f\u00ebmij\u00ebve n\u00eb Shqip\u00ebri\u201d \u2013 Karta Raportuese Nr. 1' class='iconfont av-magazine-entry-icon' aria-hidden='true' data-av_icon='\ue836' data-av_iconfont='entypo-fontello'><\/a><\/div><div class='av-magazine-content-wrap'><header class='entry-content-header'><time class='av-magazine-time updated'  itemprop=\"datePublished\" datetime=\"2013-11-19T19:18:45+01:00\" >19\/11\/2013<\/time><h3 class='av-magazine-title entry-title '  itemprop=\"headline\" ><a href='https:\/\/observator.org.al\/sq\/varferia-e-femijeve-ne-shqiperi-karta-raportuese-nr-1\/' title='Link to: \u201cVarf\u00ebria e f\u00ebmij\u00ebve n\u00eb Shqip\u00ebri\u201d \u2013 Karta Raportuese Nr. 1'>\u201cVarf\u00ebria e f\u00ebmij\u00ebve n\u00eb Shqip\u00ebri\u201d \u2013 Karta Raportuese Nr. 1<\/a><\/h3><\/header><\/div><footer class='entry-footer'><\/footer><\/article><article class='av-magazine-entry av-magazine-entry-id-6098 av-magazine-format-standard av-magazine-type-post av-magazine-entry-12 av-magazine-entry-small '  itemscope=\"itemscope\" itemtype=\"https:\/\/schema.org\/CreativeWork\" ><div class='av-magazine-thumbnail'><a href='https:\/\/observator.org.al\/sq\/fletepalosje-kukes\/' title='Link to: Flet\u00ebpalosje Kuk\u00ebs' class='iconfont av-magazine-entry-icon' aria-hidden='true' data-av_icon='\ue836' data-av_iconfont='entypo-fontello'><\/a><\/div><div class='av-magazine-content-wrap'><header class='entry-content-header'><time class='av-magazine-time updated'  itemprop=\"datePublished\" datetime=\"2013-10-19T23:12:09+02:00\" >19\/10\/2013<\/time><h3 class='av-magazine-title entry-title '  itemprop=\"headline\" ><a href='https:\/\/observator.org.al\/sq\/fletepalosje-kukes\/' title='Link to: Flet\u00ebpalosje Kuk\u00ebs'>Flet\u00ebpalosje Kuk\u00ebs<\/a><\/h3><\/header><\/div><footer class='entry-footer'><\/footer><\/article><article class='av-magazine-entry av-magazine-entry-id-2922 av-magazine-format-standard av-magazine-type-post av-magazine-entry-13 av-magazine-entry-small '  itemscope=\"itemscope\" itemtype=\"https:\/\/schema.org\/CreativeWork\" ><div class='av-magazine-thumbnail'><a href='https:\/\/observator.org.al\/sq\/observatori-kukes-18-nentor-2011-2\/' title='Link to: Observatori Kuk\u00ebs &#8211; 18 N\u00ebntor 2011' class='av-magazine-thumbnail-link '><img loading=\"lazy\" decoding=\"async\" width=\"80\" height=\"80\" src=\"https:\/\/observator.org.al\/wp-content\/uploads\/2013\/09\/Kukes-80x80.png\" class=\"wp-image-3083 avia-img-lazy-loading-3083 attachment-thumbnail size-thumbnail wp-post-image\" alt=\"\" srcset=\"https:\/\/observator.org.al\/wp-content\/uploads\/2013\/09\/Kukes-80x80.png 80w, https:\/\/observator.org.al\/wp-content\/uploads\/2013\/09\/Kukes-36x36.png 36w, https:\/\/observator.org.al\/wp-content\/uploads\/2013\/09\/Kukes-180x180.png 180w, https:\/\/observator.org.al\/wp-content\/uploads\/2013\/09\/Kukes-120x120.png 120w\" sizes=\"auto, (max-width: 80px) 100vw, 80px\" \/><\/a><\/div><div class='av-magazine-content-wrap'><header class='entry-content-header'><time class='av-magazine-time updated'  itemprop=\"datePublished\" datetime=\"2013-10-10T17:44:31+02:00\" >10\/10\/2013<\/time><h3 class='av-magazine-title entry-title '  itemprop=\"headline\" ><a href='https:\/\/observator.org.al\/sq\/observatori-kukes-18-nentor-2011-2\/' title='Link to: Observatori Kuk\u00ebs &#8211; 18 N\u00ebntor 2011'>Observatori Kuk\u00ebs &#8211; 18 N\u00ebntor 2011<\/a><\/h3><\/header><\/div><footer class='entry-footer'><\/footer><\/article><article class='av-magazine-entry av-magazine-entry-id-2645 av-magazine-format-standard av-magazine-type-post av-magazine-entry-14 av-magazine-entry-small '  itemscope=\"itemscope\" itemtype=\"https:\/\/schema.org\/CreativeWork\" ><div class='av-magazine-thumbnail'><a href='https:\/\/observator.org.al\/sq\/observatori-kukes-28-gusht-2013\/' title='Link to: Observatori Kuk\u00ebs &#8211; 28 Gusht 2013' class='av-magazine-thumbnail-link '><img loading=\"lazy\" decoding=\"async\" width=\"80\" height=\"80\" src=\"https:\/\/observator.org.al\/wp-content\/uploads\/2013\/09\/Kukes-80x80.png\" class=\"wp-image-3083 avia-img-lazy-loading-3083 attachment-thumbnail size-thumbnail wp-post-image\" alt=\"\" srcset=\"https:\/\/observator.org.al\/wp-content\/uploads\/2013\/09\/Kukes-80x80.png 80w, https:\/\/observator.org.al\/wp-content\/uploads\/2013\/09\/Kukes-36x36.png 36w, https:\/\/observator.org.al\/wp-content\/uploads\/2013\/09\/Kukes-180x180.png 180w, https:\/\/observator.org.al\/wp-content\/uploads\/2013\/09\/Kukes-120x120.png 120w\" sizes=\"auto, (max-width: 80px) 100vw, 80px\" \/><\/a><\/div><div class='av-magazine-content-wrap'><header class='entry-content-header'><time class='av-magazine-time updated'  itemprop=\"datePublished\" datetime=\"2013-09-23T21:39:59+02:00\" >23\/09\/2013<\/time><h3 class='av-magazine-title entry-title '  itemprop=\"headline\" ><a href='https:\/\/observator.org.al\/sq\/observatori-kukes-28-gusht-2013\/' title='Link to: Observatori Kuk\u00ebs &#8211; 28 Gusht 2013'>Observatori Kuk\u00ebs &#8211; 28 Gusht 2013<\/a><\/h3><\/header><\/div><footer class='entry-footer'><\/footer><\/article><article class='av-magazine-entry av-magazine-entry-id-6027 av-magazine-format-standard av-magazine-type-post av-magazine-entry-15 av-magazine-entry-small '  itemscope=\"itemscope\" itemtype=\"https:\/\/schema.org\/CreativeWork\" ><div class='av-magazine-thumbnail'><a href='https:\/\/observator.org.al\/sq\/raport-alternativ-i-konventes-se-okb-se-per-te-drejtat-e-femijeve\/' title='Link to: \u201cRaport Alternativ i Konvent\u00ebs s\u00eb OKB-s\u00eb p\u00ebr t\u00eb Drejtat e F\u00ebmij\u00ebve\u201d' class='iconfont av-magazine-entry-icon' aria-hidden='true' data-av_icon='\ue836' data-av_iconfont='entypo-fontello'><\/a><\/div><div class='av-magazine-content-wrap'><header class='entry-content-header'><time class='av-magazine-time updated'  itemprop=\"datePublished\" datetime=\"2013-09-19T20:40:41+02:00\" >19\/09\/2013<\/time><h3 class='av-magazine-title entry-title '  itemprop=\"headline\" ><a href='https:\/\/observator.org.al\/sq\/raport-alternativ-i-konventes-se-okb-se-per-te-drejtat-e-femijeve\/' title='Link to: \u201cRaport Alternativ i Konvent\u00ebs s\u00eb OKB-s\u00eb p\u00ebr t\u00eb Drejtat e F\u00ebmij\u00ebve\u201d'>\u201cRaport Alternativ i Konvent\u00ebs s\u00eb OKB-s\u00eb p\u00ebr t\u00eb Drejtat e F\u00ebmij\u00ebve\u201d<\/a><\/h3><\/header><\/div><footer class='entry-footer'><\/footer><\/article><article class='av-magazine-entry av-magazine-entry-id-6025 av-magazine-format-standard av-magazine-type-post av-magazine-entry-16 av-magazine-entry-small '  itemscope=\"itemscope\" itemtype=\"https:\/\/schema.org\/CreativeWork\" ><div class='av-magazine-thumbnail'><a href='https:\/\/observator.org.al\/sq\/te-drejtat-e-femijeve-ne-shqiperi-2009\/' title='Link to: \u201cT\u00eb drejtat e f\u00ebmij\u00ebve n\u00eb Shqip\u00ebri, 2009\u201d' class='iconfont av-magazine-entry-icon' aria-hidden='true' data-av_icon='\ue836' data-av_iconfont='entypo-fontello'><\/a><\/div><div class='av-magazine-content-wrap'><header class='entry-content-header'><time class='av-magazine-time updated'  itemprop=\"datePublished\" datetime=\"2013-09-19T20:35:32+02:00\" >19\/09\/2013<\/time><h3 class='av-magazine-title entry-title '  itemprop=\"headline\" ><a href='https:\/\/observator.org.al\/sq\/te-drejtat-e-femijeve-ne-shqiperi-2009\/' title='Link to: \u201cT\u00eb drejtat e f\u00ebmij\u00ebve n\u00eb Shqip\u00ebri, 2009\u201d'>\u201cT\u00eb drejtat e f\u00ebmij\u00ebve n\u00eb Shqip\u00ebri, 2009\u201d<\/a><\/h3><\/header><\/div><footer class='entry-footer'><\/footer><\/article><article class='av-magazine-entry av-magazine-entry-id-2361 av-magazine-format-standard av-magazine-type-post av-magazine-entry-17 av-magazine-entry-small '  itemscope=\"itemscope\" itemtype=\"https:\/\/schema.org\/CreativeWork\" ><div class='av-magazine-thumbnail'><a href='https:\/\/observator.org.al\/sq\/observatori-kukes-20-nentor-2011\/' title='Link to: Observatori Kuk\u00ebs &#8211; 20 n\u00ebntor 2011' class='iconfont av-magazine-entry-icon' aria-hidden='true' data-av_icon='\ue836' data-av_iconfont='entypo-fontello'><\/a><\/div><div class='av-magazine-content-wrap'><header class='entry-content-header'><time class='av-magazine-time updated'  itemprop=\"datePublished\" datetime=\"2013-09-06T23:23:27+02:00\" >06\/09\/2013<\/time><h3 class='av-magazine-title entry-title '  itemprop=\"headline\" ><a href='https:\/\/observator.org.al\/sq\/observatori-kukes-20-nentor-2011\/' title='Link to: Observatori Kuk\u00ebs &#8211; 20 n\u00ebntor 2011'>Observatori Kuk\u00ebs &#8211; 20 n\u00ebntor 2011<\/a><\/h3><\/header><\/div><footer class='entry-footer'><\/footer><\/article><article class='av-magazine-entry av-magazine-entry-id-2358 av-magazine-format-standard av-magazine-type-post av-magazine-entry-18 av-magazine-entry-small '  itemscope=\"itemscope\" itemtype=\"https:\/\/schema.org\/CreativeWork\" ><div class='av-magazine-thumbnail'><a href='https:\/\/observator.org.al\/sq\/observatori-kukes-18-nentor-2011\/' title='Link to: Observatori Kuk\u00ebs &#8211; 18 N\u00ebntor 2011' class='iconfont av-magazine-entry-icon' aria-hidden='true' data-av_icon='\ue836' data-av_iconfont='entypo-fontello'><\/a><\/div><div class='av-magazine-content-wrap'><header class='entry-content-header'><time class='av-magazine-time updated'  itemprop=\"datePublished\" datetime=\"2013-09-06T23:22:57+02:00\" >06\/09\/2013<\/time><h3 class='av-magazine-title entry-title '  itemprop=\"headline\" ><a href='https:\/\/observator.org.al\/sq\/observatori-kukes-18-nentor-2011\/' title='Link to: Observatori Kuk\u00ebs &#8211; 18 N\u00ebntor 2011'>Observatori Kuk\u00ebs &#8211; 18 N\u00ebntor 2011<\/a><\/h3><\/header><\/div><footer class='entry-footer'><\/footer><\/article><\/div><div class='av-magazine-group av-hidden-mag sort_32'><article class='av-magazine-entry av-magazine-entry-id-10265 av-magazine-format-standard av-magazine-type-post av-magazine-entry-1 av-magazine-entry-small '  itemscope=\"itemscope\" itemtype=\"https:\/\/schema.org\/CreativeWork\" ><div class='av-magazine-thumbnail'><a href='https:\/\/observator.org.al\/sq\/procedure-prokurimi-per-kontraktimin-e-sherbimeve-te-ekspertizes-se-jashtme-per-zbatimin-e-aktiviteteve-te-projektit-ristor-rural-innovation-centres-for-sustainable-and-inc\/' title='Link to: \u201cProcedur\u00eb prokurimi p\u00ebr kontraktimin e sh\u00ebrbimeve t\u00eb ekspertiz\u00ebs s\u00eb jashtme p\u00ebr zbatimin e aktiviteteve t\u00eb projektit \u201cRISTOR \u2013 Rural Innovation Centres for Sustainable and Inclusive Tourism\u201d' class='iconfont av-magazine-entry-icon' aria-hidden='true' data-av_icon='\ue836' data-av_iconfont='entypo-fontello'><\/a><\/div><div class='av-magazine-content-wrap'><header class='entry-content-header'><time class='av-magazine-time updated'  itemprop=\"datePublished\" datetime=\"2026-02-27T10:36:51+01:00\" >27\/02\/2026<\/time><h3 class='av-magazine-title entry-title '  itemprop=\"headline\" ><a href='https:\/\/observator.org.al\/sq\/procedure-prokurimi-per-kontraktimin-e-sherbimeve-te-ekspertizes-se-jashtme-per-zbatimin-e-aktiviteteve-te-projektit-ristor-rural-innovation-centres-for-sustainable-and-inc\/' title='Link to: \u201cProcedur\u00eb prokurimi p\u00ebr kontraktimin e sh\u00ebrbimeve t\u00eb ekspertiz\u00ebs s\u00eb jashtme p\u00ebr zbatimin e aktiviteteve t\u00eb projektit \u201cRISTOR \u2013 Rural Innovation Centres for Sustainable and Inclusive Tourism\u201d'>\u201cProcedur\u00eb prokurimi p\u00ebr kontraktimin e sh\u00ebrbimeve t\u00eb ekspertiz\u00ebs s\u00eb jashtme p\u00ebr zbatimin e aktiviteteve t\u00eb projektit \u201cRISTOR \u2013 Rural Innovation Centres for Sustainable and Inclusive Tourism\u201d<\/a><\/h3><\/header><\/div><footer class='entry-footer'><\/footer><\/article><article class='av-magazine-entry av-magazine-entry-id-8830 av-magazine-format-standard av-magazine-type-post av-magazine-entry-2 av-magazine-entry-small '  itemscope=\"itemscope\" itemtype=\"https:\/\/schema.org\/CreativeWork\" ><div class='av-magazine-thumbnail'><a href='https:\/\/observator.org.al\/sq\/ekspert-per-permiresimin-e-programeve-edukative-mbi-monitorimin-dhe-vleresimin-e-programeve-dhe-politikave\/' title='Link to: Ekspert p\u00ebr p\u00ebrmiresimin e programeve edukative mbi monitorimin dhe vler\u00ebsimin e programeve dhe politikave' class='iconfont av-magazine-entry-icon' aria-hidden='true' data-av_icon='\ue836' data-av_iconfont='entypo-fontello'><\/a><\/div><div class='av-magazine-content-wrap'><header class='entry-content-header'><time class='av-magazine-time updated'  itemprop=\"datePublished\" datetime=\"2023-01-20T14:55:02+01:00\" >20\/01\/2023<\/time><h3 class='av-magazine-title entry-title '  itemprop=\"headline\" ><a href='https:\/\/observator.org.al\/sq\/ekspert-per-permiresimin-e-programeve-edukative-mbi-monitorimin-dhe-vleresimin-e-programeve-dhe-politikave\/' title='Link to: Ekspert p\u00ebr p\u00ebrmiresimin e programeve edukative mbi monitorimin dhe vler\u00ebsimin e programeve dhe politikave'>Ekspert p\u00ebr p\u00ebrmiresimin e programeve edukative mbi monitorimin dhe vler\u00ebsimin e programeve dhe politikave<\/a><\/h3><\/header><\/div><footer class='entry-footer'><\/footer><\/article><article class='av-magazine-entry av-magazine-entry-id-8815 av-magazine-format-standard av-magazine-type-post av-magazine-entry-3 av-magazine-entry-small '  itemscope=\"itemscope\" itemtype=\"https:\/\/schema.org\/CreativeWork\" ><div class='av-magazine-thumbnail'><a href='https:\/\/observator.org.al\/sq\/thirrje-per-shprehje-interesi-ekspert-per-permiresimin-e-kurikules-mbi-monitorimin-dhe-vleresimin\/' title='Link to: THIRRJE P\u00cbR SHPREHJE INTERESI-EKSPERT P\u00cbR P\u00cbRMIR\u00cbSIMIN E KURIKUL\u00cbS MBI MONITORIMIN DHE VLER\u00cbSIMIN' class='iconfont av-magazine-entry-icon' aria-hidden='true' data-av_icon='\ue836' data-av_iconfont='entypo-fontello'><\/a><\/div><div class='av-magazine-content-wrap'><header class='entry-content-header'><time class='av-magazine-time updated'  itemprop=\"datePublished\" datetime=\"2023-01-09T10:00:16+01:00\" >09\/01\/2023<\/time><h3 class='av-magazine-title entry-title '  itemprop=\"headline\" ><a href='https:\/\/observator.org.al\/sq\/thirrje-per-shprehje-interesi-ekspert-per-permiresimin-e-kurikules-mbi-monitorimin-dhe-vleresimin\/' title='Link to: THIRRJE P\u00cbR SHPREHJE INTERESI-EKSPERT P\u00cbR P\u00cbRMIR\u00cbSIMIN E KURIKUL\u00cbS MBI MONITORIMIN DHE VLER\u00cbSIMIN'>THIRRJE P\u00cbR SHPREHJE INTERESI-EKSPERT P\u00cbR P\u00cbRMIR\u00cbSIMIN E KURIKUL\u00cbS MBI MONITORIMIN DHE VLER\u00cbSIMIN<\/a><\/h3><\/header><\/div><footer class='entry-footer'><\/footer><\/article><article class='av-magazine-entry av-magazine-entry-id-8610 av-magazine-format-standard av-magazine-type-post av-magazine-entry-4 av-magazine-entry-small '  itemscope=\"itemscope\" itemtype=\"https:\/\/schema.org\/CreativeWork\" ><div class='av-magazine-thumbnail'><a href='https:\/\/observator.org.al\/sq\/kerkese-per-oferte-2\/' title='Link to: K\u00ebrkes\u00eb P\u00ebr Ofert\u00eb' class='iconfont av-magazine-entry-icon' aria-hidden='true' data-av_icon='\ue836' data-av_iconfont='entypo-fontello'><\/a><\/div><div class='av-magazine-content-wrap'><header class='entry-content-header'><time class='av-magazine-time updated'  itemprop=\"datePublished\" datetime=\"2022-12-02T11:40:56+01:00\" >02\/12\/2022<\/time><h3 class='av-magazine-title entry-title '  itemprop=\"headline\" ><a href='https:\/\/observator.org.al\/sq\/kerkese-per-oferte-2\/' title='Link to: K\u00ebrkes\u00eb P\u00ebr Ofert\u00eb'>K\u00ebrkes\u00eb P\u00ebr Ofert\u00eb<\/a><\/h3><\/header><\/div><footer class='entry-footer'><\/footer><\/article><article class='av-magazine-entry av-magazine-entry-id-8607 av-magazine-format-standard av-magazine-type-post av-magazine-entry-5 av-magazine-entry-small '  itemscope=\"itemscope\" itemtype=\"https:\/\/schema.org\/CreativeWork\" ><div class='av-magazine-thumbnail'><a href='https:\/\/observator.org.al\/sq\/kerkese-per-oferte\/' title='Link to: K\u00cbRKES\u00cb P\u00cbR OFERT\u00cb' class='iconfont av-magazine-entry-icon' aria-hidden='true' data-av_icon='\ue836' data-av_iconfont='entypo-fontello'><\/a><\/div><div class='av-magazine-content-wrap'><header class='entry-content-header'><time class='av-magazine-time updated'  itemprop=\"datePublished\" datetime=\"2022-12-01T14:55:35+01:00\" >01\/12\/2022<\/time><h3 class='av-magazine-title entry-title '  itemprop=\"headline\" ><a href='https:\/\/observator.org.al\/sq\/kerkese-per-oferte\/' title='Link to: K\u00cbRKES\u00cb P\u00cbR OFERT\u00cb'>K\u00cbRKES\u00cb P\u00cbR OFERT\u00cb<\/a><\/h3><\/header><\/div><footer class='entry-footer'><\/footer><\/article><article class='av-magazine-entry av-magazine-entry-id-8594 av-magazine-format-standard av-magazine-type-post av-magazine-entry-6 av-magazine-entry-small '  itemscope=\"itemscope\" itemtype=\"https:\/\/schema.org\/CreativeWork\" ><div class='av-magazine-thumbnail'><a href='https:\/\/observator.org.al\/sq\/thirrje-per-shprehje-interesi-eksperte-per-te-analizuar-dhe-interpretuar-treguesit-e-privimit-te-femijeve\/' title='Link to: THIRRJE P\u00cbR SHPREHJE INTERESI-EKSPERT\u00cb P\u00cbR T\u00cb ANALIZUAR DHE INTERPRETUAR TREGUESIT E PRIVIMIT T\u00cb F\u00cbMIJ\u00cbVE' class='iconfont av-magazine-entry-icon' aria-hidden='true' data-av_icon='\ue836' data-av_iconfont='entypo-fontello'><\/a><\/div><div class='av-magazine-content-wrap'><header class='entry-content-header'><time class='av-magazine-time updated'  itemprop=\"datePublished\" datetime=\"2022-11-16T09:49:18+01:00\" >16\/11\/2022<\/time><h3 class='av-magazine-title entry-title '  itemprop=\"headline\" ><a href='https:\/\/observator.org.al\/sq\/thirrje-per-shprehje-interesi-eksperte-per-te-analizuar-dhe-interpretuar-treguesit-e-privimit-te-femijeve\/' title='Link to: THIRRJE P\u00cbR SHPREHJE INTERESI-EKSPERT\u00cb P\u00cbR T\u00cb ANALIZUAR DHE INTERPRETUAR TREGUESIT E PRIVIMIT T\u00cb F\u00cbMIJ\u00cbVE'>THIRRJE P\u00cbR SHPREHJE INTERESI-EKSPERT\u00cb P\u00cbR T\u00cb ANALIZUAR DHE INTERPRETUAR TREGUESIT E PRIVIMIT T\u00cb F\u00cbMIJ\u00cbVE<\/a><\/h3><\/header><\/div><footer class='entry-footer'><\/footer><\/article><article class='av-magazine-entry av-magazine-entry-id-8556 av-magazine-format-standard av-magazine-type-post av-magazine-entry-7 av-magazine-entry-small '  itemscope=\"itemscope\" itemtype=\"https:\/\/schema.org\/CreativeWork\" ><div class='av-magazine-thumbnail'><a href='https:\/\/observator.org.al\/sq\/prokurim-materialesh-ne-kuader-te-zbatimit-te-projektit-monitoring-and-reporting-on-children-rights-for-better-policy-option\/' title='Link to: Prokurim materialesh n\u00eb kuad\u00ebr t\u00eb zbatimit t\u00eb projektit \u201cMonitoring and Reporting on children rights for better policy option\u201d' class='iconfont av-magazine-entry-icon' aria-hidden='true' data-av_icon='\ue836' data-av_iconfont='entypo-fontello'><\/a><\/div><div class='av-magazine-content-wrap'><header class='entry-content-header'><time class='av-magazine-time updated'  itemprop=\"datePublished\" datetime=\"2022-10-26T13:54:13+02:00\" >26\/10\/2022<\/time><h3 class='av-magazine-title entry-title '  itemprop=\"headline\" ><a href='https:\/\/observator.org.al\/sq\/prokurim-materialesh-ne-kuader-te-zbatimit-te-projektit-monitoring-and-reporting-on-children-rights-for-better-policy-option\/' title='Link to: Prokurim materialesh n\u00eb kuad\u00ebr t\u00eb zbatimit t\u00eb projektit \u201cMonitoring and Reporting on children rights for better policy option\u201d'>Prokurim materialesh n\u00eb kuad\u00ebr t\u00eb zbatimit t\u00eb projektit \u201cMonitoring and Reporting on children rights for better policy option\u201d<\/a><\/h3><\/header><\/div><footer class='entry-footer'><\/footer><\/article><article class='av-magazine-entry av-magazine-entry-id-8550 av-magazine-format-standard av-magazine-type-post av-magazine-entry-8 av-magazine-entry-small '  itemscope=\"itemscope\" itemtype=\"https:\/\/schema.org\/CreativeWork\" ><div class='av-magazine-thumbnail'><a href='https:\/\/observator.org.al\/sq\/ripublikuar-thirrje-per-shprehje-interesi-eksperte-per-te-pergatitur-eu-indeks\/' title='Link to: RIPUBLIKUAR-THIRRJE P\u00cbR SHPREHJE INTERESI- EKSPERT\u00cb P\u00cbR T\u00cb P\u00cbRGATITUR EU INDEKS' class='iconfont av-magazine-entry-icon' aria-hidden='true' data-av_icon='\ue836' data-av_iconfont='entypo-fontello'><\/a><\/div><div class='av-magazine-content-wrap'><header class='entry-content-header'><time class='av-magazine-time updated'  itemprop=\"datePublished\" datetime=\"2022-10-21T10:26:55+02:00\" >21\/10\/2022<\/time><h3 class='av-magazine-title entry-title '  itemprop=\"headline\" ><a href='https:\/\/observator.org.al\/sq\/ripublikuar-thirrje-per-shprehje-interesi-eksperte-per-te-pergatitur-eu-indeks\/' title='Link to: RIPUBLIKUAR-THIRRJE P\u00cbR SHPREHJE INTERESI- EKSPERT\u00cb P\u00cbR T\u00cb P\u00cbRGATITUR EU INDEKS'>RIPUBLIKUAR-THIRRJE P\u00cbR SHPREHJE INTERESI- EKSPERT\u00cb P\u00cbR T\u00cb P\u00cbRGATITUR EU INDEKS<\/a><\/h3><\/header><\/div><footer class='entry-footer'><\/footer><\/article><article class='av-magazine-entry av-magazine-entry-id-8542 av-magazine-format-standard av-magazine-type-post av-magazine-entry-9 av-magazine-entry-small '  itemscope=\"itemscope\" itemtype=\"https:\/\/schema.org\/CreativeWork\" ><div class='av-magazine-thumbnail'><a href='https:\/\/observator.org.al\/sq\/thirrje-per-shprehje-interesi-lehtesues-aktiviteti\/' title='Link to: Thirrje p\u00ebr shprehje interesi- Lehtesues aktiviteti' class='iconfont av-magazine-entry-icon' aria-hidden='true' data-av_icon='\ue836' data-av_iconfont='entypo-fontello'><\/a><\/div><div class='av-magazine-content-wrap'><header class='entry-content-header'><time class='av-magazine-time updated'  itemprop=\"datePublished\" datetime=\"2022-10-20T16:11:34+02:00\" >20\/10\/2022<\/time><h3 class='av-magazine-title entry-title '  itemprop=\"headline\" ><a href='https:\/\/observator.org.al\/sq\/thirrje-per-shprehje-interesi-lehtesues-aktiviteti\/' title='Link to: Thirrje p\u00ebr shprehje interesi- Lehtesues aktiviteti'>Thirrje p\u00ebr shprehje interesi- Lehtesues aktiviteti<\/a><\/h3><\/header><\/div><footer class='entry-footer'><\/footer><\/article><article class='av-magazine-entry av-magazine-entry-id-8539 av-magazine-format-standard av-magazine-type-post av-magazine-entry-10 av-magazine-entry-small '  itemscope=\"itemscope\" itemtype=\"https:\/\/schema.org\/CreativeWork\" ><div class='av-magazine-thumbnail'><a href='https:\/\/observator.org.al\/sq\/thirrje-per-shprehje-interesi-trajner\/' title='Link to: Thirrje p\u00ebr shprehje interesi- Trajner' class='iconfont av-magazine-entry-icon' aria-hidden='true' data-av_icon='\ue836' data-av_iconfont='entypo-fontello'><\/a><\/div><div class='av-magazine-content-wrap'><header class='entry-content-header'><time class='av-magazine-time updated'  itemprop=\"datePublished\" datetime=\"2022-10-20T16:07:42+02:00\" >20\/10\/2022<\/time><h3 class='av-magazine-title entry-title '  itemprop=\"headline\" ><a href='https:\/\/observator.org.al\/sq\/thirrje-per-shprehje-interesi-trajner\/' title='Link to: Thirrje p\u00ebr shprehje interesi- Trajner'>Thirrje p\u00ebr shprehje interesi- Trajner<\/a><\/h3><\/header><\/div><footer class='entry-footer'><\/footer><\/article><article class='av-magazine-entry av-magazine-entry-id-8517 av-magazine-format-standard av-magazine-type-post av-magazine-entry-11 av-magazine-entry-small '  itemscope=\"itemscope\" itemtype=\"https:\/\/schema.org\/CreativeWork\" ><div class='av-magazine-thumbnail'><a href='https:\/\/observator.org.al\/sq\/thirrje-per-shprehje-interesi-eksperte-per-te-pergatitur-eu-indeks\/' title='Link to: THIRRJE P\u00cbR SHPREHJE INTERESI- EKSPERT\u00cb P\u00cbR T\u00cb P\u00cbRGATITUR EU INDEKS' class='iconfont av-magazine-entry-icon' aria-hidden='true' data-av_icon='\ue836' data-av_iconfont='entypo-fontello'><\/a><\/div><div class='av-magazine-content-wrap'><header class='entry-content-header'><time class='av-magazine-time updated'  itemprop=\"datePublished\" datetime=\"2022-10-10T11:44:27+02:00\" >10\/10\/2022<\/time><h3 class='av-magazine-title entry-title '  itemprop=\"headline\" ><a href='https:\/\/observator.org.al\/sq\/thirrje-per-shprehje-interesi-eksperte-per-te-pergatitur-eu-indeks\/' title='Link to: THIRRJE P\u00cbR SHPREHJE INTERESI- EKSPERT\u00cb P\u00cbR T\u00cb P\u00cbRGATITUR EU INDEKS'>THIRRJE P\u00cbR SHPREHJE INTERESI- EKSPERT\u00cb P\u00cbR T\u00cb P\u00cbRGATITUR EU INDEKS<\/a><\/h3><\/header><\/div><footer class='entry-footer'><\/footer><\/article><article class='av-magazine-entry av-magazine-entry-id-8514 av-magazine-format-standard av-magazine-type-post av-magazine-entry-12 av-magazine-entry-small '  itemscope=\"itemscope\" itemtype=\"https:\/\/schema.org\/CreativeWork\" ><div class='av-magazine-thumbnail'><a href='https:\/\/observator.org.al\/sq\/ripublikuar-njoftim-punesimi-akelius-project-assistant-2\/' title='Link to: Ripublikuar-Njoftim pun\u00ebsimi- Akelius Project Assistant' class='iconfont av-magazine-entry-icon' aria-hidden='true' data-av_icon='\ue836' data-av_iconfont='entypo-fontello'><\/a><\/div><div class='av-magazine-content-wrap'><header class='entry-content-header'><time class='av-magazine-time updated'  itemprop=\"datePublished\" datetime=\"2022-10-04T12:05:48+02:00\" >04\/10\/2022<\/time><h3 class='av-magazine-title entry-title '  itemprop=\"headline\" ><a href='https:\/\/observator.org.al\/sq\/ripublikuar-njoftim-punesimi-akelius-project-assistant-2\/' title='Link to: Ripublikuar-Njoftim pun\u00ebsimi- Akelius Project Assistant'>Ripublikuar-Njoftim pun\u00ebsimi- Akelius Project Assistant<\/a><\/h3><\/header><\/div><footer class='entry-footer'><\/footer><\/article><article class='av-magazine-entry av-magazine-entry-id-8506 av-magazine-format-standard av-magazine-type-post av-magazine-entry-13 av-magazine-entry-small '  itemscope=\"itemscope\" itemtype=\"https:\/\/schema.org\/CreativeWork\" ><div class='av-magazine-thumbnail'><a href='https:\/\/observator.org.al\/sq\/ripublikuar-njoftim-punesimi-akelius-project-assistant\/' title='Link to: Ripublikuar-Njoftim pun\u00ebsimi- Akelius Project Assistant' class='iconfont av-magazine-entry-icon' aria-hidden='true' data-av_icon='\ue836' data-av_iconfont='entypo-fontello'><\/a><\/div><div class='av-magazine-content-wrap'><header class='entry-content-header'><time class='av-magazine-time updated'  itemprop=\"datePublished\" datetime=\"2022-09-26T10:53:42+02:00\" >26\/09\/2022<\/time><h3 class='av-magazine-title entry-title '  itemprop=\"headline\" ><a href='https:\/\/observator.org.al\/sq\/ripublikuar-njoftim-punesimi-akelius-project-assistant\/' title='Link to: Ripublikuar-Njoftim pun\u00ebsimi- Akelius Project Assistant'>Ripublikuar-Njoftim pun\u00ebsimi- Akelius Project Assistant<\/a><\/h3><\/header><\/div><footer class='entry-footer'><\/footer><\/article><article class='av-magazine-entry av-magazine-entry-id-8500 av-magazine-format-standard av-magazine-type-post av-magazine-entry-14 av-magazine-entry-small '  itemscope=\"itemscope\" itemtype=\"https:\/\/schema.org\/CreativeWork\" ><div class='av-magazine-thumbnail'><a href='https:\/\/observator.org.al\/sq\/thirrje-per-shprehje-interesi-ekspert-per-te-dokumentuar-workshop-et\/' title='Link to: THIRRJE P\u00cbR SHPREHJE INTERESI- EKSPERT P\u00cbR T\u00cb DOKUMENTUAR WORKSHOP-ET' class='iconfont av-magazine-entry-icon' aria-hidden='true' data-av_icon='\ue836' data-av_iconfont='entypo-fontello'><\/a><\/div><div class='av-magazine-content-wrap'><header class='entry-content-header'><time class='av-magazine-time updated'  itemprop=\"datePublished\" datetime=\"2022-09-13T14:42:53+02:00\" >13\/09\/2022<\/time><h3 class='av-magazine-title entry-title '  itemprop=\"headline\" ><a href='https:\/\/observator.org.al\/sq\/thirrje-per-shprehje-interesi-ekspert-per-te-dokumentuar-workshop-et\/' title='Link to: THIRRJE P\u00cbR SHPREHJE INTERESI- EKSPERT P\u00cbR T\u00cb DOKUMENTUAR WORKSHOP-ET'>THIRRJE P\u00cbR SHPREHJE INTERESI- EKSPERT P\u00cbR T\u00cb DOKUMENTUAR WORKSHOP-ET<\/a><\/h3><\/header><\/div><footer class='entry-footer'><\/footer><\/article><article class='av-magazine-entry av-magazine-entry-id-8492 av-magazine-format-standard av-magazine-type-post av-magazine-entry-15 av-magazine-entry-small '  itemscope=\"itemscope\" itemtype=\"https:\/\/schema.org\/CreativeWork\" ><div class='av-magazine-thumbnail'><a href='https:\/\/observator.org.al\/sq\/thirrje-per-shprehje-interesi-ekspert-per-te-pergatitur-nje-broshure\/' title='Link to: THIRRJE P\u00cbR SHPREHJE INTERESI- EKSPERT P\u00cbR T\u00cb P\u00cbRGATITUR NJ\u00cb BROSHUR\u00cb' class='iconfont av-magazine-entry-icon' aria-hidden='true' data-av_icon='\ue836' data-av_iconfont='entypo-fontello'><\/a><\/div><div class='av-magazine-content-wrap'><header class='entry-content-header'><time class='av-magazine-time updated'  itemprop=\"datePublished\" datetime=\"2022-09-13T14:30:32+02:00\" >13\/09\/2022<\/time><h3 class='av-magazine-title entry-title '  itemprop=\"headline\" ><a href='https:\/\/observator.org.al\/sq\/thirrje-per-shprehje-interesi-ekspert-per-te-pergatitur-nje-broshure\/' title='Link to: THIRRJE P\u00cbR SHPREHJE INTERESI- EKSPERT P\u00cbR T\u00cb P\u00cbRGATITUR NJ\u00cb BROSHUR\u00cb'>THIRRJE P\u00cbR SHPREHJE INTERESI- EKSPERT P\u00cbR T\u00cb P\u00cbRGATITUR NJ\u00cb BROSHUR\u00cb<\/a><\/h3><\/header><\/div><footer class='entry-footer'><\/footer><\/article><article class='av-magazine-entry av-magazine-entry-id-8483 av-magazine-format-standard av-magazine-type-post av-magazine-entry-16 av-magazine-entry-small '  itemscope=\"itemscope\" itemtype=\"https:\/\/schema.org\/CreativeWork\" ><div class='av-magazine-thumbnail'><a href='https:\/\/observator.org.al\/sq\/thirrje-per-shprehje-interesi-ekspert-per-te-pergatitur-treguesit-mbi-deprivimin\/' title='Link to: THIRRJE P\u00cbR SHPREHJE INTERESI- EKSPERT P\u00cbR T\u00cb P\u00cbRGATITUR TREGUESIT MBI DEPRIVIMIN' class='iconfont av-magazine-entry-icon' aria-hidden='true' data-av_icon='\ue836' data-av_iconfont='entypo-fontello'><\/a><\/div><div class='av-magazine-content-wrap'><header class='entry-content-header'><time class='av-magazine-time updated'  itemprop=\"datePublished\" datetime=\"2022-09-13T14:19:57+02:00\" >13\/09\/2022<\/time><h3 class='av-magazine-title entry-title '  itemprop=\"headline\" ><a href='https:\/\/observator.org.al\/sq\/thirrje-per-shprehje-interesi-ekspert-per-te-pergatitur-treguesit-mbi-deprivimin\/' title='Link to: THIRRJE P\u00cbR SHPREHJE INTERESI- EKSPERT P\u00cbR T\u00cb P\u00cbRGATITUR TREGUESIT MBI DEPRIVIMIN'>THIRRJE P\u00cbR SHPREHJE INTERESI- EKSPERT P\u00cbR T\u00cb P\u00cbRGATITUR TREGUESIT MBI DEPRIVIMIN<\/a><\/h3><\/header><\/div><footer class='entry-footer'><\/footer><\/article><article class='av-magazine-entry av-magazine-entry-id-8473 av-magazine-format-standard av-magazine-type-post av-magazine-entry-17 av-magazine-entry-small '  itemscope=\"itemscope\" itemtype=\"https:\/\/schema.org\/CreativeWork\" ><div class='av-magazine-thumbnail'><a href='https:\/\/observator.org.al\/sq\/thirrje-per-shprehje-interesi-ekspert\/' title='Link to: THIRRJE P\u00cbR SHPREHJE INTERESI- EKSPERT' class='iconfont av-magazine-entry-icon' aria-hidden='true' data-av_icon='\ue836' data-av_iconfont='entypo-fontello'><\/a><\/div><div class='av-magazine-content-wrap'><header class='entry-content-header'><time class='av-magazine-time updated'  itemprop=\"datePublished\" datetime=\"2022-09-07T10:05:47+02:00\" >07\/09\/2022<\/time><h3 class='av-magazine-title entry-title '  itemprop=\"headline\" ><a href='https:\/\/observator.org.al\/sq\/thirrje-per-shprehje-interesi-ekspert\/' title='Link to: THIRRJE P\u00cbR SHPREHJE INTERESI- EKSPERT'>THIRRJE P\u00cbR SHPREHJE INTERESI- EKSPERT<\/a><\/h3><\/header><\/div><footer class='entry-footer'><\/footer><\/article><article class='av-magazine-entry av-magazine-entry-id-8469 av-magazine-format-standard av-magazine-type-post av-magazine-entry-18 av-magazine-entry-small '  itemscope=\"itemscope\" itemtype=\"https:\/\/schema.org\/CreativeWork\" ><div class='av-magazine-thumbnail'><a href='https:\/\/observator.org.al\/sq\/njoftim-punesimi-akelius-project-assistant\/' title='Link to: Njoftim pun\u00ebsimi- Akelius Project Assistant' class='iconfont av-magazine-entry-icon' aria-hidden='true' data-av_icon='\ue836' data-av_iconfont='entypo-fontello'><\/a><\/div><div class='av-magazine-content-wrap'><header class='entry-content-header'><time class='av-magazine-time updated'  itemprop=\"datePublished\" datetime=\"2022-09-02T15:50:07+02:00\" >02\/09\/2022<\/time><h3 class='av-magazine-title entry-title '  itemprop=\"headline\" ><a href='https:\/\/observator.org.al\/sq\/njoftim-punesimi-akelius-project-assistant\/' title='Link to: Njoftim pun\u00ebsimi- Akelius Project Assistant'>Njoftim pun\u00ebsimi- Akelius Project Assistant<\/a><\/h3><\/header><\/div><footer class='entry-footer'><\/footer><\/article><article class='av-magazine-entry av-magazine-entry-id-8466 av-magazine-format-standard av-magazine-type-post av-magazine-entry-19 av-magazine-entry-small '  itemscope=\"itemscope\" itemtype=\"https:\/\/schema.org\/CreativeWork\" ><div class='av-magazine-thumbnail'><a href='https:\/\/observator.org.al\/sq\/kerkese-per-oferte-blerje-paisje\/' title='Link to: K\u00ebrkes\u00eb p\u00ebr Ofert\u00eb- Blerje Paisje' class='iconfont av-magazine-entry-icon' aria-hidden='true' data-av_icon='\ue836' data-av_iconfont='entypo-fontello'><\/a><\/div><div class='av-magazine-content-wrap'><header class='entry-content-header'><time class='av-magazine-time updated'  itemprop=\"datePublished\" datetime=\"2022-09-01T17:04:56+02:00\" >01\/09\/2022<\/time><h3 class='av-magazine-title entry-title '  itemprop=\"headline\" ><a href='https:\/\/observator.org.al\/sq\/kerkese-per-oferte-blerje-paisje\/' title='Link to: K\u00ebrkes\u00eb p\u00ebr Ofert\u00eb- Blerje Paisje'>K\u00ebrkes\u00eb p\u00ebr Ofert\u00eb- Blerje Paisje<\/a><\/h3><\/header><\/div><footer class='entry-footer'><\/footer><\/article><article class='av-magazine-entry av-magazine-entry-id-7525 av-magazine-format-standard av-magazine-type-post av-magazine-entry-20 av-magazine-entry-small '  itemscope=\"itemscope\" itemtype=\"https:\/\/schema.org\/CreativeWork\" ><div class='av-magazine-thumbnail'><a href='https:\/\/observator.org.al\/sq\/thirrje-per-shprehje-interesi-ekspert-per-planifikimin-dhe-dizenjimin-e-fushates-se-sms-ve\/' title='Link to: THIRRJE P\u00cbR SHPREHJE INTERESI- Ekspert p\u00ebr planifikimin dhe dizenjimin e fushat\u00ebs s\u00eb SMS-ve' class='iconfont av-magazine-entry-icon' aria-hidden='true' data-av_icon='\ue836' data-av_iconfont='entypo-fontello'><\/a><\/div><div class='av-magazine-content-wrap'><header class='entry-content-header'><time class='av-magazine-time updated'  itemprop=\"datePublished\" datetime=\"2022-06-23T10:12:42+02:00\" >23\/06\/2022<\/time><h3 class='av-magazine-title entry-title '  itemprop=\"headline\" ><a href='https:\/\/observator.org.al\/sq\/thirrje-per-shprehje-interesi-ekspert-per-planifikimin-dhe-dizenjimin-e-fushates-se-sms-ve\/' title='Link to: THIRRJE P\u00cbR SHPREHJE INTERESI- Ekspert p\u00ebr planifikimin dhe dizenjimin e fushat\u00ebs s\u00eb SMS-ve'>THIRRJE P\u00cbR SHPREHJE INTERESI- Ekspert p\u00ebr planifikimin dhe dizenjimin e fushat\u00ebs s\u00eb SMS-ve<\/a><\/h3><\/header><\/div><footer class='entry-footer'><\/footer><\/article><article class='av-magazine-entry av-magazine-entry-id-7518 av-magazine-format-standard av-magazine-type-post av-magazine-entry-21 av-magazine-entry-small '  itemscope=\"itemscope\" itemtype=\"https:\/\/schema.org\/CreativeWork\" ><div class='av-magazine-thumbnail'><a href='https:\/\/observator.org.al\/sq\/ripublikuar-thirrje-per-shprehje-interesi-ekspert-per-pergatitjen-e-publikimit-te-femijeve-te-instat\/' title='Link to: Ripublikuar-Thirrje p\u00ebr shprehje interesi- Ekspert p\u00ebr p\u00ebrgatitjen e publikimit t\u00eb f\u00ebmij\u00ebve t\u00eb INSTAT' class='iconfont av-magazine-entry-icon' aria-hidden='true' data-av_icon='\ue836' data-av_iconfont='entypo-fontello'><\/a><\/div><div class='av-magazine-content-wrap'><header class='entry-content-header'><time class='av-magazine-time updated'  itemprop=\"datePublished\" datetime=\"2022-06-13T16:17:19+02:00\" >13\/06\/2022<\/time><h3 class='av-magazine-title entry-title '  itemprop=\"headline\" ><a href='https:\/\/observator.org.al\/sq\/ripublikuar-thirrje-per-shprehje-interesi-ekspert-per-pergatitjen-e-publikimit-te-femijeve-te-instat\/' title='Link to: Ripublikuar-Thirrje p\u00ebr shprehje interesi- Ekspert p\u00ebr p\u00ebrgatitjen e publikimit t\u00eb f\u00ebmij\u00ebve t\u00eb INSTAT'>Ripublikuar-Thirrje p\u00ebr shprehje interesi- Ekspert p\u00ebr p\u00ebrgatitjen e publikimit t\u00eb f\u00ebmij\u00ebve t\u00eb INSTAT<\/a><\/h3><\/header><\/div><footer class='entry-footer'><\/footer><\/article><article class='av-magazine-entry av-magazine-entry-id-7511 av-magazine-format-standard av-magazine-type-post av-magazine-entry-22 av-magazine-entry-small '  itemscope=\"itemscope\" itemtype=\"https:\/\/schema.org\/CreativeWork\" ><div class='av-magazine-thumbnail'><a href='https:\/\/observator.org.al\/sq\/thirrje-per-shprehje-interesi-ekspert-per-te-pergatitur-sondazhet-dhe-mesazhet\/' title='Link to: Thirrje p\u00ebr shprehje interesi-Ekspert p\u00ebr t\u00eb p\u00ebrgatitur sondazhet dhe mesazhet' class='iconfont av-magazine-entry-icon' aria-hidden='true' data-av_icon='\ue836' data-av_iconfont='entypo-fontello'><\/a><\/div><div class='av-magazine-content-wrap'><header class='entry-content-header'><time class='av-magazine-time updated'  itemprop=\"datePublished\" datetime=\"2022-06-10T15:52:10+02:00\" >10\/06\/2022<\/time><h3 class='av-magazine-title entry-title '  itemprop=\"headline\" ><a href='https:\/\/observator.org.al\/sq\/thirrje-per-shprehje-interesi-ekspert-per-te-pergatitur-sondazhet-dhe-mesazhet\/' title='Link to: Thirrje p\u00ebr shprehje interesi-Ekspert p\u00ebr t\u00eb p\u00ebrgatitur sondazhet dhe mesazhet'>Thirrje p\u00ebr shprehje interesi-Ekspert p\u00ebr t\u00eb p\u00ebrgatitur sondazhet dhe mesazhet<\/a><\/h3><\/header><\/div><footer class='entry-footer'><\/footer><\/article><article class='av-magazine-entry av-magazine-entry-id-7506 av-magazine-format-standard av-magazine-type-post av-magazine-entry-23 av-magazine-entry-small '  itemscope=\"itemscope\" itemtype=\"https:\/\/schema.org\/CreativeWork\" ><div class='av-magazine-thumbnail'><a href='https:\/\/observator.org.al\/sq\/thirrje-per-shprehje-interesi-manager-i-rrjeteve-sociale\/' title='Link to: Thirrje p\u00ebr shprehje interesi-Manager i rrjeteve sociale' class='iconfont av-magazine-entry-icon' aria-hidden='true' data-av_icon='\ue836' data-av_iconfont='entypo-fontello'><\/a><\/div><div class='av-magazine-content-wrap'><header class='entry-content-header'><time class='av-magazine-time updated'  itemprop=\"datePublished\" datetime=\"2022-06-10T15:41:55+02:00\" >10\/06\/2022<\/time><h3 class='av-magazine-title entry-title '  itemprop=\"headline\" ><a href='https:\/\/observator.org.al\/sq\/thirrje-per-shprehje-interesi-manager-i-rrjeteve-sociale\/' title='Link to: Thirrje p\u00ebr shprehje interesi-Manager i rrjeteve sociale'>Thirrje p\u00ebr shprehje interesi-Manager i rrjeteve sociale<\/a><\/h3><\/header><\/div><footer class='entry-footer'><\/footer><\/article><article class='av-magazine-entry av-magazine-entry-id-7500 av-magazine-format-standard av-magazine-type-post av-magazine-entry-24 av-magazine-entry-small '  itemscope=\"itemscope\" itemtype=\"https:\/\/schema.org\/CreativeWork\" ><div class='av-magazine-thumbnail'><a href='https:\/\/observator.org.al\/sq\/thirrje-per-shprehje-interesi-eksperte-per-pergatitjen-e-publikimit-te-femijeve-te-instat\/' title='Link to: Thirrje p\u00ebr shprehje interesi- Ekspert\u00eb p\u00ebr p\u00ebrgatitjen e publikimit t\u00eb f\u00ebmij\u00ebve t\u00eb INSTAT' class='iconfont av-magazine-entry-icon' aria-hidden='true' data-av_icon='\ue836' data-av_iconfont='entypo-fontello'><\/a><\/div><div class='av-magazine-content-wrap'><header class='entry-content-header'><time class='av-magazine-time updated'  itemprop=\"datePublished\" datetime=\"2022-05-31T14:28:19+02:00\" >31\/05\/2022<\/time><h3 class='av-magazine-title entry-title '  itemprop=\"headline\" ><a href='https:\/\/observator.org.al\/sq\/thirrje-per-shprehje-interesi-eksperte-per-pergatitjen-e-publikimit-te-femijeve-te-instat\/' title='Link to: Thirrje p\u00ebr shprehje interesi- Ekspert\u00eb p\u00ebr p\u00ebrgatitjen e publikimit t\u00eb f\u00ebmij\u00ebve t\u00eb INSTAT'>Thirrje p\u00ebr shprehje interesi- Ekspert\u00eb p\u00ebr p\u00ebrgatitjen e publikimit t\u00eb f\u00ebmij\u00ebve t\u00eb INSTAT<\/a><\/h3><\/header><\/div><footer class='entry-footer'><\/footer><\/article><article class='av-magazine-entry av-magazine-entry-id-7496 av-magazine-format-standard av-magazine-type-post av-magazine-entry-25 av-magazine-entry-small '  itemscope=\"itemscope\" itemtype=\"https:\/\/schema.org\/CreativeWork\" ><div class='av-magazine-thumbnail'><a href='https:\/\/observator.org.al\/sq\/thirrje-per-shprehje-interesi-ekspert-per-organizimin-dhe-lehtesimin-e-workshopeve\/' title='Link to: Thirrje p\u00ebr shprehje interesi-Ekspert p\u00ebr organizimin dhe leht\u00ebsimin e workshopeve' class='iconfont av-magazine-entry-icon' aria-hidden='true' data-av_icon='\ue836' data-av_iconfont='entypo-fontello'><\/a><\/div><div class='av-magazine-content-wrap'><header class='entry-content-header'><time class='av-magazine-time updated'  itemprop=\"datePublished\" datetime=\"2022-05-30T12:58:03+02:00\" >30\/05\/2022<\/time><h3 class='av-magazine-title entry-title '  itemprop=\"headline\" ><a href='https:\/\/observator.org.al\/sq\/thirrje-per-shprehje-interesi-ekspert-per-organizimin-dhe-lehtesimin-e-workshopeve\/' title='Link to: Thirrje p\u00ebr shprehje interesi-Ekspert p\u00ebr organizimin dhe leht\u00ebsimin e workshopeve'>Thirrje p\u00ebr shprehje interesi-Ekspert p\u00ebr organizimin dhe leht\u00ebsimin e workshopeve<\/a><\/h3><\/header><\/div><footer class='entry-footer'><\/footer><\/article><article class='av-magazine-entry av-magazine-entry-id-7489 av-magazine-format-standard av-magazine-type-post av-magazine-entry-26 av-magazine-entry-small '  itemscope=\"itemscope\" itemtype=\"https:\/\/schema.org\/CreativeWork\" ><div class='av-magazine-thumbnail'><a href='https:\/\/observator.org.al\/sq\/thirrje-per-shprehje-interesi-ekspert-ligjor\/' title='Link to: Thirrje p\u00ebr shprehje interesi-Ekspert ligjor' class='iconfont av-magazine-entry-icon' aria-hidden='true' data-av_icon='\ue836' data-av_iconfont='entypo-fontello'><\/a><\/div><div class='av-magazine-content-wrap'><header class='entry-content-header'><time class='av-magazine-time updated'  itemprop=\"datePublished\" datetime=\"2022-05-27T13:30:06+02:00\" >27\/05\/2022<\/time><h3 class='av-magazine-title entry-title '  itemprop=\"headline\" ><a href='https:\/\/observator.org.al\/sq\/thirrje-per-shprehje-interesi-ekspert-ligjor\/' title='Link to: Thirrje p\u00ebr shprehje interesi-Ekspert ligjor'>Thirrje p\u00ebr shprehje interesi-Ekspert ligjor<\/a><\/h3><\/header><\/div><footer class='entry-footer'><\/footer><\/article><article class='av-magazine-entry av-magazine-entry-id-7484 av-magazine-format-standard av-magazine-type-post av-magazine-entry-27 av-magazine-entry-small '  itemscope=\"itemscope\" itemtype=\"https:\/\/schema.org\/CreativeWork\" ><div class='av-magazine-thumbnail'><a href='https:\/\/observator.org.al\/sq\/thirrje-per-shprehje-interesi-ekspert-staticien\/' title='Link to: Thirrje p\u00ebr shprehje interesi- Ekspert Staticien' class='iconfont av-magazine-entry-icon' aria-hidden='true' data-av_icon='\ue836' data-av_iconfont='entypo-fontello'><\/a><\/div><div class='av-magazine-content-wrap'><header class='entry-content-header'><time class='av-magazine-time updated'  itemprop=\"datePublished\" datetime=\"2022-05-27T13:24:11+02:00\" >27\/05\/2022<\/time><h3 class='av-magazine-title entry-title '  itemprop=\"headline\" ><a href='https:\/\/observator.org.al\/sq\/thirrje-per-shprehje-interesi-ekspert-staticien\/' title='Link to: Thirrje p\u00ebr shprehje interesi- Ekspert Staticien'>Thirrje p\u00ebr shprehje interesi- Ekspert Staticien<\/a><\/h3><\/header><\/div><footer class='entry-footer'><\/footer><\/article><article class='av-magazine-entry av-magazine-entry-id-7467 av-magazine-format-standard av-magazine-type-post av-magazine-entry-28 av-magazine-entry-small '  itemscope=\"itemscope\" itemtype=\"https:\/\/schema.org\/CreativeWork\" ><div class='av-magazine-thumbnail'><a href='https:\/\/observator.org.al\/sq\/thirrje-per-shprehje-interesi-4\/' title='Link to: Thirrje per Shprehje Interesi' class='iconfont av-magazine-entry-icon' aria-hidden='true' data-av_icon='\ue836' data-av_iconfont='entypo-fontello'><\/a><\/div><div class='av-magazine-content-wrap'><header class='entry-content-header'><time class='av-magazine-time updated'  itemprop=\"datePublished\" datetime=\"2022-05-24T15:11:09+02:00\" >24\/05\/2022<\/time><h3 class='av-magazine-title entry-title '  itemprop=\"headline\" ><a href='https:\/\/observator.org.al\/sq\/thirrje-per-shprehje-interesi-4\/' title='Link to: Thirrje per Shprehje Interesi'>Thirrje per Shprehje Interesi<\/a><\/h3><\/header><\/div><footer class='entry-footer'><\/footer><\/article><article class='av-magazine-entry av-magazine-entry-id-7463 av-magazine-format-standard av-magazine-type-post av-magazine-entry-29 av-magazine-entry-small '  itemscope=\"itemscope\" itemtype=\"https:\/\/schema.org\/CreativeWork\" ><div class='av-magazine-thumbnail'><a href='https:\/\/observator.org.al\/sq\/thirrje-per-shprehje-interesi-3\/' title='Link to: THIRRJE P\u00cbR SHPREHJE INTERESI' class='iconfont av-magazine-entry-icon' aria-hidden='true' data-av_icon='\ue836' data-av_iconfont='entypo-fontello'><\/a><\/div><div class='av-magazine-content-wrap'><header class='entry-content-header'><time class='av-magazine-time updated'  itemprop=\"datePublished\" datetime=\"2022-05-24T15:10:00+02:00\" >24\/05\/2022<\/time><h3 class='av-magazine-title entry-title '  itemprop=\"headline\" ><a href='https:\/\/observator.org.al\/sq\/thirrje-per-shprehje-interesi-3\/' title='Link to: THIRRJE P\u00cbR SHPREHJE INTERESI'>THIRRJE P\u00cbR SHPREHJE INTERESI<\/a><\/h3><\/header><\/div><footer class='entry-footer'><\/footer><\/article><article class='av-magazine-entry av-magazine-entry-id-7448 av-magazine-format-standard av-magazine-type-post av-magazine-entry-30 av-magazine-entry-small '  itemscope=\"itemscope\" itemtype=\"https:\/\/schema.org\/CreativeWork\" ><div class='av-magazine-thumbnail'><a href='https:\/\/observator.org.al\/sq\/thirrje-per-shprehje-interesi-2\/' title='Link to: Thirrje p\u00ebr shprehje interesi' class='iconfont av-magazine-entry-icon' aria-hidden='true' data-av_icon='\ue836' data-av_iconfont='entypo-fontello'><\/a><\/div><div class='av-magazine-content-wrap'><header class='entry-content-header'><time class='av-magazine-time updated'  itemprop=\"datePublished\" datetime=\"2022-05-20T13:46:11+02:00\" >20\/05\/2022<\/time><h3 class='av-magazine-title entry-title '  itemprop=\"headline\" ><a href='https:\/\/observator.org.al\/sq\/thirrje-per-shprehje-interesi-2\/' title='Link to: Thirrje p\u00ebr shprehje interesi'>Thirrje p\u00ebr shprehje interesi<\/a><\/h3><\/header><\/div><footer class='entry-footer'><\/footer><\/article><article class='av-magazine-entry av-magazine-entry-id-7441 av-magazine-format-standard av-magazine-type-post av-magazine-entry-31 av-magazine-entry-small '  itemscope=\"itemscope\" itemtype=\"https:\/\/schema.org\/CreativeWork\" ><div class='av-magazine-thumbnail'><a href='https:\/\/observator.org.al\/sq\/thirrje-per-shprehje-interesi\/' title='Link to: Thirrje p\u00ebr shprehje interesi' class='iconfont av-magazine-entry-icon' aria-hidden='true' data-av_icon='\ue836' data-av_iconfont='entypo-fontello'><\/a><\/div><div class='av-magazine-content-wrap'><header class='entry-content-header'><time class='av-magazine-time updated'  itemprop=\"datePublished\" datetime=\"2022-05-20T13:14:56+02:00\" >20\/05\/2022<\/time><h3 class='av-magazine-title entry-title '  itemprop=\"headline\" ><a href='https:\/\/observator.org.al\/sq\/thirrje-per-shprehje-interesi\/' title='Link to: Thirrje p\u00ebr shprehje interesi'>Thirrje p\u00ebr shprehje interesi<\/a><\/h3><\/header><\/div><footer class='entry-footer'><\/footer><\/article><article class='av-magazine-entry av-magazine-entry-id-6550 av-magazine-format-standard av-magazine-type-post av-magazine-entry-32 av-magazine-entry-small '  itemscope=\"itemscope\" itemtype=\"https:\/\/schema.org\/CreativeWork\" ><div class='av-magazine-thumbnail'><a href='https:\/\/observator.org.al\/sq\/mbeshtetje-me-pako-ushqimore-higjenike-per-245-familje-ne-nevoje-bashkia-shkoder-korce-dhe-klos\/' title='Link to: Mbeshtetje me pako ushqimore -higjenike per 245 familje ne nevoje &#8211; Bashkia Shkoder, Korce dhe Klos' class='iconfont av-magazine-entry-icon' aria-hidden='true' data-av_icon='\ue836' data-av_iconfont='entypo-fontello'><\/a><\/div><div class='av-magazine-content-wrap'><header class='entry-content-header'><time class='av-magazine-time updated'  itemprop=\"datePublished\" datetime=\"2020-05-21T09:57:54+02:00\" >21\/05\/2020<\/time><h3 class='av-magazine-title entry-title '  itemprop=\"headline\" ><a href='https:\/\/observator.org.al\/sq\/mbeshtetje-me-pako-ushqimore-higjenike-per-245-familje-ne-nevoje-bashkia-shkoder-korce-dhe-klos\/' title='Link to: Mbeshtetje me pako ushqimore -higjenike per 245 familje ne nevoje &#8211; Bashkia Shkoder, Korce dhe Klos'>Mbeshtetje me pako ushqimore -higjenike per 245 familje ne nevoje &#8211; Bashkia Shkoder, Korce dhe Klos<\/a><\/h3><\/header><\/div><footer class='entry-footer'><\/footer><\/article><article class='av-magazine-entry av-magazine-entry-id-6008 av-magazine-format-standard av-magazine-type-post av-magazine-entry-33 av-magazine-entry-small '  itemscope=\"itemscope\" itemtype=\"https:\/\/schema.org\/CreativeWork\" ><div class='av-magazine-thumbnail'><a href='https:\/\/observator.org.al\/sq\/beteja-kunder-marteses-se-femijeve\/' title='Link to: Beteja kund\u00ebr Martes\u00ebs s\u00eb F\u00ebmij\u00ebve' class='iconfont av-magazine-entry-icon' aria-hidden='true' data-av_icon='\ue836' data-av_iconfont='entypo-fontello'><\/a><\/div><div class='av-magazine-content-wrap'><header class='entry-content-header'><time class='av-magazine-time updated'  itemprop=\"datePublished\" datetime=\"2019-01-17T16:31:09+01:00\" >17\/01\/2019<\/time><h3 class='av-magazine-title entry-title '  itemprop=\"headline\" ><a href='https:\/\/observator.org.al\/sq\/beteja-kunder-marteses-se-femijeve\/' title='Link to: Beteja kund\u00ebr Martes\u00ebs s\u00eb F\u00ebmij\u00ebve'>Beteja kund\u00ebr Martes\u00ebs s\u00eb F\u00ebmij\u00ebve<\/a><\/h3><\/header><\/div><footer class='entry-footer'><\/footer><\/article><article class='av-magazine-entry av-magazine-entry-id-5555 av-magazine-format-standard av-magazine-type-post av-magazine-entry-34 av-magazine-entry-small '  itemscope=\"itemscope\" itemtype=\"https:\/\/schema.org\/CreativeWork\" ><div class='av-magazine-thumbnail'><a href='https:\/\/observator.org.al\/sq\/njoftimi-weber\/' title='Link to: WeBER' class='iconfont av-magazine-entry-icon' aria-hidden='true' data-av_icon='\ue836' data-av_iconfont='entypo-fontello'><\/a><\/div><div class='av-magazine-content-wrap'><header class='entry-content-header'><time class='av-magazine-time updated'  itemprop=\"datePublished\" datetime=\"2017-07-13T00:48:30+02:00\" >13\/07\/2017<\/time><h3 class='av-magazine-title entry-title '  itemprop=\"headline\" ><a href='https:\/\/observator.org.al\/sq\/njoftimi-weber\/' title='Link to: WeBER'>WeBER<\/a><\/h3><\/header><\/div><footer class='entry-footer'><\/footer><\/article><article class='av-magazine-entry av-magazine-entry-id-5532 av-magazine-format-standard av-magazine-type-post av-magazine-entry-35 av-magazine-entry-small '  itemscope=\"itemscope\" itemtype=\"https:\/\/schema.org\/CreativeWork\" ><div class='av-magazine-thumbnail'><a href='https:\/\/observator.org.al\/sq\/regjistrimi-i-nxenesve-ne-klasen-e-pare\/' title='Link to: Regjistrimi i nx\u00ebn\u00ebsve n\u00eb klas\u00ebn e par\u00eb' class='iconfont av-magazine-entry-icon' aria-hidden='true' data-av_icon='\ue836' data-av_iconfont='entypo-fontello'><\/a><\/div><div class='av-magazine-content-wrap'><header class='entry-content-header'><time class='av-magazine-time updated'  itemprop=\"datePublished\" datetime=\"2017-06-27T10:20:45+02:00\" >27\/06\/2017<\/time><h3 class='av-magazine-title entry-title '  itemprop=\"headline\" ><a href='https:\/\/observator.org.al\/sq\/regjistrimi-i-nxenesve-ne-klasen-e-pare\/' title='Link to: Regjistrimi i nx\u00ebn\u00ebsve n\u00eb klas\u00ebn e par\u00eb'>Regjistrimi i nx\u00ebn\u00ebsve n\u00eb klas\u00ebn e par\u00eb<\/a><\/h3><\/header><\/div><footer class='entry-footer'><\/footer><\/article><article class='av-magazine-entry av-magazine-entry-id-5510 av-magazine-format-standard av-magazine-type-post av-magazine-entry-36 av-magazine-entry-small '  itemscope=\"itemscope\" itemtype=\"https:\/\/schema.org\/CreativeWork\" ><div class='av-magazine-thumbnail'><a href='https:\/\/observator.org.al\/sq\/vleresimi-i-aksesit-ne-sherbime-per-migrantet-e-kthyer\/' title='Link to: Vler\u00ebsimi i aksesit n\u00eb sh\u00ebrbime p\u00ebr migrant\u00ebt e kthyer' class='iconfont av-magazine-entry-icon' aria-hidden='true' data-av_icon='\ue836' data-av_iconfont='entypo-fontello'><\/a><\/div><div class='av-magazine-content-wrap'><header class='entry-content-header'><time class='av-magazine-time updated'  itemprop=\"datePublished\" datetime=\"2017-06-05T12:51:08+02:00\" >05\/06\/2017<\/time><h3 class='av-magazine-title entry-title '  itemprop=\"headline\" ><a href='https:\/\/observator.org.al\/sq\/vleresimi-i-aksesit-ne-sherbime-per-migrantet-e-kthyer\/' title='Link to: Vler\u00ebsimi i aksesit n\u00eb sh\u00ebrbime p\u00ebr migrant\u00ebt e kthyer'>Vler\u00ebsimi i aksesit n\u00eb sh\u00ebrbime p\u00ebr migrant\u00ebt e kthyer<\/a><\/h3><\/header><\/div><footer class='entry-footer'><\/footer><\/article><article class='av-magazine-entry av-magazine-entry-id-5472 av-magazine-format-standard av-magazine-type-post av-magazine-entry-37 av-magazine-entry-small '  itemscope=\"itemscope\" itemtype=\"https:\/\/schema.org\/CreativeWork\" ><div class='av-magazine-thumbnail'><a href='https:\/\/observator.org.al\/sq\/ne-pritje-te-1-qershorit-2017-unembrojfemijetinvestojmeperfemijet\/' title='Link to: N\u00eb pritje t\u00eb 1 Qershorit 2017\u2026. #UneMbrojfemijet#InvestojmePerFemijet' class='iconfont av-magazine-entry-icon' aria-hidden='true' data-av_icon='\ue836' data-av_iconfont='entypo-fontello'><\/a><\/div><div class='av-magazine-content-wrap'><header class='entry-content-header'><time class='av-magazine-time updated'  itemprop=\"datePublished\" datetime=\"2017-05-18T13:03:43+02:00\" >18\/05\/2017<\/time><h3 class='av-magazine-title entry-title '  itemprop=\"headline\" ><a href='https:\/\/observator.org.al\/sq\/ne-pritje-te-1-qershorit-2017-unembrojfemijetinvestojmeperfemijet\/' title='Link to: N\u00eb pritje t\u00eb 1 Qershorit 2017\u2026. #UneMbrojfemijet#InvestojmePerFemijet'>N\u00eb pritje t\u00eb 1 Qershorit 2017\u2026. #UneMbrojfemijet#InvestojmePerFemijet<\/a><\/h3><\/header><\/div><footer class='entry-footer'><\/footer><\/article><article class='av-magazine-entry av-magazine-entry-id-5432 av-magazine-format-standard av-magazine-type-post av-magazine-entry-38 av-magazine-entry-small '  itemscope=\"itemscope\" itemtype=\"https:\/\/schema.org\/CreativeWork\" ><div class='av-magazine-thumbnail'><a href='https:\/\/observator.org.al\/sq\/leter-e-hapur-per-masat-ne-institucionet-e-ekzekutimit-te-vendimeve-penale\/' title='Link to: Let\u00ebr e hapur p\u00ebr masat n\u00eb Institucionet e Ekzekutimit t\u00eb Vendimeve Penale' class='iconfont av-magazine-entry-icon' aria-hidden='true' data-av_icon='\ue836' data-av_iconfont='entypo-fontello'><\/a><\/div><div class='av-magazine-content-wrap'><header class='entry-content-header'><time class='av-magazine-time updated'  itemprop=\"datePublished\" datetime=\"2017-04-06T22:18:13+02:00\" >06\/04\/2017<\/time><h3 class='av-magazine-title entry-title '  itemprop=\"headline\" ><a href='https:\/\/observator.org.al\/sq\/leter-e-hapur-per-masat-ne-institucionet-e-ekzekutimit-te-vendimeve-penale\/' title='Link to: Let\u00ebr e hapur p\u00ebr masat n\u00eb Institucionet e Ekzekutimit t\u00eb Vendimeve Penale'>Let\u00ebr e hapur p\u00ebr masat n\u00eb Institucionet e Ekzekutimit t\u00eb Vendimeve Penale<\/a><\/h3><\/header><\/div><footer class='entry-footer'><\/footer><\/article><article class='av-magazine-entry av-magazine-entry-id-5406 av-magazine-format-standard av-magazine-type-post av-magazine-entry-39 av-magazine-entry-small '  itemscope=\"itemscope\" itemtype=\"https:\/\/schema.org\/CreativeWork\" ><div class='av-magazine-thumbnail'><a href='https:\/\/observator.org.al\/sq\/event-prezantues-i-raportit-mbi-martesat-nen-moshe\/' title='Link to: Event prezantues i raportit mbi martesat n\u00ebn mosh\u00eb' class='iconfont av-magazine-entry-icon' aria-hidden='true' data-av_icon='\ue836' data-av_iconfont='entypo-fontello'><\/a><\/div><div class='av-magazine-content-wrap'><header class='entry-content-header'><time class='av-magazine-time updated'  itemprop=\"datePublished\" datetime=\"2017-03-10T15:57:46+01:00\" >10\/03\/2017<\/time><h3 class='av-magazine-title entry-title '  itemprop=\"headline\" ><a href='https:\/\/observator.org.al\/sq\/event-prezantues-i-raportit-mbi-martesat-nen-moshe\/' title='Link to: Event prezantues i raportit mbi martesat n\u00ebn mosh\u00eb'>Event prezantues i raportit mbi martesat n\u00ebn mosh\u00eb<\/a><\/h3><\/header><\/div><footer class='entry-footer'><\/footer><\/article><article class='av-magazine-entry av-magazine-entry-id-5304 av-magazine-format-standard av-magazine-type-post av-magazine-entry-40 av-magazine-entry-small '  itemscope=\"itemscope\" itemtype=\"https:\/\/schema.org\/CreativeWork\" ><div class='av-magazine-thumbnail'><a href='https:\/\/observator.org.al\/sq\/tryeze-diskutimi-drejtesi-per-te-miturit\/' title='Link to: Tryez\u00eb diskutimi, Drejt\u00ebsi p\u00ebr t\u00eb miturit' class='iconfont av-magazine-entry-icon' aria-hidden='true' data-av_icon='\ue836' data-av_iconfont='entypo-fontello'><\/a><\/div><div class='av-magazine-content-wrap'><header class='entry-content-header'><time class='av-magazine-time updated'  itemprop=\"datePublished\" datetime=\"2016-12-19T11:30:00+01:00\" >19\/12\/2016<\/time><h3 class='av-magazine-title entry-title '  itemprop=\"headline\" ><a href='https:\/\/observator.org.al\/sq\/tryeze-diskutimi-drejtesi-per-te-miturit\/' title='Link to: Tryez\u00eb diskutimi, Drejt\u00ebsi p\u00ebr t\u00eb miturit'>Tryez\u00eb diskutimi, Drejt\u00ebsi p\u00ebr t\u00eb miturit<\/a><\/h3><\/header><\/div><footer class='entry-footer'><\/footer><\/article><\/div><div class='av-magazine-group av-hidden-mag sort_53'><article class='av-magazine-entry av-magazine-entry-id-6093 av-magazine-format-standard av-magazine-type-post av-magazine-entry-1 av-magazine-entry-small '  itemscope=\"itemscope\" itemtype=\"https:\/\/schema.org\/CreativeWork\" ><div class='av-magazine-thumbnail'><a href='https:\/\/observator.org.al\/sq\/fact-sheet-nga-anketimi-me-te-rinjte-e-lezhes\/' title='Link to: Fact Sheet nga anketimi me t\u00eb rinjt\u00eb e Lezh\u00ebs' class='iconfont av-magazine-entry-icon' aria-hidden='true' data-av_icon='\ue836' data-av_iconfont='entypo-fontello'><\/a><\/div><div class='av-magazine-content-wrap'><header class='entry-content-header'><time class='av-magazine-time updated'  itemprop=\"datePublished\" datetime=\"2018-12-19T23:09:40+01:00\" >19\/12\/2018<\/time><h3 class='av-magazine-title entry-title '  itemprop=\"headline\" ><a href='https:\/\/observator.org.al\/sq\/fact-sheet-nga-anketimi-me-te-rinjte-e-lezhes\/' title='Link to: Fact Sheet nga anketimi me t\u00eb rinjt\u00eb e Lezh\u00ebs'>Fact Sheet nga anketimi me t\u00eb rinjt\u00eb e Lezh\u00ebs<\/a><\/h3><\/header><\/div><footer class='entry-footer'><\/footer><\/article><article class='av-magazine-entry av-magazine-entry-id-6046 av-magazine-format-standard av-magazine-type-post av-magazine-entry-2 av-magazine-entry-small '  itemscope=\"itemscope\" itemtype=\"https:\/\/schema.org\/CreativeWork\" ><div class='av-magazine-thumbnail'><a href='https:\/\/observator.org.al\/sq\/martesa-e-femijeve-njohurite-qendrimet-dhe-perceptimet-nder-komunitetet-e-prekura-ne-shqiperi\/' title='Link to: \u201cMartesa e f\u00ebmij\u00ebve: Njohurit\u00eb, qendrimet dhe perceptimet nd\u00ebr komunitetet e prekura n\u00eb Shqip\u00ebri\u201d' class='iconfont av-magazine-entry-icon' aria-hidden='true' data-av_icon='\ue836' data-av_iconfont='entypo-fontello'><\/a><\/div><div class='av-magazine-content-wrap'><header class='entry-content-header'><time class='av-magazine-time updated'  itemprop=\"datePublished\" datetime=\"2018-10-19T21:08:01+02:00\" >19\/10\/2018<\/time><h3 class='av-magazine-title entry-title '  itemprop=\"headline\" ><a href='https:\/\/observator.org.al\/sq\/martesa-e-femijeve-njohurite-qendrimet-dhe-perceptimet-nder-komunitetet-e-prekura-ne-shqiperi\/' title='Link to: \u201cMartesa e f\u00ebmij\u00ebve: Njohurit\u00eb, qendrimet dhe perceptimet nd\u00ebr komunitetet e prekura n\u00eb Shqip\u00ebri\u201d'>\u201cMartesa e f\u00ebmij\u00ebve: Njohurit\u00eb, qendrimet dhe perceptimet nd\u00ebr komunitetet e prekura n\u00eb Shqip\u00ebri\u201d<\/a><\/h3><\/header><\/div><footer class='entry-footer'><\/footer><\/article><article class='av-magazine-entry av-magazine-entry-id-6102 av-magazine-format-standard av-magazine-type-post av-magazine-entry-3 av-magazine-entry-small '  itemscope=\"itemscope\" itemtype=\"https:\/\/schema.org\/CreativeWork\" ><div class='av-magazine-thumbnail'><a href='https:\/\/observator.org.al\/sq\/raport-2-aspektet-ligjore-sociale-dhe-praktiken-gjyqesore-te-martesave-nen-moshe-ne-shkoder-kukes-tropoje-lezhe-puke-fier-dhe-kavaje-per-periudhen-2011-2017-2\/' title='Link to: Raport 2 \u201cAspektet ligjore, sociale dhe praktik\u00ebn gjyq\u00ebsore t\u00eb martesave n\u00ebn mosh\u00eb n\u00eb Shkod\u00ebr, Kuk\u00ebs, Tropoj\u00eb, Lezh\u00eb, Puk\u00eb, Fier dhe Kavaj\u00eb p\u00ebr periudh\u00ebn 2011 \u2013 2017\u201d:' class='iconfont av-magazine-entry-icon' aria-hidden='true' data-av_icon='\ue836' data-av_iconfont='entypo-fontello'><\/a><\/div><div class='av-magazine-content-wrap'><header class='entry-content-header'><time class='av-magazine-time updated'  itemprop=\"datePublished\" datetime=\"2018-07-19T23:24:21+02:00\" >19\/07\/2018<\/time><h3 class='av-magazine-title entry-title '  itemprop=\"headline\" ><a href='https:\/\/observator.org.al\/sq\/raport-2-aspektet-ligjore-sociale-dhe-praktiken-gjyqesore-te-martesave-nen-moshe-ne-shkoder-kukes-tropoje-lezhe-puke-fier-dhe-kavaje-per-periudhen-2011-2017-2\/' title='Link to: Raport 2 \u201cAspektet ligjore, sociale dhe praktik\u00ebn gjyq\u00ebsore t\u00eb martesave n\u00ebn mosh\u00eb n\u00eb Shkod\u00ebr, Kuk\u00ebs, Tropoj\u00eb, Lezh\u00eb, Puk\u00eb, Fier dhe Kavaj\u00eb p\u00ebr periudh\u00ebn 2011 \u2013 2017\u201d:'>Raport 2 \u201cAspektet ligjore, sociale dhe praktik\u00ebn gjyq\u00ebsore t\u00eb martesave n\u00ebn mosh\u00eb n\u00eb Shkod\u00ebr, Kuk\u00ebs, Tropoj\u00eb, Lezh\u00eb, Puk\u00eb, Fier dhe Kavaj\u00eb p\u00ebr periudh\u00ebn 2011 \u2013 2017\u201d:<\/a><\/h3><\/header><\/div><footer class='entry-footer'><\/footer><\/article><article class='av-magazine-entry av-magazine-entry-id-5555 av-magazine-format-standard av-magazine-type-post av-magazine-entry-4 av-magazine-entry-small '  itemscope=\"itemscope\" itemtype=\"https:\/\/schema.org\/CreativeWork\" ><div class='av-magazine-thumbnail'><a href='https:\/\/observator.org.al\/sq\/njoftimi-weber\/' title='Link to: WeBER' class='iconfont av-magazine-entry-icon' aria-hidden='true' data-av_icon='\ue836' data-av_iconfont='entypo-fontello'><\/a><\/div><div class='av-magazine-content-wrap'><header class='entry-content-header'><time class='av-magazine-time updated'  itemprop=\"datePublished\" datetime=\"2017-07-13T00:48:30+02:00\" >13\/07\/2017<\/time><h3 class='av-magazine-title entry-title '  itemprop=\"headline\" ><a href='https:\/\/observator.org.al\/sq\/njoftimi-weber\/' title='Link to: WeBER'>WeBER<\/a><\/h3><\/header><\/div><footer class='entry-footer'><\/footer><\/article><article class='av-magazine-entry av-magazine-entry-id-5532 av-magazine-format-standard av-magazine-type-post av-magazine-entry-5 av-magazine-entry-small '  itemscope=\"itemscope\" itemtype=\"https:\/\/schema.org\/CreativeWork\" ><div class='av-magazine-thumbnail'><a href='https:\/\/observator.org.al\/sq\/regjistrimi-i-nxenesve-ne-klasen-e-pare\/' title='Link to: Regjistrimi i nx\u00ebn\u00ebsve n\u00eb klas\u00ebn e par\u00eb' class='iconfont av-magazine-entry-icon' aria-hidden='true' data-av_icon='\ue836' data-av_iconfont='entypo-fontello'><\/a><\/div><div class='av-magazine-content-wrap'><header class='entry-content-header'><time class='av-magazine-time updated'  itemprop=\"datePublished\" datetime=\"2017-06-27T10:20:45+02:00\" >27\/06\/2017<\/time><h3 class='av-magazine-title entry-title '  itemprop=\"headline\" ><a href='https:\/\/observator.org.al\/sq\/regjistrimi-i-nxenesve-ne-klasen-e-pare\/' title='Link to: Regjistrimi i nx\u00ebn\u00ebsve n\u00eb klas\u00ebn e par\u00eb'>Regjistrimi i nx\u00ebn\u00ebsve n\u00eb klas\u00ebn e par\u00eb<\/a><\/h3><\/header><\/div><footer class='entry-footer'><\/footer><\/article><article class='av-magazine-entry av-magazine-entry-id-5472 av-magazine-format-standard av-magazine-type-post av-magazine-entry-6 av-magazine-entry-small '  itemscope=\"itemscope\" itemtype=\"https:\/\/schema.org\/CreativeWork\" ><div class='av-magazine-thumbnail'><a href='https:\/\/observator.org.al\/sq\/ne-pritje-te-1-qershorit-2017-unembrojfemijetinvestojmeperfemijet\/' title='Link to: N\u00eb pritje t\u00eb 1 Qershorit 2017\u2026. #UneMbrojfemijet#InvestojmePerFemijet' class='iconfont av-magazine-entry-icon' aria-hidden='true' data-av_icon='\ue836' data-av_iconfont='entypo-fontello'><\/a><\/div><div class='av-magazine-content-wrap'><header class='entry-content-header'><time class='av-magazine-time updated'  itemprop=\"datePublished\" datetime=\"2017-05-18T13:03:43+02:00\" >18\/05\/2017<\/time><h3 class='av-magazine-title entry-title '  itemprop=\"headline\" ><a href='https:\/\/observator.org.al\/sq\/ne-pritje-te-1-qershorit-2017-unembrojfemijetinvestojmeperfemijet\/' title='Link to: N\u00eb pritje t\u00eb 1 Qershorit 2017\u2026. #UneMbrojfemijet#InvestojmePerFemijet'>N\u00eb pritje t\u00eb 1 Qershorit 2017\u2026. #UneMbrojfemijet#InvestojmePerFemijet<\/a><\/h3><\/header><\/div><footer class='entry-footer'><\/footer><\/article><article class='av-magazine-entry av-magazine-entry-id-6104 av-magazine-format-standard av-magazine-type-post av-magazine-entry-7 av-magazine-entry-small '  itemscope=\"itemscope\" itemtype=\"https:\/\/schema.org\/CreativeWork\" ><div class='av-magazine-thumbnail'><a href='https:\/\/observator.org.al\/sq\/fact-sheet-mbi-situaten-e-te-drejtave-te-femijeve-lezhe\/' title='Link to: Fact Sheet mbi situat\u00ebn e t\u00eb drejtave t\u00eb f\u00ebmij\u00ebve, Lezh\u00eb' class='iconfont av-magazine-entry-icon' aria-hidden='true' data-av_icon='\ue836' data-av_iconfont='entypo-fontello'><\/a><\/div><div class='av-magazine-content-wrap'><header class='entry-content-header'><time class='av-magazine-time updated'  itemprop=\"datePublished\" datetime=\"2017-02-19T23:27:30+01:00\" >19\/02\/2017<\/time><h3 class='av-magazine-title entry-title '  itemprop=\"headline\" ><a href='https:\/\/observator.org.al\/sq\/fact-sheet-mbi-situaten-e-te-drejtave-te-femijeve-lezhe\/' title='Link to: Fact Sheet mbi situat\u00ebn e t\u00eb drejtave t\u00eb f\u00ebmij\u00ebve, Lezh\u00eb'>Fact Sheet mbi situat\u00ebn e t\u00eb drejtave t\u00eb f\u00ebmij\u00ebve, Lezh\u00eb<\/a><\/h3><\/header><\/div><footer class='entry-footer'><\/footer><\/article><article class='av-magazine-entry av-magazine-entry-id-5304 av-magazine-format-standard av-magazine-type-post av-magazine-entry-8 av-magazine-entry-small '  itemscope=\"itemscope\" itemtype=\"https:\/\/schema.org\/CreativeWork\" ><div class='av-magazine-thumbnail'><a href='https:\/\/observator.org.al\/sq\/tryeze-diskutimi-drejtesi-per-te-miturit\/' title='Link to: Tryez\u00eb diskutimi, Drejt\u00ebsi p\u00ebr t\u00eb miturit' class='iconfont av-magazine-entry-icon' aria-hidden='true' data-av_icon='\ue836' data-av_iconfont='entypo-fontello'><\/a><\/div><div class='av-magazine-content-wrap'><header class='entry-content-header'><time class='av-magazine-time updated'  itemprop=\"datePublished\" datetime=\"2016-12-19T11:30:00+01:00\" >19\/12\/2016<\/time><h3 class='av-magazine-title entry-title '  itemprop=\"headline\" ><a href='https:\/\/observator.org.al\/sq\/tryeze-diskutimi-drejtesi-per-te-miturit\/' title='Link to: Tryez\u00eb diskutimi, Drejt\u00ebsi p\u00ebr t\u00eb miturit'>Tryez\u00eb diskutimi, Drejt\u00ebsi p\u00ebr t\u00eb miturit<\/a><\/h3><\/header><\/div><footer class='entry-footer'><\/footer><\/article><article class='av-magazine-entry av-magazine-entry-id-4941 av-magazine-format-standard av-magazine-type-post av-magazine-entry-9 av-magazine-entry-small '  itemscope=\"itemscope\" itemtype=\"https:\/\/schema.org\/CreativeWork\" ><div class='av-magazine-thumbnail'><a href='https:\/\/observator.org.al\/sq\/informacion-ne-lidhje-me-permbytjet-qe-ndodhen-gjate-janarit-2016\/' title='Link to: Informacion n\u00eb lidhje me p\u00ebrmbytjet q\u00eb ndodh\u00ebn gjat\u00eb Janarit 2016' class='iconfont av-magazine-entry-icon' aria-hidden='true' data-av_icon='\ue836' data-av_iconfont='entypo-fontello'><\/a><\/div><div class='av-magazine-content-wrap'><header class='entry-content-header'><time class='av-magazine-time updated'  itemprop=\"datePublished\" datetime=\"2016-03-02T15:47:09+01:00\" >02\/03\/2016<\/time><h3 class='av-magazine-title entry-title '  itemprop=\"headline\" ><a href='https:\/\/observator.org.al\/sq\/informacion-ne-lidhje-me-permbytjet-qe-ndodhen-gjate-janarit-2016\/' title='Link to: Informacion n\u00eb lidhje me p\u00ebrmbytjet q\u00eb ndodh\u00ebn gjat\u00eb Janarit 2016'>Informacion n\u00eb lidhje me p\u00ebrmbytjet q\u00eb ndodh\u00ebn gjat\u00eb Janarit 2016<\/a><\/h3><\/header><\/div><footer class='entry-footer'><\/footer><\/article><article class='av-magazine-entry av-magazine-entry-id-4758 av-magazine-format-standard av-magazine-type-post av-magazine-entry-10 av-magazine-entry-small '  itemscope=\"itemscope\" itemtype=\"https:\/\/schema.org\/CreativeWork\" ><div class='av-magazine-thumbnail'><a href='https:\/\/observator.org.al\/sq\/workshop-cdo_femije_ne_shkolle\/' title='Link to: Workshop dhe Debate \u00c7do f\u00ebmij\u00eb n\u00eb shkoll\u00eb' class='iconfont av-magazine-entry-icon' aria-hidden='true' data-av_icon='\ue836' data-av_iconfont='entypo-fontello'><\/a><\/div><div class='av-magazine-content-wrap'><header class='entry-content-header'><time class='av-magazine-time updated'  itemprop=\"datePublished\" datetime=\"2016-01-27T17:22:27+01:00\" >27\/01\/2016<\/time><h3 class='av-magazine-title entry-title '  itemprop=\"headline\" ><a href='https:\/\/observator.org.al\/sq\/workshop-cdo_femije_ne_shkolle\/' title='Link to: Workshop dhe Debate \u00c7do f\u00ebmij\u00eb n\u00eb shkoll\u00eb'>Workshop dhe Debate \u00c7do f\u00ebmij\u00eb n\u00eb shkoll\u00eb<\/a><\/h3><\/header><\/div><footer class='entry-footer'><\/footer><\/article><article class='av-magazine-entry av-magazine-entry-id-4205 av-magazine-format-standard av-magazine-type-post av-magazine-entry-11 av-magazine-entry-small '  itemscope=\"itemscope\" itemtype=\"https:\/\/schema.org\/CreativeWork\" ><div class='av-magazine-thumbnail'><a href='https:\/\/observator.org.al\/sq\/plani-i-veprimit-per-femije-2012-2015-2\/' title='Link to: Plani i veprimit p\u00ebr f\u00ebmij\u00eb 2012-2015' class='iconfont av-magazine-entry-icon' aria-hidden='true' data-av_icon='\ue836' data-av_iconfont='entypo-fontello'><\/a><\/div><div class='av-magazine-content-wrap'><header class='entry-content-header'><time class='av-magazine-time updated'  itemprop=\"datePublished\" datetime=\"2015-10-07T15:25:28+02:00\" >07\/10\/2015<\/time><h3 class='av-magazine-title entry-title '  itemprop=\"headline\" ><a href='https:\/\/observator.org.al\/sq\/plani-i-veprimit-per-femije-2012-2015-2\/' title='Link to: Plani i veprimit p\u00ebr f\u00ebmij\u00eb 2012-2015'>Plani i veprimit p\u00ebr f\u00ebmij\u00eb 2012-2015<\/a><\/h3><\/header><\/div><footer class='entry-footer'><\/footer><\/article><article class='av-magazine-entry av-magazine-entry-id-4191 av-magazine-format-standard av-magazine-type-post av-magazine-entry-12 av-magazine-entry-small '  itemscope=\"itemscope\" itemtype=\"https:\/\/schema.org\/CreativeWork\" ><div class='av-magazine-thumbnail'><a href='https:\/\/observator.org.al\/sq\/fillimi-i-vitit-shkollor-2015-2016\/' title='Link to: Fillimi i vitit shkollor 2015-2016' class='iconfont av-magazine-entry-icon' aria-hidden='true' data-av_icon='\ue836' data-av_iconfont='entypo-fontello'><\/a><\/div><div class='av-magazine-content-wrap'><header class='entry-content-header'><time class='av-magazine-time updated'  itemprop=\"datePublished\" datetime=\"2015-10-06T16:51:48+02:00\" >06\/10\/2015<\/time><h3 class='av-magazine-title entry-title '  itemprop=\"headline\" ><a href='https:\/\/observator.org.al\/sq\/fillimi-i-vitit-shkollor-2015-2016\/' title='Link to: Fillimi i vitit shkollor 2015-2016'>Fillimi i vitit shkollor 2015-2016<\/a><\/h3><\/header><\/div><footer class='entry-footer'><\/footer><\/article><article class='av-magazine-entry av-magazine-entry-id-6022 av-magazine-format-standard av-magazine-type-post av-magazine-entry-13 av-magazine-entry-small '  itemscope=\"itemscope\" itemtype=\"https:\/\/schema.org\/CreativeWork\" ><div class='av-magazine-thumbnail'><a href='https:\/\/observator.org.al\/sq\/varferia-e-femijeve-ne-shqiperi-karta-raportuese-nr-1\/' title='Link to: \u201cVarf\u00ebria e f\u00ebmij\u00ebve n\u00eb Shqip\u00ebri\u201d \u2013 Karta Raportuese Nr. 1' class='iconfont av-magazine-entry-icon' aria-hidden='true' data-av_icon='\ue836' data-av_iconfont='entypo-fontello'><\/a><\/div><div class='av-magazine-content-wrap'><header class='entry-content-header'><time class='av-magazine-time updated'  itemprop=\"datePublished\" datetime=\"2013-11-19T19:18:45+01:00\" >19\/11\/2013<\/time><h3 class='av-magazine-title entry-title '  itemprop=\"headline\" ><a href='https:\/\/observator.org.al\/sq\/varferia-e-femijeve-ne-shqiperi-karta-raportuese-nr-1\/' title='Link to: \u201cVarf\u00ebria e f\u00ebmij\u00ebve n\u00eb Shqip\u00ebri\u201d \u2013 Karta Raportuese Nr. 1'>\u201cVarf\u00ebria e f\u00ebmij\u00ebve n\u00eb Shqip\u00ebri\u201d \u2013 Karta Raportuese Nr. 1<\/a><\/h3><\/header><\/div><footer class='entry-footer'><\/footer><\/article><article class='av-magazine-entry av-magazine-entry-id-6027 av-magazine-format-standard av-magazine-type-post av-magazine-entry-14 av-magazine-entry-small '  itemscope=\"itemscope\" itemtype=\"https:\/\/schema.org\/CreativeWork\" ><div class='av-magazine-thumbnail'><a href='https:\/\/observator.org.al\/sq\/raport-alternativ-i-konventes-se-okb-se-per-te-drejtat-e-femijeve\/' title='Link to: \u201cRaport Alternativ i Konvent\u00ebs s\u00eb OKB-s\u00eb p\u00ebr t\u00eb Drejtat e F\u00ebmij\u00ebve\u201d' class='iconfont av-magazine-entry-icon' aria-hidden='true' data-av_icon='\ue836' data-av_iconfont='entypo-fontello'><\/a><\/div><div class='av-magazine-content-wrap'><header class='entry-content-header'><time class='av-magazine-time updated'  itemprop=\"datePublished\" datetime=\"2013-09-19T20:40:41+02:00\" >19\/09\/2013<\/time><h3 class='av-magazine-title entry-title '  itemprop=\"headline\" ><a href='https:\/\/observator.org.al\/sq\/raport-alternativ-i-konventes-se-okb-se-per-te-drejtat-e-femijeve\/' title='Link to: \u201cRaport Alternativ i Konvent\u00ebs s\u00eb OKB-s\u00eb p\u00ebr t\u00eb Drejtat e F\u00ebmij\u00ebve\u201d'>\u201cRaport Alternativ i Konvent\u00ebs s\u00eb OKB-s\u00eb p\u00ebr t\u00eb Drejtat e F\u00ebmij\u00ebve\u201d<\/a><\/h3><\/header><\/div><footer class='entry-footer'><\/footer><\/article><article class='av-magazine-entry av-magazine-entry-id-6025 av-magazine-format-standard av-magazine-type-post av-magazine-entry-15 av-magazine-entry-small '  itemscope=\"itemscope\" itemtype=\"https:\/\/schema.org\/CreativeWork\" ><div class='av-magazine-thumbnail'><a href='https:\/\/observator.org.al\/sq\/te-drejtat-e-femijeve-ne-shqiperi-2009\/' title='Link to: \u201cT\u00eb drejtat e f\u00ebmij\u00ebve n\u00eb Shqip\u00ebri, 2009\u201d' class='iconfont av-magazine-entry-icon' aria-hidden='true' data-av_icon='\ue836' data-av_iconfont='entypo-fontello'><\/a><\/div><div class='av-magazine-content-wrap'><header class='entry-content-header'><time class='av-magazine-time updated'  itemprop=\"datePublished\" datetime=\"2013-09-19T20:35:32+02:00\" >19\/09\/2013<\/time><h3 class='av-magazine-title entry-title '  itemprop=\"headline\" ><a href='https:\/\/observator.org.al\/sq\/te-drejtat-e-femijeve-ne-shqiperi-2009\/' title='Link to: \u201cT\u00eb drejtat e f\u00ebmij\u00ebve n\u00eb Shqip\u00ebri, 2009\u201d'>\u201cT\u00eb drejtat e f\u00ebmij\u00ebve n\u00eb Shqip\u00ebri, 2009\u201d<\/a><\/h3><\/header><\/div><footer class='entry-footer'><\/footer><\/article><article class='av-magazine-entry av-magazine-entry-id-2364 av-magazine-format-standard av-magazine-type-post av-magazine-entry-16 av-magazine-entry-small '  itemscope=\"itemscope\" itemtype=\"https:\/\/schema.org\/CreativeWork\" ><div class='av-magazine-thumbnail'><a href='https:\/\/observator.org.al\/sq\/observatori-lezhe-veprimtari\/' title='Link to: Observatori Lezhe &#8211; Veprimtari' class='iconfont av-magazine-entry-icon' aria-hidden='true' data-av_icon='\ue836' data-av_iconfont='entypo-fontello'><\/a><\/div><div class='av-magazine-content-wrap'><header class='entry-content-header'><time class='av-magazine-time updated'  itemprop=\"datePublished\" datetime=\"2013-09-06T23:24:49+02:00\" >06\/09\/2013<\/time><h3 class='av-magazine-title entry-title '  itemprop=\"headline\" ><a href='https:\/\/observator.org.al\/sq\/observatori-lezhe-veprimtari\/' title='Link to: Observatori Lezhe &#8211; Veprimtari'>Observatori Lezhe &#8211; Veprimtari<\/a><\/h3><\/header><\/div><footer class='entry-footer'><\/footer><\/article><\/div><div class='av-magazine-group av-hidden-mag sort_54'><article class='av-magazine-entry av-magazine-entry-id-6109 av-magazine-format-standard av-magazine-type-post av-magazine-entry-1 av-magazine-entry-small '  itemscope=\"itemscope\" itemtype=\"https:\/\/schema.org\/CreativeWork\" ><div class='av-magazine-thumbnail'><a href='https:\/\/observator.org.al\/sq\/analiza-e-buxhetimit-per-rinine-nga-bashkia-shkoder\/' title='Link to: Analiza e buxhetimit p\u00ebr rinin\u00eb nga Bashkia Shkod\u00ebr' class='iconfont av-magazine-entry-icon' aria-hidden='true' data-av_icon='\ue836' data-av_iconfont='entypo-fontello'><\/a><\/div><div class='av-magazine-content-wrap'><header class='entry-content-header'><time class='av-magazine-time updated'  itemprop=\"datePublished\" datetime=\"2018-09-19T23:38:40+02:00\" >19\/09\/2018<\/time><h3 class='av-magazine-title entry-title '  itemprop=\"headline\" ><a href='https:\/\/observator.org.al\/sq\/analiza-e-buxhetimit-per-rinine-nga-bashkia-shkoder\/' title='Link to: Analiza e buxhetimit p\u00ebr rinin\u00eb nga Bashkia Shkod\u00ebr'>Analiza e buxhetimit p\u00ebr rinin\u00eb nga Bashkia Shkod\u00ebr<\/a><\/h3><\/header><\/div><footer class='entry-footer'><\/footer><\/article><article class='av-magazine-entry av-magazine-entry-id-6102 av-magazine-format-standard av-magazine-type-post av-magazine-entry-2 av-magazine-entry-small '  itemscope=\"itemscope\" itemtype=\"https:\/\/schema.org\/CreativeWork\" ><div class='av-magazine-thumbnail'><a href='https:\/\/observator.org.al\/sq\/raport-2-aspektet-ligjore-sociale-dhe-praktiken-gjyqesore-te-martesave-nen-moshe-ne-shkoder-kukes-tropoje-lezhe-puke-fier-dhe-kavaje-per-periudhen-2011-2017-2\/' title='Link to: Raport 2 \u201cAspektet ligjore, sociale dhe praktik\u00ebn gjyq\u00ebsore t\u00eb martesave n\u00ebn mosh\u00eb n\u00eb Shkod\u00ebr, Kuk\u00ebs, Tropoj\u00eb, Lezh\u00eb, Puk\u00eb, Fier dhe Kavaj\u00eb p\u00ebr periudh\u00ebn 2011 \u2013 2017\u201d:' class='iconfont av-magazine-entry-icon' aria-hidden='true' data-av_icon='\ue836' data-av_iconfont='entypo-fontello'><\/a><\/div><div class='av-magazine-content-wrap'><header class='entry-content-header'><time class='av-magazine-time updated'  itemprop=\"datePublished\" datetime=\"2018-07-19T23:24:21+02:00\" >19\/07\/2018<\/time><h3 class='av-magazine-title entry-title '  itemprop=\"headline\" ><a href='https:\/\/observator.org.al\/sq\/raport-2-aspektet-ligjore-sociale-dhe-praktiken-gjyqesore-te-martesave-nen-moshe-ne-shkoder-kukes-tropoje-lezhe-puke-fier-dhe-kavaje-per-periudhen-2011-2017-2\/' title='Link to: Raport 2 \u201cAspektet ligjore, sociale dhe praktik\u00ebn gjyq\u00ebsore t\u00eb martesave n\u00ebn mosh\u00eb n\u00eb Shkod\u00ebr, Kuk\u00ebs, Tropoj\u00eb, Lezh\u00eb, Puk\u00eb, Fier dhe Kavaj\u00eb p\u00ebr periudh\u00ebn 2011 \u2013 2017\u201d:'>Raport 2 \u201cAspektet ligjore, sociale dhe praktik\u00ebn gjyq\u00ebsore t\u00eb martesave n\u00ebn mosh\u00eb n\u00eb Shkod\u00ebr, Kuk\u00ebs, Tropoj\u00eb, Lezh\u00eb, Puk\u00eb, Fier dhe Kavaj\u00eb p\u00ebr periudh\u00ebn 2011 \u2013 2017\u201d:<\/a><\/h3><\/header><\/div><footer class='entry-footer'><\/footer><\/article><article class='av-magazine-entry av-magazine-entry-id-6111 av-magazine-format-standard av-magazine-type-post av-magazine-entry-3 av-magazine-entry-small '  itemscope=\"itemscope\" itemtype=\"https:\/\/schema.org\/CreativeWork\" ><div class='av-magazine-thumbnail'><a href='https:\/\/observator.org.al\/sq\/fact-sheet-nga-anketimi-me-te-rinjte-e-shkodres\/' title='Link to: Fact Sheet nga anketimi me t\u00eb rinjt\u00eb e Shkodr\u00ebs' class='iconfont av-magazine-entry-icon' aria-hidden='true' data-av_icon='\ue836' data-av_iconfont='entypo-fontello'><\/a><\/div><div class='av-magazine-content-wrap'><header class='entry-content-header'><time class='av-magazine-time updated'  itemprop=\"datePublished\" datetime=\"2018-01-19T23:41:55+01:00\" >19\/01\/2018<\/time><h3 class='av-magazine-title entry-title '  itemprop=\"headline\" ><a href='https:\/\/observator.org.al\/sq\/fact-sheet-nga-anketimi-me-te-rinjte-e-shkodres\/' title='Link to: Fact Sheet nga anketimi me t\u00eb rinjt\u00eb e Shkodr\u00ebs'>Fact Sheet nga anketimi me t\u00eb rinjt\u00eb e Shkodr\u00ebs<\/a><\/h3><\/header><\/div><footer class='entry-footer'><\/footer><\/article><article class='av-magazine-entry av-magazine-entry-id-5555 av-magazine-format-standard av-magazine-type-post av-magazine-entry-4 av-magazine-entry-small '  itemscope=\"itemscope\" itemtype=\"https:\/\/schema.org\/CreativeWork\" ><div class='av-magazine-thumbnail'><a href='https:\/\/observator.org.al\/sq\/njoftimi-weber\/' title='Link to: WeBER' class='iconfont av-magazine-entry-icon' aria-hidden='true' data-av_icon='\ue836' data-av_iconfont='entypo-fontello'><\/a><\/div><div class='av-magazine-content-wrap'><header class='entry-content-header'><time class='av-magazine-time updated'  itemprop=\"datePublished\" datetime=\"2017-07-13T00:48:30+02:00\" >13\/07\/2017<\/time><h3 class='av-magazine-title entry-title '  itemprop=\"headline\" ><a href='https:\/\/observator.org.al\/sq\/njoftimi-weber\/' title='Link to: WeBER'>WeBER<\/a><\/h3><\/header><\/div><footer class='entry-footer'><\/footer><\/article><article class='av-magazine-entry av-magazine-entry-id-5532 av-magazine-format-standard av-magazine-type-post av-magazine-entry-5 av-magazine-entry-small '  itemscope=\"itemscope\" itemtype=\"https:\/\/schema.org\/CreativeWork\" ><div class='av-magazine-thumbnail'><a href='https:\/\/observator.org.al\/sq\/regjistrimi-i-nxenesve-ne-klasen-e-pare\/' title='Link to: Regjistrimi i nx\u00ebn\u00ebsve n\u00eb klas\u00ebn e par\u00eb' class='iconfont av-magazine-entry-icon' aria-hidden='true' data-av_icon='\ue836' data-av_iconfont='entypo-fontello'><\/a><\/div><div class='av-magazine-content-wrap'><header class='entry-content-header'><time class='av-magazine-time updated'  itemprop=\"datePublished\" datetime=\"2017-06-27T10:20:45+02:00\" >27\/06\/2017<\/time><h3 class='av-magazine-title entry-title '  itemprop=\"headline\" ><a href='https:\/\/observator.org.al\/sq\/regjistrimi-i-nxenesve-ne-klasen-e-pare\/' title='Link to: Regjistrimi i nx\u00ebn\u00ebsve n\u00eb klas\u00ebn e par\u00eb'>Regjistrimi i nx\u00ebn\u00ebsve n\u00eb klas\u00ebn e par\u00eb<\/a><\/h3><\/header><\/div><footer class='entry-footer'><\/footer><\/article><article class='av-magazine-entry av-magazine-entry-id-5472 av-magazine-format-standard av-magazine-type-post av-magazine-entry-6 av-magazine-entry-small '  itemscope=\"itemscope\" itemtype=\"https:\/\/schema.org\/CreativeWork\" ><div class='av-magazine-thumbnail'><a href='https:\/\/observator.org.al\/sq\/ne-pritje-te-1-qershorit-2017-unembrojfemijetinvestojmeperfemijet\/' title='Link to: N\u00eb pritje t\u00eb 1 Qershorit 2017\u2026. #UneMbrojfemijet#InvestojmePerFemijet' class='iconfont av-magazine-entry-icon' aria-hidden='true' data-av_icon='\ue836' data-av_iconfont='entypo-fontello'><\/a><\/div><div class='av-magazine-content-wrap'><header class='entry-content-header'><time class='av-magazine-time updated'  itemprop=\"datePublished\" datetime=\"2017-05-18T13:03:43+02:00\" >18\/05\/2017<\/time><h3 class='av-magazine-title entry-title '  itemprop=\"headline\" ><a href='https:\/\/observator.org.al\/sq\/ne-pritje-te-1-qershorit-2017-unembrojfemijetinvestojmeperfemijet\/' title='Link to: N\u00eb pritje t\u00eb 1 Qershorit 2017\u2026. #UneMbrojfemijet#InvestojmePerFemijet'>N\u00eb pritje t\u00eb 1 Qershorit 2017\u2026. #UneMbrojfemijet#InvestojmePerFemijet<\/a><\/h3><\/header><\/div><footer class='entry-footer'><\/footer><\/article><article class='av-magazine-entry av-magazine-entry-id-6113 av-magazine-format-standard av-magazine-type-post av-magazine-entry-7 av-magazine-entry-small '  itemscope=\"itemscope\" itemtype=\"https:\/\/schema.org\/CreativeWork\" ><div class='av-magazine-thumbnail'><a href='https:\/\/observator.org.al\/sq\/fact-sheet-mbi-situaten-e-te-drejtave-te-femijeve-shkoder\/' title='Link to: Fact Sheet mbi situat\u00ebn e t\u00eb drejtave t\u00eb f\u00ebmij\u00ebve, Shkod\u00ebr' class='iconfont av-magazine-entry-icon' aria-hidden='true' data-av_icon='\ue836' data-av_iconfont='entypo-fontello'><\/a><\/div><div class='av-magazine-content-wrap'><header class='entry-content-header'><time class='av-magazine-time updated'  itemprop=\"datePublished\" datetime=\"2017-02-19T23:44:29+01:00\" >19\/02\/2017<\/time><h3 class='av-magazine-title entry-title '  itemprop=\"headline\" ><a href='https:\/\/observator.org.al\/sq\/fact-sheet-mbi-situaten-e-te-drejtave-te-femijeve-shkoder\/' title='Link to: Fact Sheet mbi situat\u00ebn e t\u00eb drejtave t\u00eb f\u00ebmij\u00ebve, Shkod\u00ebr'>Fact Sheet mbi situat\u00ebn e t\u00eb drejtave t\u00eb f\u00ebmij\u00ebve, Shkod\u00ebr<\/a><\/h3><\/header><\/div><footer class='entry-footer'><\/footer><\/article><article class='av-magazine-entry av-magazine-entry-id-4941 av-magazine-format-standard av-magazine-type-post av-magazine-entry-8 av-magazine-entry-small '  itemscope=\"itemscope\" itemtype=\"https:\/\/schema.org\/CreativeWork\" ><div class='av-magazine-thumbnail'><a href='https:\/\/observator.org.al\/sq\/informacion-ne-lidhje-me-permbytjet-qe-ndodhen-gjate-janarit-2016\/' title='Link to: Informacion n\u00eb lidhje me p\u00ebrmbytjet q\u00eb ndodh\u00ebn gjat\u00eb Janarit 2016' class='iconfont av-magazine-entry-icon' aria-hidden='true' data-av_icon='\ue836' data-av_iconfont='entypo-fontello'><\/a><\/div><div class='av-magazine-content-wrap'><header class='entry-content-header'><time class='av-magazine-time updated'  itemprop=\"datePublished\" datetime=\"2016-03-02T15:47:09+01:00\" >02\/03\/2016<\/time><h3 class='av-magazine-title entry-title '  itemprop=\"headline\" ><a href='https:\/\/observator.org.al\/sq\/informacion-ne-lidhje-me-permbytjet-qe-ndodhen-gjate-janarit-2016\/' title='Link to: Informacion n\u00eb lidhje me p\u00ebrmbytjet q\u00eb ndodh\u00ebn gjat\u00eb Janarit 2016'>Informacion n\u00eb lidhje me p\u00ebrmbytjet q\u00eb ndodh\u00ebn gjat\u00eb Janarit 2016<\/a><\/h3><\/header><\/div><footer class='entry-footer'><\/footer><\/article><article class='av-magazine-entry av-magazine-entry-id-4758 av-magazine-format-standard av-magazine-type-post av-magazine-entry-9 av-magazine-entry-small '  itemscope=\"itemscope\" itemtype=\"https:\/\/schema.org\/CreativeWork\" ><div class='av-magazine-thumbnail'><a href='https:\/\/observator.org.al\/sq\/workshop-cdo_femije_ne_shkolle\/' title='Link to: Workshop dhe Debate \u00c7do f\u00ebmij\u00eb n\u00eb shkoll\u00eb' class='iconfont av-magazine-entry-icon' aria-hidden='true' data-av_icon='\ue836' data-av_iconfont='entypo-fontello'><\/a><\/div><div class='av-magazine-content-wrap'><header class='entry-content-header'><time class='av-magazine-time updated'  itemprop=\"datePublished\" datetime=\"2016-01-27T17:22:27+01:00\" >27\/01\/2016<\/time><h3 class='av-magazine-title entry-title '  itemprop=\"headline\" ><a href='https:\/\/observator.org.al\/sq\/workshop-cdo_femije_ne_shkolle\/' title='Link to: Workshop dhe Debate \u00c7do f\u00ebmij\u00eb n\u00eb shkoll\u00eb'>Workshop dhe Debate \u00c7do f\u00ebmij\u00eb n\u00eb shkoll\u00eb<\/a><\/h3><\/header><\/div><footer class='entry-footer'><\/footer><\/article><article class='av-magazine-entry av-magazine-entry-id-4205 av-magazine-format-standard av-magazine-type-post av-magazine-entry-10 av-magazine-entry-small '  itemscope=\"itemscope\" itemtype=\"https:\/\/schema.org\/CreativeWork\" ><div class='av-magazine-thumbnail'><a href='https:\/\/observator.org.al\/sq\/plani-i-veprimit-per-femije-2012-2015-2\/' title='Link to: Plani i veprimit p\u00ebr f\u00ebmij\u00eb 2012-2015' class='iconfont av-magazine-entry-icon' aria-hidden='true' data-av_icon='\ue836' data-av_iconfont='entypo-fontello'><\/a><\/div><div class='av-magazine-content-wrap'><header class='entry-content-header'><time class='av-magazine-time updated'  itemprop=\"datePublished\" datetime=\"2015-10-07T15:25:28+02:00\" >07\/10\/2015<\/time><h3 class='av-magazine-title entry-title '  itemprop=\"headline\" ><a href='https:\/\/observator.org.al\/sq\/plani-i-veprimit-per-femije-2012-2015-2\/' title='Link to: Plani i veprimit p\u00ebr f\u00ebmij\u00eb 2012-2015'>Plani i veprimit p\u00ebr f\u00ebmij\u00eb 2012-2015<\/a><\/h3><\/header><\/div><footer class='entry-footer'><\/footer><\/article><article class='av-magazine-entry av-magazine-entry-id-4191 av-magazine-format-standard av-magazine-type-post av-magazine-entry-11 av-magazine-entry-small '  itemscope=\"itemscope\" itemtype=\"https:\/\/schema.org\/CreativeWork\" ><div class='av-magazine-thumbnail'><a href='https:\/\/observator.org.al\/sq\/fillimi-i-vitit-shkollor-2015-2016\/' title='Link to: Fillimi i vitit shkollor 2015-2016' class='iconfont av-magazine-entry-icon' aria-hidden='true' data-av_icon='\ue836' data-av_iconfont='entypo-fontello'><\/a><\/div><div class='av-magazine-content-wrap'><header class='entry-content-header'><time class='av-magazine-time updated'  itemprop=\"datePublished\" datetime=\"2015-10-06T16:51:48+02:00\" >06\/10\/2015<\/time><h3 class='av-magazine-title entry-title '  itemprop=\"headline\" ><a href='https:\/\/observator.org.al\/sq\/fillimi-i-vitit-shkollor-2015-2016\/' title='Link to: Fillimi i vitit shkollor 2015-2016'>Fillimi i vitit shkollor 2015-2016<\/a><\/h3><\/header><\/div><footer class='entry-footer'><\/footer><\/article><article class='av-magazine-entry av-magazine-entry-id-6022 av-magazine-format-standard av-magazine-type-post av-magazine-entry-12 av-magazine-entry-small '  itemscope=\"itemscope\" itemtype=\"https:\/\/schema.org\/CreativeWork\" ><div class='av-magazine-thumbnail'><a href='https:\/\/observator.org.al\/sq\/varferia-e-femijeve-ne-shqiperi-karta-raportuese-nr-1\/' title='Link to: \u201cVarf\u00ebria e f\u00ebmij\u00ebve n\u00eb Shqip\u00ebri\u201d \u2013 Karta Raportuese Nr. 1' class='iconfont av-magazine-entry-icon' aria-hidden='true' data-av_icon='\ue836' data-av_iconfont='entypo-fontello'><\/a><\/div><div class='av-magazine-content-wrap'><header class='entry-content-header'><time class='av-magazine-time updated'  itemprop=\"datePublished\" datetime=\"2013-11-19T19:18:45+01:00\" >19\/11\/2013<\/time><h3 class='av-magazine-title entry-title '  itemprop=\"headline\" ><a href='https:\/\/observator.org.al\/sq\/varferia-e-femijeve-ne-shqiperi-karta-raportuese-nr-1\/' title='Link to: \u201cVarf\u00ebria e f\u00ebmij\u00ebve n\u00eb Shqip\u00ebri\u201d \u2013 Karta Raportuese Nr. 1'>\u201cVarf\u00ebria e f\u00ebmij\u00ebve n\u00eb Shqip\u00ebri\u201d \u2013 Karta Raportuese Nr. 1<\/a><\/h3><\/header><\/div><footer class='entry-footer'><\/footer><\/article><article class='av-magazine-entry av-magazine-entry-id-2926 av-magazine-format-standard av-magazine-type-post av-magazine-entry-13 av-magazine-entry-small '  itemscope=\"itemscope\" itemtype=\"https:\/\/schema.org\/CreativeWork\" ><div class='av-magazine-thumbnail'><a href='https:\/\/observator.org.al\/sq\/observatori-shkoder-15-nentor-2011-2\/' title='Link to: Observatori Shkod\u00ebr &#8211; 15 N\u00ebntor 2011' class='av-magazine-thumbnail-link '><img loading=\"lazy\" decoding=\"async\" width=\"80\" height=\"80\" src=\"https:\/\/observator.org.al\/wp-content\/uploads\/2013\/09\/Shkoder-80x80.png\" class=\"wp-image-3089 avia-img-lazy-loading-3089 attachment-thumbnail size-thumbnail wp-post-image\" alt=\"\" srcset=\"https:\/\/observator.org.al\/wp-content\/uploads\/2013\/09\/Shkoder-80x80.png 80w, https:\/\/observator.org.al\/wp-content\/uploads\/2013\/09\/Shkoder-36x36.png 36w, https:\/\/observator.org.al\/wp-content\/uploads\/2013\/09\/Shkoder-180x180.png 180w, https:\/\/observator.org.al\/wp-content\/uploads\/2013\/09\/Shkoder-120x120.png 120w\" sizes=\"auto, (max-width: 80px) 100vw, 80px\" \/><\/a><\/div><div class='av-magazine-content-wrap'><header class='entry-content-header'><time class='av-magazine-time updated'  itemprop=\"datePublished\" datetime=\"2013-10-10T17:47:19+02:00\" >10\/10\/2013<\/time><h3 class='av-magazine-title entry-title '  itemprop=\"headline\" ><a href='https:\/\/observator.org.al\/sq\/observatori-shkoder-15-nentor-2011-2\/' title='Link to: Observatori Shkod\u00ebr &#8211; 15 N\u00ebntor 2011'>Observatori Shkod\u00ebr &#8211; 15 N\u00ebntor 2011<\/a><\/h3><\/header><\/div><footer class='entry-footer'><\/footer><\/article><article class='av-magazine-entry av-magazine-entry-id-2637 av-magazine-format-standard av-magazine-type-post av-magazine-entry-14 av-magazine-entry-small '  itemscope=\"itemscope\" itemtype=\"https:\/\/schema.org\/CreativeWork\" ><div class='av-magazine-thumbnail'><a href='https:\/\/observator.org.al\/sq\/observatori-shkoder-29-gusht-2013\/' title='Link to: Observatori Shkod\u00ebr &#8211; 29 Gusht 2013' class='av-magazine-thumbnail-link '><img loading=\"lazy\" decoding=\"async\" width=\"80\" height=\"80\" src=\"https:\/\/observator.org.al\/wp-content\/uploads\/2013\/09\/Shkoder-80x80.png\" class=\"wp-image-3089 avia-img-lazy-loading-3089 attachment-thumbnail size-thumbnail wp-post-image\" alt=\"\" srcset=\"https:\/\/observator.org.al\/wp-content\/uploads\/2013\/09\/Shkoder-80x80.png 80w, https:\/\/observator.org.al\/wp-content\/uploads\/2013\/09\/Shkoder-36x36.png 36w, https:\/\/observator.org.al\/wp-content\/uploads\/2013\/09\/Shkoder-180x180.png 180w, https:\/\/observator.org.al\/wp-content\/uploads\/2013\/09\/Shkoder-120x120.png 120w\" sizes=\"auto, (max-width: 80px) 100vw, 80px\" \/><\/a><\/div><div class='av-magazine-content-wrap'><header class='entry-content-header'><time class='av-magazine-time updated'  itemprop=\"datePublished\" datetime=\"2013-09-23T21:17:20+02:00\" >23\/09\/2013<\/time><h3 class='av-magazine-title entry-title '  itemprop=\"headline\" ><a href='https:\/\/observator.org.al\/sq\/observatori-shkoder-29-gusht-2013\/' title='Link to: Observatori Shkod\u00ebr &#8211; 29 Gusht 2013'>Observatori Shkod\u00ebr &#8211; 29 Gusht 2013<\/a><\/h3><\/header><\/div><footer class='entry-footer'><\/footer><\/article><article class='av-magazine-entry av-magazine-entry-id-6027 av-magazine-format-standard av-magazine-type-post av-magazine-entry-15 av-magazine-entry-small '  itemscope=\"itemscope\" itemtype=\"https:\/\/schema.org\/CreativeWork\" ><div class='av-magazine-thumbnail'><a href='https:\/\/observator.org.al\/sq\/raport-alternativ-i-konventes-se-okb-se-per-te-drejtat-e-femijeve\/' title='Link to: \u201cRaport Alternativ i Konvent\u00ebs s\u00eb OKB-s\u00eb p\u00ebr t\u00eb Drejtat e F\u00ebmij\u00ebve\u201d' class='iconfont av-magazine-entry-icon' aria-hidden='true' data-av_icon='\ue836' data-av_iconfont='entypo-fontello'><\/a><\/div><div class='av-magazine-content-wrap'><header class='entry-content-header'><time class='av-magazine-time updated'  itemprop=\"datePublished\" datetime=\"2013-09-19T20:40:41+02:00\" >19\/09\/2013<\/time><h3 class='av-magazine-title entry-title '  itemprop=\"headline\" ><a href='https:\/\/observator.org.al\/sq\/raport-alternativ-i-konventes-se-okb-se-per-te-drejtat-e-femijeve\/' title='Link to: \u201cRaport Alternativ i Konvent\u00ebs s\u00eb OKB-s\u00eb p\u00ebr t\u00eb Drejtat e F\u00ebmij\u00ebve\u201d'>\u201cRaport Alternativ i Konvent\u00ebs s\u00eb OKB-s\u00eb p\u00ebr t\u00eb Drejtat e F\u00ebmij\u00ebve\u201d<\/a><\/h3><\/header><\/div><footer class='entry-footer'><\/footer><\/article><article class='av-magazine-entry av-magazine-entry-id-6025 av-magazine-format-standard av-magazine-type-post av-magazine-entry-16 av-magazine-entry-small '  itemscope=\"itemscope\" itemtype=\"https:\/\/schema.org\/CreativeWork\" ><div class='av-magazine-thumbnail'><a href='https:\/\/observator.org.al\/sq\/te-drejtat-e-femijeve-ne-shqiperi-2009\/' title='Link to: \u201cT\u00eb drejtat e f\u00ebmij\u00ebve n\u00eb Shqip\u00ebri, 2009\u201d' class='iconfont av-magazine-entry-icon' aria-hidden='true' data-av_icon='\ue836' data-av_iconfont='entypo-fontello'><\/a><\/div><div class='av-magazine-content-wrap'><header class='entry-content-header'><time class='av-magazine-time updated'  itemprop=\"datePublished\" datetime=\"2013-09-19T20:35:32+02:00\" >19\/09\/2013<\/time><h3 class='av-magazine-title entry-title '  itemprop=\"headline\" ><a href='https:\/\/observator.org.al\/sq\/te-drejtat-e-femijeve-ne-shqiperi-2009\/' title='Link to: \u201cT\u00eb drejtat e f\u00ebmij\u00ebve n\u00eb Shqip\u00ebri, 2009\u201d'>\u201cT\u00eb drejtat e f\u00ebmij\u00ebve n\u00eb Shqip\u00ebri, 2009\u201d<\/a><\/h3><\/header><\/div><footer class='entry-footer'><\/footer><\/article><article class='av-magazine-entry av-magazine-entry-id-2370 av-magazine-format-standard av-magazine-type-post av-magazine-entry-17 av-magazine-entry-small '  itemscope=\"itemscope\" itemtype=\"https:\/\/schema.org\/CreativeWork\" ><div class='av-magazine-thumbnail'><a href='https:\/\/observator.org.al\/sq\/observatori-shkoder-20-nentor-2011\/' title='Link to: Observatori Shkod\u00ebr &#8211; 20 n\u00ebntor 2011' class='iconfont av-magazine-entry-icon' aria-hidden='true' data-av_icon='\ue836' data-av_iconfont='entypo-fontello'><\/a><\/div><div class='av-magazine-content-wrap'><header class='entry-content-header'><time class='av-magazine-time updated'  itemprop=\"datePublished\" datetime=\"2013-09-06T23:28:17+02:00\" >06\/09\/2013<\/time><h3 class='av-magazine-title entry-title '  itemprop=\"headline\" ><a href='https:\/\/observator.org.al\/sq\/observatori-shkoder-20-nentor-2011\/' title='Link to: Observatori Shkod\u00ebr &#8211; 20 n\u00ebntor 2011'>Observatori Shkod\u00ebr &#8211; 20 n\u00ebntor 2011<\/a><\/h3><\/header><\/div><footer class='entry-footer'><\/footer><\/article><article class='av-magazine-entry av-magazine-entry-id-2367 av-magazine-format-standard av-magazine-type-post av-magazine-entry-18 av-magazine-entry-small '  itemscope=\"itemscope\" itemtype=\"https:\/\/schema.org\/CreativeWork\" ><div class='av-magazine-thumbnail'><a href='https:\/\/observator.org.al\/sq\/observatori-shkoder-15-nentor-2011\/' title='Link to: Observatori Shkod\u00ebr &#8211; 15 N\u00ebntor 2011' class='iconfont av-magazine-entry-icon' aria-hidden='true' data-av_icon='\ue836' data-av_iconfont='entypo-fontello'><\/a><\/div><div class='av-magazine-content-wrap'><header class='entry-content-header'><time class='av-magazine-time updated'  itemprop=\"datePublished\" datetime=\"2013-09-06T23:27:05+02:00\" >06\/09\/2013<\/time><h3 class='av-magazine-title entry-title '  itemprop=\"headline\" ><a href='https:\/\/observator.org.al\/sq\/observatori-shkoder-15-nentor-2011\/' title='Link to: Observatori Shkod\u00ebr &#8211; 15 N\u00ebntor 2011'>Observatori Shkod\u00ebr &#8211; 15 N\u00ebntor 2011<\/a><\/h3><\/header><\/div><footer class='entry-footer'><\/footer><\/article><\/div><div class='av-magazine-group av-hidden-mag sort_59'><article class='av-magazine-entry av-magazine-entry-id-10333 av-magazine-format-standard av-magazine-type-post av-magazine-entry-1 av-magazine-entry-small '  itemscope=\"itemscope\" itemtype=\"https:\/\/schema.org\/CreativeWork\" ><div class='av-magazine-thumbnail'><a href='https:\/\/observator.org.al\/sq\/kerkese-per-oferta-prokurim-pajisjesh-it-ristor\/' title='Link to: K\u00cbRKES\u00cb P\u00cbR OFERTA-Prokurim pajisjesh IT-RISTOR' class='iconfont av-magazine-entry-icon' aria-hidden='true' data-av_icon='\ue836' data-av_iconfont='entypo-fontello'><\/a><\/div><div class='av-magazine-content-wrap'><header class='entry-content-header'><time class='av-magazine-time updated'  itemprop=\"datePublished\" datetime=\"2026-04-27T11:57:24+02:00\" >27\/04\/2026<\/time><h3 class='av-magazine-title entry-title '  itemprop=\"headline\" ><a href='https:\/\/observator.org.al\/sq\/kerkese-per-oferta-prokurim-pajisjesh-it-ristor\/' title='Link to: K\u00cbRKES\u00cb P\u00cbR OFERTA-Prokurim pajisjesh IT-RISTOR'>K\u00cbRKES\u00cb P\u00cbR OFERTA-Prokurim pajisjesh IT-RISTOR<\/a><\/h3><\/header><\/div><footer class='entry-footer'><\/footer><\/article><article class='av-magazine-entry av-magazine-entry-id-10298 av-magazine-format-standard av-magazine-type-post av-magazine-entry-2 av-magazine-entry-small '  itemscope=\"itemscope\" itemtype=\"https:\/\/schema.org\/CreativeWork\" ><div class='av-magazine-thumbnail'><a href='https:\/\/observator.org.al\/sq\/shtyrje-afati-procedure-prokurimi-per-kontraktimin-e-sherbimeve-te-ekspertizes-se-jashtme-per-zbatimin-e-aktiviteteve-te-projektit-ristor-rural-innovation-centres-for-sustainable-an\/' title='Link to: Shtyrje afati-Procedur\u00eb prokurimi p\u00ebr kontraktimin e sh\u00ebrbimeve t\u00eb ekspertiz\u00ebs s\u00eb jashtme p\u00ebr zbatimin e aktiviteteve t\u00eb projektit \u201cRISTOR \u2013 Rural Innovation Centres for Sustainable and Inclusive Tourism' class='iconfont av-magazine-entry-icon' aria-hidden='true' data-av_icon='\ue836' data-av_iconfont='entypo-fontello'><\/a><\/div><div class='av-magazine-content-wrap'><header class='entry-content-header'><time class='av-magazine-time updated'  itemprop=\"datePublished\" datetime=\"2026-04-02T10:59:18+02:00\" >02\/04\/2026<\/time><h3 class='av-magazine-title entry-title '  itemprop=\"headline\" ><a href='https:\/\/observator.org.al\/sq\/shtyrje-afati-procedure-prokurimi-per-kontraktimin-e-sherbimeve-te-ekspertizes-se-jashtme-per-zbatimin-e-aktiviteteve-te-projektit-ristor-rural-innovation-centres-for-sustainable-an\/' title='Link to: Shtyrje afati-Procedur\u00eb prokurimi p\u00ebr kontraktimin e sh\u00ebrbimeve t\u00eb ekspertiz\u00ebs s\u00eb jashtme p\u00ebr zbatimin e aktiviteteve t\u00eb projektit \u201cRISTOR \u2013 Rural Innovation Centres for Sustainable and Inclusive Tourism'>Shtyrje afati-Procedur\u00eb prokurimi p\u00ebr kontraktimin e sh\u00ebrbimeve t\u00eb ekspertiz\u00ebs s\u00eb jashtme p\u00ebr zbatimin e aktiviteteve t\u00eb projektit \u201cRISTOR \u2013 Rural Innovation Centres for Sustainable and Inclusive Tourism<\/a><\/h3><\/header><\/div><footer class='entry-footer'><\/footer><\/article><article class='av-magazine-entry av-magazine-entry-id-10265 av-magazine-format-standard av-magazine-type-post av-magazine-entry-3 av-magazine-entry-small '  itemscope=\"itemscope\" itemtype=\"https:\/\/schema.org\/CreativeWork\" ><div class='av-magazine-thumbnail'><a href='https:\/\/observator.org.al\/sq\/procedure-prokurimi-per-kontraktimin-e-sherbimeve-te-ekspertizes-se-jashtme-per-zbatimin-e-aktiviteteve-te-projektit-ristor-rural-innovation-centres-for-sustainable-and-inc\/' title='Link to: \u201cProcedur\u00eb prokurimi p\u00ebr kontraktimin e sh\u00ebrbimeve t\u00eb ekspertiz\u00ebs s\u00eb jashtme p\u00ebr zbatimin e aktiviteteve t\u00eb projektit \u201cRISTOR \u2013 Rural Innovation Centres for Sustainable and Inclusive Tourism\u201d' class='iconfont av-magazine-entry-icon' aria-hidden='true' data-av_icon='\ue836' data-av_iconfont='entypo-fontello'><\/a><\/div><div class='av-magazine-content-wrap'><header class='entry-content-header'><time class='av-magazine-time updated'  itemprop=\"datePublished\" datetime=\"2026-02-27T10:36:51+01:00\" >27\/02\/2026<\/time><h3 class='av-magazine-title entry-title '  itemprop=\"headline\" ><a href='https:\/\/observator.org.al\/sq\/procedure-prokurimi-per-kontraktimin-e-sherbimeve-te-ekspertizes-se-jashtme-per-zbatimin-e-aktiviteteve-te-projektit-ristor-rural-innovation-centres-for-sustainable-and-inc\/' title='Link to: \u201cProcedur\u00eb prokurimi p\u00ebr kontraktimin e sh\u00ebrbimeve t\u00eb ekspertiz\u00ebs s\u00eb jashtme p\u00ebr zbatimin e aktiviteteve t\u00eb projektit \u201cRISTOR \u2013 Rural Innovation Centres for Sustainable and Inclusive Tourism\u201d'>\u201cProcedur\u00eb prokurimi p\u00ebr kontraktimin e sh\u00ebrbimeve t\u00eb ekspertiz\u00ebs s\u00eb jashtme p\u00ebr zbatimin e aktiviteteve t\u00eb projektit \u201cRISTOR \u2013 Rural Innovation Centres for Sustainable and Inclusive Tourism\u201d<\/a><\/h3><\/header><\/div><footer class='entry-footer'><\/footer><\/article><article class='av-magazine-entry av-magazine-entry-id-9999 av-magazine-format-standard av-magazine-type-post av-magazine-entry-4 av-magazine-entry-small '  itemscope=\"itemscope\" itemtype=\"https:\/\/schema.org\/CreativeWork\" ><div class='av-magazine-thumbnail'><a href='https:\/\/observator.org.al\/sq\/hartimi-i-nje-raporti-statik-dygjuhesh\/' title='Link to: THIRRJE P\u00cbR SHPREHJE INTERESI- Hartimi i nj\u00eb Raporti Statistik Dygjuh\u00ebsh (Anglisht &#038; Shqip, af\u00ebrsisht 150 faqe)' class='iconfont av-magazine-entry-icon' aria-hidden='true' data-av_icon='\ue836' data-av_iconfont='entypo-fontello'><\/a><\/div><div class='av-magazine-content-wrap'><header class='entry-content-header'><time class='av-magazine-time updated'  itemprop=\"datePublished\" datetime=\"2025-06-15T09:32:23+02:00\" >15\/06\/2025<\/time><h3 class='av-magazine-title entry-title '  itemprop=\"headline\" ><a href='https:\/\/observator.org.al\/sq\/hartimi-i-nje-raporti-statik-dygjuhesh\/' title='Link to: THIRRJE P\u00cbR SHPREHJE INTERESI- Hartimi i nj\u00eb Raporti Statistik Dygjuh\u00ebsh (Anglisht &#038; Shqip, af\u00ebrsisht 150 faqe)'>THIRRJE P\u00cbR SHPREHJE INTERESI- Hartimi i nj\u00eb Raporti Statistik Dygjuh\u00ebsh (Anglisht &#038; Shqip, af\u00ebrsisht 150 faqe)<\/a><\/h3><\/header><\/div><footer class='entry-footer'><\/footer><\/article><article class='av-magazine-entry av-magazine-entry-id-9986 av-magazine-format-standard av-magazine-type-post av-magazine-entry-5 av-magazine-entry-small '  itemscope=\"itemscope\" itemtype=\"https:\/\/schema.org\/CreativeWork\" ><div class='av-magazine-thumbnail'><a href='https:\/\/observator.org.al\/sq\/sherbime-perkthimi-nga-anglishtja-ne-shqip\/' title='Link to: Sh\u00ebrbime P\u00ebrkthimi: Nga Anglishtja n\u00eb Shqip' class='iconfont av-magazine-entry-icon' aria-hidden='true' data-av_icon='\ue836' data-av_iconfont='entypo-fontello'><\/a><\/div><div class='av-magazine-content-wrap'><header class='entry-content-header'><time class='av-magazine-time updated'  itemprop=\"datePublished\" datetime=\"2025-06-15T08:21:11+02:00\" >15\/06\/2025<\/time><h3 class='av-magazine-title entry-title '  itemprop=\"headline\" ><a href='https:\/\/observator.org.al\/sq\/sherbime-perkthimi-nga-anglishtja-ne-shqip\/' title='Link to: Sh\u00ebrbime P\u00ebrkthimi: Nga Anglishtja n\u00eb Shqip'>Sh\u00ebrbime P\u00ebrkthimi: Nga Anglishtja n\u00eb Shqip<\/a><\/h3><\/header><\/div><footer class='entry-footer'><\/footer><\/article><article class='av-magazine-entry av-magazine-entry-id-9412 av-magazine-format-standard av-magazine-type-post av-magazine-entry-6 av-magazine-entry-small '  itemscope=\"itemscope\" itemtype=\"https:\/\/schema.org\/CreativeWork\" ><div class='av-magazine-thumbnail'><a href='https:\/\/observator.org.al\/sq\/thirrje-per-shprehje-interesi-international-expert-2\/' title='Link to: THIRRJE PER SHPREHJE INTERESI &#8211; International expert 2' class='iconfont av-magazine-entry-icon' aria-hidden='true' data-av_icon='\ue836' data-av_iconfont='entypo-fontello'><\/a><\/div><div class='av-magazine-content-wrap'><header class='entry-content-header'><time class='av-magazine-time updated'  itemprop=\"datePublished\" datetime=\"2025-02-14T15:33:17+01:00\" >14\/02\/2025<\/time><h3 class='av-magazine-title entry-title '  itemprop=\"headline\" ><a href='https:\/\/observator.org.al\/sq\/thirrje-per-shprehje-interesi-international-expert-2\/' title='Link to: THIRRJE PER SHPREHJE INTERESI &#8211; International expert 2'>THIRRJE PER SHPREHJE INTERESI &#8211; International expert 2<\/a><\/h3><\/header><\/div><footer class='entry-footer'><\/footer><\/article><article class='av-magazine-entry av-magazine-entry-id-9409 av-magazine-format-standard av-magazine-type-post av-magazine-entry-7 av-magazine-entry-small '  itemscope=\"itemscope\" itemtype=\"https:\/\/schema.org\/CreativeWork\" ><div class='av-magazine-thumbnail'><a href='https:\/\/observator.org.al\/sq\/thirrje-per-shprehje-interesi-international-expert\/' title='Link to: THIRRJE PER SHPREHJE INTERESI &#8211; International expert' class='iconfont av-magazine-entry-icon' aria-hidden='true' data-av_icon='\ue836' data-av_iconfont='entypo-fontello'><\/a><\/div><div class='av-magazine-content-wrap'><header class='entry-content-header'><time class='av-magazine-time updated'  itemprop=\"datePublished\" datetime=\"2025-02-14T15:32:26+01:00\" >14\/02\/2025<\/time><h3 class='av-magazine-title entry-title '  itemprop=\"headline\" ><a href='https:\/\/observator.org.al\/sq\/thirrje-per-shprehje-interesi-international-expert\/' title='Link to: THIRRJE PER SHPREHJE INTERESI &#8211; International expert'>THIRRJE PER SHPREHJE INTERESI &#8211; International expert<\/a><\/h3><\/header><\/div><footer class='entry-footer'><\/footer><\/article><article class='av-magazine-entry av-magazine-entry-id-9391 av-magazine-format-standard av-magazine-type-post av-magazine-entry-8 av-magazine-entry-small '  itemscope=\"itemscope\" itemtype=\"https:\/\/schema.org\/CreativeWork\" ><div class='av-magazine-thumbnail'><a href='https:\/\/observator.org.al\/sq\/thirrje-per-shprehje-interesi-ekspert-lokal-mbi-privatesine-dhe-mbrojtjen-e-te-dhenave-te-treguesve-me-fokus-femijet-dhe-te-rinjte-per-tu-propozuar-per-raportin-tematik-nga-censi-i-popullsise-dhe-ban\/' title='Link to: THIRRJE P\u00cbR SHPREHJE INTERESI- EKSPERT LOKAL MBI PRIVAT\u00cbSIN\u00cb DHE MBROJTJEN E T\u00cb DH\u00cbNAVE T\u00cb TREGUESVE ME FOKUS F\u00cbMIJ\u00cbT DHE T\u00cb RINJT\u00cb P\u00cbR TU PROPOZUAR P\u00cbR RAPORTIN TEMATIK NGA CENSI I POPULLSIS\u00cb DHE BANESAVE 2023' class='iconfont av-magazine-entry-icon' aria-hidden='true' data-av_icon='\ue836' data-av_iconfont='entypo-fontello'><\/a><\/div><div class='av-magazine-content-wrap'><header class='entry-content-header'><time class='av-magazine-time updated'  itemprop=\"datePublished\" datetime=\"2025-02-03T15:55:55+01:00\" >03\/02\/2025<\/time><h3 class='av-magazine-title entry-title '  itemprop=\"headline\" ><a href='https:\/\/observator.org.al\/sq\/thirrje-per-shprehje-interesi-ekspert-lokal-mbi-privatesine-dhe-mbrojtjen-e-te-dhenave-te-treguesve-me-fokus-femijet-dhe-te-rinjte-per-tu-propozuar-per-raportin-tematik-nga-censi-i-popullsise-dhe-ban\/' title='Link to: THIRRJE P\u00cbR SHPREHJE INTERESI- EKSPERT LOKAL MBI PRIVAT\u00cbSIN\u00cb DHE MBROJTJEN E T\u00cb DH\u00cbNAVE T\u00cb TREGUESVE ME FOKUS F\u00cbMIJ\u00cbT DHE T\u00cb RINJT\u00cb P\u00cbR TU PROPOZUAR P\u00cbR RAPORTIN TEMATIK NGA CENSI I POPULLSIS\u00cb DHE BANESAVE 2023'>THIRRJE P\u00cbR SHPREHJE INTERESI- EKSPERT LOKAL MBI PRIVAT\u00cbSIN\u00cb DHE MBROJTJEN E T\u00cb DH\u00cbNAVE T\u00cb TREGUESVE ME FOKUS F\u00cbMIJ\u00cbT DHE T\u00cb RINJT\u00cb P\u00cbR TU PROPOZUAR P\u00cbR RAPORTIN TEMATIK NGA CENSI I POPULLSIS\u00cb DHE BANESAVE 2023<\/a><\/h3><\/header><\/div><footer class='entry-footer'><\/footer><\/article><article class='av-magazine-entry av-magazine-entry-id-9388 av-magazine-format-standard av-magazine-type-post av-magazine-entry-9 av-magazine-entry-small '  itemscope=\"itemscope\" itemtype=\"https:\/\/schema.org\/CreativeWork\" ><div class='av-magazine-thumbnail'><a href='https:\/\/observator.org.al\/sq\/thirrje-per-shprehje-interesi-thirrje-per-ekspert-lokal-mbi-privatesine-dhe-mbrojtjen-e-te-dhenave-te-indikatoreve-te-panelit-me-statistika-zyrtare-per-femije-dhe-te-rinj\/' title='Link to: THIRRJE P\u00cbR SHPREHJE INTERESI-THIRRJE P\u00cbR EKSPERT LOKAL MBI PRIVAT\u00cbSIN\u00cb DHE MBROJTJEN E T\u00cb DH\u00cbNAVE T\u00cb INDIKATOR\u00cbVE T\u00cb PANELIT ME STATISTIKA ZYRTARE P\u00cbR  F\u00cbMIJ\u00cb DHE T\u00cb RINJ' class='iconfont av-magazine-entry-icon' aria-hidden='true' data-av_icon='\ue836' data-av_iconfont='entypo-fontello'><\/a><\/div><div class='av-magazine-content-wrap'><header class='entry-content-header'><time class='av-magazine-time updated'  itemprop=\"datePublished\" datetime=\"2025-02-03T15:55:22+01:00\" >03\/02\/2025<\/time><h3 class='av-magazine-title entry-title '  itemprop=\"headline\" ><a href='https:\/\/observator.org.al\/sq\/thirrje-per-shprehje-interesi-thirrje-per-ekspert-lokal-mbi-privatesine-dhe-mbrojtjen-e-te-dhenave-te-indikatoreve-te-panelit-me-statistika-zyrtare-per-femije-dhe-te-rinj\/' title='Link to: THIRRJE P\u00cbR SHPREHJE INTERESI-THIRRJE P\u00cbR EKSPERT LOKAL MBI PRIVAT\u00cbSIN\u00cb DHE MBROJTJEN E T\u00cb DH\u00cbNAVE T\u00cb INDIKATOR\u00cbVE T\u00cb PANELIT ME STATISTIKA ZYRTARE P\u00cbR  F\u00cbMIJ\u00cb DHE T\u00cb RINJ'>THIRRJE P\u00cbR SHPREHJE INTERESI-THIRRJE P\u00cbR EKSPERT LOKAL MBI PRIVAT\u00cbSIN\u00cb DHE MBROJTJEN E T\u00cb DH\u00cbNAVE T\u00cb INDIKATOR\u00cbVE T\u00cb PANELIT ME STATISTIKA ZYRTARE P\u00cbR  F\u00cbMIJ\u00cb DHE T\u00cb RINJ<\/a><\/h3><\/header><\/div><footer class='entry-footer'><\/footer><\/article><article class='av-magazine-entry av-magazine-entry-id-9220 av-magazine-format-standard av-magazine-type-post av-magazine-entry-10 av-magazine-entry-small '  itemscope=\"itemscope\" itemtype=\"https:\/\/schema.org\/CreativeWork\" ><div class='av-magazine-thumbnail'><a href='https:\/\/observator.org.al\/sq\/kerkese-per-oferta-prokurim-pajisjesh-ne-kuader-te-zbatimit-te-projektit-reaching-the-unreached-2\/' title='Link to: K\u00ebrkes\u00eb p\u00ebr Oferta-Prokurim pajisjesh n\u00eb kuad\u00ebr t\u00eb zbatimit t\u00eb projektit \u201cReaching the Unreached 2\u201d' class='iconfont av-magazine-entry-icon' aria-hidden='true' data-av_icon='\ue836' data-av_iconfont='entypo-fontello'><\/a><\/div><div class='av-magazine-content-wrap'><header class='entry-content-header'><time class='av-magazine-time updated'  itemprop=\"datePublished\" datetime=\"2024-06-19T12:22:03+02:00\" >19\/06\/2024<\/time><h3 class='av-magazine-title entry-title '  itemprop=\"headline\" ><a href='https:\/\/observator.org.al\/sq\/kerkese-per-oferta-prokurim-pajisjesh-ne-kuader-te-zbatimit-te-projektit-reaching-the-unreached-2\/' title='Link to: K\u00ebrkes\u00eb p\u00ebr Oferta-Prokurim pajisjesh n\u00eb kuad\u00ebr t\u00eb zbatimit t\u00eb projektit \u201cReaching the Unreached 2\u201d'>K\u00ebrkes\u00eb p\u00ebr Oferta-Prokurim pajisjesh n\u00eb kuad\u00ebr t\u00eb zbatimit t\u00eb projektit \u201cReaching the Unreached 2\u201d<\/a><\/h3><\/header><\/div><footer class='entry-footer'><\/footer><\/article><article class='av-magazine-entry av-magazine-entry-id-9093 av-magazine-format-standard av-magazine-type-post av-magazine-entry-11 av-magazine-entry-small '  itemscope=\"itemscope\" itemtype=\"https:\/\/schema.org\/CreativeWork\" ><div class='av-magazine-thumbnail'><a href='https:\/\/observator.org.al\/sq\/ripostim-terma-reference-ekspert\/' title='Link to: Ripostim-Terma Reference  &#8211; Ekspert' class='iconfont av-magazine-entry-icon' aria-hidden='true' data-av_icon='\ue836' data-av_iconfont='entypo-fontello'><\/a><\/div><div class='av-magazine-content-wrap'><header class='entry-content-header'><time class='av-magazine-time updated'  itemprop=\"datePublished\" datetime=\"2024-01-25T12:24:59+01:00\" >25\/01\/2024<\/time><h3 class='av-magazine-title entry-title '  itemprop=\"headline\" ><a href='https:\/\/observator.org.al\/sq\/ripostim-terma-reference-ekspert\/' title='Link to: Ripostim-Terma Reference  &#8211; Ekspert'>Ripostim-Terma Reference  &#8211; Ekspert<\/a><\/h3><\/header><\/div><footer class='entry-footer'><\/footer><\/article><article class='av-magazine-entry av-magazine-entry-id-9064 av-magazine-format-standard av-magazine-type-post av-magazine-entry-12 av-magazine-entry-small '  itemscope=\"itemscope\" itemtype=\"https:\/\/schema.org\/CreativeWork\" ><div class='av-magazine-thumbnail'><a href='https:\/\/observator.org.al\/sq\/terma-reference-ekspert\/' title='Link to: Terma Reference  &#8211; Ekspert' class='iconfont av-magazine-entry-icon' aria-hidden='true' data-av_icon='\ue836' data-av_iconfont='entypo-fontello'><\/a><\/div><div class='av-magazine-content-wrap'><header class='entry-content-header'><time class='av-magazine-time updated'  itemprop=\"datePublished\" datetime=\"2024-01-10T16:53:26+01:00\" >10\/01\/2024<\/time><h3 class='av-magazine-title entry-title '  itemprop=\"headline\" ><a href='https:\/\/observator.org.al\/sq\/terma-reference-ekspert\/' title='Link to: Terma Reference  &#8211; Ekspert'>Terma Reference  &#8211; Ekspert<\/a><\/h3><\/header><\/div><footer class='entry-footer'><\/footer><\/article><article class='av-magazine-entry av-magazine-entry-id-9030 av-magazine-format-standard av-magazine-type-post av-magazine-entry-13 av-magazine-entry-small '  itemscope=\"itemscope\" itemtype=\"https:\/\/schema.org\/CreativeWork\" ><div class='av-magazine-thumbnail'><a href='https:\/\/observator.org.al\/sq\/oferte-per-organizim-eventesh-aktivitetesh\/' title='Link to: Oferte per organizim eventesh\/aktivitetesh' class='iconfont av-magazine-entry-icon' aria-hidden='true' data-av_icon='\ue836' data-av_iconfont='entypo-fontello'><\/a><\/div><div class='av-magazine-content-wrap'><header class='entry-content-header'><time class='av-magazine-time updated'  itemprop=\"datePublished\" datetime=\"2023-10-10T14:35:59+02:00\" >10\/10\/2023<\/time><h3 class='av-magazine-title entry-title '  itemprop=\"headline\" ><a href='https:\/\/observator.org.al\/sq\/oferte-per-organizim-eventesh-aktivitetesh\/' title='Link to: Oferte per organizim eventesh\/aktivitetesh'>Oferte per organizim eventesh\/aktivitetesh<\/a><\/h3><\/header><\/div><footer class='entry-footer'><\/footer><\/article><article class='av-magazine-entry av-magazine-entry-id-8830 av-magazine-format-standard av-magazine-type-post av-magazine-entry-14 av-magazine-entry-small '  itemscope=\"itemscope\" itemtype=\"https:\/\/schema.org\/CreativeWork\" ><div class='av-magazine-thumbnail'><a href='https:\/\/observator.org.al\/sq\/ekspert-per-permiresimin-e-programeve-edukative-mbi-monitorimin-dhe-vleresimin-e-programeve-dhe-politikave\/' title='Link to: Ekspert p\u00ebr p\u00ebrmiresimin e programeve edukative mbi monitorimin dhe vler\u00ebsimin e programeve dhe politikave' class='iconfont av-magazine-entry-icon' aria-hidden='true' data-av_icon='\ue836' data-av_iconfont='entypo-fontello'><\/a><\/div><div class='av-magazine-content-wrap'><header class='entry-content-header'><time class='av-magazine-time updated'  itemprop=\"datePublished\" datetime=\"2023-01-20T14:55:02+01:00\" >20\/01\/2023<\/time><h3 class='av-magazine-title entry-title '  itemprop=\"headline\" ><a href='https:\/\/observator.org.al\/sq\/ekspert-per-permiresimin-e-programeve-edukative-mbi-monitorimin-dhe-vleresimin-e-programeve-dhe-politikave\/' title='Link to: Ekspert p\u00ebr p\u00ebrmiresimin e programeve edukative mbi monitorimin dhe vler\u00ebsimin e programeve dhe politikave'>Ekspert p\u00ebr p\u00ebrmiresimin e programeve edukative mbi monitorimin dhe vler\u00ebsimin e programeve dhe politikave<\/a><\/h3><\/header><\/div><footer class='entry-footer'><\/footer><\/article><article class='av-magazine-entry av-magazine-entry-id-8819 av-magazine-format-standard av-magazine-type-post av-magazine-entry-15 av-magazine-entry-small '  itemscope=\"itemscope\" itemtype=\"https:\/\/schema.org\/CreativeWork\" ><div class='av-magazine-thumbnail'><a href='https:\/\/observator.org.al\/sq\/thirrje-per-pjesemarres-ide-promovuese-nga-te-rinjte\/' title='Link to: Thirrje p\u00ebr pjes\u00ebmarr\u00ebs &#8211; Ide promovuese nga t\u00eb rinjt\u00eb' class='iconfont av-magazine-entry-icon' aria-hidden='true' data-av_icon='\ue836' data-av_iconfont='entypo-fontello'><\/a><\/div><div class='av-magazine-content-wrap'><header class='entry-content-header'><time class='av-magazine-time updated'  itemprop=\"datePublished\" datetime=\"2023-01-13T12:02:36+01:00\" >13\/01\/2023<\/time><h3 class='av-magazine-title entry-title '  itemprop=\"headline\" ><a href='https:\/\/observator.org.al\/sq\/thirrje-per-pjesemarres-ide-promovuese-nga-te-rinjte\/' title='Link to: Thirrje p\u00ebr pjes\u00ebmarr\u00ebs &#8211; Ide promovuese nga t\u00eb rinjt\u00eb'>Thirrje p\u00ebr pjes\u00ebmarr\u00ebs &#8211; Ide promovuese nga t\u00eb rinjt\u00eb<\/a><\/h3><\/header><\/div><footer class='entry-footer'><\/footer><\/article><article class='av-magazine-entry av-magazine-entry-id-8815 av-magazine-format-standard av-magazine-type-post av-magazine-entry-16 av-magazine-entry-small '  itemscope=\"itemscope\" itemtype=\"https:\/\/schema.org\/CreativeWork\" ><div class='av-magazine-thumbnail'><a href='https:\/\/observator.org.al\/sq\/thirrje-per-shprehje-interesi-ekspert-per-permiresimin-e-kurikules-mbi-monitorimin-dhe-vleresimin\/' title='Link to: THIRRJE P\u00cbR SHPREHJE INTERESI-EKSPERT P\u00cbR P\u00cbRMIR\u00cbSIMIN E KURIKUL\u00cbS MBI MONITORIMIN DHE VLER\u00cbSIMIN' class='iconfont av-magazine-entry-icon' aria-hidden='true' data-av_icon='\ue836' data-av_iconfont='entypo-fontello'><\/a><\/div><div class='av-magazine-content-wrap'><header class='entry-content-header'><time class='av-magazine-time updated'  itemprop=\"datePublished\" datetime=\"2023-01-09T10:00:16+01:00\" >09\/01\/2023<\/time><h3 class='av-magazine-title entry-title '  itemprop=\"headline\" ><a href='https:\/\/observator.org.al\/sq\/thirrje-per-shprehje-interesi-ekspert-per-permiresimin-e-kurikules-mbi-monitorimin-dhe-vleresimin\/' title='Link to: THIRRJE P\u00cbR SHPREHJE INTERESI-EKSPERT P\u00cbR P\u00cbRMIR\u00cbSIMIN E KURIKUL\u00cbS MBI MONITORIMIN DHE VLER\u00cbSIMIN'>THIRRJE P\u00cbR SHPREHJE INTERESI-EKSPERT P\u00cbR P\u00cbRMIR\u00cbSIMIN E KURIKUL\u00cbS MBI MONITORIMIN DHE VLER\u00cbSIMIN<\/a><\/h3><\/header><\/div><footer class='entry-footer'><\/footer><\/article><article class='av-magazine-entry av-magazine-entry-id-8610 av-magazine-format-standard av-magazine-type-post av-magazine-entry-17 av-magazine-entry-small '  itemscope=\"itemscope\" itemtype=\"https:\/\/schema.org\/CreativeWork\" ><div class='av-magazine-thumbnail'><a href='https:\/\/observator.org.al\/sq\/kerkese-per-oferte-2\/' title='Link to: K\u00ebrkes\u00eb P\u00ebr Ofert\u00eb' class='iconfont av-magazine-entry-icon' aria-hidden='true' data-av_icon='\ue836' data-av_iconfont='entypo-fontello'><\/a><\/div><div class='av-magazine-content-wrap'><header class='entry-content-header'><time class='av-magazine-time updated'  itemprop=\"datePublished\" datetime=\"2022-12-02T11:40:56+01:00\" >02\/12\/2022<\/time><h3 class='av-magazine-title entry-title '  itemprop=\"headline\" ><a href='https:\/\/observator.org.al\/sq\/kerkese-per-oferte-2\/' title='Link to: K\u00ebrkes\u00eb P\u00ebr Ofert\u00eb'>K\u00ebrkes\u00eb P\u00ebr Ofert\u00eb<\/a><\/h3><\/header><\/div><footer class='entry-footer'><\/footer><\/article><article class='av-magazine-entry av-magazine-entry-id-8607 av-magazine-format-standard av-magazine-type-post av-magazine-entry-18 av-magazine-entry-small '  itemscope=\"itemscope\" itemtype=\"https:\/\/schema.org\/CreativeWork\" ><div class='av-magazine-thumbnail'><a href='https:\/\/observator.org.al\/sq\/kerkese-per-oferte\/' title='Link to: K\u00cbRKES\u00cb P\u00cbR OFERT\u00cb' class='iconfont av-magazine-entry-icon' aria-hidden='true' data-av_icon='\ue836' data-av_iconfont='entypo-fontello'><\/a><\/div><div class='av-magazine-content-wrap'><header class='entry-content-header'><time class='av-magazine-time updated'  itemprop=\"datePublished\" datetime=\"2022-12-01T14:55:35+01:00\" >01\/12\/2022<\/time><h3 class='av-magazine-title entry-title '  itemprop=\"headline\" ><a href='https:\/\/observator.org.al\/sq\/kerkese-per-oferte\/' title='Link to: K\u00cbRKES\u00cb P\u00cbR OFERT\u00cb'>K\u00cbRKES\u00cb P\u00cbR OFERT\u00cb<\/a><\/h3><\/header><\/div><footer class='entry-footer'><\/footer><\/article><article class='av-magazine-entry av-magazine-entry-id-8594 av-magazine-format-standard av-magazine-type-post av-magazine-entry-19 av-magazine-entry-small '  itemscope=\"itemscope\" itemtype=\"https:\/\/schema.org\/CreativeWork\" ><div class='av-magazine-thumbnail'><a href='https:\/\/observator.org.al\/sq\/thirrje-per-shprehje-interesi-eksperte-per-te-analizuar-dhe-interpretuar-treguesit-e-privimit-te-femijeve\/' title='Link to: THIRRJE P\u00cbR SHPREHJE INTERESI-EKSPERT\u00cb P\u00cbR T\u00cb ANALIZUAR DHE INTERPRETUAR TREGUESIT E PRIVIMIT T\u00cb F\u00cbMIJ\u00cbVE' class='iconfont av-magazine-entry-icon' aria-hidden='true' data-av_icon='\ue836' data-av_iconfont='entypo-fontello'><\/a><\/div><div class='av-magazine-content-wrap'><header class='entry-content-header'><time class='av-magazine-time updated'  itemprop=\"datePublished\" datetime=\"2022-11-16T09:49:18+01:00\" >16\/11\/2022<\/time><h3 class='av-magazine-title entry-title '  itemprop=\"headline\" ><a href='https:\/\/observator.org.al\/sq\/thirrje-per-shprehje-interesi-eksperte-per-te-analizuar-dhe-interpretuar-treguesit-e-privimit-te-femijeve\/' title='Link to: THIRRJE P\u00cbR SHPREHJE INTERESI-EKSPERT\u00cb P\u00cbR T\u00cb ANALIZUAR DHE INTERPRETUAR TREGUESIT E PRIVIMIT T\u00cb F\u00cbMIJ\u00cbVE'>THIRRJE P\u00cbR SHPREHJE INTERESI-EKSPERT\u00cb P\u00cbR T\u00cb ANALIZUAR DHE INTERPRETUAR TREGUESIT E PRIVIMIT T\u00cb F\u00cbMIJ\u00cbVE<\/a><\/h3><\/header><\/div><footer class='entry-footer'><\/footer><\/article><article class='av-magazine-entry av-magazine-entry-id-8783 av-magazine-format-standard av-magazine-type-post av-magazine-entry-20 av-magazine-entry-small '  itemscope=\"itemscope\" itemtype=\"https:\/\/schema.org\/CreativeWork\" ><div class='av-magazine-thumbnail'><a href='https:\/\/observator.org.al\/sq\/thirrje-per-shprehje-interesi-ict-consultant\/' title='Link to: Thirrje per shprehje interesi-ICT Consultant' class='iconfont av-magazine-entry-icon' aria-hidden='true' data-av_icon='\ue836' data-av_iconfont='entypo-fontello'><\/a><\/div><div class='av-magazine-content-wrap'><header class='entry-content-header'><time class='av-magazine-time updated'  itemprop=\"datePublished\" datetime=\"2022-11-01T14:03:22+01:00\" >01\/11\/2022<\/time><h3 class='av-magazine-title entry-title '  itemprop=\"headline\" ><a href='https:\/\/observator.org.al\/sq\/thirrje-per-shprehje-interesi-ict-consultant\/' title='Link to: Thirrje per shprehje interesi-ICT Consultant'>Thirrje per shprehje interesi-ICT Consultant<\/a><\/h3><\/header><\/div><footer class='entry-footer'><\/footer><\/article><article class='av-magazine-entry av-magazine-entry-id-8774 av-magazine-format-standard av-magazine-type-post av-magazine-entry-21 av-magazine-entry-small '  itemscope=\"itemscope\" itemtype=\"https:\/\/schema.org\/CreativeWork\" ><div class='av-magazine-thumbnail'><a href='https:\/\/observator.org.al\/sq\/thirrje-per-shprehje-interesi-consultant-assistant\/' title='Link to: Thirrje per shprehje interesi-Consultant assistant' class='iconfont av-magazine-entry-icon' aria-hidden='true' data-av_icon='\ue836' data-av_iconfont='entypo-fontello'><\/a><\/div><div class='av-magazine-content-wrap'><header class='entry-content-header'><time class='av-magazine-time updated'  itemprop=\"datePublished\" datetime=\"2022-11-01T14:01:39+01:00\" >01\/11\/2022<\/time><h3 class='av-magazine-title entry-title '  itemprop=\"headline\" ><a href='https:\/\/observator.org.al\/sq\/thirrje-per-shprehje-interesi-consultant-assistant\/' title='Link to: Thirrje per shprehje interesi-Consultant assistant'>Thirrje per shprehje interesi-Consultant assistant<\/a><\/h3><\/header><\/div><footer class='entry-footer'><\/footer><\/article><article class='av-magazine-entry av-magazine-entry-id-8767 av-magazine-format-standard av-magazine-type-post av-magazine-entry-22 av-magazine-entry-small '  itemscope=\"itemscope\" itemtype=\"https:\/\/schema.org\/CreativeWork\" ><div class='av-magazine-thumbnail'><a href='https:\/\/observator.org.al\/sq\/thirrje-per-shprehje-interesi-monitoring-and-evaluation-consultants\/' title='Link to: Thirrje per shprehje interesi-Monitoring and Evaluation consultants' class='iconfont av-magazine-entry-icon' aria-hidden='true' data-av_icon='\ue836' data-av_iconfont='entypo-fontello'><\/a><\/div><div class='av-magazine-content-wrap'><header class='entry-content-header'><time class='av-magazine-time updated'  itemprop=\"datePublished\" datetime=\"2022-11-01T14:00:18+01:00\" >01\/11\/2022<\/time><h3 class='av-magazine-title entry-title '  itemprop=\"headline\" ><a href='https:\/\/observator.org.al\/sq\/thirrje-per-shprehje-interesi-monitoring-and-evaluation-consultants\/' title='Link to: Thirrje per shprehje interesi-Monitoring and Evaluation consultants'>Thirrje per shprehje interesi-Monitoring and Evaluation consultants<\/a><\/h3><\/header><\/div><footer class='entry-footer'><\/footer><\/article><article class='av-magazine-entry av-magazine-entry-id-8556 av-magazine-format-standard av-magazine-type-post av-magazine-entry-23 av-magazine-entry-small '  itemscope=\"itemscope\" itemtype=\"https:\/\/schema.org\/CreativeWork\" ><div class='av-magazine-thumbnail'><a href='https:\/\/observator.org.al\/sq\/prokurim-materialesh-ne-kuader-te-zbatimit-te-projektit-monitoring-and-reporting-on-children-rights-for-better-policy-option\/' title='Link to: Prokurim materialesh n\u00eb kuad\u00ebr t\u00eb zbatimit t\u00eb projektit \u201cMonitoring and Reporting on children rights for better policy option\u201d' class='iconfont av-magazine-entry-icon' aria-hidden='true' data-av_icon='\ue836' data-av_iconfont='entypo-fontello'><\/a><\/div><div class='av-magazine-content-wrap'><header class='entry-content-header'><time class='av-magazine-time updated'  itemprop=\"datePublished\" datetime=\"2022-10-26T13:54:13+02:00\" >26\/10\/2022<\/time><h3 class='av-magazine-title entry-title '  itemprop=\"headline\" ><a href='https:\/\/observator.org.al\/sq\/prokurim-materialesh-ne-kuader-te-zbatimit-te-projektit-monitoring-and-reporting-on-children-rights-for-better-policy-option\/' title='Link to: Prokurim materialesh n\u00eb kuad\u00ebr t\u00eb zbatimit t\u00eb projektit \u201cMonitoring and Reporting on children rights for better policy option\u201d'>Prokurim materialesh n\u00eb kuad\u00ebr t\u00eb zbatimit t\u00eb projektit \u201cMonitoring and Reporting on children rights for better policy option\u201d<\/a><\/h3><\/header><\/div><footer class='entry-footer'><\/footer><\/article><article class='av-magazine-entry av-magazine-entry-id-8550 av-magazine-format-standard av-magazine-type-post av-magazine-entry-24 av-magazine-entry-small '  itemscope=\"itemscope\" itemtype=\"https:\/\/schema.org\/CreativeWork\" ><div class='av-magazine-thumbnail'><a href='https:\/\/observator.org.al\/sq\/ripublikuar-thirrje-per-shprehje-interesi-eksperte-per-te-pergatitur-eu-indeks\/' title='Link to: RIPUBLIKUAR-THIRRJE P\u00cbR SHPREHJE INTERESI- EKSPERT\u00cb P\u00cbR T\u00cb P\u00cbRGATITUR EU INDEKS' class='iconfont av-magazine-entry-icon' aria-hidden='true' data-av_icon='\ue836' data-av_iconfont='entypo-fontello'><\/a><\/div><div class='av-magazine-content-wrap'><header class='entry-content-header'><time class='av-magazine-time updated'  itemprop=\"datePublished\" datetime=\"2022-10-21T10:26:55+02:00\" >21\/10\/2022<\/time><h3 class='av-magazine-title entry-title '  itemprop=\"headline\" ><a href='https:\/\/observator.org.al\/sq\/ripublikuar-thirrje-per-shprehje-interesi-eksperte-per-te-pergatitur-eu-indeks\/' title='Link to: RIPUBLIKUAR-THIRRJE P\u00cbR SHPREHJE INTERESI- EKSPERT\u00cb P\u00cbR T\u00cb P\u00cbRGATITUR EU INDEKS'>RIPUBLIKUAR-THIRRJE P\u00cbR SHPREHJE INTERESI- EKSPERT\u00cb P\u00cbR T\u00cb P\u00cbRGATITUR EU INDEKS<\/a><\/h3><\/header><\/div><footer class='entry-footer'><\/footer><\/article><article class='av-magazine-entry av-magazine-entry-id-8542 av-magazine-format-standard av-magazine-type-post av-magazine-entry-25 av-magazine-entry-small '  itemscope=\"itemscope\" itemtype=\"https:\/\/schema.org\/CreativeWork\" ><div class='av-magazine-thumbnail'><a href='https:\/\/observator.org.al\/sq\/thirrje-per-shprehje-interesi-lehtesues-aktiviteti\/' title='Link to: Thirrje p\u00ebr shprehje interesi- Lehtesues aktiviteti' class='iconfont av-magazine-entry-icon' aria-hidden='true' data-av_icon='\ue836' data-av_iconfont='entypo-fontello'><\/a><\/div><div class='av-magazine-content-wrap'><header class='entry-content-header'><time class='av-magazine-time updated'  itemprop=\"datePublished\" datetime=\"2022-10-20T16:11:34+02:00\" >20\/10\/2022<\/time><h3 class='av-magazine-title entry-title '  itemprop=\"headline\" ><a href='https:\/\/observator.org.al\/sq\/thirrje-per-shprehje-interesi-lehtesues-aktiviteti\/' title='Link to: Thirrje p\u00ebr shprehje interesi- Lehtesues aktiviteti'>Thirrje p\u00ebr shprehje interesi- Lehtesues aktiviteti<\/a><\/h3><\/header><\/div><footer class='entry-footer'><\/footer><\/article><article class='av-magazine-entry av-magazine-entry-id-8539 av-magazine-format-standard av-magazine-type-post av-magazine-entry-26 av-magazine-entry-small '  itemscope=\"itemscope\" itemtype=\"https:\/\/schema.org\/CreativeWork\" ><div class='av-magazine-thumbnail'><a href='https:\/\/observator.org.al\/sq\/thirrje-per-shprehje-interesi-trajner\/' title='Link to: Thirrje p\u00ebr shprehje interesi- Trajner' class='iconfont av-magazine-entry-icon' aria-hidden='true' data-av_icon='\ue836' data-av_iconfont='entypo-fontello'><\/a><\/div><div class='av-magazine-content-wrap'><header class='entry-content-header'><time class='av-magazine-time updated'  itemprop=\"datePublished\" datetime=\"2022-10-20T16:07:42+02:00\" >20\/10\/2022<\/time><h3 class='av-magazine-title entry-title '  itemprop=\"headline\" ><a href='https:\/\/observator.org.al\/sq\/thirrje-per-shprehje-interesi-trajner\/' title='Link to: Thirrje p\u00ebr shprehje interesi- Trajner'>Thirrje p\u00ebr shprehje interesi- Trajner<\/a><\/h3><\/header><\/div><footer class='entry-footer'><\/footer><\/article><article class='av-magazine-entry av-magazine-entry-id-8514 av-magazine-format-standard av-magazine-type-post av-magazine-entry-27 av-magazine-entry-small '  itemscope=\"itemscope\" itemtype=\"https:\/\/schema.org\/CreativeWork\" ><div class='av-magazine-thumbnail'><a href='https:\/\/observator.org.al\/sq\/ripublikuar-njoftim-punesimi-akelius-project-assistant-2\/' title='Link to: Ripublikuar-Njoftim pun\u00ebsimi- Akelius Project Assistant' class='iconfont av-magazine-entry-icon' aria-hidden='true' data-av_icon='\ue836' data-av_iconfont='entypo-fontello'><\/a><\/div><div class='av-magazine-content-wrap'><header class='entry-content-header'><time class='av-magazine-time updated'  itemprop=\"datePublished\" datetime=\"2022-10-04T12:05:48+02:00\" >04\/10\/2022<\/time><h3 class='av-magazine-title entry-title '  itemprop=\"headline\" ><a href='https:\/\/observator.org.al\/sq\/ripublikuar-njoftim-punesimi-akelius-project-assistant-2\/' title='Link to: Ripublikuar-Njoftim pun\u00ebsimi- Akelius Project Assistant'>Ripublikuar-Njoftim pun\u00ebsimi- Akelius Project Assistant<\/a><\/h3><\/header><\/div><footer class='entry-footer'><\/footer><\/article><article class='av-magazine-entry av-magazine-entry-id-8506 av-magazine-format-standard av-magazine-type-post av-magazine-entry-28 av-magazine-entry-small '  itemscope=\"itemscope\" itemtype=\"https:\/\/schema.org\/CreativeWork\" ><div class='av-magazine-thumbnail'><a href='https:\/\/observator.org.al\/sq\/ripublikuar-njoftim-punesimi-akelius-project-assistant\/' title='Link to: Ripublikuar-Njoftim pun\u00ebsimi- Akelius Project Assistant' class='iconfont av-magazine-entry-icon' aria-hidden='true' data-av_icon='\ue836' data-av_iconfont='entypo-fontello'><\/a><\/div><div class='av-magazine-content-wrap'><header class='entry-content-header'><time class='av-magazine-time updated'  itemprop=\"datePublished\" datetime=\"2022-09-26T10:53:42+02:00\" >26\/09\/2022<\/time><h3 class='av-magazine-title entry-title '  itemprop=\"headline\" ><a href='https:\/\/observator.org.al\/sq\/ripublikuar-njoftim-punesimi-akelius-project-assistant\/' title='Link to: Ripublikuar-Njoftim pun\u00ebsimi- Akelius Project Assistant'>Ripublikuar-Njoftim pun\u00ebsimi- Akelius Project Assistant<\/a><\/h3><\/header><\/div><footer class='entry-footer'><\/footer><\/article><article class='av-magazine-entry av-magazine-entry-id-8765 av-magazine-format-standard av-magazine-type-post av-magazine-entry-29 av-magazine-entry-small '  itemscope=\"itemscope\" itemtype=\"https:\/\/schema.org\/CreativeWork\" ><div class='av-magazine-thumbnail'><a href='https:\/\/observator.org.al\/sq\/thirrje-per-shprehje-interesi-facilitator-fee\/' title='Link to: Thirrje per shprehje interesi-Facilitator fee' class='iconfont av-magazine-entry-icon' aria-hidden='true' data-av_icon='\ue836' data-av_iconfont='entypo-fontello'><\/a><\/div><div class='av-magazine-content-wrap'><header class='entry-content-header'><time class='av-magazine-time updated'  itemprop=\"datePublished\" datetime=\"2022-09-19T13:59:25+02:00\" >19\/09\/2022<\/time><h3 class='av-magazine-title entry-title '  itemprop=\"headline\" ><a href='https:\/\/observator.org.al\/sq\/thirrje-per-shprehje-interesi-facilitator-fee\/' title='Link to: Thirrje per shprehje interesi-Facilitator fee'>Thirrje per shprehje interesi-Facilitator fee<\/a><\/h3><\/header><\/div><footer class='entry-footer'><\/footer><\/article><article class='av-magazine-entry av-magazine-entry-id-8756 av-magazine-format-standard av-magazine-type-post av-magazine-entry-30 av-magazine-entry-small '  itemscope=\"itemscope\" itemtype=\"https:\/\/schema.org\/CreativeWork\" ><div class='av-magazine-thumbnail'><a href='https:\/\/observator.org.al\/sq\/thirrje-per-shprehje-interesi-trainer-fee\/' title='Link to: Thirrje per shprehje interesi-Trainer fee' class='iconfont av-magazine-entry-icon' aria-hidden='true' data-av_icon='\ue836' data-av_iconfont='entypo-fontello'><\/a><\/div><div class='av-magazine-content-wrap'><header class='entry-content-header'><time class='av-magazine-time updated'  itemprop=\"datePublished\" datetime=\"2022-09-19T13:56:44+02:00\" >19\/09\/2022<\/time><h3 class='av-magazine-title entry-title '  itemprop=\"headline\" ><a href='https:\/\/observator.org.al\/sq\/thirrje-per-shprehje-interesi-trainer-fee\/' title='Link to: Thirrje per shprehje interesi-Trainer fee'>Thirrje per shprehje interesi-Trainer fee<\/a><\/h3><\/header><\/div><footer class='entry-footer'><\/footer><\/article><article class='av-magazine-entry av-magazine-entry-id-8500 av-magazine-format-standard av-magazine-type-post av-magazine-entry-31 av-magazine-entry-small '  itemscope=\"itemscope\" itemtype=\"https:\/\/schema.org\/CreativeWork\" ><div class='av-magazine-thumbnail'><a href='https:\/\/observator.org.al\/sq\/thirrje-per-shprehje-interesi-ekspert-per-te-dokumentuar-workshop-et\/' title='Link to: THIRRJE P\u00cbR SHPREHJE INTERESI- EKSPERT P\u00cbR T\u00cb DOKUMENTUAR WORKSHOP-ET' class='iconfont av-magazine-entry-icon' aria-hidden='true' data-av_icon='\ue836' data-av_iconfont='entypo-fontello'><\/a><\/div><div class='av-magazine-content-wrap'><header class='entry-content-header'><time class='av-magazine-time updated'  itemprop=\"datePublished\" datetime=\"2022-09-13T14:42:53+02:00\" >13\/09\/2022<\/time><h3 class='av-magazine-title entry-title '  itemprop=\"headline\" ><a href='https:\/\/observator.org.al\/sq\/thirrje-per-shprehje-interesi-ekspert-per-te-dokumentuar-workshop-et\/' title='Link to: THIRRJE P\u00cbR SHPREHJE INTERESI- EKSPERT P\u00cbR T\u00cb DOKUMENTUAR WORKSHOP-ET'>THIRRJE P\u00cbR SHPREHJE INTERESI- EKSPERT P\u00cbR T\u00cb DOKUMENTUAR WORKSHOP-ET<\/a><\/h3><\/header><\/div><footer class='entry-footer'><\/footer><\/article><article class='av-magazine-entry av-magazine-entry-id-8492 av-magazine-format-standard av-magazine-type-post av-magazine-entry-32 av-magazine-entry-small '  itemscope=\"itemscope\" itemtype=\"https:\/\/schema.org\/CreativeWork\" ><div class='av-magazine-thumbnail'><a href='https:\/\/observator.org.al\/sq\/thirrje-per-shprehje-interesi-ekspert-per-te-pergatitur-nje-broshure\/' title='Link to: THIRRJE P\u00cbR SHPREHJE INTERESI- EKSPERT P\u00cbR T\u00cb P\u00cbRGATITUR NJ\u00cb BROSHUR\u00cb' class='iconfont av-magazine-entry-icon' aria-hidden='true' data-av_icon='\ue836' data-av_iconfont='entypo-fontello'><\/a><\/div><div class='av-magazine-content-wrap'><header class='entry-content-header'><time class='av-magazine-time updated'  itemprop=\"datePublished\" datetime=\"2022-09-13T14:30:32+02:00\" >13\/09\/2022<\/time><h3 class='av-magazine-title entry-title '  itemprop=\"headline\" ><a href='https:\/\/observator.org.al\/sq\/thirrje-per-shprehje-interesi-ekspert-per-te-pergatitur-nje-broshure\/' title='Link to: THIRRJE P\u00cbR SHPREHJE INTERESI- EKSPERT P\u00cbR T\u00cb P\u00cbRGATITUR NJ\u00cb BROSHUR\u00cb'>THIRRJE P\u00cbR SHPREHJE INTERESI- EKSPERT P\u00cbR T\u00cb P\u00cbRGATITUR NJ\u00cb BROSHUR\u00cb<\/a><\/h3><\/header><\/div><footer class='entry-footer'><\/footer><\/article><article class='av-magazine-entry av-magazine-entry-id-8483 av-magazine-format-standard av-magazine-type-post av-magazine-entry-33 av-magazine-entry-small '  itemscope=\"itemscope\" itemtype=\"https:\/\/schema.org\/CreativeWork\" ><div class='av-magazine-thumbnail'><a href='https:\/\/observator.org.al\/sq\/thirrje-per-shprehje-interesi-ekspert-per-te-pergatitur-treguesit-mbi-deprivimin\/' title='Link to: THIRRJE P\u00cbR SHPREHJE INTERESI- EKSPERT P\u00cbR T\u00cb P\u00cbRGATITUR TREGUESIT MBI DEPRIVIMIN' class='iconfont av-magazine-entry-icon' aria-hidden='true' data-av_icon='\ue836' data-av_iconfont='entypo-fontello'><\/a><\/div><div class='av-magazine-content-wrap'><header class='entry-content-header'><time class='av-magazine-time updated'  itemprop=\"datePublished\" datetime=\"2022-09-13T14:19:57+02:00\" >13\/09\/2022<\/time><h3 class='av-magazine-title entry-title '  itemprop=\"headline\" ><a href='https:\/\/observator.org.al\/sq\/thirrje-per-shprehje-interesi-ekspert-per-te-pergatitur-treguesit-mbi-deprivimin\/' title='Link to: THIRRJE P\u00cbR SHPREHJE INTERESI- EKSPERT P\u00cbR T\u00cb P\u00cbRGATITUR TREGUESIT MBI DEPRIVIMIN'>THIRRJE P\u00cbR SHPREHJE INTERESI- EKSPERT P\u00cbR T\u00cb P\u00cbRGATITUR TREGUESIT MBI DEPRIVIMIN<\/a><\/h3><\/header><\/div><footer class='entry-footer'><\/footer><\/article><article class='av-magazine-entry av-magazine-entry-id-8473 av-magazine-format-standard av-magazine-type-post av-magazine-entry-34 av-magazine-entry-small '  itemscope=\"itemscope\" itemtype=\"https:\/\/schema.org\/CreativeWork\" ><div class='av-magazine-thumbnail'><a href='https:\/\/observator.org.al\/sq\/thirrje-per-shprehje-interesi-ekspert\/' title='Link to: THIRRJE P\u00cbR SHPREHJE INTERESI- EKSPERT' class='iconfont av-magazine-entry-icon' aria-hidden='true' data-av_icon='\ue836' data-av_iconfont='entypo-fontello'><\/a><\/div><div class='av-magazine-content-wrap'><header class='entry-content-header'><time class='av-magazine-time updated'  itemprop=\"datePublished\" datetime=\"2022-09-07T10:05:47+02:00\" >07\/09\/2022<\/time><h3 class='av-magazine-title entry-title '  itemprop=\"headline\" ><a href='https:\/\/observator.org.al\/sq\/thirrje-per-shprehje-interesi-ekspert\/' title='Link to: THIRRJE P\u00cbR SHPREHJE INTERESI- EKSPERT'>THIRRJE P\u00cbR SHPREHJE INTERESI- EKSPERT<\/a><\/h3><\/header><\/div><footer class='entry-footer'><\/footer><\/article><article class='av-magazine-entry av-magazine-entry-id-8469 av-magazine-format-standard av-magazine-type-post av-magazine-entry-35 av-magazine-entry-small '  itemscope=\"itemscope\" itemtype=\"https:\/\/schema.org\/CreativeWork\" ><div class='av-magazine-thumbnail'><a href='https:\/\/observator.org.al\/sq\/njoftim-punesimi-akelius-project-assistant\/' title='Link to: Njoftim pun\u00ebsimi- Akelius Project Assistant' class='iconfont av-magazine-entry-icon' aria-hidden='true' data-av_icon='\ue836' data-av_iconfont='entypo-fontello'><\/a><\/div><div class='av-magazine-content-wrap'><header class='entry-content-header'><time class='av-magazine-time updated'  itemprop=\"datePublished\" datetime=\"2022-09-02T15:50:07+02:00\" >02\/09\/2022<\/time><h3 class='av-magazine-title entry-title '  itemprop=\"headline\" ><a href='https:\/\/observator.org.al\/sq\/njoftim-punesimi-akelius-project-assistant\/' title='Link to: Njoftim pun\u00ebsimi- Akelius Project Assistant'>Njoftim pun\u00ebsimi- Akelius Project Assistant<\/a><\/h3><\/header><\/div><footer class='entry-footer'><\/footer><\/article><article class='av-magazine-entry av-magazine-entry-id-8466 av-magazine-format-standard av-magazine-type-post av-magazine-entry-36 av-magazine-entry-small '  itemscope=\"itemscope\" itemtype=\"https:\/\/schema.org\/CreativeWork\" ><div class='av-magazine-thumbnail'><a href='https:\/\/observator.org.al\/sq\/kerkese-per-oferte-blerje-paisje\/' title='Link to: K\u00ebrkes\u00eb p\u00ebr Ofert\u00eb- Blerje Paisje' class='iconfont av-magazine-entry-icon' aria-hidden='true' data-av_icon='\ue836' data-av_iconfont='entypo-fontello'><\/a><\/div><div class='av-magazine-content-wrap'><header class='entry-content-header'><time class='av-magazine-time updated'  itemprop=\"datePublished\" datetime=\"2022-09-01T17:04:56+02:00\" >01\/09\/2022<\/time><h3 class='av-magazine-title entry-title '  itemprop=\"headline\" ><a href='https:\/\/observator.org.al\/sq\/kerkese-per-oferte-blerje-paisje\/' title='Link to: K\u00ebrkes\u00eb p\u00ebr Ofert\u00eb- Blerje Paisje'>K\u00ebrkes\u00eb p\u00ebr Ofert\u00eb- Blerje Paisje<\/a><\/h3><\/header><\/div><footer class='entry-footer'><\/footer><\/article><article class='av-magazine-entry av-magazine-entry-id-8749 av-magazine-format-standard av-magazine-type-post av-magazine-entry-37 av-magazine-entry-small '  itemscope=\"itemscope\" itemtype=\"https:\/\/schema.org\/CreativeWork\" ><div class='av-magazine-thumbnail'><a href='https:\/\/observator.org.al\/sq\/thirrje-per-shprehje-interesi-expert-monitoring-the-financial-support-2\/' title='Link to: Thirrje per shprehje interesi-Expert monitoring the financial support' class='iconfont av-magazine-entry-icon' aria-hidden='true' data-av_icon='\ue836' data-av_iconfont='entypo-fontello'><\/a><\/div><div class='av-magazine-content-wrap'><header class='entry-content-header'><time class='av-magazine-time updated'  itemprop=\"datePublished\" datetime=\"2022-09-01T13:54:52+02:00\" >01\/09\/2022<\/time><h3 class='av-magazine-title entry-title '  itemprop=\"headline\" ><a href='https:\/\/observator.org.al\/sq\/thirrje-per-shprehje-interesi-expert-monitoring-the-financial-support-2\/' title='Link to: Thirrje per shprehje interesi-Expert monitoring the financial support'>Thirrje per shprehje interesi-Expert monitoring the financial support<\/a><\/h3><\/header><\/div><footer class='entry-footer'><\/footer><\/article><article class='av-magazine-entry av-magazine-entry-id-8731 av-magazine-format-standard av-magazine-type-post av-magazine-entry-38 av-magazine-entry-small '  itemscope=\"itemscope\" itemtype=\"https:\/\/schema.org\/CreativeWork\" ><div class='av-magazine-thumbnail'><a href='https:\/\/observator.org.al\/sq\/thirrje-per-ekspert-per-realizimin-e-anketimeve-me-te-rinjte-dhe-administraten-publike-neet\/' title='Link to: Thirrje per Ekspert p\u00ebr realizimin e anketimeve me t\u00eb rinjt\u00eb dhe administrat\u00ebn publike NEET' class='iconfont av-magazine-entry-icon' aria-hidden='true' data-av_icon='\ue836' data-av_iconfont='entypo-fontello'><\/a><\/div><div class='av-magazine-content-wrap'><header class='entry-content-header'><time class='av-magazine-time updated'  itemprop=\"datePublished\" datetime=\"2022-09-01T13:49:46+02:00\" >01\/09\/2022<\/time><h3 class='av-magazine-title entry-title '  itemprop=\"headline\" ><a href='https:\/\/observator.org.al\/sq\/thirrje-per-ekspert-per-realizimin-e-anketimeve-me-te-rinjte-dhe-administraten-publike-neet\/' title='Link to: Thirrje per Ekspert p\u00ebr realizimin e anketimeve me t\u00eb rinjt\u00eb dhe administrat\u00ebn publike NEET'>Thirrje per Ekspert p\u00ebr realizimin e anketimeve me t\u00eb rinjt\u00eb dhe administrat\u00ebn publike NEET<\/a><\/h3><\/header><\/div><footer class='entry-footer'><\/footer><\/article><article class='av-magazine-entry av-magazine-entry-id-8723 av-magazine-format-standard av-magazine-type-post av-magazine-entry-39 av-magazine-entry-small '  itemscope=\"itemscope\" itemtype=\"https:\/\/schema.org\/CreativeWork\" ><div class='av-magazine-thumbnail'><a href='https:\/\/observator.org.al\/sq\/thirrje-per-ekspert-per-desk-review-neet\/' title='Link to: Thirrje p\u00ebr Ekspert p\u00ebr Desk review NEET' class='iconfont av-magazine-entry-icon' aria-hidden='true' data-av_icon='\ue836' data-av_iconfont='entypo-fontello'><\/a><\/div><div class='av-magazine-content-wrap'><header class='entry-content-header'><time class='av-magazine-time updated'  itemprop=\"datePublished\" datetime=\"2022-09-01T13:47:49+02:00\" >01\/09\/2022<\/time><h3 class='av-magazine-title entry-title '  itemprop=\"headline\" ><a href='https:\/\/observator.org.al\/sq\/thirrje-per-ekspert-per-desk-review-neet\/' title='Link to: Thirrje p\u00ebr Ekspert p\u00ebr Desk review NEET'>Thirrje p\u00ebr Ekspert p\u00ebr Desk review NEET<\/a><\/h3><\/header><\/div><footer class='entry-footer'><\/footer><\/article><article class='av-magazine-entry av-magazine-entry-id-8747 av-magazine-format-standard av-magazine-type-post av-magazine-entry-40 av-magazine-entry-small '  itemscope=\"itemscope\" itemtype=\"https:\/\/schema.org\/CreativeWork\" ><div class='av-magazine-thumbnail'><a href='https:\/\/observator.org.al\/sq\/thirrje-per-shprehje-interesi-expert-monitoring-the-financial-support\/' title='Link to: Thirrje per shprehje interesi-Expert monitoring the financial support' class='iconfont av-magazine-entry-icon' aria-hidden='true' data-av_icon='\ue836' data-av_iconfont='entypo-fontello'><\/a><\/div><div class='av-magazine-content-wrap'><header class='entry-content-header'><time class='av-magazine-time updated'  itemprop=\"datePublished\" datetime=\"2022-08-08T13:53:50+02:00\" >08\/08\/2022<\/time><h3 class='av-magazine-title entry-title '  itemprop=\"headline\" ><a href='https:\/\/observator.org.al\/sq\/thirrje-per-shprehje-interesi-expert-monitoring-the-financial-support\/' title='Link to: Thirrje per shprehje interesi-Expert monitoring the financial support'>Thirrje per shprehje interesi-Expert monitoring the financial support<\/a><\/h3><\/header><\/div><footer class='entry-footer'><\/footer><\/article><\/div><div class='av-magazine-group av-hidden-mag sort_55'><article class='av-magazine-entry av-magazine-entry-id-8830 av-magazine-format-standard av-magazine-type-post av-magazine-entry-1 av-magazine-entry-small '  itemscope=\"itemscope\" itemtype=\"https:\/\/schema.org\/CreativeWork\" ><div class='av-magazine-thumbnail'><a href='https:\/\/observator.org.al\/sq\/ekspert-per-permiresimin-e-programeve-edukative-mbi-monitorimin-dhe-vleresimin-e-programeve-dhe-politikave\/' title='Link to: Ekspert p\u00ebr p\u00ebrmiresimin e programeve edukative mbi monitorimin dhe vler\u00ebsimin e programeve dhe politikave' class='iconfont av-magazine-entry-icon' aria-hidden='true' data-av_icon='\ue836' data-av_iconfont='entypo-fontello'><\/a><\/div><div class='av-magazine-content-wrap'><header class='entry-content-header'><time class='av-magazine-time updated'  itemprop=\"datePublished\" datetime=\"2023-01-20T14:55:02+01:00\" >20\/01\/2023<\/time><h3 class='av-magazine-title entry-title '  itemprop=\"headline\" ><a href='https:\/\/observator.org.al\/sq\/ekspert-per-permiresimin-e-programeve-edukative-mbi-monitorimin-dhe-vleresimin-e-programeve-dhe-politikave\/' title='Link to: Ekspert p\u00ebr p\u00ebrmiresimin e programeve edukative mbi monitorimin dhe vler\u00ebsimin e programeve dhe politikave'>Ekspert p\u00ebr p\u00ebrmiresimin e programeve edukative mbi monitorimin dhe vler\u00ebsimin e programeve dhe politikave<\/a><\/h3><\/header><\/div><footer class='entry-footer'><\/footer><\/article><article class='av-magazine-entry av-magazine-entry-id-8815 av-magazine-format-standard av-magazine-type-post av-magazine-entry-2 av-magazine-entry-small '  itemscope=\"itemscope\" itemtype=\"https:\/\/schema.org\/CreativeWork\" ><div class='av-magazine-thumbnail'><a href='https:\/\/observator.org.al\/sq\/thirrje-per-shprehje-interesi-ekspert-per-permiresimin-e-kurikules-mbi-monitorimin-dhe-vleresimin\/' title='Link to: THIRRJE P\u00cbR SHPREHJE INTERESI-EKSPERT P\u00cbR P\u00cbRMIR\u00cbSIMIN E KURIKUL\u00cbS MBI MONITORIMIN DHE VLER\u00cbSIMIN' class='iconfont av-magazine-entry-icon' aria-hidden='true' data-av_icon='\ue836' data-av_iconfont='entypo-fontello'><\/a><\/div><div class='av-magazine-content-wrap'><header class='entry-content-header'><time class='av-magazine-time updated'  itemprop=\"datePublished\" datetime=\"2023-01-09T10:00:16+01:00\" >09\/01\/2023<\/time><h3 class='av-magazine-title entry-title '  itemprop=\"headline\" ><a href='https:\/\/observator.org.al\/sq\/thirrje-per-shprehje-interesi-ekspert-per-permiresimin-e-kurikules-mbi-monitorimin-dhe-vleresimin\/' title='Link to: THIRRJE P\u00cbR SHPREHJE INTERESI-EKSPERT P\u00cbR P\u00cbRMIR\u00cbSIMIN E KURIKUL\u00cbS MBI MONITORIMIN DHE VLER\u00cbSIMIN'>THIRRJE P\u00cbR SHPREHJE INTERESI-EKSPERT P\u00cbR P\u00cbRMIR\u00cbSIMIN E KURIKUL\u00cbS MBI MONITORIMIN DHE VLER\u00cbSIMIN<\/a><\/h3><\/header><\/div><footer class='entry-footer'><\/footer><\/article><article class='av-magazine-entry av-magazine-entry-id-8610 av-magazine-format-standard av-magazine-type-post av-magazine-entry-3 av-magazine-entry-small '  itemscope=\"itemscope\" itemtype=\"https:\/\/schema.org\/CreativeWork\" ><div class='av-magazine-thumbnail'><a href='https:\/\/observator.org.al\/sq\/kerkese-per-oferte-2\/' title='Link to: K\u00ebrkes\u00eb P\u00ebr Ofert\u00eb' class='iconfont av-magazine-entry-icon' aria-hidden='true' data-av_icon='\ue836' data-av_iconfont='entypo-fontello'><\/a><\/div><div class='av-magazine-content-wrap'><header class='entry-content-header'><time class='av-magazine-time updated'  itemprop=\"datePublished\" datetime=\"2022-12-02T11:40:56+01:00\" >02\/12\/2022<\/time><h3 class='av-magazine-title entry-title '  itemprop=\"headline\" ><a href='https:\/\/observator.org.al\/sq\/kerkese-per-oferte-2\/' title='Link to: K\u00ebrkes\u00eb P\u00ebr Ofert\u00eb'>K\u00ebrkes\u00eb P\u00ebr Ofert\u00eb<\/a><\/h3><\/header><\/div><footer class='entry-footer'><\/footer><\/article><article class='av-magazine-entry av-magazine-entry-id-8607 av-magazine-format-standard av-magazine-type-post av-magazine-entry-4 av-magazine-entry-small '  itemscope=\"itemscope\" itemtype=\"https:\/\/schema.org\/CreativeWork\" ><div class='av-magazine-thumbnail'><a href='https:\/\/observator.org.al\/sq\/kerkese-per-oferte\/' title='Link to: K\u00cbRKES\u00cb P\u00cbR OFERT\u00cb' class='iconfont av-magazine-entry-icon' aria-hidden='true' data-av_icon='\ue836' data-av_iconfont='entypo-fontello'><\/a><\/div><div class='av-magazine-content-wrap'><header class='entry-content-header'><time class='av-magazine-time updated'  itemprop=\"datePublished\" datetime=\"2022-12-01T14:55:35+01:00\" >01\/12\/2022<\/time><h3 class='av-magazine-title entry-title '  itemprop=\"headline\" ><a href='https:\/\/observator.org.al\/sq\/kerkese-per-oferte\/' title='Link to: K\u00cbRKES\u00cb P\u00cbR OFERT\u00cb'>K\u00cbRKES\u00cb P\u00cbR OFERT\u00cb<\/a><\/h3><\/header><\/div><footer class='entry-footer'><\/footer><\/article><article class='av-magazine-entry av-magazine-entry-id-8594 av-magazine-format-standard av-magazine-type-post av-magazine-entry-5 av-magazine-entry-small '  itemscope=\"itemscope\" itemtype=\"https:\/\/schema.org\/CreativeWork\" ><div class='av-magazine-thumbnail'><a href='https:\/\/observator.org.al\/sq\/thirrje-per-shprehje-interesi-eksperte-per-te-analizuar-dhe-interpretuar-treguesit-e-privimit-te-femijeve\/' title='Link to: THIRRJE P\u00cbR SHPREHJE INTERESI-EKSPERT\u00cb P\u00cbR T\u00cb ANALIZUAR DHE INTERPRETUAR TREGUESIT E PRIVIMIT T\u00cb F\u00cbMIJ\u00cbVE' class='iconfont av-magazine-entry-icon' aria-hidden='true' data-av_icon='\ue836' data-av_iconfont='entypo-fontello'><\/a><\/div><div class='av-magazine-content-wrap'><header class='entry-content-header'><time class='av-magazine-time updated'  itemprop=\"datePublished\" datetime=\"2022-11-16T09:49:18+01:00\" >16\/11\/2022<\/time><h3 class='av-magazine-title entry-title '  itemprop=\"headline\" ><a href='https:\/\/observator.org.al\/sq\/thirrje-per-shprehje-interesi-eksperte-per-te-analizuar-dhe-interpretuar-treguesit-e-privimit-te-femijeve\/' title='Link to: THIRRJE P\u00cbR SHPREHJE INTERESI-EKSPERT\u00cb P\u00cbR T\u00cb ANALIZUAR DHE INTERPRETUAR TREGUESIT E PRIVIMIT T\u00cb F\u00cbMIJ\u00cbVE'>THIRRJE P\u00cbR SHPREHJE INTERESI-EKSPERT\u00cb P\u00cbR T\u00cb ANALIZUAR DHE INTERPRETUAR TREGUESIT E PRIVIMIT T\u00cb F\u00cbMIJ\u00cbVE<\/a><\/h3><\/header><\/div><footer class='entry-footer'><\/footer><\/article><article class='av-magazine-entry av-magazine-entry-id-8556 av-magazine-format-standard av-magazine-type-post av-magazine-entry-6 av-magazine-entry-small '  itemscope=\"itemscope\" itemtype=\"https:\/\/schema.org\/CreativeWork\" ><div class='av-magazine-thumbnail'><a href='https:\/\/observator.org.al\/sq\/prokurim-materialesh-ne-kuader-te-zbatimit-te-projektit-monitoring-and-reporting-on-children-rights-for-better-policy-option\/' title='Link to: Prokurim materialesh n\u00eb kuad\u00ebr t\u00eb zbatimit t\u00eb projektit \u201cMonitoring and Reporting on children rights for better policy option\u201d' class='iconfont av-magazine-entry-icon' aria-hidden='true' data-av_icon='\ue836' data-av_iconfont='entypo-fontello'><\/a><\/div><div class='av-magazine-content-wrap'><header class='entry-content-header'><time class='av-magazine-time updated'  itemprop=\"datePublished\" datetime=\"2022-10-26T13:54:13+02:00\" >26\/10\/2022<\/time><h3 class='av-magazine-title entry-title '  itemprop=\"headline\" ><a href='https:\/\/observator.org.al\/sq\/prokurim-materialesh-ne-kuader-te-zbatimit-te-projektit-monitoring-and-reporting-on-children-rights-for-better-policy-option\/' title='Link to: Prokurim materialesh n\u00eb kuad\u00ebr t\u00eb zbatimit t\u00eb projektit \u201cMonitoring and Reporting on children rights for better policy option\u201d'>Prokurim materialesh n\u00eb kuad\u00ebr t\u00eb zbatimit t\u00eb projektit \u201cMonitoring and Reporting on children rights for better policy option\u201d<\/a><\/h3><\/header><\/div><footer class='entry-footer'><\/footer><\/article><article class='av-magazine-entry av-magazine-entry-id-8550 av-magazine-format-standard av-magazine-type-post av-magazine-entry-7 av-magazine-entry-small '  itemscope=\"itemscope\" itemtype=\"https:\/\/schema.org\/CreativeWork\" ><div class='av-magazine-thumbnail'><a href='https:\/\/observator.org.al\/sq\/ripublikuar-thirrje-per-shprehje-interesi-eksperte-per-te-pergatitur-eu-indeks\/' title='Link to: RIPUBLIKUAR-THIRRJE P\u00cbR SHPREHJE INTERESI- EKSPERT\u00cb P\u00cbR T\u00cb P\u00cbRGATITUR EU INDEKS' class='iconfont av-magazine-entry-icon' aria-hidden='true' data-av_icon='\ue836' data-av_iconfont='entypo-fontello'><\/a><\/div><div class='av-magazine-content-wrap'><header class='entry-content-header'><time class='av-magazine-time updated'  itemprop=\"datePublished\" datetime=\"2022-10-21T10:26:55+02:00\" >21\/10\/2022<\/time><h3 class='av-magazine-title entry-title '  itemprop=\"headline\" ><a href='https:\/\/observator.org.al\/sq\/ripublikuar-thirrje-per-shprehje-interesi-eksperte-per-te-pergatitur-eu-indeks\/' title='Link to: RIPUBLIKUAR-THIRRJE P\u00cbR SHPREHJE INTERESI- EKSPERT\u00cb P\u00cbR T\u00cb P\u00cbRGATITUR EU INDEKS'>RIPUBLIKUAR-THIRRJE P\u00cbR SHPREHJE INTERESI- EKSPERT\u00cb P\u00cbR T\u00cb P\u00cbRGATITUR EU INDEKS<\/a><\/h3><\/header><\/div><footer class='entry-footer'><\/footer><\/article><article class='av-magazine-entry av-magazine-entry-id-8542 av-magazine-format-standard av-magazine-type-post av-magazine-entry-8 av-magazine-entry-small '  itemscope=\"itemscope\" itemtype=\"https:\/\/schema.org\/CreativeWork\" ><div class='av-magazine-thumbnail'><a href='https:\/\/observator.org.al\/sq\/thirrje-per-shprehje-interesi-lehtesues-aktiviteti\/' title='Link to: Thirrje p\u00ebr shprehje interesi- Lehtesues aktiviteti' class='iconfont av-magazine-entry-icon' aria-hidden='true' data-av_icon='\ue836' data-av_iconfont='entypo-fontello'><\/a><\/div><div class='av-magazine-content-wrap'><header class='entry-content-header'><time class='av-magazine-time updated'  itemprop=\"datePublished\" datetime=\"2022-10-20T16:11:34+02:00\" >20\/10\/2022<\/time><h3 class='av-magazine-title entry-title '  itemprop=\"headline\" ><a href='https:\/\/observator.org.al\/sq\/thirrje-per-shprehje-interesi-lehtesues-aktiviteti\/' title='Link to: Thirrje p\u00ebr shprehje interesi- Lehtesues aktiviteti'>Thirrje p\u00ebr shprehje interesi- Lehtesues aktiviteti<\/a><\/h3><\/header><\/div><footer class='entry-footer'><\/footer><\/article><article class='av-magazine-entry av-magazine-entry-id-8539 av-magazine-format-standard av-magazine-type-post av-magazine-entry-9 av-magazine-entry-small '  itemscope=\"itemscope\" itemtype=\"https:\/\/schema.org\/CreativeWork\" ><div class='av-magazine-thumbnail'><a href='https:\/\/observator.org.al\/sq\/thirrje-per-shprehje-interesi-trajner\/' title='Link to: Thirrje p\u00ebr shprehje interesi- Trajner' class='iconfont av-magazine-entry-icon' aria-hidden='true' data-av_icon='\ue836' data-av_iconfont='entypo-fontello'><\/a><\/div><div class='av-magazine-content-wrap'><header class='entry-content-header'><time class='av-magazine-time updated'  itemprop=\"datePublished\" datetime=\"2022-10-20T16:07:42+02:00\" >20\/10\/2022<\/time><h3 class='av-magazine-title entry-title '  itemprop=\"headline\" ><a href='https:\/\/observator.org.al\/sq\/thirrje-per-shprehje-interesi-trajner\/' title='Link to: Thirrje p\u00ebr shprehje interesi- Trajner'>Thirrje p\u00ebr shprehje interesi- Trajner<\/a><\/h3><\/header><\/div><footer class='entry-footer'><\/footer><\/article><article class='av-magazine-entry av-magazine-entry-id-8517 av-magazine-format-standard av-magazine-type-post av-magazine-entry-10 av-magazine-entry-small '  itemscope=\"itemscope\" itemtype=\"https:\/\/schema.org\/CreativeWork\" ><div class='av-magazine-thumbnail'><a href='https:\/\/observator.org.al\/sq\/thirrje-per-shprehje-interesi-eksperte-per-te-pergatitur-eu-indeks\/' title='Link to: THIRRJE P\u00cbR SHPREHJE INTERESI- EKSPERT\u00cb P\u00cbR T\u00cb P\u00cbRGATITUR EU INDEKS' class='iconfont av-magazine-entry-icon' aria-hidden='true' data-av_icon='\ue836' data-av_iconfont='entypo-fontello'><\/a><\/div><div class='av-magazine-content-wrap'><header class='entry-content-header'><time class='av-magazine-time updated'  itemprop=\"datePublished\" datetime=\"2022-10-10T11:44:27+02:00\" >10\/10\/2022<\/time><h3 class='av-magazine-title entry-title '  itemprop=\"headline\" ><a href='https:\/\/observator.org.al\/sq\/thirrje-per-shprehje-interesi-eksperte-per-te-pergatitur-eu-indeks\/' title='Link to: THIRRJE P\u00cbR SHPREHJE INTERESI- EKSPERT\u00cb P\u00cbR T\u00cb P\u00cbRGATITUR EU INDEKS'>THIRRJE P\u00cbR SHPREHJE INTERESI- EKSPERT\u00cb P\u00cbR T\u00cb P\u00cbRGATITUR EU INDEKS<\/a><\/h3><\/header><\/div><footer class='entry-footer'><\/footer><\/article><article class='av-magazine-entry av-magazine-entry-id-8514 av-magazine-format-standard av-magazine-type-post av-magazine-entry-11 av-magazine-entry-small '  itemscope=\"itemscope\" itemtype=\"https:\/\/schema.org\/CreativeWork\" ><div class='av-magazine-thumbnail'><a href='https:\/\/observator.org.al\/sq\/ripublikuar-njoftim-punesimi-akelius-project-assistant-2\/' title='Link to: Ripublikuar-Njoftim pun\u00ebsimi- Akelius Project Assistant' class='iconfont av-magazine-entry-icon' aria-hidden='true' data-av_icon='\ue836' data-av_iconfont='entypo-fontello'><\/a><\/div><div class='av-magazine-content-wrap'><header class='entry-content-header'><time class='av-magazine-time updated'  itemprop=\"datePublished\" datetime=\"2022-10-04T12:05:48+02:00\" >04\/10\/2022<\/time><h3 class='av-magazine-title entry-title '  itemprop=\"headline\" ><a href='https:\/\/observator.org.al\/sq\/ripublikuar-njoftim-punesimi-akelius-project-assistant-2\/' title='Link to: Ripublikuar-Njoftim pun\u00ebsimi- Akelius Project Assistant'>Ripublikuar-Njoftim pun\u00ebsimi- Akelius Project Assistant<\/a><\/h3><\/header><\/div><footer class='entry-footer'><\/footer><\/article><article class='av-magazine-entry av-magazine-entry-id-8506 av-magazine-format-standard av-magazine-type-post av-magazine-entry-12 av-magazine-entry-small '  itemscope=\"itemscope\" itemtype=\"https:\/\/schema.org\/CreativeWork\" ><div class='av-magazine-thumbnail'><a href='https:\/\/observator.org.al\/sq\/ripublikuar-njoftim-punesimi-akelius-project-assistant\/' title='Link to: Ripublikuar-Njoftim pun\u00ebsimi- Akelius Project Assistant' class='iconfont av-magazine-entry-icon' aria-hidden='true' data-av_icon='\ue836' data-av_iconfont='entypo-fontello'><\/a><\/div><div class='av-magazine-content-wrap'><header class='entry-content-header'><time class='av-magazine-time updated'  itemprop=\"datePublished\" datetime=\"2022-09-26T10:53:42+02:00\" >26\/09\/2022<\/time><h3 class='av-magazine-title entry-title '  itemprop=\"headline\" ><a href='https:\/\/observator.org.al\/sq\/ripublikuar-njoftim-punesimi-akelius-project-assistant\/' title='Link to: Ripublikuar-Njoftim pun\u00ebsimi- Akelius Project Assistant'>Ripublikuar-Njoftim pun\u00ebsimi- Akelius Project Assistant<\/a><\/h3><\/header><\/div><footer class='entry-footer'><\/footer><\/article><article class='av-magazine-entry av-magazine-entry-id-8500 av-magazine-format-standard av-magazine-type-post av-magazine-entry-13 av-magazine-entry-small '  itemscope=\"itemscope\" itemtype=\"https:\/\/schema.org\/CreativeWork\" ><div class='av-magazine-thumbnail'><a href='https:\/\/observator.org.al\/sq\/thirrje-per-shprehje-interesi-ekspert-per-te-dokumentuar-workshop-et\/' title='Link to: THIRRJE P\u00cbR SHPREHJE INTERESI- EKSPERT P\u00cbR T\u00cb DOKUMENTUAR WORKSHOP-ET' class='iconfont av-magazine-entry-icon' aria-hidden='true' data-av_icon='\ue836' data-av_iconfont='entypo-fontello'><\/a><\/div><div class='av-magazine-content-wrap'><header class='entry-content-header'><time class='av-magazine-time updated'  itemprop=\"datePublished\" datetime=\"2022-09-13T14:42:53+02:00\" >13\/09\/2022<\/time><h3 class='av-magazine-title entry-title '  itemprop=\"headline\" ><a href='https:\/\/observator.org.al\/sq\/thirrje-per-shprehje-interesi-ekspert-per-te-dokumentuar-workshop-et\/' title='Link to: THIRRJE P\u00cbR SHPREHJE INTERESI- EKSPERT P\u00cbR T\u00cb DOKUMENTUAR WORKSHOP-ET'>THIRRJE P\u00cbR SHPREHJE INTERESI- EKSPERT P\u00cbR T\u00cb DOKUMENTUAR WORKSHOP-ET<\/a><\/h3><\/header><\/div><footer class='entry-footer'><\/footer><\/article><article class='av-magazine-entry av-magazine-entry-id-8492 av-magazine-format-standard av-magazine-type-post av-magazine-entry-14 av-magazine-entry-small '  itemscope=\"itemscope\" itemtype=\"https:\/\/schema.org\/CreativeWork\" ><div class='av-magazine-thumbnail'><a href='https:\/\/observator.org.al\/sq\/thirrje-per-shprehje-interesi-ekspert-per-te-pergatitur-nje-broshure\/' title='Link to: THIRRJE P\u00cbR SHPREHJE INTERESI- EKSPERT P\u00cbR T\u00cb P\u00cbRGATITUR NJ\u00cb BROSHUR\u00cb' class='iconfont av-magazine-entry-icon' aria-hidden='true' data-av_icon='\ue836' data-av_iconfont='entypo-fontello'><\/a><\/div><div class='av-magazine-content-wrap'><header class='entry-content-header'><time class='av-magazine-time updated'  itemprop=\"datePublished\" datetime=\"2022-09-13T14:30:32+02:00\" >13\/09\/2022<\/time><h3 class='av-magazine-title entry-title '  itemprop=\"headline\" ><a href='https:\/\/observator.org.al\/sq\/thirrje-per-shprehje-interesi-ekspert-per-te-pergatitur-nje-broshure\/' title='Link to: THIRRJE P\u00cbR SHPREHJE INTERESI- EKSPERT P\u00cbR T\u00cb P\u00cbRGATITUR NJ\u00cb BROSHUR\u00cb'>THIRRJE P\u00cbR SHPREHJE INTERESI- EKSPERT P\u00cbR T\u00cb P\u00cbRGATITUR NJ\u00cb BROSHUR\u00cb<\/a><\/h3><\/header><\/div><footer class='entry-footer'><\/footer><\/article><article class='av-magazine-entry av-magazine-entry-id-8483 av-magazine-format-standard av-magazine-type-post av-magazine-entry-15 av-magazine-entry-small '  itemscope=\"itemscope\" itemtype=\"https:\/\/schema.org\/CreativeWork\" ><div class='av-magazine-thumbnail'><a href='https:\/\/observator.org.al\/sq\/thirrje-per-shprehje-interesi-ekspert-per-te-pergatitur-treguesit-mbi-deprivimin\/' title='Link to: THIRRJE P\u00cbR SHPREHJE INTERESI- EKSPERT P\u00cbR T\u00cb P\u00cbRGATITUR TREGUESIT MBI DEPRIVIMIN' class='iconfont av-magazine-entry-icon' aria-hidden='true' data-av_icon='\ue836' data-av_iconfont='entypo-fontello'><\/a><\/div><div class='av-magazine-content-wrap'><header class='entry-content-header'><time class='av-magazine-time updated'  itemprop=\"datePublished\" datetime=\"2022-09-13T14:19:57+02:00\" >13\/09\/2022<\/time><h3 class='av-magazine-title entry-title '  itemprop=\"headline\" ><a href='https:\/\/observator.org.al\/sq\/thirrje-per-shprehje-interesi-ekspert-per-te-pergatitur-treguesit-mbi-deprivimin\/' title='Link to: THIRRJE P\u00cbR SHPREHJE INTERESI- EKSPERT P\u00cbR T\u00cb P\u00cbRGATITUR TREGUESIT MBI DEPRIVIMIN'>THIRRJE P\u00cbR SHPREHJE INTERESI- EKSPERT P\u00cbR T\u00cb P\u00cbRGATITUR TREGUESIT MBI DEPRIVIMIN<\/a><\/h3><\/header><\/div><footer class='entry-footer'><\/footer><\/article><article class='av-magazine-entry av-magazine-entry-id-8473 av-magazine-format-standard av-magazine-type-post av-magazine-entry-16 av-magazine-entry-small '  itemscope=\"itemscope\" itemtype=\"https:\/\/schema.org\/CreativeWork\" ><div class='av-magazine-thumbnail'><a href='https:\/\/observator.org.al\/sq\/thirrje-per-shprehje-interesi-ekspert\/' title='Link to: THIRRJE P\u00cbR SHPREHJE INTERESI- EKSPERT' class='iconfont av-magazine-entry-icon' aria-hidden='true' data-av_icon='\ue836' data-av_iconfont='entypo-fontello'><\/a><\/div><div class='av-magazine-content-wrap'><header class='entry-content-header'><time class='av-magazine-time updated'  itemprop=\"datePublished\" datetime=\"2022-09-07T10:05:47+02:00\" >07\/09\/2022<\/time><h3 class='av-magazine-title entry-title '  itemprop=\"headline\" ><a href='https:\/\/observator.org.al\/sq\/thirrje-per-shprehje-interesi-ekspert\/' title='Link to: THIRRJE P\u00cbR SHPREHJE INTERESI- EKSPERT'>THIRRJE P\u00cbR SHPREHJE INTERESI- EKSPERT<\/a><\/h3><\/header><\/div><footer class='entry-footer'><\/footer><\/article><article class='av-magazine-entry av-magazine-entry-id-8469 av-magazine-format-standard av-magazine-type-post av-magazine-entry-17 av-magazine-entry-small '  itemscope=\"itemscope\" itemtype=\"https:\/\/schema.org\/CreativeWork\" ><div class='av-magazine-thumbnail'><a href='https:\/\/observator.org.al\/sq\/njoftim-punesimi-akelius-project-assistant\/' title='Link to: Njoftim pun\u00ebsimi- Akelius Project Assistant' class='iconfont av-magazine-entry-icon' aria-hidden='true' data-av_icon='\ue836' data-av_iconfont='entypo-fontello'><\/a><\/div><div class='av-magazine-content-wrap'><header class='entry-content-header'><time class='av-magazine-time updated'  itemprop=\"datePublished\" datetime=\"2022-09-02T15:50:07+02:00\" >02\/09\/2022<\/time><h3 class='av-magazine-title entry-title '  itemprop=\"headline\" ><a href='https:\/\/observator.org.al\/sq\/njoftim-punesimi-akelius-project-assistant\/' title='Link to: Njoftim pun\u00ebsimi- Akelius Project Assistant'>Njoftim pun\u00ebsimi- Akelius Project Assistant<\/a><\/h3><\/header><\/div><footer class='entry-footer'><\/footer><\/article><article class='av-magazine-entry av-magazine-entry-id-8466 av-magazine-format-standard av-magazine-type-post av-magazine-entry-18 av-magazine-entry-small '  itemscope=\"itemscope\" itemtype=\"https:\/\/schema.org\/CreativeWork\" ><div class='av-magazine-thumbnail'><a href='https:\/\/observator.org.al\/sq\/kerkese-per-oferte-blerje-paisje\/' title='Link to: K\u00ebrkes\u00eb p\u00ebr Ofert\u00eb- Blerje Paisje' class='iconfont av-magazine-entry-icon' aria-hidden='true' data-av_icon='\ue836' data-av_iconfont='entypo-fontello'><\/a><\/div><div class='av-magazine-content-wrap'><header class='entry-content-header'><time class='av-magazine-time updated'  itemprop=\"datePublished\" datetime=\"2022-09-01T17:04:56+02:00\" >01\/09\/2022<\/time><h3 class='av-magazine-title entry-title '  itemprop=\"headline\" ><a href='https:\/\/observator.org.al\/sq\/kerkese-per-oferte-blerje-paisje\/' title='Link to: K\u00ebrkes\u00eb p\u00ebr Ofert\u00eb- Blerje Paisje'>K\u00ebrkes\u00eb p\u00ebr Ofert\u00eb- Blerje Paisje<\/a><\/h3><\/header><\/div><footer class='entry-footer'><\/footer><\/article><article class='av-magazine-entry av-magazine-entry-id-8082 av-magazine-format-standard av-magazine-type-post av-magazine-entry-19 av-magazine-entry-small '  itemscope=\"itemscope\" itemtype=\"https:\/\/schema.org\/CreativeWork\" ><div class='av-magazine-thumbnail'><a href='https:\/\/observator.org.al\/sq\/njoftim-per-blerje-laptop\/' title='Link to: Njoftim Per Blerje Laptop' class='iconfont av-magazine-entry-icon' aria-hidden='true' data-av_icon='\ue836' data-av_iconfont='entypo-fontello'><\/a><\/div><div class='av-magazine-content-wrap'><header class='entry-content-header'><time class='av-magazine-time updated'  itemprop=\"datePublished\" datetime=\"2022-07-04T13:15:57+02:00\" >04\/07\/2022<\/time><h3 class='av-magazine-title entry-title '  itemprop=\"headline\" ><a href='https:\/\/observator.org.al\/sq\/njoftim-per-blerje-laptop\/' title='Link to: Njoftim Per Blerje Laptop'>Njoftim Per Blerje Laptop<\/a><\/h3><\/header><\/div><footer class='entry-footer'><\/footer><\/article><article class='av-magazine-entry av-magazine-entry-id-7525 av-magazine-format-standard av-magazine-type-post av-magazine-entry-20 av-magazine-entry-small '  itemscope=\"itemscope\" itemtype=\"https:\/\/schema.org\/CreativeWork\" ><div class='av-magazine-thumbnail'><a href='https:\/\/observator.org.al\/sq\/thirrje-per-shprehje-interesi-ekspert-per-planifikimin-dhe-dizenjimin-e-fushates-se-sms-ve\/' title='Link to: THIRRJE P\u00cbR SHPREHJE INTERESI- Ekspert p\u00ebr planifikimin dhe dizenjimin e fushat\u00ebs s\u00eb SMS-ve' class='iconfont av-magazine-entry-icon' aria-hidden='true' data-av_icon='\ue836' data-av_iconfont='entypo-fontello'><\/a><\/div><div class='av-magazine-content-wrap'><header class='entry-content-header'><time class='av-magazine-time updated'  itemprop=\"datePublished\" datetime=\"2022-06-23T10:12:42+02:00\" >23\/06\/2022<\/time><h3 class='av-magazine-title entry-title '  itemprop=\"headline\" ><a href='https:\/\/observator.org.al\/sq\/thirrje-per-shprehje-interesi-ekspert-per-planifikimin-dhe-dizenjimin-e-fushates-se-sms-ve\/' title='Link to: THIRRJE P\u00cbR SHPREHJE INTERESI- Ekspert p\u00ebr planifikimin dhe dizenjimin e fushat\u00ebs s\u00eb SMS-ve'>THIRRJE P\u00cbR SHPREHJE INTERESI- Ekspert p\u00ebr planifikimin dhe dizenjimin e fushat\u00ebs s\u00eb SMS-ve<\/a><\/h3><\/header><\/div><footer class='entry-footer'><\/footer><\/article><article class='av-magazine-entry av-magazine-entry-id-7518 av-magazine-format-standard av-magazine-type-post av-magazine-entry-21 av-magazine-entry-small '  itemscope=\"itemscope\" itemtype=\"https:\/\/schema.org\/CreativeWork\" ><div class='av-magazine-thumbnail'><a href='https:\/\/observator.org.al\/sq\/ripublikuar-thirrje-per-shprehje-interesi-ekspert-per-pergatitjen-e-publikimit-te-femijeve-te-instat\/' title='Link to: Ripublikuar-Thirrje p\u00ebr shprehje interesi- Ekspert p\u00ebr p\u00ebrgatitjen e publikimit t\u00eb f\u00ebmij\u00ebve t\u00eb INSTAT' class='iconfont av-magazine-entry-icon' aria-hidden='true' data-av_icon='\ue836' data-av_iconfont='entypo-fontello'><\/a><\/div><div class='av-magazine-content-wrap'><header class='entry-content-header'><time class='av-magazine-time updated'  itemprop=\"datePublished\" datetime=\"2022-06-13T16:17:19+02:00\" >13\/06\/2022<\/time><h3 class='av-magazine-title entry-title '  itemprop=\"headline\" ><a href='https:\/\/observator.org.al\/sq\/ripublikuar-thirrje-per-shprehje-interesi-ekspert-per-pergatitjen-e-publikimit-te-femijeve-te-instat\/' title='Link to: Ripublikuar-Thirrje p\u00ebr shprehje interesi- Ekspert p\u00ebr p\u00ebrgatitjen e publikimit t\u00eb f\u00ebmij\u00ebve t\u00eb INSTAT'>Ripublikuar-Thirrje p\u00ebr shprehje interesi- Ekspert p\u00ebr p\u00ebrgatitjen e publikimit t\u00eb f\u00ebmij\u00ebve t\u00eb INSTAT<\/a><\/h3><\/header><\/div><footer class='entry-footer'><\/footer><\/article><article class='av-magazine-entry av-magazine-entry-id-7511 av-magazine-format-standard av-magazine-type-post av-magazine-entry-22 av-magazine-entry-small '  itemscope=\"itemscope\" itemtype=\"https:\/\/schema.org\/CreativeWork\" ><div class='av-magazine-thumbnail'><a href='https:\/\/observator.org.al\/sq\/thirrje-per-shprehje-interesi-ekspert-per-te-pergatitur-sondazhet-dhe-mesazhet\/' title='Link to: Thirrje p\u00ebr shprehje interesi-Ekspert p\u00ebr t\u00eb p\u00ebrgatitur sondazhet dhe mesazhet' class='iconfont av-magazine-entry-icon' aria-hidden='true' data-av_icon='\ue836' data-av_iconfont='entypo-fontello'><\/a><\/div><div class='av-magazine-content-wrap'><header class='entry-content-header'><time class='av-magazine-time updated'  itemprop=\"datePublished\" datetime=\"2022-06-10T15:52:10+02:00\" >10\/06\/2022<\/time><h3 class='av-magazine-title entry-title '  itemprop=\"headline\" ><a href='https:\/\/observator.org.al\/sq\/thirrje-per-shprehje-interesi-ekspert-per-te-pergatitur-sondazhet-dhe-mesazhet\/' title='Link to: Thirrje p\u00ebr shprehje interesi-Ekspert p\u00ebr t\u00eb p\u00ebrgatitur sondazhet dhe mesazhet'>Thirrje p\u00ebr shprehje interesi-Ekspert p\u00ebr t\u00eb p\u00ebrgatitur sondazhet dhe mesazhet<\/a><\/h3><\/header><\/div><footer class='entry-footer'><\/footer><\/article><article class='av-magazine-entry av-magazine-entry-id-7506 av-magazine-format-standard av-magazine-type-post av-magazine-entry-23 av-magazine-entry-small '  itemscope=\"itemscope\" itemtype=\"https:\/\/schema.org\/CreativeWork\" ><div class='av-magazine-thumbnail'><a href='https:\/\/observator.org.al\/sq\/thirrje-per-shprehje-interesi-manager-i-rrjeteve-sociale\/' title='Link to: Thirrje p\u00ebr shprehje interesi-Manager i rrjeteve sociale' class='iconfont av-magazine-entry-icon' aria-hidden='true' data-av_icon='\ue836' data-av_iconfont='entypo-fontello'><\/a><\/div><div class='av-magazine-content-wrap'><header class='entry-content-header'><time class='av-magazine-time updated'  itemprop=\"datePublished\" datetime=\"2022-06-10T15:41:55+02:00\" >10\/06\/2022<\/time><h3 class='av-magazine-title entry-title '  itemprop=\"headline\" ><a href='https:\/\/observator.org.al\/sq\/thirrje-per-shprehje-interesi-manager-i-rrjeteve-sociale\/' title='Link to: Thirrje p\u00ebr shprehje interesi-Manager i rrjeteve sociale'>Thirrje p\u00ebr shprehje interesi-Manager i rrjeteve sociale<\/a><\/h3><\/header><\/div><footer class='entry-footer'><\/footer><\/article><article class='av-magazine-entry av-magazine-entry-id-7500 av-magazine-format-standard av-magazine-type-post av-magazine-entry-24 av-magazine-entry-small '  itemscope=\"itemscope\" itemtype=\"https:\/\/schema.org\/CreativeWork\" ><div class='av-magazine-thumbnail'><a href='https:\/\/observator.org.al\/sq\/thirrje-per-shprehje-interesi-eksperte-per-pergatitjen-e-publikimit-te-femijeve-te-instat\/' title='Link to: Thirrje p\u00ebr shprehje interesi- Ekspert\u00eb p\u00ebr p\u00ebrgatitjen e publikimit t\u00eb f\u00ebmij\u00ebve t\u00eb INSTAT' class='iconfont av-magazine-entry-icon' aria-hidden='true' data-av_icon='\ue836' data-av_iconfont='entypo-fontello'><\/a><\/div><div class='av-magazine-content-wrap'><header class='entry-content-header'><time class='av-magazine-time updated'  itemprop=\"datePublished\" datetime=\"2022-05-31T14:28:19+02:00\" >31\/05\/2022<\/time><h3 class='av-magazine-title entry-title '  itemprop=\"headline\" ><a href='https:\/\/observator.org.al\/sq\/thirrje-per-shprehje-interesi-eksperte-per-pergatitjen-e-publikimit-te-femijeve-te-instat\/' title='Link to: Thirrje p\u00ebr shprehje interesi- Ekspert\u00eb p\u00ebr p\u00ebrgatitjen e publikimit t\u00eb f\u00ebmij\u00ebve t\u00eb INSTAT'>Thirrje p\u00ebr shprehje interesi- Ekspert\u00eb p\u00ebr p\u00ebrgatitjen e publikimit t\u00eb f\u00ebmij\u00ebve t\u00eb INSTAT<\/a><\/h3><\/header><\/div><footer class='entry-footer'><\/footer><\/article><article class='av-magazine-entry av-magazine-entry-id-7496 av-magazine-format-standard av-magazine-type-post av-magazine-entry-25 av-magazine-entry-small '  itemscope=\"itemscope\" itemtype=\"https:\/\/schema.org\/CreativeWork\" ><div class='av-magazine-thumbnail'><a href='https:\/\/observator.org.al\/sq\/thirrje-per-shprehje-interesi-ekspert-per-organizimin-dhe-lehtesimin-e-workshopeve\/' title='Link to: Thirrje p\u00ebr shprehje interesi-Ekspert p\u00ebr organizimin dhe leht\u00ebsimin e workshopeve' class='iconfont av-magazine-entry-icon' aria-hidden='true' data-av_icon='\ue836' data-av_iconfont='entypo-fontello'><\/a><\/div><div class='av-magazine-content-wrap'><header class='entry-content-header'><time class='av-magazine-time updated'  itemprop=\"datePublished\" datetime=\"2022-05-30T12:58:03+02:00\" >30\/05\/2022<\/time><h3 class='av-magazine-title entry-title '  itemprop=\"headline\" ><a href='https:\/\/observator.org.al\/sq\/thirrje-per-shprehje-interesi-ekspert-per-organizimin-dhe-lehtesimin-e-workshopeve\/' title='Link to: Thirrje p\u00ebr shprehje interesi-Ekspert p\u00ebr organizimin dhe leht\u00ebsimin e workshopeve'>Thirrje p\u00ebr shprehje interesi-Ekspert p\u00ebr organizimin dhe leht\u00ebsimin e workshopeve<\/a><\/h3><\/header><\/div><footer class='entry-footer'><\/footer><\/article><article class='av-magazine-entry av-magazine-entry-id-7489 av-magazine-format-standard av-magazine-type-post av-magazine-entry-26 av-magazine-entry-small '  itemscope=\"itemscope\" itemtype=\"https:\/\/schema.org\/CreativeWork\" ><div class='av-magazine-thumbnail'><a href='https:\/\/observator.org.al\/sq\/thirrje-per-shprehje-interesi-ekspert-ligjor\/' title='Link to: Thirrje p\u00ebr shprehje interesi-Ekspert ligjor' class='iconfont av-magazine-entry-icon' aria-hidden='true' data-av_icon='\ue836' data-av_iconfont='entypo-fontello'><\/a><\/div><div class='av-magazine-content-wrap'><header class='entry-content-header'><time class='av-magazine-time updated'  itemprop=\"datePublished\" datetime=\"2022-05-27T13:30:06+02:00\" >27\/05\/2022<\/time><h3 class='av-magazine-title entry-title '  itemprop=\"headline\" ><a href='https:\/\/observator.org.al\/sq\/thirrje-per-shprehje-interesi-ekspert-ligjor\/' title='Link to: Thirrje p\u00ebr shprehje interesi-Ekspert ligjor'>Thirrje p\u00ebr shprehje interesi-Ekspert ligjor<\/a><\/h3><\/header><\/div><footer class='entry-footer'><\/footer><\/article><article class='av-magazine-entry av-magazine-entry-id-7484 av-magazine-format-standard av-magazine-type-post av-magazine-entry-27 av-magazine-entry-small '  itemscope=\"itemscope\" itemtype=\"https:\/\/schema.org\/CreativeWork\" ><div class='av-magazine-thumbnail'><a href='https:\/\/observator.org.al\/sq\/thirrje-per-shprehje-interesi-ekspert-staticien\/' title='Link to: Thirrje p\u00ebr shprehje interesi- Ekspert Staticien' class='iconfont av-magazine-entry-icon' aria-hidden='true' data-av_icon='\ue836' data-av_iconfont='entypo-fontello'><\/a><\/div><div class='av-magazine-content-wrap'><header class='entry-content-header'><time class='av-magazine-time updated'  itemprop=\"datePublished\" datetime=\"2022-05-27T13:24:11+02:00\" >27\/05\/2022<\/time><h3 class='av-magazine-title entry-title '  itemprop=\"headline\" ><a href='https:\/\/observator.org.al\/sq\/thirrje-per-shprehje-interesi-ekspert-staticien\/' title='Link to: Thirrje p\u00ebr shprehje interesi- Ekspert Staticien'>Thirrje p\u00ebr shprehje interesi- Ekspert Staticien<\/a><\/h3><\/header><\/div><footer class='entry-footer'><\/footer><\/article><article class='av-magazine-entry av-magazine-entry-id-7467 av-magazine-format-standard av-magazine-type-post av-magazine-entry-28 av-magazine-entry-small '  itemscope=\"itemscope\" itemtype=\"https:\/\/schema.org\/CreativeWork\" ><div class='av-magazine-thumbnail'><a href='https:\/\/observator.org.al\/sq\/thirrje-per-shprehje-interesi-4\/' title='Link to: Thirrje per Shprehje Interesi' class='iconfont av-magazine-entry-icon' aria-hidden='true' data-av_icon='\ue836' data-av_iconfont='entypo-fontello'><\/a><\/div><div class='av-magazine-content-wrap'><header class='entry-content-header'><time class='av-magazine-time updated'  itemprop=\"datePublished\" datetime=\"2022-05-24T15:11:09+02:00\" >24\/05\/2022<\/time><h3 class='av-magazine-title entry-title '  itemprop=\"headline\" ><a href='https:\/\/observator.org.al\/sq\/thirrje-per-shprehje-interesi-4\/' title='Link to: Thirrje per Shprehje Interesi'>Thirrje per Shprehje Interesi<\/a><\/h3><\/header><\/div><footer class='entry-footer'><\/footer><\/article><article class='av-magazine-entry av-magazine-entry-id-7463 av-magazine-format-standard av-magazine-type-post av-magazine-entry-29 av-magazine-entry-small '  itemscope=\"itemscope\" itemtype=\"https:\/\/schema.org\/CreativeWork\" ><div class='av-magazine-thumbnail'><a href='https:\/\/observator.org.al\/sq\/thirrje-per-shprehje-interesi-3\/' title='Link to: THIRRJE P\u00cbR SHPREHJE INTERESI' class='iconfont av-magazine-entry-icon' aria-hidden='true' data-av_icon='\ue836' data-av_iconfont='entypo-fontello'><\/a><\/div><div class='av-magazine-content-wrap'><header class='entry-content-header'><time class='av-magazine-time updated'  itemprop=\"datePublished\" datetime=\"2022-05-24T15:10:00+02:00\" >24\/05\/2022<\/time><h3 class='av-magazine-title entry-title '  itemprop=\"headline\" ><a href='https:\/\/observator.org.al\/sq\/thirrje-per-shprehje-interesi-3\/' title='Link to: THIRRJE P\u00cbR SHPREHJE INTERESI'>THIRRJE P\u00cbR SHPREHJE INTERESI<\/a><\/h3><\/header><\/div><footer class='entry-footer'><\/footer><\/article><article class='av-magazine-entry av-magazine-entry-id-7448 av-magazine-format-standard av-magazine-type-post av-magazine-entry-30 av-magazine-entry-small '  itemscope=\"itemscope\" itemtype=\"https:\/\/schema.org\/CreativeWork\" ><div class='av-magazine-thumbnail'><a href='https:\/\/observator.org.al\/sq\/thirrje-per-shprehje-interesi-2\/' title='Link to: Thirrje p\u00ebr shprehje interesi' class='iconfont av-magazine-entry-icon' aria-hidden='true' data-av_icon='\ue836' data-av_iconfont='entypo-fontello'><\/a><\/div><div class='av-magazine-content-wrap'><header class='entry-content-header'><time class='av-magazine-time updated'  itemprop=\"datePublished\" datetime=\"2022-05-20T13:46:11+02:00\" >20\/05\/2022<\/time><h3 class='av-magazine-title entry-title '  itemprop=\"headline\" ><a href='https:\/\/observator.org.al\/sq\/thirrje-per-shprehje-interesi-2\/' title='Link to: Thirrje p\u00ebr shprehje interesi'>Thirrje p\u00ebr shprehje interesi<\/a><\/h3><\/header><\/div><footer class='entry-footer'><\/footer><\/article><article class='av-magazine-entry av-magazine-entry-id-6055 av-magazine-format-standard av-magazine-type-post av-magazine-entry-31 av-magazine-entry-small '  itemscope=\"itemscope\" itemtype=\"https:\/\/schema.org\/CreativeWork\" ><div class='av-magazine-thumbnail'><a href='https:\/\/observator.org.al\/sq\/shkollat-si-kundershtare-te-vijes-se-pare-te-ekstremizmit-te-dhunshem\/' title='Link to: \u201cShkollat si kund\u00ebrshtare t\u00eb vij\u00ebs s\u00eb par\u00eb t\u00eb ekstremizmit t\u00eb dhunsh\u00ebm\u201d' class='iconfont av-magazine-entry-icon' aria-hidden='true' data-av_icon='\ue836' data-av_iconfont='entypo-fontello'><\/a><\/div><div class='av-magazine-content-wrap'><header class='entry-content-header'><time class='av-magazine-time updated'  itemprop=\"datePublished\" datetime=\"2019-01-19T21:21:03+01:00\" >19\/01\/2019<\/time><h3 class='av-magazine-title entry-title '  itemprop=\"headline\" ><a href='https:\/\/observator.org.al\/sq\/shkollat-si-kundershtare-te-vijes-se-pare-te-ekstremizmit-te-dhunshem\/' title='Link to: \u201cShkollat si kund\u00ebrshtare t\u00eb vij\u00ebs s\u00eb par\u00eb t\u00eb ekstremizmit t\u00eb dhunsh\u00ebm\u201d'>\u201cShkollat si kund\u00ebrshtare t\u00eb vij\u00ebs s\u00eb par\u00eb t\u00eb ekstremizmit t\u00eb dhunsh\u00ebm\u201d<\/a><\/h3><\/header><\/div><footer class='entry-footer'><\/footer><\/article><article class='av-magazine-entry av-magazine-entry-id-6046 av-magazine-format-standard av-magazine-type-post av-magazine-entry-32 av-magazine-entry-small '  itemscope=\"itemscope\" itemtype=\"https:\/\/schema.org\/CreativeWork\" ><div class='av-magazine-thumbnail'><a href='https:\/\/observator.org.al\/sq\/martesa-e-femijeve-njohurite-qendrimet-dhe-perceptimet-nder-komunitetet-e-prekura-ne-shqiperi\/' title='Link to: \u201cMartesa e f\u00ebmij\u00ebve: Njohurit\u00eb, qendrimet dhe perceptimet nd\u00ebr komunitetet e prekura n\u00eb Shqip\u00ebri\u201d' class='iconfont av-magazine-entry-icon' aria-hidden='true' data-av_icon='\ue836' data-av_iconfont='entypo-fontello'><\/a><\/div><div class='av-magazine-content-wrap'><header class='entry-content-header'><time class='av-magazine-time updated'  itemprop=\"datePublished\" datetime=\"2018-10-19T21:08:01+02:00\" >19\/10\/2018<\/time><h3 class='av-magazine-title entry-title '  itemprop=\"headline\" ><a href='https:\/\/observator.org.al\/sq\/martesa-e-femijeve-njohurite-qendrimet-dhe-perceptimet-nder-komunitetet-e-prekura-ne-shqiperi\/' title='Link to: \u201cMartesa e f\u00ebmij\u00ebve: Njohurit\u00eb, qendrimet dhe perceptimet nd\u00ebr komunitetet e prekura n\u00eb Shqip\u00ebri\u201d'>\u201cMartesa e f\u00ebmij\u00ebve: Njohurit\u00eb, qendrimet dhe perceptimet nd\u00ebr komunitetet e prekura n\u00eb Shqip\u00ebri\u201d<\/a><\/h3><\/header><\/div><footer class='entry-footer'><\/footer><\/article><article class='av-magazine-entry av-magazine-entry-id-6102 av-magazine-format-standard av-magazine-type-post av-magazine-entry-33 av-magazine-entry-small '  itemscope=\"itemscope\" itemtype=\"https:\/\/schema.org\/CreativeWork\" ><div class='av-magazine-thumbnail'><a href='https:\/\/observator.org.al\/sq\/raport-2-aspektet-ligjore-sociale-dhe-praktiken-gjyqesore-te-martesave-nen-moshe-ne-shkoder-kukes-tropoje-lezhe-puke-fier-dhe-kavaje-per-periudhen-2011-2017-2\/' title='Link to: Raport 2 \u201cAspektet ligjore, sociale dhe praktik\u00ebn gjyq\u00ebsore t\u00eb martesave n\u00ebn mosh\u00eb n\u00eb Shkod\u00ebr, Kuk\u00ebs, Tropoj\u00eb, Lezh\u00eb, Puk\u00eb, Fier dhe Kavaj\u00eb p\u00ebr periudh\u00ebn 2011 \u2013 2017\u201d:' class='iconfont av-magazine-entry-icon' aria-hidden='true' data-av_icon='\ue836' data-av_iconfont='entypo-fontello'><\/a><\/div><div class='av-magazine-content-wrap'><header class='entry-content-header'><time class='av-magazine-time updated'  itemprop=\"datePublished\" datetime=\"2018-07-19T23:24:21+02:00\" >19\/07\/2018<\/time><h3 class='av-magazine-title entry-title '  itemprop=\"headline\" ><a href='https:\/\/observator.org.al\/sq\/raport-2-aspektet-ligjore-sociale-dhe-praktiken-gjyqesore-te-martesave-nen-moshe-ne-shkoder-kukes-tropoje-lezhe-puke-fier-dhe-kavaje-per-periudhen-2011-2017-2\/' title='Link to: Raport 2 \u201cAspektet ligjore, sociale dhe praktik\u00ebn gjyq\u00ebsore t\u00eb martesave n\u00ebn mosh\u00eb n\u00eb Shkod\u00ebr, Kuk\u00ebs, Tropoj\u00eb, Lezh\u00eb, Puk\u00eb, Fier dhe Kavaj\u00eb p\u00ebr periudh\u00ebn 2011 \u2013 2017\u201d:'>Raport 2 \u201cAspektet ligjore, sociale dhe praktik\u00ebn gjyq\u00ebsore t\u00eb martesave n\u00ebn mosh\u00eb n\u00eb Shkod\u00ebr, Kuk\u00ebs, Tropoj\u00eb, Lezh\u00eb, Puk\u00eb, Fier dhe Kavaj\u00eb p\u00ebr periudh\u00ebn 2011 \u2013 2017\u201d:<\/a><\/h3><\/header><\/div><footer class='entry-footer'><\/footer><\/article><article class='av-magazine-entry av-magazine-entry-id-6161 av-magazine-format-standard av-magazine-type-post av-magazine-entry-34 av-magazine-entry-small '  itemscope=\"itemscope\" itemtype=\"https:\/\/schema.org\/CreativeWork\" ><div class='av-magazine-thumbnail'><a href='https:\/\/observator.org.al\/sq\/fletevolanti-12-maj-2018-shkollat-si-kundershtare-te-vijes-se-pare-te-ekstremizmit-te-dhunshem\/' title='Link to: Fletevolanti 12 maj 2018: Shkollat si kund\u00ebrshtar\u00eb t\u00eb vij\u00ebs s\u00eb par\u00eb t\u00eb ekstremizmit t\u00eb dhunsh\u00ebm' class='iconfont av-magazine-entry-icon' aria-hidden='true' data-av_icon='\ue836' data-av_iconfont='entypo-fontello'><\/a><\/div><div class='av-magazine-content-wrap'><header class='entry-content-header'><time class='av-magazine-time updated'  itemprop=\"datePublished\" datetime=\"2018-05-03T23:35:47+02:00\" >03\/05\/2018<\/time><h3 class='av-magazine-title entry-title '  itemprop=\"headline\" ><a href='https:\/\/observator.org.al\/sq\/fletevolanti-12-maj-2018-shkollat-si-kundershtare-te-vijes-se-pare-te-ekstremizmit-te-dhunshem\/' title='Link to: Fletevolanti 12 maj 2018: Shkollat si kund\u00ebrshtar\u00eb t\u00eb vij\u00ebs s\u00eb par\u00eb t\u00eb ekstremizmit t\u00eb dhunsh\u00ebm'>Fletevolanti 12 maj 2018: Shkollat si kund\u00ebrshtar\u00eb t\u00eb vij\u00ebs s\u00eb par\u00eb t\u00eb ekstremizmit t\u00eb dhunsh\u00ebm<\/a><\/h3><\/header><\/div><footer class='entry-footer'><\/footer><\/article><article class='av-magazine-entry av-magazine-entry-id-6121 av-magazine-format-standard av-magazine-type-post av-magazine-entry-35 av-magazine-entry-small '  itemscope=\"itemscope\" itemtype=\"https:\/\/schema.org\/CreativeWork\" ><div class='av-magazine-thumbnail'><a href='https:\/\/observator.org.al\/sq\/dokument-i-politikave-vendore-per-femijerine-e-hershme-cdo-femije-rom-ne-ciklin-parashkollor-bashkia-rrogozhine\/' title='Link to: Dokument i politikave vendore p\u00ebr f\u00ebmij\u00ebrin\u00eb e hershme \u201c\u00c7do f\u00ebmij\u00eb rom n\u00eb ciklin parashkollor\u201d, Bashkia Rrogozhin\u00eb' class='iconfont av-magazine-entry-icon' aria-hidden='true' data-av_icon='\ue836' data-av_iconfont='entypo-fontello'><\/a><\/div><div class='av-magazine-content-wrap'><header class='entry-content-header'><time class='av-magazine-time updated'  itemprop=\"datePublished\" datetime=\"2017-07-20T00:08:41+02:00\" >20\/07\/2017<\/time><h3 class='av-magazine-title entry-title '  itemprop=\"headline\" ><a href='https:\/\/observator.org.al\/sq\/dokument-i-politikave-vendore-per-femijerine-e-hershme-cdo-femije-rom-ne-ciklin-parashkollor-bashkia-rrogozhine\/' title='Link to: Dokument i politikave vendore p\u00ebr f\u00ebmij\u00ebrin\u00eb e hershme \u201c\u00c7do f\u00ebmij\u00eb rom n\u00eb ciklin parashkollor\u201d, Bashkia Rrogozhin\u00eb'>Dokument i politikave vendore p\u00ebr f\u00ebmij\u00ebrin\u00eb e hershme \u201c\u00c7do f\u00ebmij\u00eb rom n\u00eb ciklin parashkollor\u201d, Bashkia Rrogozhin\u00eb<\/a><\/h3><\/header><\/div><footer class='entry-footer'><\/footer><\/article><article class='av-magazine-entry av-magazine-entry-id-5555 av-magazine-format-standard av-magazine-type-post av-magazine-entry-36 av-magazine-entry-small '  itemscope=\"itemscope\" itemtype=\"https:\/\/schema.org\/CreativeWork\" ><div class='av-magazine-thumbnail'><a href='https:\/\/observator.org.al\/sq\/njoftimi-weber\/' title='Link to: WeBER' class='iconfont av-magazine-entry-icon' aria-hidden='true' data-av_icon='\ue836' data-av_iconfont='entypo-fontello'><\/a><\/div><div class='av-magazine-content-wrap'><header class='entry-content-header'><time class='av-magazine-time updated'  itemprop=\"datePublished\" datetime=\"2017-07-13T00:48:30+02:00\" >13\/07\/2017<\/time><h3 class='av-magazine-title entry-title '  itemprop=\"headline\" ><a href='https:\/\/observator.org.al\/sq\/njoftimi-weber\/' title='Link to: WeBER'>WeBER<\/a><\/h3><\/header><\/div><footer class='entry-footer'><\/footer><\/article><article class='av-magazine-entry av-magazine-entry-id-5532 av-magazine-format-standard av-magazine-type-post av-magazine-entry-37 av-magazine-entry-small '  itemscope=\"itemscope\" itemtype=\"https:\/\/schema.org\/CreativeWork\" ><div class='av-magazine-thumbnail'><a href='https:\/\/observator.org.al\/sq\/regjistrimi-i-nxenesve-ne-klasen-e-pare\/' title='Link to: Regjistrimi i nx\u00ebn\u00ebsve n\u00eb klas\u00ebn e par\u00eb' class='iconfont av-magazine-entry-icon' aria-hidden='true' data-av_icon='\ue836' data-av_iconfont='entypo-fontello'><\/a><\/div><div class='av-magazine-content-wrap'><header class='entry-content-header'><time class='av-magazine-time updated'  itemprop=\"datePublished\" datetime=\"2017-06-27T10:20:45+02:00\" >27\/06\/2017<\/time><h3 class='av-magazine-title entry-title '  itemprop=\"headline\" ><a href='https:\/\/observator.org.al\/sq\/regjistrimi-i-nxenesve-ne-klasen-e-pare\/' title='Link to: Regjistrimi i nx\u00ebn\u00ebsve n\u00eb klas\u00ebn e par\u00eb'>Regjistrimi i nx\u00ebn\u00ebsve n\u00eb klas\u00ebn e par\u00eb<\/a><\/h3><\/header><\/div><footer class='entry-footer'><\/footer><\/article><article class='av-magazine-entry av-magazine-entry-id-5472 av-magazine-format-standard av-magazine-type-post av-magazine-entry-38 av-magazine-entry-small '  itemscope=\"itemscope\" itemtype=\"https:\/\/schema.org\/CreativeWork\" ><div class='av-magazine-thumbnail'><a href='https:\/\/observator.org.al\/sq\/ne-pritje-te-1-qershorit-2017-unembrojfemijetinvestojmeperfemijet\/' title='Link to: N\u00eb pritje t\u00eb 1 Qershorit 2017\u2026. #UneMbrojfemijet#InvestojmePerFemijet' class='iconfont av-magazine-entry-icon' aria-hidden='true' data-av_icon='\ue836' data-av_iconfont='entypo-fontello'><\/a><\/div><div class='av-magazine-content-wrap'><header class='entry-content-header'><time class='av-magazine-time updated'  itemprop=\"datePublished\" datetime=\"2017-05-18T13:03:43+02:00\" >18\/05\/2017<\/time><h3 class='av-magazine-title entry-title '  itemprop=\"headline\" ><a href='https:\/\/observator.org.al\/sq\/ne-pritje-te-1-qershorit-2017-unembrojfemijetinvestojmeperfemijet\/' title='Link to: N\u00eb pritje t\u00eb 1 Qershorit 2017\u2026. #UneMbrojfemijet#InvestojmePerFemijet'>N\u00eb pritje t\u00eb 1 Qershorit 2017\u2026. #UneMbrojfemijet#InvestojmePerFemijet<\/a><\/h3><\/header><\/div><footer class='entry-footer'><\/footer><\/article><article class='av-magazine-entry av-magazine-entry-id-5432 av-magazine-format-standard av-magazine-type-post av-magazine-entry-39 av-magazine-entry-small '  itemscope=\"itemscope\" itemtype=\"https:\/\/schema.org\/CreativeWork\" ><div class='av-magazine-thumbnail'><a href='https:\/\/observator.org.al\/sq\/leter-e-hapur-per-masat-ne-institucionet-e-ekzekutimit-te-vendimeve-penale\/' title='Link to: Let\u00ebr e hapur p\u00ebr masat n\u00eb Institucionet e Ekzekutimit t\u00eb Vendimeve Penale' class='iconfont av-magazine-entry-icon' aria-hidden='true' data-av_icon='\ue836' data-av_iconfont='entypo-fontello'><\/a><\/div><div class='av-magazine-content-wrap'><header class='entry-content-header'><time class='av-magazine-time updated'  itemprop=\"datePublished\" datetime=\"2017-04-06T22:18:13+02:00\" >06\/04\/2017<\/time><h3 class='av-magazine-title entry-title '  itemprop=\"headline\" ><a href='https:\/\/observator.org.al\/sq\/leter-e-hapur-per-masat-ne-institucionet-e-ekzekutimit-te-vendimeve-penale\/' title='Link to: Let\u00ebr e hapur p\u00ebr masat n\u00eb Institucionet e Ekzekutimit t\u00eb Vendimeve Penale'>Let\u00ebr e hapur p\u00ebr masat n\u00eb Institucionet e Ekzekutimit t\u00eb Vendimeve Penale<\/a><\/h3><\/header><\/div><footer class='entry-footer'><\/footer><\/article><article class='av-magazine-entry av-magazine-entry-id-5406 av-magazine-format-standard av-magazine-type-post av-magazine-entry-40 av-magazine-entry-small '  itemscope=\"itemscope\" itemtype=\"https:\/\/schema.org\/CreativeWork\" ><div class='av-magazine-thumbnail'><a href='https:\/\/observator.org.al\/sq\/event-prezantues-i-raportit-mbi-martesat-nen-moshe\/' title='Link to: Event prezantues i raportit mbi martesat n\u00ebn mosh\u00eb' class='iconfont av-magazine-entry-icon' aria-hidden='true' data-av_icon='\ue836' data-av_iconfont='entypo-fontello'><\/a><\/div><div class='av-magazine-content-wrap'><header class='entry-content-header'><time class='av-magazine-time updated'  itemprop=\"datePublished\" datetime=\"2017-03-10T15:57:46+01:00\" >10\/03\/2017<\/time><h3 class='av-magazine-title entry-title '  itemprop=\"headline\" ><a href='https:\/\/observator.org.al\/sq\/event-prezantues-i-raportit-mbi-martesat-nen-moshe\/' title='Link to: Event prezantues i raportit mbi martesat n\u00ebn mosh\u00eb'>Event prezantues i raportit mbi martesat n\u00ebn mosh\u00eb<\/a><\/h3><\/header><\/div><footer class='entry-footer'><\/footer><\/article><\/div><div class='av-magazine-group av-hidden-mag sort_56'><article class='av-magazine-entry av-magazine-entry-id-6131 av-magazine-format-standard av-magazine-type-post av-magazine-entry-1 av-magazine-entry-small '  itemscope=\"itemscope\" itemtype=\"https:\/\/schema.org\/CreativeWork\" ><div class='av-magazine-thumbnail'><a href='https:\/\/observator.org.al\/sq\/dokument-i-politikave-vendore-per-femijerine-e-hershme-cdo-femije-rom-ne-ciklin-parashkollor-bashkia-vlore\/' title='Link to: Dokument i politikave vendore p\u00ebr f\u00ebmij\u00ebrin\u00eb e hershme \u201c\u00c7do f\u00ebmij\u00eb rom n\u00eb ciklin parashkollor\u201d, Bashkia Vlor\u00eb' class='iconfont av-magazine-entry-icon' aria-hidden='true' data-av_icon='\ue836' data-av_iconfont='entypo-fontello'><\/a><\/div><div class='av-magazine-content-wrap'><header class='entry-content-header'><time class='av-magazine-time updated'  itemprop=\"datePublished\" datetime=\"2017-07-20T00:22:39+02:00\" >20\/07\/2017<\/time><h3 class='av-magazine-title entry-title '  itemprop=\"headline\" ><a href='https:\/\/observator.org.al\/sq\/dokument-i-politikave-vendore-per-femijerine-e-hershme-cdo-femije-rom-ne-ciklin-parashkollor-bashkia-vlore\/' title='Link to: Dokument i politikave vendore p\u00ebr f\u00ebmij\u00ebrin\u00eb e hershme \u201c\u00c7do f\u00ebmij\u00eb rom n\u00eb ciklin parashkollor\u201d, Bashkia Vlor\u00eb'>Dokument i politikave vendore p\u00ebr f\u00ebmij\u00ebrin\u00eb e hershme \u201c\u00c7do f\u00ebmij\u00eb rom n\u00eb ciklin parashkollor\u201d, Bashkia Vlor\u00eb<\/a><\/h3><\/header><\/div><footer class='entry-footer'><\/footer><\/article><article class='av-magazine-entry av-magazine-entry-id-5555 av-magazine-format-standard av-magazine-type-post av-magazine-entry-2 av-magazine-entry-small '  itemscope=\"itemscope\" itemtype=\"https:\/\/schema.org\/CreativeWork\" ><div class='av-magazine-thumbnail'><a href='https:\/\/observator.org.al\/sq\/njoftimi-weber\/' title='Link to: WeBER' class='iconfont av-magazine-entry-icon' aria-hidden='true' data-av_icon='\ue836' data-av_iconfont='entypo-fontello'><\/a><\/div><div class='av-magazine-content-wrap'><header class='entry-content-header'><time class='av-magazine-time updated'  itemprop=\"datePublished\" datetime=\"2017-07-13T00:48:30+02:00\" >13\/07\/2017<\/time><h3 class='av-magazine-title entry-title '  itemprop=\"headline\" ><a href='https:\/\/observator.org.al\/sq\/njoftimi-weber\/' title='Link to: WeBER'>WeBER<\/a><\/h3><\/header><\/div><footer class='entry-footer'><\/footer><\/article><article class='av-magazine-entry av-magazine-entry-id-5532 av-magazine-format-standard av-magazine-type-post av-magazine-entry-3 av-magazine-entry-small '  itemscope=\"itemscope\" itemtype=\"https:\/\/schema.org\/CreativeWork\" ><div class='av-magazine-thumbnail'><a href='https:\/\/observator.org.al\/sq\/regjistrimi-i-nxenesve-ne-klasen-e-pare\/' title='Link to: Regjistrimi i nx\u00ebn\u00ebsve n\u00eb klas\u00ebn e par\u00eb' class='iconfont av-magazine-entry-icon' aria-hidden='true' data-av_icon='\ue836' data-av_iconfont='entypo-fontello'><\/a><\/div><div class='av-magazine-content-wrap'><header class='entry-content-header'><time class='av-magazine-time updated'  itemprop=\"datePublished\" datetime=\"2017-06-27T10:20:45+02:00\" >27\/06\/2017<\/time><h3 class='av-magazine-title entry-title '  itemprop=\"headline\" ><a href='https:\/\/observator.org.al\/sq\/regjistrimi-i-nxenesve-ne-klasen-e-pare\/' title='Link to: Regjistrimi i nx\u00ebn\u00ebsve n\u00eb klas\u00ebn e par\u00eb'>Regjistrimi i nx\u00ebn\u00ebsve n\u00eb klas\u00ebn e par\u00eb<\/a><\/h3><\/header><\/div><footer class='entry-footer'><\/footer><\/article><article class='av-magazine-entry av-magazine-entry-id-5472 av-magazine-format-standard av-magazine-type-post av-magazine-entry-4 av-magazine-entry-small '  itemscope=\"itemscope\" itemtype=\"https:\/\/schema.org\/CreativeWork\" ><div class='av-magazine-thumbnail'><a href='https:\/\/observator.org.al\/sq\/ne-pritje-te-1-qershorit-2017-unembrojfemijetinvestojmeperfemijet\/' title='Link to: N\u00eb pritje t\u00eb 1 Qershorit 2017\u2026. #UneMbrojfemijet#InvestojmePerFemijet' class='iconfont av-magazine-entry-icon' aria-hidden='true' data-av_icon='\ue836' data-av_iconfont='entypo-fontello'><\/a><\/div><div class='av-magazine-content-wrap'><header class='entry-content-header'><time class='av-magazine-time updated'  itemprop=\"datePublished\" datetime=\"2017-05-18T13:03:43+02:00\" >18\/05\/2017<\/time><h3 class='av-magazine-title entry-title '  itemprop=\"headline\" ><a href='https:\/\/observator.org.al\/sq\/ne-pritje-te-1-qershorit-2017-unembrojfemijetinvestojmeperfemijet\/' title='Link to: N\u00eb pritje t\u00eb 1 Qershorit 2017\u2026. #UneMbrojfemijet#InvestojmePerFemijet'>N\u00eb pritje t\u00eb 1 Qershorit 2017\u2026. #UneMbrojfemijet#InvestojmePerFemijet<\/a><\/h3><\/header><\/div><footer class='entry-footer'><\/footer><\/article><article class='av-magazine-entry av-magazine-entry-id-6127 av-magazine-format-standard av-magazine-type-post av-magazine-entry-5 av-magazine-entry-small '  itemscope=\"itemscope\" itemtype=\"https:\/\/schema.org\/CreativeWork\" ><div class='av-magazine-thumbnail'><a href='https:\/\/observator.org.al\/sq\/fact-sheet-mbi-situaten-e-te-drejtave-te-femijeve-vlore\/' title='Link to: Fact Sheet mbi situat\u00ebn e t\u00eb drejtave t\u00eb f\u00ebmij\u00ebve, Vlor\u00eb' class='iconfont av-magazine-entry-icon' aria-hidden='true' data-av_icon='\ue836' data-av_iconfont='entypo-fontello'><\/a><\/div><div class='av-magazine-content-wrap'><header class='entry-content-header'><time class='av-magazine-time updated'  itemprop=\"datePublished\" datetime=\"2017-02-20T00:20:25+01:00\" >20\/02\/2017<\/time><h3 class='av-magazine-title entry-title '  itemprop=\"headline\" ><a href='https:\/\/observator.org.al\/sq\/fact-sheet-mbi-situaten-e-te-drejtave-te-femijeve-vlore\/' title='Link to: Fact Sheet mbi situat\u00ebn e t\u00eb drejtave t\u00eb f\u00ebmij\u00ebve, Vlor\u00eb'>Fact Sheet mbi situat\u00ebn e t\u00eb drejtave t\u00eb f\u00ebmij\u00ebve, Vlor\u00eb<\/a><\/h3><\/header><\/div><footer class='entry-footer'><\/footer><\/article><article class='av-magazine-entry av-magazine-entry-id-4910 av-magazine-format-standard av-magazine-type-post av-magazine-entry-6 av-magazine-entry-small '  itemscope=\"itemscope\" itemtype=\"https:\/\/schema.org\/CreativeWork\" ><div class='av-magazine-thumbnail'><a href='https:\/\/observator.org.al\/sq\/konference-mbi-realitetin-shqiptar-te-martesave-nen-moshe-dhe-domosdoshmeria-per-nderhyrje\/' title='Link to: Diskutime dhe debate mbi realitetin shqiptar t\u00eb martesave n\u00ebn mosh\u00eb dhe domosdoshm\u00ebria p\u00ebr nd\u00ebrhyrje&#8230;&#8221;' class='iconfont av-magazine-entry-icon' aria-hidden='true' data-av_icon='\ue836' data-av_iconfont='entypo-fontello'><\/a><\/div><div class='av-magazine-content-wrap'><header class='entry-content-header'><time class='av-magazine-time updated'  itemprop=\"datePublished\" datetime=\"2016-02-24T10:02:39+01:00\" >24\/02\/2016<\/time><h3 class='av-magazine-title entry-title '  itemprop=\"headline\" ><a href='https:\/\/observator.org.al\/sq\/konference-mbi-realitetin-shqiptar-te-martesave-nen-moshe-dhe-domosdoshmeria-per-nderhyrje\/' title='Link to: Diskutime dhe debate mbi realitetin shqiptar t\u00eb martesave n\u00ebn mosh\u00eb dhe domosdoshm\u00ebria p\u00ebr nd\u00ebrhyrje&#8230;&#8221;'>Diskutime dhe debate mbi realitetin shqiptar t\u00eb martesave n\u00ebn mosh\u00eb dhe domosdoshm\u00ebria p\u00ebr nd\u00ebrhyrje&#8230;&#8221;<\/a><\/h3><\/header><\/div><footer class='entry-footer'><\/footer><\/article><article class='av-magazine-entry av-magazine-entry-id-6091 av-magazine-format-standard av-magazine-type-post av-magazine-entry-7 av-magazine-entry-small '  itemscope=\"itemscope\" itemtype=\"https:\/\/schema.org\/CreativeWork\" ><div class='av-magazine-thumbnail'><a href='https:\/\/observator.org.al\/sq\/zgjendrra-e-lumturise-se-marteses-se-hershme-raste-studimore-per-martesen-e-hershme-ne-korce-dhe-vlore\/' title='Link to: \u201cZgjendrra e Lumturis\u00eb s\u00eb Martes\u00ebs s\u00eb Hershme: Raste Studimore p\u00ebr Martes\u00ebn e Hershme n\u00eb Kor\u00e7\u00eb dhe Vlor\u00eb\u201d' class='iconfont av-magazine-entry-icon' aria-hidden='true' data-av_icon='\ue836' data-av_iconfont='entypo-fontello'><\/a><\/div><div class='av-magazine-content-wrap'><header class='entry-content-header'><time class='av-magazine-time updated'  itemprop=\"datePublished\" datetime=\"2016-02-19T23:02:07+01:00\" >19\/02\/2016<\/time><h3 class='av-magazine-title entry-title '  itemprop=\"headline\" ><a href='https:\/\/observator.org.al\/sq\/zgjendrra-e-lumturise-se-marteses-se-hershme-raste-studimore-per-martesen-e-hershme-ne-korce-dhe-vlore\/' title='Link to: \u201cZgjendrra e Lumturis\u00eb s\u00eb Martes\u00ebs s\u00eb Hershme: Raste Studimore p\u00ebr Martes\u00ebn e Hershme n\u00eb Kor\u00e7\u00eb dhe Vlor\u00eb\u201d'>\u201cZgjendrra e Lumturis\u00eb s\u00eb Martes\u00ebs s\u00eb Hershme: Raste Studimore p\u00ebr Martes\u00ebn e Hershme n\u00eb Kor\u00e7\u00eb dhe Vlor\u00eb\u201d<\/a><\/h3><\/header><\/div><footer class='entry-footer'><\/footer><\/article><article class='av-magazine-entry av-magazine-entry-id-4758 av-magazine-format-standard av-magazine-type-post av-magazine-entry-8 av-magazine-entry-small '  itemscope=\"itemscope\" itemtype=\"https:\/\/schema.org\/CreativeWork\" ><div class='av-magazine-thumbnail'><a href='https:\/\/observator.org.al\/sq\/workshop-cdo_femije_ne_shkolle\/' title='Link to: Workshop dhe Debate \u00c7do f\u00ebmij\u00eb n\u00eb shkoll\u00eb' class='iconfont av-magazine-entry-icon' aria-hidden='true' data-av_icon='\ue836' data-av_iconfont='entypo-fontello'><\/a><\/div><div class='av-magazine-content-wrap'><header class='entry-content-header'><time class='av-magazine-time updated'  itemprop=\"datePublished\" datetime=\"2016-01-27T17:22:27+01:00\" >27\/01\/2016<\/time><h3 class='av-magazine-title entry-title '  itemprop=\"headline\" ><a href='https:\/\/observator.org.al\/sq\/workshop-cdo_femije_ne_shkolle\/' title='Link to: Workshop dhe Debate \u00c7do f\u00ebmij\u00eb n\u00eb shkoll\u00eb'>Workshop dhe Debate \u00c7do f\u00ebmij\u00eb n\u00eb shkoll\u00eb<\/a><\/h3><\/header><\/div><footer class='entry-footer'><\/footer><\/article><article class='av-magazine-entry av-magazine-entry-id-4253 av-magazine-format-standard av-magazine-type-post av-magazine-entry-9 av-magazine-entry-small '  itemscope=\"itemscope\" itemtype=\"https:\/\/schema.org\/CreativeWork\" ><div class='av-magazine-thumbnail'><a href='https:\/\/observator.org.al\/sq\/situata-ne-zonat-e-permbytura-ne-vlore-fier-berat-dhe-korce-dhe-nevoja-per-nderhyrje\/' title='Link to: Situata n\u00eb zonat e p\u00ebrmbytura n\u00eb Vlor\u00eb, Fier, Berat dhe Kor\u00e7\u00eb dhe nevoja p\u00ebr nd\u00ebrhyrje' class='iconfont av-magazine-entry-icon' aria-hidden='true' data-av_icon='\ue836' data-av_iconfont='entypo-fontello'><\/a><\/div><div class='av-magazine-content-wrap'><header class='entry-content-header'><time class='av-magazine-time updated'  itemprop=\"datePublished\" datetime=\"2015-10-26T16:17:47+01:00\" >26\/10\/2015<\/time><h3 class='av-magazine-title entry-title '  itemprop=\"headline\" ><a href='https:\/\/observator.org.al\/sq\/situata-ne-zonat-e-permbytura-ne-vlore-fier-berat-dhe-korce-dhe-nevoja-per-nderhyrje\/' title='Link to: Situata n\u00eb zonat e p\u00ebrmbytura n\u00eb Vlor\u00eb, Fier, Berat dhe Kor\u00e7\u00eb dhe nevoja p\u00ebr nd\u00ebrhyrje'>Situata n\u00eb zonat e p\u00ebrmbytura n\u00eb Vlor\u00eb, Fier, Berat dhe Kor\u00e7\u00eb dhe nevoja p\u00ebr nd\u00ebrhyrje<\/a><\/h3><\/header><\/div><footer class='entry-footer'><\/footer><\/article><article class='av-magazine-entry av-magazine-entry-id-4205 av-magazine-format-standard av-magazine-type-post av-magazine-entry-10 av-magazine-entry-small '  itemscope=\"itemscope\" itemtype=\"https:\/\/schema.org\/CreativeWork\" ><div class='av-magazine-thumbnail'><a href='https:\/\/observator.org.al\/sq\/plani-i-veprimit-per-femije-2012-2015-2\/' title='Link to: Plani i veprimit p\u00ebr f\u00ebmij\u00eb 2012-2015' class='iconfont av-magazine-entry-icon' aria-hidden='true' data-av_icon='\ue836' data-av_iconfont='entypo-fontello'><\/a><\/div><div class='av-magazine-content-wrap'><header class='entry-content-header'><time class='av-magazine-time updated'  itemprop=\"datePublished\" datetime=\"2015-10-07T15:25:28+02:00\" >07\/10\/2015<\/time><h3 class='av-magazine-title entry-title '  itemprop=\"headline\" ><a href='https:\/\/observator.org.al\/sq\/plani-i-veprimit-per-femije-2012-2015-2\/' title='Link to: Plani i veprimit p\u00ebr f\u00ebmij\u00eb 2012-2015'>Plani i veprimit p\u00ebr f\u00ebmij\u00eb 2012-2015<\/a><\/h3><\/header><\/div><footer class='entry-footer'><\/footer><\/article><article class='av-magazine-entry av-magazine-entry-id-4191 av-magazine-format-standard av-magazine-type-post av-magazine-entry-11 av-magazine-entry-small '  itemscope=\"itemscope\" itemtype=\"https:\/\/schema.org\/CreativeWork\" ><div class='av-magazine-thumbnail'><a href='https:\/\/observator.org.al\/sq\/fillimi-i-vitit-shkollor-2015-2016\/' title='Link to: Fillimi i vitit shkollor 2015-2016' class='iconfont av-magazine-entry-icon' aria-hidden='true' data-av_icon='\ue836' data-av_iconfont='entypo-fontello'><\/a><\/div><div class='av-magazine-content-wrap'><header class='entry-content-header'><time class='av-magazine-time updated'  itemprop=\"datePublished\" datetime=\"2015-10-06T16:51:48+02:00\" >06\/10\/2015<\/time><h3 class='av-magazine-title entry-title '  itemprop=\"headline\" ><a href='https:\/\/observator.org.al\/sq\/fillimi-i-vitit-shkollor-2015-2016\/' title='Link to: Fillimi i vitit shkollor 2015-2016'>Fillimi i vitit shkollor 2015-2016<\/a><\/h3><\/header><\/div><footer class='entry-footer'><\/footer><\/article><article class='av-magazine-entry av-magazine-entry-id-4180 av-magazine-format-standard av-magazine-type-post av-magazine-entry-12 av-magazine-entry-small '  itemscope=\"itemscope\" itemtype=\"https:\/\/schema.org\/CreativeWork\" ><div class='av-magazine-thumbnail'><a href='https:\/\/observator.org.al\/sq\/shperndarja-e-teksteve-falas-per-femijet-rom-dhe-egjiptian-ne-vitin-shkollor-2015-2016\/' title='Link to: Shp\u00ebrndarja e teksteve falas dhe debate mbi f\u00ebmij\u00ebt Rom dhe Egjiptian n\u00eb vitin shkollor 2015-2016' class='iconfont av-magazine-entry-icon' aria-hidden='true' data-av_icon='\ue836' data-av_iconfont='entypo-fontello'><\/a><\/div><div class='av-magazine-content-wrap'><header class='entry-content-header'><time class='av-magazine-time updated'  itemprop=\"datePublished\" datetime=\"2015-09-29T15:31:39+02:00\" >29\/09\/2015<\/time><h3 class='av-magazine-title entry-title '  itemprop=\"headline\" ><a href='https:\/\/observator.org.al\/sq\/shperndarja-e-teksteve-falas-per-femijet-rom-dhe-egjiptian-ne-vitin-shkollor-2015-2016\/' title='Link to: Shp\u00ebrndarja e teksteve falas dhe debate mbi f\u00ebmij\u00ebt Rom dhe Egjiptian n\u00eb vitin shkollor 2015-2016'>Shp\u00ebrndarja e teksteve falas dhe debate mbi f\u00ebmij\u00ebt Rom dhe Egjiptian n\u00eb vitin shkollor 2015-2016<\/a><\/h3><\/header><\/div><footer class='entry-footer'><\/footer><\/article><article class='av-magazine-entry av-magazine-entry-id-6022 av-magazine-format-standard av-magazine-type-post av-magazine-entry-13 av-magazine-entry-small '  itemscope=\"itemscope\" itemtype=\"https:\/\/schema.org\/CreativeWork\" ><div class='av-magazine-thumbnail'><a href='https:\/\/observator.org.al\/sq\/varferia-e-femijeve-ne-shqiperi-karta-raportuese-nr-1\/' title='Link to: \u201cVarf\u00ebria e f\u00ebmij\u00ebve n\u00eb Shqip\u00ebri\u201d \u2013 Karta Raportuese Nr. 1' class='iconfont av-magazine-entry-icon' aria-hidden='true' data-av_icon='\ue836' data-av_iconfont='entypo-fontello'><\/a><\/div><div class='av-magazine-content-wrap'><header class='entry-content-header'><time class='av-magazine-time updated'  itemprop=\"datePublished\" datetime=\"2013-11-19T19:18:45+01:00\" >19\/11\/2013<\/time><h3 class='av-magazine-title entry-title '  itemprop=\"headline\" ><a href='https:\/\/observator.org.al\/sq\/varferia-e-femijeve-ne-shqiperi-karta-raportuese-nr-1\/' title='Link to: \u201cVarf\u00ebria e f\u00ebmij\u00ebve n\u00eb Shqip\u00ebri\u201d \u2013 Karta Raportuese Nr. 1'>\u201cVarf\u00ebria e f\u00ebmij\u00ebve n\u00eb Shqip\u00ebri\u201d \u2013 Karta Raportuese Nr. 1<\/a><\/h3><\/header><\/div><footer class='entry-footer'><\/footer><\/article><article class='av-magazine-entry av-magazine-entry-id-6129 av-magazine-format-standard av-magazine-type-post av-magazine-entry-14 av-magazine-entry-small '  itemscope=\"itemscope\" itemtype=\"https:\/\/schema.org\/CreativeWork\" ><div class='av-magazine-thumbnail'><a href='https:\/\/observator.org.al\/sq\/fletepalosje-vlore\/' title='Link to: Flet\u00ebpalosje Vlor\u00eb' class='iconfont av-magazine-entry-icon' aria-hidden='true' data-av_icon='\ue836' data-av_iconfont='entypo-fontello'><\/a><\/div><div class='av-magazine-content-wrap'><header class='entry-content-header'><time class='av-magazine-time updated'  itemprop=\"datePublished\" datetime=\"2013-10-20T00:21:30+02:00\" >20\/10\/2013<\/time><h3 class='av-magazine-title entry-title '  itemprop=\"headline\" ><a href='https:\/\/observator.org.al\/sq\/fletepalosje-vlore\/' title='Link to: Flet\u00ebpalosje Vlor\u00eb'>Flet\u00ebpalosje Vlor\u00eb<\/a><\/h3><\/header><\/div><footer class='entry-footer'><\/footer><\/article><article class='av-magazine-entry av-magazine-entry-id-6027 av-magazine-format-standard av-magazine-type-post av-magazine-entry-15 av-magazine-entry-small '  itemscope=\"itemscope\" itemtype=\"https:\/\/schema.org\/CreativeWork\" ><div class='av-magazine-thumbnail'><a href='https:\/\/observator.org.al\/sq\/raport-alternativ-i-konventes-se-okb-se-per-te-drejtat-e-femijeve\/' title='Link to: \u201cRaport Alternativ i Konvent\u00ebs s\u00eb OKB-s\u00eb p\u00ebr t\u00eb Drejtat e F\u00ebmij\u00ebve\u201d' class='iconfont av-magazine-entry-icon' aria-hidden='true' data-av_icon='\ue836' data-av_iconfont='entypo-fontello'><\/a><\/div><div class='av-magazine-content-wrap'><header class='entry-content-header'><time class='av-magazine-time updated'  itemprop=\"datePublished\" datetime=\"2013-09-19T20:40:41+02:00\" >19\/09\/2013<\/time><h3 class='av-magazine-title entry-title '  itemprop=\"headline\" ><a href='https:\/\/observator.org.al\/sq\/raport-alternativ-i-konventes-se-okb-se-per-te-drejtat-e-femijeve\/' title='Link to: \u201cRaport Alternativ i Konvent\u00ebs s\u00eb OKB-s\u00eb p\u00ebr t\u00eb Drejtat e F\u00ebmij\u00ebve\u201d'>\u201cRaport Alternativ i Konvent\u00ebs s\u00eb OKB-s\u00eb p\u00ebr t\u00eb Drejtat e F\u00ebmij\u00ebve\u201d<\/a><\/h3><\/header><\/div><footer class='entry-footer'><\/footer><\/article><article class='av-magazine-entry av-magazine-entry-id-6025 av-magazine-format-standard av-magazine-type-post av-magazine-entry-16 av-magazine-entry-small '  itemscope=\"itemscope\" itemtype=\"https:\/\/schema.org\/CreativeWork\" ><div class='av-magazine-thumbnail'><a href='https:\/\/observator.org.al\/sq\/te-drejtat-e-femijeve-ne-shqiperi-2009\/' title='Link to: \u201cT\u00eb drejtat e f\u00ebmij\u00ebve n\u00eb Shqip\u00ebri, 2009\u201d' class='iconfont av-magazine-entry-icon' aria-hidden='true' data-av_icon='\ue836' data-av_iconfont='entypo-fontello'><\/a><\/div><div class='av-magazine-content-wrap'><header class='entry-content-header'><time class='av-magazine-time updated'  itemprop=\"datePublished\" datetime=\"2013-09-19T20:35:32+02:00\" >19\/09\/2013<\/time><h3 class='av-magazine-title entry-title '  itemprop=\"headline\" ><a href='https:\/\/observator.org.al\/sq\/te-drejtat-e-femijeve-ne-shqiperi-2009\/' title='Link to: \u201cT\u00eb drejtat e f\u00ebmij\u00ebve n\u00eb Shqip\u00ebri, 2009\u201d'>\u201cT\u00eb drejtat e f\u00ebmij\u00ebve n\u00eb Shqip\u00ebri, 2009\u201d<\/a><\/h3><\/header><\/div><footer class='entry-footer'><\/footer><\/article><article class='av-magazine-entry av-magazine-entry-id-2376 av-magazine-format-standard av-magazine-type-post av-magazine-entry-17 av-magazine-entry-small '  itemscope=\"itemscope\" itemtype=\"https:\/\/schema.org\/CreativeWork\" ><div class='av-magazine-thumbnail'><a href='https:\/\/observator.org.al\/sq\/observatori-vlore-20-nentor-2011\/' title='Link to: Observatori Vlor\u00eb &#8211; 20 n\u00ebntor 2011' class='iconfont av-magazine-entry-icon' aria-hidden='true' data-av_icon='\ue836' data-av_iconfont='entypo-fontello'><\/a><\/div><div class='av-magazine-content-wrap'><header class='entry-content-header'><time class='av-magazine-time updated'  itemprop=\"datePublished\" datetime=\"2013-09-06T23:37:05+02:00\" >06\/09\/2013<\/time><h3 class='av-magazine-title entry-title '  itemprop=\"headline\" ><a href='https:\/\/observator.org.al\/sq\/observatori-vlore-20-nentor-2011\/' title='Link to: Observatori Vlor\u00eb &#8211; 20 n\u00ebntor 2011'>Observatori Vlor\u00eb &#8211; 20 n\u00ebntor 2011<\/a><\/h3><\/header><\/div><footer class='entry-footer'><\/footer><\/article><\/div><\/div><\/div>\n","protected":false},"excerpt":{"rendered":"","protected":false},"author":4,"featured_media":0,"parent":0,"menu_order":0,"comment_status":"closed","ping_status":"closed","template":"","meta":{"_mc_calendar":[],"footnotes":""},"class_list":["post-3883","page","type-page","status-publish","hentry"],"_links":{"self":[{"href":"https:\/\/observator.org.al\/sq\/wp-json\/wp\/v2\/pages\/3883","targetHints":{"allow":["GET"]}}],"collection":[{"href":"https:\/\/observator.org.al\/sq\/wp-json\/wp\/v2\/pages"}],"about":[{"href":"https:\/\/observator.org.al\/sq\/wp-json\/wp\/v2\/types\/page"}],"author":[{"embeddable":true,"href":"https:\/\/observator.org.al\/sq\/wp-json\/wp\/v2\/users\/4"}],"replies":[{"embeddable":true,"href":"https:\/\/observator.org.al\/sq\/wp-json\/wp\/v2\/comments?post=3883"}],"version-history":[{"count":12,"href":"https:\/\/observator.org.al\/sq\/wp-json\/wp\/v2\/pages\/3883\/revisions"}],"predecessor-version":[{"id":9236,"href":"https:\/\/observator.org.al\/sq\/wp-json\/wp\/v2\/pages\/3883\/revisions\/9236"}],"wp:attachment":[{"href":"https:\/\/observator.org.al\/sq\/wp-json\/wp\/v2\/media?parent=3883"}],"curies":[{"name":"wp","href":"https:\/\/api.w.org\/{rel}","templated":true}]}}