{"id":3809,"date":"2015-05-04T10:41:23","date_gmt":"2015-05-04T08:41:23","guid":{"rendered":"http:\/\/observator.org.al\/?page_id=3809"},"modified":"2026-04-24T09:49:08","modified_gmt":"2026-04-24T07:49:08","slug":"raporti-vjetor-publik","status":"publish","type":"page","link":"https:\/\/observator.org.al\/sq\/observatoret\/raporti-vjetor-publik\/","title":{"rendered":"Raporti Vjetor Publik"},"content":{"rendered":"<div class=\"flex_column av_one_full  flex_column_div first  avia-builder-el-0  avia-builder-el-no-sibling  \" ><div  class=\"togglecontainer   toggle_close_all  avia-builder-el-1  avia-builder-el-no-sibling \" >\n<section class=\"av_toggle_section\"  itemscope=\"itemscope\" itemtype=\"https:\/\/schema.org\/CreativeWork\"  >    <div role=\"tablist\" class=\"single_toggle\" data-tags=\"{All} \"  >        <p data-fake-id=\"#toggle-id-1\" class=\"toggler activeTitle\"  itemprop=\"headline\"    role=\"tab\" tabindex=\"0\" aria-controls=\"toggle-id-1\">Raporti vjetor publik p\u00ebr vitin 2025<span class=\"toggle_icon\" >        <span class=\"vert_icon\"><\/span><span class=\"hor_icon\"><\/span><\/span><\/p>        <div id=\"toggle-id-1\" class=\"toggle_wrap active_tc\"  style='display:block;'>            <div class=\"toggle_content invers-color \"  itemprop=\"text\"   ><p><img loading=\"lazy\" decoding=\"async\" class=\"size-medium wp-image-10324 alignleft\" src=\"https:\/\/observator.org.al\/wp-content\/uploads\/2026\/04\/RaportiVjetor25-278x380.png\" alt=\"\" width=\"278\" height=\"380\" srcset=\"https:\/\/observator.org.al\/wp-content\/uploads\/2026\/04\/RaportiVjetor25-278x380.png 278w, https:\/\/observator.org.al\/wp-content\/uploads\/2026\/04\/RaportiVjetor25-753x1030.png 753w, https:\/\/observator.org.al\/wp-content\/uploads\/2026\/04\/RaportiVjetor25-768x1051.png 768w, https:\/\/observator.org.al\/wp-content\/uploads\/2026\/04\/RaportiVjetor25-515x705.png 515w, https:\/\/observator.org.al\/wp-content\/uploads\/2026\/04\/RaportiVjetor25.png 790w\" sizes=\"auto, (max-width: 278px) 100vw, 278px\" \/>Observatori p\u00ebr t\u00eb Drejtat e F\u00ebmij\u00ebve dhe t\u00eb Rinjve (Observatori) n\u00eb Shqip\u00ebri \u00ebsht\u00eb nj\u00eb entitet joqeveritare i themeluar n\u00eb 2013 si nj\u00eb rrjet i shoq\u00ebris\u00eb civile q\u00eb synon t\u00eb monitoroj\u00eb situat\u00ebn e f\u00ebmij\u00ebve dhe t\u00eb rinjve n\u00eb nivel komb\u00ebtar dhe<br \/>\nstrategjik. Deg\u00ebt e Observatorit jan\u00eb n\u00eb t\u00eb gjith\u00eb vendin duke pasur dymb\u00ebdhjet\u00eb ekspert\u00eb rajonale (nj\u00eb n\u00eb secil\u00ebn bashki kryesore t\u00eb vendit). Nj\u00eb staf i kualifikuar dhe me p\u00ebrvoj\u00eb q\u00eb ndodhet pran\u00eb \u00e7do lokaliteti na jep mund\u00ebsin\u00eb p\u00ebr t\u00eb monitoruar situat\u00ebn e f\u00ebmij\u00ebve e t\u00eb rinjve dhe \u00e7\u00ebshtjet e t\u00eb drejtave deri n\u00eb nivel lokal.<br \/>\nMisioni yn\u00eb \u00ebsht\u00eb t\u00eb sigurojm\u00eb dinjitetin dhe mir\u00ebqenien e f\u00ebmij\u00ebve dhe t\u00eb rinjve n\u00eb t\u00eb gjith\u00eb Shqip\u00ebrin\u00eb p\u00ebrmes v\u00ebzhgimit, k\u00ebrkimit dhe analiz\u00ebs, komunikimit dhe avokimit; duke bashk\u00ebpunuar me aktor\u00ebt \/ institucionet e tjera; dhe duke u p\u00ebrfshir\u00eb n\u00eb fushata nd\u00ebrgjegj\u00ebsimi dhe edukimi t\u00eb publikut.<\/p>\n<p><a href=\"https:\/\/observator.org.al\/wp-content\/uploads\/2026\/04\/Raporti-vjetor-2025.pdf\">Klikoni k\u00ebtu<\/a> p\u00ebr t\u00eb lexuar raportin vjetor t\u00eb vitit 2025.<\/p>\n            <\/div>        <\/div>    <\/div><\/section>\n<section class=\"av_toggle_section\"  itemscope=\"itemscope\" itemtype=\"https:\/\/schema.org\/CreativeWork\"  >    <div role=\"tablist\" class=\"single_toggle\" data-tags=\"{All} \"  >        <p data-fake-id=\"#toggle-id-2\" class=\"toggler \"  itemprop=\"headline\"    role=\"tab\" tabindex=\"0\" aria-controls=\"toggle-id-2\">Raporti vjetor publik p\u00ebr vitin 2024<span class=\"toggle_icon\" >        <span class=\"vert_icon\"><\/span><span class=\"hor_icon\"><\/span><\/span><\/p>        <div id=\"toggle-id-2\" class=\"toggle_wrap \"  >            <div class=\"toggle_content invers-color \"  itemprop=\"text\"   ><p><img loading=\"lazy\" decoding=\"async\" class=\" wp-image-9896 alignleft\" src=\"https:\/\/observator.org.al\/wp-content\/uploads\/2025\/04\/RaportiVjetor24-318x380.png\" alt=\"\" width=\"180\" height=\"215\" srcset=\"https:\/\/observator.org.al\/wp-content\/uploads\/2025\/04\/RaportiVjetor24-318x380.png 318w, https:\/\/observator.org.al\/wp-content\/uploads\/2025\/04\/RaportiVjetor24.png 581w\" sizes=\"auto, (max-width: 180px) 100vw, 180px\" \/>Observatori p\u00ebr t\u00eb Drejtat e F\u00ebmij\u00ebve dhe t\u00eb Rinjve (Observatori) n\u00eb Shqip\u00ebri \u00ebsht\u00eb nj\u00eb entitet joqeveritare i themeluar n\u00eb 2013 si nj\u00eb rrjet i shoq\u00ebris\u00eb civile q\u00eb synon t\u00eb monitoroj\u00eb situat\u00ebn e f\u00ebmij\u00ebve dhe t\u00eb rinjve n\u00eb nivel komb\u00ebtar dhe<br \/>\nstrategjik. Deg\u00ebt e Observatorit jan\u00eb n\u00eb t\u00eb gjith\u00eb vendin duke pasur dymb\u00ebdhjet\u00eb ekspert\u00eb rajonale (nj\u00eb n\u00eb secil\u00ebn bashki kryesore t\u00eb vendit). Nj\u00eb staf i kualifikuar dhe me p\u00ebrvoj\u00eb q\u00eb ndodhet pran\u00eb \u00e7do lokaliteti na jep mund\u00ebsin\u00eb p\u00ebr t\u00eb monitoruar situat\u00ebn e f\u00ebmij\u00ebve e t\u00eb rinjve dhe \u00e7\u00ebshtjet e t\u00eb drejtave deri n\u00eb nivel lokal.<br \/>\nMisioni yn\u00eb \u00ebsht\u00eb t\u00eb sigurojm\u00eb dinjitetin dhe mir\u00ebqenien e f\u00ebmij\u00ebve dhe t\u00eb rinjve n\u00eb t\u00eb gjith\u00eb Shqip\u00ebrin\u00eb p\u00ebrmes v\u00ebzhgimit, k\u00ebrkimit dhe analiz\u00ebs, komunikimit dhe avokimit; duke bashk\u00ebpunuar me aktor\u00ebt \/ institucionet e tjera; dhe duke u p\u00ebrfshir\u00eb n\u00eb fushata nd\u00ebrgjegj\u00ebsimi dhe edukimi t\u00eb publikut.<\/p>\n<p><a href=\"https:\/\/observator.org.al\/wp-content\/uploads\/2025\/04\/Observatori-per-te-Drejtat-e-Femijeve-dhe-te-Rinjve_Annual-Report_2024.pdf\">Klikoni k\u00ebtu<\/a> p\u00ebr t\u00eb lexuar raportin vjetor t\u00eb vitit 2024.<\/p>\n            <\/div>        <\/div>    <\/div><\/section>\n<section class=\"av_toggle_section\"  itemscope=\"itemscope\" itemtype=\"https:\/\/schema.org\/CreativeWork\"  >    <div role=\"tablist\" class=\"single_toggle\" data-tags=\"{All} \"  >        <p data-fake-id=\"#toggle-id-3\" class=\"toggler \"  itemprop=\"headline\"    role=\"tab\" tabindex=\"0\" aria-controls=\"toggle-id-3\">Raporti vjetor publik p\u00ebr vitin 2023<span class=\"toggle_icon\" >        <span class=\"vert_icon\"><\/span><span class=\"hor_icon\"><\/span><\/span><\/p>        <div id=\"toggle-id-3\" class=\"toggle_wrap \"  >            <div class=\"toggle_content invers-color \"  itemprop=\"text\"   ><p><img loading=\"lazy\" decoding=\"async\" class=\" wp-image-9896 alignleft\" src=\"https:\/\/observator.org.al\/wp-content\/uploads\/2025\/04\/RaportiVjetor24-318x380.png\" alt=\"\" width=\"180\" height=\"215\" srcset=\"https:\/\/observator.org.al\/wp-content\/uploads\/2025\/04\/RaportiVjetor24-318x380.png 318w, https:\/\/observator.org.al\/wp-content\/uploads\/2025\/04\/RaportiVjetor24.png 581w\" sizes=\"auto, (max-width: 180px) 100vw, 180px\" \/>Observatori p\u00ebr t\u00eb Drejtat e F\u00ebmij\u00ebve dhe t\u00eb Rinjve (Observatori) n\u00eb Shqip\u00ebri \u00ebsht\u00eb nj\u00eb entitet joqeveritare i themeluar n\u00eb 2013 si nj\u00eb rrjet i shoq\u00ebris\u00eb civile q\u00eb synon t\u00eb monitoroj\u00eb situat\u00ebn e f\u00ebmij\u00ebve dhe t\u00eb rinjve n\u00eb nivel komb\u00ebtar dhe<br \/>\nstrategjik. Deg\u00ebt e Observatorit jan\u00eb n\u00eb t\u00eb gjith\u00eb vendin duke pasur dymb\u00ebdhjet\u00eb ekspert\u00eb rajonale (nj\u00eb n\u00eb secil\u00ebn bashki kryesore t\u00eb vendit). Nj\u00eb staf i kualifikuar dhe me p\u00ebrvoj\u00eb q\u00eb ndodhet pran\u00eb \u00e7do lokaliteti na jep mund\u00ebsin\u00eb p\u00ebr t\u00eb monitoruar situat\u00ebn e f\u00ebmij\u00ebve e t\u00eb rinjve dhe \u00e7\u00ebshtjet e t\u00eb drejtave deri n\u00eb nivel lokal.<br \/>\nMisioni yn\u00eb \u00ebsht\u00eb t\u00eb sigurojm\u00eb dinjitetin dhe mir\u00ebqenien e f\u00ebmij\u00ebve dhe t\u00eb rinjve n\u00eb t\u00eb gjith\u00eb Shqip\u00ebrin\u00eb p\u00ebrmes v\u00ebzhgimit, k\u00ebrkimit dhe analiz\u00ebs, komunikimit dhe avokimit; duke bashk\u00ebpunuar me aktor\u00ebt \/ institucionet e tjera; dhe duke u p\u00ebrfshir\u00eb n\u00eb fushata nd\u00ebrgjegj\u00ebsimi dhe edukimi t\u00eb publikut.<\/p>\n<p><a href=\"https:\/\/observator.org.al\/wp-content\/uploads\/2025\/07\/Raport-Vjetor_2023_Shqip.pdf\">Klikoni k\u00ebtu<\/a> p\u00ebr t\u00eb lexuar raportin vjetor t\u00eb vitit 2023.<\/p>\n            <\/div>        <\/div>    <\/div><\/section>\n<section class=\"av_toggle_section\"  itemscope=\"itemscope\" itemtype=\"https:\/\/schema.org\/CreativeWork\"  >    <div role=\"tablist\" class=\"single_toggle\" data-tags=\"{All} \"  >        <p data-fake-id=\"#toggle-id-4\" class=\"toggler \"  itemprop=\"headline\"    role=\"tab\" tabindex=\"0\" aria-controls=\"toggle-id-4\">Raporti vjetor publik p\u00ebr vitin 2022<span class=\"toggle_icon\" >        <span class=\"vert_icon\"><\/span><span class=\"hor_icon\"><\/span><\/span><\/p>        <div id=\"toggle-id-4\" class=\"toggle_wrap \"  >            <div class=\"toggle_content invers-color \"  itemprop=\"text\"   ><p><img loading=\"lazy\" decoding=\"async\" class=\" wp-image-9896 alignleft\" src=\"https:\/\/observator.org.al\/wp-content\/uploads\/2025\/04\/RaportiVjetor24-318x380.png\" alt=\"\" width=\"180\" height=\"215\" srcset=\"https:\/\/observator.org.al\/wp-content\/uploads\/2025\/04\/RaportiVjetor24-318x380.png 318w, https:\/\/observator.org.al\/wp-content\/uploads\/2025\/04\/RaportiVjetor24.png 581w\" sizes=\"auto, (max-width: 180px) 100vw, 180px\" \/>Observatori p\u00ebr t\u00eb Drejtat e F\u00ebmij\u00ebve dhe t\u00eb Rinjve (Observatori) n\u00eb Shqip\u00ebri \u00ebsht\u00eb nj\u00eb entitet joqeveritare i themeluar n\u00eb 2013 si nj\u00eb rrjet i shoq\u00ebris\u00eb civile q\u00eb synon t\u00eb monitoroj\u00eb situat\u00ebn e f\u00ebmij\u00ebve dhe t\u00eb rinjve n\u00eb nivel komb\u00ebtar dhe<br \/>\nstrategjik. Deg\u00ebt e Observatorit jan\u00eb n\u00eb t\u00eb gjith\u00eb vendin duke pasur dymb\u00ebdhjet\u00eb ekspert\u00eb rajonale (nj\u00eb n\u00eb secil\u00ebn bashki kryesore t\u00eb vendit). Nj\u00eb staf i kualifikuar dhe me p\u00ebrvoj\u00eb q\u00eb ndodhet pran\u00eb \u00e7do lokaliteti na jep mund\u00ebsin\u00eb p\u00ebr t\u00eb monitoruar situat\u00ebn e f\u00ebmij\u00ebve e t\u00eb rinjve dhe \u00e7\u00ebshtjet e t\u00eb drejtave deri n\u00eb nivel lokal.<br \/>\nMisioni yn\u00eb \u00ebsht\u00eb t\u00eb sigurojm\u00eb dinjitetin dhe mir\u00ebqenien e f\u00ebmij\u00ebve dhe t\u00eb rinjve n\u00eb t\u00eb gjith\u00eb Shqip\u00ebrin\u00eb p\u00ebrmes v\u00ebzhgimit, k\u00ebrkimit dhe analiz\u00ebs, komunikimit dhe avokimit; duke bashk\u00ebpunuar me aktor\u00ebt \/ institucionet e tjera; dhe duke u p\u00ebrfshir\u00eb n\u00eb fushata nd\u00ebrgjegj\u00ebsimi dhe edukimi t\u00eb publikut.<\/p>\n<p><a href=\"https:\/\/observator.org.al\/wp-content\/uploads\/2025\/07\/Raporti-vjetor_2022_Shqip.pdf\">Klikoni k\u00ebtu<\/a> p\u00ebr t\u00eb lexuar raportin vjetor t\u00eb vitit 2022.<\/p>\n            <\/div>        <\/div>    <\/div><\/section>\n<section class=\"av_toggle_section\"  itemscope=\"itemscope\" itemtype=\"https:\/\/schema.org\/CreativeWork\"  >    <div role=\"tablist\" class=\"single_toggle\" data-tags=\"{All} \"  >        <p data-fake-id=\"#toggle-id-5\" class=\"toggler \"  itemprop=\"headline\"    role=\"tab\" tabindex=\"0\" aria-controls=\"toggle-id-5\">Raporti vjetor publik p\u00ebr vitin 2021<span class=\"toggle_icon\" >        <span class=\"vert_icon\"><\/span><span class=\"hor_icon\"><\/span><\/span><\/p>        <div id=\"toggle-id-5\" class=\"toggle_wrap \"  >            <div class=\"toggle_content invers-color \"  itemprop=\"text\"   ><p><img loading=\"lazy\" decoding=\"async\" class=\"size-medium wp-image-6505 alignleft\" src=\"https:\/\/observator.org.al\/wp-content\/uploads\/2022\/05\/annualReport21LogoAl.png\" alt=\"\" width=\"380\" height=\"225\" \/>Observatori p\u00ebr t\u00eb Drejtat e F\u00ebmij\u00ebve dhe t\u00eb Rinjve (Observatori) n\u00eb Shqip\u00ebri \u00ebsht\u00eb nj\u00eb entitet joqeveritare i themeluar n\u00eb 2013 si nj\u00eb rrjet i shoq\u00ebris\u00eb civile q\u00eb synon t\u00eb monitoroj\u00eb situat\u00ebn e f\u00ebmij\u00ebve dhe t\u00eb rinjve n\u00eb nivel komb\u00ebtar dhe<br \/>\nstrategjik. Deg\u00ebt e Observatorit jan\u00eb n\u00eb t\u00eb gjith\u00eb vendin duke pasur dymb\u00ebdhjet\u00eb ekspert\u00eb rajonale (nj\u00eb n\u00eb secil\u00ebn bashki kryesore t\u00eb vendit). Nj\u00eb staf i kualifikuar dhe me p\u00ebrvoj\u00eb q\u00eb ndodhet pran\u00eb \u00e7do lokaliteti na jep mund\u00ebsin\u00eb p\u00ebr t\u00eb monitoruar situat\u00ebn e f\u00ebmij\u00ebve e t\u00eb rinjve dhe \u00e7\u00ebshtjet e t\u00eb drejtave deri n\u00eb nivel lokal.<br \/>\nMisioni yn\u00eb \u00ebsht\u00eb t\u00eb sigurojm\u00eb dinjitetin dhe mir\u00ebqenien e f\u00ebmij\u00ebve dhe t\u00eb rinjve n\u00eb t\u00eb gjith\u00eb Shqip\u00ebrin\u00eb p\u00ebrmes v\u00ebzhgimit, k\u00ebrkimit dhe analiz\u00ebs, komunikimit dhe avokimit; duke bashk\u00ebpunuar me aktor\u00ebt \/ institucionet e tjera; dhe duke u p\u00ebrfshir\u00eb n\u00eb fushata nd\u00ebrgjegj\u00ebsimi dhe edukimi t\u00eb publikut.<\/p>\n<p><a href=\"https:\/\/observator.org.al\/wp-content\/uploads\/2022\/05\/Raporti-Vjetor_2021_Observatori_shqip.pdf\">Klikoni k\u00ebtu<\/a> p\u00ebr t\u00eb lexuar raportin vjetor t\u00eb vitit 2021.<\/p>\n            <\/div>        <\/div>    <\/div><\/section>\n<section class=\"av_toggle_section\"  itemscope=\"itemscope\" itemtype=\"https:\/\/schema.org\/CreativeWork\"  >    <div role=\"tablist\" class=\"single_toggle\" data-tags=\"{All} \"  >        <p data-fake-id=\"#toggle-id-6\" class=\"toggler \"  itemprop=\"headline\"    role=\"tab\" tabindex=\"0\" aria-controls=\"toggle-id-6\">Pasqyrat financiare p\u00ebr vitin 2020<span class=\"toggle_icon\" >        <span class=\"vert_icon\"><\/span><span class=\"hor_icon\"><\/span><\/span><\/p>        <div id=\"toggle-id-6\" class=\"toggle_wrap \"  >            <div class=\"toggle_content invers-color \"  itemprop=\"text\"   ><p><img loading=\"lazy\" decoding=\"async\" class=\"size-medium wp-image-6505 alignleft\" src=\"https:\/\/observator.org.al\/wp-content\/uploads\/2021\/08\/RaportVjetorAl.png\" alt=\"\" width=\"380\" height=\"225\" \/>Observatori p\u00ebr t\u00eb Drejtat e F\u00ebmij\u00ebve dhe t\u00eb Rinjve (Observatori) n\u00eb Shqip\u00ebri \u00ebsht\u00eb nj\u00eb entitet joqeveritare i themeluar n\u00eb 2013 si nj\u00eb rrjet i shoq\u00ebris\u00eb civile q\u00eb synon t\u00eb monitoroj\u00eb situat\u00ebn e f\u00ebmij\u00ebve dhe t\u00eb rinjve n\u00eb nivel komb\u00ebtar dhe<br \/>\nstrategjik. Deg\u00ebt e Observatorit jan\u00eb n\u00eb t\u00eb gjith\u00eb vendin duke pasur dymb\u00ebdhjet\u00eb ekspert\u00eb rajonale (nj\u00eb n\u00eb secil\u00ebn bashki kryesore t\u00eb vendit). Nj\u00eb staf i kualifikuar dhe me p\u00ebrvoj\u00eb q\u00eb ndodhet pran\u00eb \u00e7do lokaliteti na jep mund\u00ebsin\u00eb p\u00ebr t\u00eb monitoruar situat\u00ebn e f\u00ebmij\u00ebve e t\u00eb rinjve dhe \u00e7\u00ebshtjet e t\u00eb drejtave deri n\u00eb nivel lokal.<br \/>\nMisioni yn\u00eb \u00ebsht\u00eb t\u00eb sigurojm\u00eb dinjitetin dhe mir\u00ebqenien e f\u00ebmij\u00ebve dhe t\u00eb rinjve n\u00eb t\u00eb gjith\u00eb Shqip\u00ebrin\u00eb p\u00ebrmes v\u00ebzhgimit, k\u00ebrkimit dhe analiz\u00ebs, komunikimit dhe avokimit; duke bashk\u00ebpunuar me aktor\u00ebt \/ institucionet e tjera; dhe duke u p\u00ebrfshir\u00eb n\u00eb fushata nd\u00ebrgjegj\u00ebsimi dhe edukimi t\u00eb publikut.<\/p>\n<p><a href=\"https:\/\/observator.org.al\/wp-content\/uploads\/2021\/08\/Pasqyrat-financiare-Observator-Viti-2020-.pdf\">Klikoni k\u00ebtu<\/a> p\u00ebr t\u00eb lexuar pasqyrat financiare t\u00eb vitit 2020.<\/p>\n            <\/div>        <\/div>    <\/div><\/section>\n<section class=\"av_toggle_section\"  itemscope=\"itemscope\" itemtype=\"https:\/\/schema.org\/CreativeWork\"  >    <div role=\"tablist\" class=\"single_toggle\" data-tags=\"{All} \"  >        <p data-fake-id=\"#toggle-id-7\" class=\"toggler \"  itemprop=\"headline\"    role=\"tab\" tabindex=\"0\" aria-controls=\"toggle-id-7\">Raporti vjetor publik p\u00ebr vitin 2020<span class=\"toggle_icon\" >        <span class=\"vert_icon\"><\/span><span class=\"hor_icon\"><\/span><\/span><\/p>        <div id=\"toggle-id-7\" class=\"toggle_wrap \"  >            <div class=\"toggle_content invers-color \"  itemprop=\"text\"   ><p><img loading=\"lazy\" decoding=\"async\" class=\"size-medium wp-image-6505 alignleft\" src=\"https:\/\/observator.org.al\/wp-content\/uploads\/2021\/08\/RaportVjetorAl.png\" alt=\"\" width=\"380\" height=\"225\" \/>Observatori p\u00ebr t\u00eb Drejtat e F\u00ebmij\u00ebve dhe t\u00eb Rinjve (Observatori) n\u00eb Shqip\u00ebri \u00ebsht\u00eb nj\u00eb entitet joqeveritare i themeluar n\u00eb 2013 si nj\u00eb rrjet i shoq\u00ebris\u00eb civile q\u00eb synon t\u00eb monitoroj\u00eb situat\u00ebn e f\u00ebmij\u00ebve dhe t\u00eb rinjve n\u00eb nivel komb\u00ebtar dhe<br \/>\nstrategjik. Deg\u00ebt e Observatorit jan\u00eb n\u00eb t\u00eb gjith\u00eb vendin duke pasur dymb\u00ebdhjet\u00eb ekspert\u00eb rajonale (nj\u00eb n\u00eb secil\u00ebn bashki kryesore t\u00eb vendit). Nj\u00eb staf i kualifikuar dhe me p\u00ebrvoj\u00eb q\u00eb ndodhet pran\u00eb \u00e7do lokaliteti na jep mund\u00ebsin\u00eb p\u00ebr t\u00eb monitoruar situat\u00ebn e f\u00ebmij\u00ebve e t\u00eb rinjve dhe \u00e7\u00ebshtjet e t\u00eb drejtave deri n\u00eb nivel lokal.<br \/>\nMisioni yn\u00eb \u00ebsht\u00eb t\u00eb sigurojm\u00eb dinjitetin dhe mir\u00ebqenien e f\u00ebmij\u00ebve dhe t\u00eb rinjve n\u00eb t\u00eb gjith\u00eb Shqip\u00ebrin\u00eb p\u00ebrmes v\u00ebzhgimit, k\u00ebrkimit dhe analiz\u00ebs, komunikimit dhe avokimit; duke bashk\u00ebpunuar me aktor\u00ebt \/ institucionet e tjera; dhe duke u p\u00ebrfshir\u00eb n\u00eb fushata nd\u00ebrgjegj\u00ebsimi dhe edukimi t\u00eb publikut.<\/p>\n<p><a href=\"https:\/\/observator.org.al\/wp-content\/uploads\/2021\/08\/Raporti-Vjetor_2020_Observatori_shqip.pdf\">Klikoni k\u00ebtu<\/a> p\u00ebr t\u00eb lexuar raportin vjetor t\u00eb vitit 2020.<\/p>\n            <\/div>        <\/div>    <\/div><\/section>\n<section class=\"av_toggle_section\"  itemscope=\"itemscope\" itemtype=\"https:\/\/schema.org\/CreativeWork\"  >    <div role=\"tablist\" class=\"single_toggle\" data-tags=\"{All} \"  >        <p data-fake-id=\"#toggle-id-8\" class=\"toggler \"  itemprop=\"headline\"    role=\"tab\" tabindex=\"0\" aria-controls=\"toggle-id-8\">Pasqyrat financiare p\u00ebr vitin 2019<span class=\"toggle_icon\" >        <span class=\"vert_icon\"><\/span><span class=\"hor_icon\"><\/span><\/span><\/p>        <div id=\"toggle-id-8\" class=\"toggle_wrap \"  >            <div class=\"toggle_content invers-color \"  itemprop=\"text\"   ><p><img loading=\"lazy\" decoding=\"async\" class=\"size-medium wp-image-6505 alignleft\" src=\"http:\/\/observator.org.al\/wp-content\/uploads\/2020\/05\/raporti19-380x225.png\" alt=\"\" width=\"380\" height=\"225\" srcset=\"https:\/\/observator.org.al\/wp-content\/uploads\/2020\/05\/raporti19-380x225.png 380w, https:\/\/observator.org.al\/wp-content\/uploads\/2020\/05\/raporti19-768x455.png 768w, https:\/\/observator.org.al\/wp-content\/uploads\/2020\/05\/raporti19-705x417.png 705w, https:\/\/observator.org.al\/wp-content\/uploads\/2020\/05\/raporti19-450x266.png 450w, https:\/\/observator.org.al\/wp-content\/uploads\/2020\/05\/raporti19.png 855w\" sizes=\"auto, (max-width: 380px) 100vw, 380px\" \/>Observatori p\u00ebr t\u00eb Drejtat e F\u00ebmij\u00ebve dhe t\u00eb Rinjve (Observatori) n\u00eb Shqip\u00ebri \u00ebsht\u00eb nj\u00eb entitet joqeveritare i themeluar n\u00eb 2013 si nj\u00eb rrjet i shoq\u00ebris\u00eb civile q\u00eb synon t\u00eb monitoroj\u00eb situat\u00ebn e f\u00ebmij\u00ebve dhe t\u00eb rinjve n\u00eb nivel komb\u00ebtar dhe<br \/>\nstrategjik. Deg\u00ebt e Observatorit jan\u00eb n\u00eb t\u00eb gjith\u00eb vendin duke pasur dymb\u00ebdhjet\u00eb ekspert\u00eb rajonale (nj\u00eb n\u00eb secil\u00ebn bashki kryesore t\u00eb vendit). Nj\u00eb staf i kualifikuar dhe me p\u00ebrvoj\u00eb q\u00eb ndodhet pran\u00eb \u00e7do lokaliteti na jep mund\u00ebsin\u00eb p\u00ebr t\u00eb monitoruar situat\u00ebn e f\u00ebmij\u00ebve e t\u00eb rinjve dhe \u00e7\u00ebshtjet e t\u00eb drejtave deri n\u00eb nivel lokal.<br \/>\nMisioni yn\u00eb \u00ebsht\u00eb t\u00eb sigurojm\u00eb dinjitetin dhe mir\u00ebqenien e f\u00ebmij\u00ebve dhe t\u00eb rinjve n\u00eb t\u00eb gjith\u00eb Shqip\u00ebrin\u00eb p\u00ebrmes v\u00ebzhgimit, k\u00ebrkimit dhe analiz\u00ebs, komunikimit dhe avokimit; duke bashk\u00ebpunuar me aktor\u00ebt \/ institucionet e tjera; dhe duke u p\u00ebrfshir\u00eb n\u00eb fushata nd\u00ebrgjegj\u00ebsimi dhe edukimi t\u00eb publikut.<\/p>\n<p><a href=\"https:\/\/observator.org.al\/wp-content\/uploads\/2021\/08\/Pasqyrat-financiare-Observator-Viti-2019.pdf\">Klikoni k\u00ebtu<\/a> p\u00ebr t\u00eb lexuar pasqyrat financiare t\u00eb 2019.<\/p>\n            <\/div>        <\/div>    <\/div><\/section>\n<section class=\"av_toggle_section\"  itemscope=\"itemscope\" itemtype=\"https:\/\/schema.org\/CreativeWork\"  >    <div role=\"tablist\" class=\"single_toggle\" data-tags=\"{All} \"  >        <p data-fake-id=\"#toggle-id-9\" class=\"toggler \"  itemprop=\"headline\"    role=\"tab\" tabindex=\"0\" aria-controls=\"toggle-id-9\">Raporti vjetor publik p\u00ebr vitin 2019<span class=\"toggle_icon\" >        <span class=\"vert_icon\"><\/span><span class=\"hor_icon\"><\/span><\/span><\/p>        <div id=\"toggle-id-9\" class=\"toggle_wrap \"  >            <div class=\"toggle_content invers-color \"  itemprop=\"text\"   ><p><img loading=\"lazy\" decoding=\"async\" class=\"size-medium wp-image-6505 alignleft\" src=\"http:\/\/observator.org.al\/wp-content\/uploads\/2020\/05\/raporti19-380x225.png\" alt=\"\" width=\"380\" height=\"225\" srcset=\"https:\/\/observator.org.al\/wp-content\/uploads\/2020\/05\/raporti19-380x225.png 380w, https:\/\/observator.org.al\/wp-content\/uploads\/2020\/05\/raporti19-768x455.png 768w, https:\/\/observator.org.al\/wp-content\/uploads\/2020\/05\/raporti19-705x417.png 705w, https:\/\/observator.org.al\/wp-content\/uploads\/2020\/05\/raporti19-450x266.png 450w, https:\/\/observator.org.al\/wp-content\/uploads\/2020\/05\/raporti19.png 855w\" sizes=\"auto, (max-width: 380px) 100vw, 380px\" \/>Observatori p\u00ebr t\u00eb Drejtat e F\u00ebmij\u00ebve dhe t\u00eb Rinjve (Observatori) n\u00eb Shqip\u00ebri \u00ebsht\u00eb nj\u00eb entitet joqeveritare i themeluar n\u00eb 2013 si nj\u00eb rrjet i shoq\u00ebris\u00eb civile q\u00eb synon t\u00eb monitoroj\u00eb situat\u00ebn e f\u00ebmij\u00ebve dhe t\u00eb rinjve n\u00eb nivel komb\u00ebtar dhe<br \/>\nstrategjik. Deg\u00ebt e Observatorit jan\u00eb n\u00eb t\u00eb gjith\u00eb vendin duke pasur dymb\u00ebdhjet\u00eb ekspert\u00eb rajonale (nj\u00eb n\u00eb secil\u00ebn bashki kryesore t\u00eb vendit). Nj\u00eb staf i kualifikuar dhe me p\u00ebrvoj\u00eb q\u00eb ndodhet pran\u00eb \u00e7do lokaliteti na jep mund\u00ebsin\u00eb p\u00ebr t\u00eb monitoruar situat\u00ebn e f\u00ebmij\u00ebve e t\u00eb rinjve dhe \u00e7\u00ebshtjet e t\u00eb drejtave deri n\u00eb nivel lokal.<br \/>\nMisioni yn\u00eb \u00ebsht\u00eb t\u00eb sigurojm\u00eb dinjitetin dhe mir\u00ebqenien e f\u00ebmij\u00ebve dhe t\u00eb rinjve n\u00eb t\u00eb gjith\u00eb Shqip\u00ebrin\u00eb p\u00ebrmes v\u00ebzhgimit, k\u00ebrkimit dhe analiz\u00ebs, komunikimit dhe avokimit; duke bashk\u00ebpunuar me aktor\u00ebt \/ institucionet e tjera; dhe duke u p\u00ebrfshir\u00eb n\u00eb fushata nd\u00ebrgjegj\u00ebsimi dhe edukimi t\u00eb publikut.<\/p>\n<p><a href=\"http:\/\/observator.org.al\/wp-content\/uploads\/2020\/05\/Raporti-Vjetor_2019_Observatori.pdf\">Klikoni k\u00ebtu<\/a> p\u00ebr t\u00eb lexuar raportin vjetor t\u00eb 2019.<\/p>\n            <\/div>        <\/div>    <\/div><\/section>\n<section class=\"av_toggle_section\"  itemscope=\"itemscope\" itemtype=\"https:\/\/schema.org\/CreativeWork\"  >    <div role=\"tablist\" class=\"single_toggle\" data-tags=\"{All} \"  >        <p data-fake-id=\"#toggle-id-10\" class=\"toggler \"  itemprop=\"headline\"    role=\"tab\" tabindex=\"0\" aria-controls=\"toggle-id-10\">Raporti vjetor publik p\u00ebr vitin 2018<span class=\"toggle_icon\" >        <span class=\"vert_icon\"><\/span><span class=\"hor_icon\"><\/span><\/span><\/p>        <div id=\"toggle-id-10\" class=\"toggle_wrap \"  >            <div class=\"toggle_content invers-color \"  itemprop=\"text\"   ><p><img loading=\"lazy\" decoding=\"async\" class=\"size-medium wp-image-6145 alignleft\" src=\"http:\/\/observator.org.al\/wp-content\/uploads\/2019\/01\/raporti_vjetor_2018-336x380.png\" alt=\"\" width=\"336\" height=\"380\" srcset=\"https:\/\/observator.org.al\/wp-content\/uploads\/2019\/01\/raporti_vjetor_2018-336x380.png 336w, https:\/\/observator.org.al\/wp-content\/uploads\/2019\/01\/raporti_vjetor_2018-624x705.png 624w, https:\/\/observator.org.al\/wp-content\/uploads\/2019\/01\/raporti_vjetor_2018-450x509.png 450w, https:\/\/observator.org.al\/wp-content\/uploads\/2019\/01\/raporti_vjetor_2018.png 712w\" sizes=\"auto, (max-width: 336px) 100vw, 336px\" \/><\/p>\n<p>Nj\u00eb kontribut I rend\u00ebsish\u00ebm I prezenc\u00ebs s\u00eb fort\u00eb t\u00eb Observatorit n\u00eb terren \u00ebsht\u00eb aft\u00ebsia e tyre p\u00ebr t\u00eb advokuar me autoritetet qeveritare p\u00ebr t\u00eb zgjeruar masat lokale p\u00ebr adresimin e nevojave t\u00eb f\u00ebmij\u00ebve dhe familjeve, ve\u00e7an\u00ebrisht me prejardhje t\u00eb c\u00ebnueshme. Koh\u00ebt e fundit, Observatori ka qen\u00eb midis udh\u00ebheq\u00ebsve t\u00eb nj\u00eb nisme n\u00eb mbar\u00eb v\u00ebndin &#8220;\u00c7do f\u00ebmij\u00eb rom n\u00eb kop\u00ebsht&#8221;. Besueshm\u00ebria e tyre nga ata q\u00eb &#8221; din\u00eb&#8221; gjendjen reale ka qen\u00eb i dobish\u00ebm n\u00eb rolin e mb\u00ebshtet\u00ebsve p\u00ebr p\u00ebrfshirjen e hershme t\u00eb f\u00ebmij\u00ebve Rom\u00eb.<\/p>\n<p><a href=\"http:\/\/observator.org.al\/wp-content\/uploads\/2019\/02\/Raporti-vjetor-publik-2018-Observatori_shqip.pdf\">Klikoni k\u00ebtu<\/a> p\u00ebr t\u00eb lexuar raportin vjetor t\u00eb 2018.<\/p>\n            <\/div>        <\/div>    <\/div><\/section>\n<section class=\"av_toggle_section\"  itemscope=\"itemscope\" itemtype=\"https:\/\/schema.org\/CreativeWork\"  >    <div role=\"tablist\" class=\"single_toggle\" data-tags=\"{All} \"  >        <p data-fake-id=\"#toggle-id-11\" class=\"toggler \"  itemprop=\"headline\"    role=\"tab\" tabindex=\"0\" aria-controls=\"toggle-id-11\">Raporti vjetor publik p\u00ebr vitin 2017<span class=\"toggle_icon\" >        <span class=\"vert_icon\"><\/span><span class=\"hor_icon\"><\/span><\/span><\/p>        <div id=\"toggle-id-11\" class=\"toggle_wrap \"  >            <div class=\"toggle_content invers-color \"  itemprop=\"text\"   ><p><img loading=\"lazy\" decoding=\"async\" class=\" wp-image-5818 alignleft\" src=\"http:\/\/observator.org.al\/wp-content\/uploads\/2018\/07\/rv2017-321x380.png\" alt=\"\" width=\"262\" height=\"310\" srcset=\"https:\/\/observator.org.al\/wp-content\/uploads\/2018\/07\/rv2017-321x380.png 321w, https:\/\/observator.org.al\/wp-content\/uploads\/2018\/07\/rv2017-596x705.png 596w, https:\/\/observator.org.al\/wp-content\/uploads\/2018\/07\/rv2017-450x532.png 450w, https:\/\/observator.org.al\/wp-content\/uploads\/2018\/07\/rv2017.png 692w\" sizes=\"auto, (max-width: 262px) 100vw, 262px\" \/><\/p>\n<p>Nj\u00eb kontribut I rend\u00ebsish\u00ebm I prezenc\u00ebs s\u00eb fort\u00eb t\u00eb Observatorit n\u00eb terren \u00ebsht\u00eb aft\u00ebsia e tyre p\u00ebr t\u00eb advokuar me autoritetet qeveritare p\u00ebr t\u00eb zgjeruar masat lokale p\u00ebr adresimin e nevojave t\u00eb f\u00ebmij\u00ebve dhe familjeve, ve\u00e7an\u00ebrisht me prejardhje t\u00eb c\u00ebnueshme. Koh\u00ebt e fundit, Observatori ka qen\u00eb midis udh\u00ebheq\u00ebsve t\u00eb nj\u00eb nisme n\u00eb mbar\u00eb v\u00ebndin &#8220;\u00c7do f\u00ebmij\u00eb rom n\u00eb kop\u00ebsht&#8221;. Besueshm\u00ebria e tyre nga ata q\u00eb &#8221; din\u00eb&#8221; gjendjen reale ka qen\u00eb i dobish\u00ebm n\u00eb rolin e mb\u00ebshtet\u00ebsve p\u00ebr p\u00ebrfshirjen e hershme t\u00eb f\u00ebmij\u00ebve Rom\u00eb.<\/p>\n<p><a href=\"http:\/\/observator.org.al\/wp-content\/uploads\/2018\/07\/Raporti-vjetor-publik-2017-Observatori.pdf\">Klikoni k\u00ebtu<\/a> p\u00ebr t\u00eb lexuar raportin vjetor t\u00eb 2017.<\/p>\n            <\/div>        <\/div>    <\/div><\/section>\n<section class=\"av_toggle_section\"  itemscope=\"itemscope\" itemtype=\"https:\/\/schema.org\/CreativeWork\"  >    <div role=\"tablist\" class=\"single_toggle\" data-tags=\"{All} \"  >        <p data-fake-id=\"#toggle-id-12\" class=\"toggler \"  itemprop=\"headline\"    role=\"tab\" tabindex=\"0\" aria-controls=\"toggle-id-12\">Raporti vjetor publik p\u00ebr vitin 2016<span class=\"toggle_icon\" >        <span class=\"vert_icon\"><\/span><span class=\"hor_icon\"><\/span><\/span><\/p>        <div id=\"toggle-id-12\" class=\"toggle_wrap \"  >            <div class=\"toggle_content invers-color \"  itemprop=\"text\"   ><p><img loading=\"lazy\" decoding=\"async\" class=\"alignleft size-full wp-image-5465\" src=\"http:\/\/observator.org.al\/wp-content\/uploads\/2017\/07\/raporti-vjetor-2016.jpg\" alt=\"\" width=\"200\" height=\"264\" \/>Nj\u00eb kontribut I rend\u00ebsish\u00ebm I prezenc\u00ebs s\u00eb fort\u00eb t\u00eb Observatorit n\u00eb terren \u00ebsht\u00eb aft\u00ebsia e tyre p\u00ebr t\u00eb advokuar me autoritetet qeveritare p\u00ebr t\u00eb zgjeruar masat lokale p\u00ebr adresimin e nevojave t\u00eb f\u00ebmij\u00ebve dhe familjeve, ve\u00e7an\u00ebrisht me prejardhje t\u00eb c\u00ebnueshme. Koh\u00ebt e fundit, Observatori ka qen\u00eb midis udh\u00ebheq\u00ebsve t\u00eb nj\u00eb nisme n\u00eb mbar\u00eb v\u00ebndin &#8220;\u00c7do f\u00ebmij\u00eb rom n\u00eb kop\u00ebsht&#8221;. Besueshm\u00ebria e tyre nga ata q\u00eb &#8221; din\u00eb&#8221; gjendjen reale ka qen\u00eb i dobish\u00ebm n\u00eb rolin e mb\u00ebshtet\u00ebsve p\u00ebr p\u00ebrfshirjen e hershme t\u00eb f\u00ebmij\u00ebve Rom\u00eb.<\/p>\n<p><a href=\"http:\/\/observator.org.al\/wp-content\/uploads\/2017\/07\/Raporti-Vjetor-Publik-per-vitin-2016-1.pdf\">Klikoni k\u00ebtu<\/a> p\u00ebr t\u00eb lexuar raportin vjetor t\u00eb 2016.<\/p>\n            <\/div>        <\/div>    <\/div><\/section>\n<section class=\"av_toggle_section\"  itemscope=\"itemscope\" itemtype=\"https:\/\/schema.org\/CreativeWork\"  >    <div role=\"tablist\" class=\"single_toggle\" data-tags=\"{All} \"  >        <p data-fake-id=\"#toggle-id-13\" class=\"toggler \"  itemprop=\"headline\"    role=\"tab\" tabindex=\"0\" aria-controls=\"toggle-id-13\">Raporti vjetor publik p\u00ebr vitin 2015<span class=\"toggle_icon\" >        <span class=\"vert_icon\"><\/span><span class=\"hor_icon\"><\/span><\/span><\/p>        <div id=\"toggle-id-13\" class=\"toggle_wrap \"  >            <div class=\"toggle_content invers-color \"  itemprop=\"text\"   ><p><img loading=\"lazy\" decoding=\"async\" class=\"alignleft size-full wp-image-5465\" src=\"http:\/\/observator.org.al\/wp-content\/uploads\/2015\/05\/Raporti_Vjetor_2015_cover.jpg\" alt=\"\" width=\"200\" height=\"264\" \/>Nj\u00eb kontribut I rend\u00ebsish\u00ebm I prezenc\u00ebs s\u00eb fort\u00eb t\u00eb Observatorit n\u00eb terren \u00ebsht\u00eb aft\u00ebsia e tyre p\u00ebr t\u00eb advokuar me autoritetet qeveritare p\u00ebr t\u00eb zgjeruar masat lokale p\u00ebr adresimin e nevojave t\u00eb f\u00ebmij\u00ebve dhe familjeve, ve\u00e7an\u00ebrisht me prejardhje t\u00eb c\u00ebnueshme. Koh\u00ebt e fundit, Observatori ka qen\u00eb midis udh\u00ebheq\u00ebsve t\u00eb nj\u00eb nisme n\u00eb mbar\u00eb v\u00ebndin &#8220;\u00c7do f\u00ebmij\u00eb rom n\u00eb kop\u00ebsht&#8221;. Besueshm\u00ebria e tyre nga ata q\u00eb &#8221; din\u00eb&#8221; gjendjen reale ka qen\u00eb i dobish\u00ebm n\u00eb rolin e mb\u00ebshtet\u00ebsve p\u00ebr p\u00ebrfshirjen e hershme t\u00eb f\u00ebmij\u00ebve Rom\u00eb.<\/p>\n<p><a href=\"http:\/\/observator.org.al\/wp-content\/uploads\/2017\/05\/Raporti_Vjetor_2015_Alb.pdf\">Klikoni k\u00ebtu<\/a> p\u00ebr t\u00eb lexuar raportin vjetor t\u00eb 2015.<\/p>\n            <\/div>        <\/div>    <\/div><\/section>\n<section class=\"av_toggle_section\"  itemscope=\"itemscope\" itemtype=\"https:\/\/schema.org\/CreativeWork\"  >    <div role=\"tablist\" class=\"single_toggle\" data-tags=\"{All} \"  >        <p data-fake-id=\"#toggle-id-14\" class=\"toggler \"  itemprop=\"headline\"    role=\"tab\" tabindex=\"0\" aria-controls=\"toggle-id-14\">Raporti vjetor publik p\u00ebr vitin 2014<span class=\"toggle_icon\" >        <span class=\"vert_icon\"><\/span><span class=\"hor_icon\"><\/span><\/span><\/p>        <div id=\"toggle-id-14\" class=\"toggle_wrap \"  >            <div class=\"toggle_content invers-color \"  itemprop=\"text\"   ><p><a href=\"http:\/\/observator.org.al\/wp-content\/uploads\/2015\/05\/Rap_Publik_Obs-Jan-Dhje2014-21april2015-pashuma.docx\"><img loading=\"lazy\" decoding=\"async\" class=\"alignleft wp-image-3810 size-medium\" src=\"http:\/\/observator.org.al\/wp-content\/uploads\/2015\/05\/raportivjetor2014-cover-294x380.jpg\" alt=\"raportivjetor2014-cover\" width=\"294\" height=\"380\" srcset=\"https:\/\/observator.org.al\/wp-content\/uploads\/2015\/05\/raportivjetor2014-cover-294x380.jpg 294w, https:\/\/observator.org.al\/wp-content\/uploads\/2015\/05\/raportivjetor2014-cover-546x705.jpg 546w, https:\/\/observator.org.al\/wp-content\/uploads\/2015\/05\/raportivjetor2014-cover-450x581.jpg 450w, https:\/\/observator.org.al\/wp-content\/uploads\/2015\/05\/raportivjetor2014-cover.jpg 606w\" sizes=\"auto, (max-width: 294px) 100vw, 294px\" \/><\/a>Raporti vjetor publik p\u00ebr vitin 2014 i Observatorit p\u00ebr t\u00eb drejtat e f\u00ebmij\u00ebve (<a href=\"http:\/\/observator.org.al\/wp-content\/uploads\/2015\/06\/Rap_Publik_Obs-Jan-Dhje2014-21april2015-pashuma.pdf\">PDF 827 KB<\/a>).<\/p>\n<p>VLER\u00cbSIME RRETH PUN\u00cbS S\u00cb OBSERVATORIT P\u00cbR T\u00cb DREJTAT E F\u00cbMIJ\u00cbVE, GJAT\u00cb K\u00cbTIJ VITI (2014)<\/p>\n<p>Observatori mbledh dhe analizon t\u00eb dh\u00ebna lokale dhe rajonale, p\u00ebr t\u00eb ndihmuar vendimmarrjen t\u00eb institucioneve t\u00eb qeverisjes vendore, rajonale dhe komb\u00ebtare. Sipas mendimit ton\u00eb, Observatori ka kontribuar n\u00eb m\u00ebnyr\u00eb t\u00eb konsiderueshme n\u00eb krijimin e evidencave p\u00ebr t\u00eb p\u00ebrmir\u00ebsuar hartimin e<br \/>\npolitikave ne favor te familj\u00ebve. Kjo \u00ebsht\u00eb b\u00ebr\u00eb e mundur n\u00eb saj\u00eb t\u00eb profesionalizmit dhe p\u00ebrkushtimit te stafit t\u00eb saj, p\u00ebrfshir\u00eb edhe marr\u00ebdh\u00ebnien e shk\u00eblqyer q\u00eb stafi Observatorit g\u00ebzon me homolog\u00ebt e qeveris\u00eb n\u00eb nivel t\u00eb regjioneve dhe rretheve &#8211; <strong>Z. Detlef Palm, P\u00ebrfaq\u00ebsuesi i UNICEF-it n\u00eb Shqip\u00ebri\u00a0(2009-2014) (Janar, 2014)<\/strong><\/p>\n<p>Un\u00eb kam njohur Observatorin p\u00ebr t\u00eb Drejtat e F\u00ebmij\u00ebve nga puna q\u00eb ka realizuar n\u00eb qarkun e Kor\u00e7\u00ebs q\u00eb prej vitit 2009, si nj\u00eb aktor lokal i pavarur t\u00eb shoq\u00ebris\u00eb civile, i cila ka arritur t\u00eb konsolidoj\u00eb bashk\u00ebpunimin me rrjetin e institucionet lokale ,koordinon iniciativat n\u00eb mes t\u00eb pal\u00ebve t\u00eb interesuara\u00a0dhe identifikon nevojat dhe problemet n\u00eb k\u00ebt\u00eb fush\u00eb, ne baz\u00eb t\u00eb t\u00eb cilave lobon dhe avokon me t\u00eb gjith\u00eb aktor\u00ebt p\u00ebr plot\u00ebsimin dhe garantimin \u00eb t\u00eb drejtave t\u00eb f\u00ebmij\u00ebve n\u00eb nevoj\u00eb &#8211; <strong>Z. Niko Peleshi, Z\u00ebvend\u00ebskryeminist\u00ebr (Janar, 2014)<\/strong><\/p>\n<p>Un\u00eb besoj se Observatori p\u00ebr t\u00eb Drejtat e F\u00ebmij\u00ebve, me nj\u00eb eksperienc\u00eb prej 5 viteve n\u00eb sektorin e shoq\u00ebris\u00eb civile, \u00ebsht\u00eb nj\u00eb kandidat potencial i aft\u00eb p\u00ebr t\u00eb p\u00ebrfaq\u00ebsuar dhe trajtuar me profesionaliz\u00ebm dhe koherenc\u00eb \u00e7\u00ebshtjet e t\u00eb drejtave t\u00eb f\u00ebmij\u00ebve n\u00eb vend &#8211; <strong>Znj Klajda Gjosha, Ministre e Integrimit\u00a0Europian (Janar, 2014)<\/strong><\/p>\n            <\/div>        <\/div>    <\/div><\/section>\n<\/div><\/div>\n","protected":false},"excerpt":{"rendered":"","protected":false},"author":4,"featured_media":0,"parent":2554,"menu_order":0,"comment_status":"closed","ping_status":"closed","template":"","meta":{"_mc_calendar":[],"footnotes":""},"class_list":["post-3809","page","type-page","status-publish","hentry"],"_links":{"self":[{"href":"https:\/\/observator.org.al\/sq\/wp-json\/wp\/v2\/pages\/3809","targetHints":{"allow":["GET"]}}],"collection":[{"href":"https:\/\/observator.org.al\/sq\/wp-json\/wp\/v2\/pages"}],"about":[{"href":"https:\/\/observator.org.al\/sq\/wp-json\/wp\/v2\/types\/page"}],"author":[{"embeddable":true,"href":"https:\/\/observator.org.al\/sq\/wp-json\/wp\/v2\/users\/4"}],"replies":[{"embeddable":true,"href":"https:\/\/observator.org.al\/sq\/wp-json\/wp\/v2\/comments?post=3809"}],"version-history":[{"count":38,"href":"https:\/\/observator.org.al\/sq\/wp-json\/wp\/v2\/pages\/3809\/revisions"}],"predecessor-version":[{"id":10328,"href":"https:\/\/observator.org.al\/sq\/wp-json\/wp\/v2\/pages\/3809\/revisions\/10328"}],"up":[{"embeddable":true,"href":"https:\/\/observator.org.al\/sq\/wp-json\/wp\/v2\/pages\/2554"}],"wp:attachment":[{"href":"https:\/\/observator.org.al\/sq\/wp-json\/wp\/v2\/media?parent=3809"}],"curies":[{"name":"wp","href":"https:\/\/api.w.org\/{rel}","templated":true}]}}