{"id":3666,"date":"2015-03-10T09:11:09","date_gmt":"2015-03-10T08:11:09","guid":{"rendered":"http:\/\/observator.org.al\/?page_id=3666"},"modified":"2016-01-10T22:19:50","modified_gmt":"2016-01-10T21:19:50","slug":"vepro-tani-per-garantimin-e-dinjitetit-njerezor","status":"publish","type":"page","link":"https:\/\/observator.org.al\/sq\/nismat-tona\/projekte\/vepro-tani-per-garantimin-e-dinjitetit-njerezor\/","title":{"rendered":"Vepro tani p\u00ebr garantimin e dinjitetit njer\u00ebzor"},"content":{"rendered":"<div class=\"flex_column av_two_fifth  flex_column_div first  avia-builder-el-0  el_before_av_one_third  avia-builder-el-first  \" ><div  class='avia-image-container avia_animated_image avia_animate_when_almost_visible top-to-bottom av-styling-    avia-builder-el-1  avia-builder-el-no-sibling  avia-align-center '  itemprop=\"image\" itemscope=\"itemscope\" itemtype=\"https:\/\/schema.org\/ImageObject\"  ><div class='avia-image-container-inner'><div class='avia-image-overlay-wrap'><img decoding=\"async\" class='wp-image-7715 avia-img-lazy-loading-not-7715 avia_image' src=\"https:\/\/observator.org.al\/wp-content\/uploads\/2015\/02\/canadafund-380x87.png\" alt='' title='canadafund' height=\"87\" width=\"380\"  itemprop=\"thumbnailUrl\" srcset=\"https:\/\/observator.org.al\/wp-content\/uploads\/2015\/02\/canadafund-380x87.png 380w, https:\/\/observator.org.al\/wp-content\/uploads\/2015\/02\/canadafund-1030x234.png 1030w, https:\/\/observator.org.al\/wp-content\/uploads\/2015\/02\/canadafund-1500x341.png 1500w, https:\/\/observator.org.al\/wp-content\/uploads\/2015\/02\/canadafund-705x160.png 705w, https:\/\/observator.org.al\/wp-content\/uploads\/2015\/02\/canadafund-450x102.png 450w, https:\/\/observator.org.al\/wp-content\/uploads\/2015\/02\/canadafund.png 2047w\" sizes=\"(max-width: 380px) 100vw, 380px\" \/><\/div><\/div><\/div><\/div>\n<div class=\"flex_column av_one_third  flex_column_div   avia-builder-el-2  el_after_av_two_fifth  el_before_av_one_fifth  \" ><\/div>\n<div class=\"flex_column av_one_fifth  flex_column_div   avia-builder-el-3  el_after_av_one_third  el_before_av_one_full  \" ><div  class='avia-image-container avia_animated_image avia_animate_when_almost_visible top-to-bottom av-styling-    avia-builder-el-4  avia-builder-el-no-sibling  avia-align-center '  itemprop=\"image\" itemscope=\"itemscope\" itemtype=\"https:\/\/schema.org\/ImageObject\"  ><div class='avia-image-container-inner'><div class='avia-image-overlay-wrap'><img decoding=\"async\" class='wp-image-7645 avia-img-lazy-loading-not-7645 avia_image' src=\"https:\/\/observator.org.al\/wp-content\/uploads\/2013\/04\/odf-avatar-alb.png\" alt='' title='odf-avatar-alb' height=\"221\" width=\"254\"  itemprop=\"thumbnailUrl\"  \/><\/div><\/div><\/div><\/div><div class=\"flex_column av_one_full  flex_column_div first  avia-builder-el-5  el_after_av_one_fifth  el_before_av_textblock  column-top-margin\" ><section class=\"av_textblock_section \"  itemscope=\"itemscope\" itemtype=\"https:\/\/schema.org\/CreativeWork\" ><div class='avia_textblock  '   itemprop=\"text\" ><h3 style=\"text-align: center;\"><strong>Projekti<\/strong><\/h3>\n<h3 style=\"text-align: center;\"><strong>&#8220;Vepro tani p\u00ebr garantimin e dinjitetit njer\u00ebzor, &#8211; Forcimi i rolit dhe p\u00ebrgjegj\u00ebsis\u00eb s\u00eb aktor\u00ebve lokal\u00eb mbi parandalimin dhe kurimin e dhun\u00ebs n\u00eb familje, e cila mund t\u00eb rezultoj\u00eb n\u00eb martes\u00ebn e hershme t\u00eb f\u00ebmij\u00ebve dhe\/ ose n\u00eb prostitucion\u201d<\/strong><\/h3>\n<p><strong>Donator:\u00a0<\/strong>Fondi Kanadez p\u00ebr Iniciativat Lokale<\/p>\n<p><strong>Koh\u00ebzgjatja:\u00a0<\/strong>1 Janar 2015- 15 Mars 2015<\/p>\n<p>Observatori p\u00ebr t\u00eb Drejtat e F\u00ebmij\u00ebve ka zbatuar projektin &#8220;Vepro tani p\u00ebr garantimin e dinjitetit njer\u00ebzor, &#8211; Forcimi i rolit dhe p\u00ebrgjegj\u00ebsis\u00eb s\u00eb aktor\u00ebve lokal\u00eb mbi parandalimin dhe sh\u00ebrimin e dhun\u00ebs n\u00eb familje, e cila mund t\u00eb rezultoj\u00eb n\u00eb martes\u00ebn e hershme e f\u00ebmij\u00ebve dhe\/ ose n\u00eb prostitucion\u201d p\u00ebrgjat\u00eb periudh\u00ebs 1 janar 2015- 15 mars 2015, nj\u00eb iniciativ\u00eb e mb\u00ebshtetur nga Fondi Kanadez p\u00ebr Iniciativat Lokale.<\/p>\n<p>Jan\u00eb nd\u00ebrmarr\u00eb t\u00eb gjitha aktivitetet n\u00eb p\u00ebrmbushjen e q\u00ebllimit kryesor t\u00eb projektit dhe objektivat e tij, si vijon:<\/p>\n<p><strong>Q\u00ebllimi:<\/strong><\/p>\n<p>Zhvillimi i nj\u00eb qasje gjith\u00ebp\u00ebrfshir\u00ebse dhe t\u00eb q\u00ebndrueshme p\u00ebr t\u00eb zbatuar t\u00eb drejtat e f\u00ebmij\u00ebs p\u00ebr parandalimin e dhun\u00ebs n\u00eb familje, \u2018martesat\u2019 e hershme t\u00eb f\u00ebmij\u00ebve dhe trafikimin njer\u00ebzor dhe duke sensibilizuar familjen dhe komunitetin p\u00ebr mbrojtjen e t\u00eb drejtave t\u00eb f\u00ebmij\u00ebve dhe t\u00eb njeriut, me q\u00ebllim kryesor komunitetin Rom.<\/p>\n<p><strong>Objektivat:<\/strong><\/p>\n<ol>\n<li>Nd\u00ebrgjegj\u00ebsimi i publikut dhe shp\u00ebrndarja e informacionit p\u00ebr an\u00ebtar\u00ebt e komuniteteve Rome, p\u00ebr d\u00ebmet dhe rreziqet me t\u00eb cilat p\u00ebrballen f\u00ebmij\u00ebt gjat\u00eb \u2018martesave\u2019 t\u00eb hershme, sjellje t\u00eb dhunshme brenda sht\u00ebpis\u00eb s\u00eb tyre, t\u00eb cilat mund t\u00eb rezultojn\u00eb tragjikisht n\u00eb nj\u00eb rrjet t\u00eb trafikimit njer\u00ebzor.<\/li>\n<li>Identifikimi dhe monitorimi i fenomenit t\u00eb dhun\u00ebs n\u00eb familje, \u2018martesave\u2019 t\u00eb hershme t\u00eb f\u00ebmij\u00ebve dhe trafikimit t\u00eb qenieve njer\u00ebzore n\u00eb fushat e zbatimit t\u00eb projektit.<\/li>\n<li>Ndjekja e k\u00ebsaj iniciative me veprime t\u00eb tjera t\u00eb nevojshme p\u00ebr t\u00eb nd\u00ebrtuar nj\u00eb model t\u00eb nd\u00ebrhyrjes q\u00eb do t\u00eb mund t\u00eb zbatohet dhe n\u00eb vendbanimet e tjera kur komunitetet Rome largohen.<\/li>\n<\/ol>\n<p>Disa nga aktivitetet kryesore q\u00eb jan\u00eb realizuar:<\/p>\n<ul>\n<li><strong>Organizimi I takimeve dhe forumeve t\u00eb hapura<\/strong> me udh\u00ebheq\u00ebsit e komunitetit rom\u00eb, n\u00ebnave dhe vajzave t\u00eb reja. K\u00ebto takime dhe forume synuan n\u00eb shk\u00ebmbimin e njohurive dhe praktikave t\u00eb sjelljes dhe komunikimit t\u00eb p\u00ebrshtatsh\u00ebm n\u00eb lidhje me f\u00ebmij\u00ebn dhe t\u00eb drejtave t\u00eb njeriut.<\/li>\n<li><strong>V\u00ebzhgimet n\u00eb terren<\/strong> q\u00eb Observatori p\u00ebr t\u00eb Drejtat e F\u00ebmij\u00ebve ka b\u00ebr\u00eb n\u00eb 3 zona pilot (Shkoz\u00eb, Tufin\u00eb dhe Liqeni) n\u00eb t\u00eb cilat jeton komuniteti Rom.<\/li>\n<li><strong>Shperndarja e materialeve informuese dhe nd\u00ebrgjegj\u00ebsuese<\/strong>. Familjet rome dhe an\u00ebtar\u00ebt e komunitetit u informuan rreth pasojave t\u00eb ardhura nga dhuna n\u00eb familje, martesat e hershme t\u00eb f\u00ebmij\u00ebve dhe trafikimit t\u00eb qenieve njer\u00ebzore.<\/li>\n<li><strong>Takim konsultativ<\/strong> u realizua n\u00eb kuad\u00ebr t\u00eb p\u00ebrmbushjes s\u00eb q\u00ebllimit t\u00eb nism\u00ebs, e cila \u00ebsht\u00eb forcimi i rolit dhe p\u00ebrgjegj\u00ebsis\u00eb s\u00eb aktor\u00ebve lokal\u00eb n\u00eb parandalimin dhe trajtimin e dhun\u00ebs n\u00eb familje e cila mund t\u00eb rezultoj\u00eb n\u00eb zhvillimin e fenomenit t\u00eb \u2018martesave\u2019 t\u00eb hershme dhe t\u00eb prostitucionit.<\/li>\n<li><strong>Hartimi i studimit<\/strong> <em>&#8220;Martesa e f\u00ebmij\u00ebve n\u00eb Shqip\u00ebri- v\u00ebshtrim specifik n\u00eb Komunitetin Rom&#8221;.<\/em> Studimi \u00ebsht\u00eb bazuar n\u00eb nj\u00eb shqyrtim t\u00eb detajuar t\u00eb dokumenteve dhe studimeve t\u00eb kryera nga institucionet publike dhe private n\u00eb nj\u00eb periudh\u00eb prej 5 vjet\u00ebsh dhe n\u00eb baz\u00eb t\u00eb rezultateve t\u00eb v\u00ebzhgimit t\u00eb fenomenit t\u00eb \u2018martesave\u2019 t\u00eb hershme n\u00eb tre zona pilot: Shkoz\u00eb, Liqeni dhe Tufin\u00eb.<\/li>\n<\/ul>\n<p><strong><span style=\"text-decoration: underline;\">Aspektet p\u00ebr t\u2019u adresuar \/ Rekomandimet<\/span><\/strong><\/p>\n<ul>\n<li><strong>Nevoja p\u00ebr specifikim t\u00eb qart\u00eb n\u00eb legjislacionin Shqiptar<\/strong> se martesat e f\u00ebmij\u00ebve d\u00ebnohen. Martesa e an\u00ebtar\u00ebve t\u00eb komunitetit Rom n\u00eb mosh\u00eb t\u00eb hershme nuk \u00ebsht\u00eb e rast\u00ebsishme, por \u00ebsht\u00eb nj\u00eb fenomen kulturor.<\/li>\n<li>Nevoja q\u00eb aktor\u00eb t\u00eb ndrysh\u00ebm shtet\u00ebror dhe jo shtet\u00ebror t\u00eb ken\u00eb nj\u00eb <strong>fokus t\u00eb ve\u00e7ant\u00eb<\/strong> n\u00eb reduktimin e fenomenit t\u00eb martesave t\u00eb f\u00ebmij\u00ebve.<\/li>\n<li>Nevoja p\u00ebr <strong>fushata nd\u00ebrgjegj\u00ebsuese<\/strong> n\u00eb komunitetin Rom mbi impaktin dhe efektet e martesave t\u00eb hershme.<\/li>\n<li>Nevoja p\u00ebr informim t\u00eb komunitetit Rom mbi <strong>m\u00ebnyrat e planifikimit familjar.<\/strong><\/li>\n<li>Ngritja dhe funksionimi i <strong>sistemit t\u00eb referimit t\u00eb rasteve<\/strong> t\u00eb martesave t\u00eb hershme. Plani i mbrojtjes s\u00eb f\u00ebmij\u00ebve duhet t\u00eb reflektoj\u00eb aspektet e martesave t\u00eb hershme. Sistemi i referimit t\u00eb rasteve \u00ebsht\u00eb shum\u00eb i r\u00ebnd\u00ebsish\u00ebm p\u00ebr t\u2019u adresuar dhe p\u00ebr t\u00eb gjetur nj\u00eb zgjidhje.<\/li>\n<li>Intensifikimi i <strong>bashk\u00ebpunimit me policin\u00eb. <\/strong><\/li>\n<li>Shkolla duhet t\u00eb pasqyroj l\u00ebnd\u00eb dhe <strong>veprimtari arg\u00ebtuese.<\/strong><\/li>\n<li>Intensifikimi i <strong>pun\u00ebs sensibilizuese me prind\u00ebrit. <\/strong><\/li>\n<li>P\u00ebrmir\u00ebsimi i politikave sociale n\u00eb <strong>mbrojtje t\u00eb grupeve vulnerab\u00ebl.<\/strong><\/li>\n<li>Rritja e shpenzimeve n\u00eb drejtim t\u00eb <strong>promocionit t\u00eb sh\u00ebndetit.<\/strong><\/li>\n<\/ul>\n<p>P\u00ebrfshirja e martesave t\u00eb hershme tek <strong>Strandartet e Mbrojtjes s\u00eb F\u00ebmij\u00ebve,<\/strong> si nj\u00eb teknik\u00eb pune edhe me ekipet multidisiplinare deri n\u00eb nivel vendor.<\/p>\n<\/div><\/section><\/div><section class=\"av_textblock_section \"  itemscope=\"itemscope\" itemtype=\"https:\/\/schema.org\/CreativeWork\" ><div class='avia_textblock  '   itemprop=\"text\" ><\/div><\/section><\/p>\n","protected":false},"excerpt":{"rendered":"","protected":false},"author":4,"featured_media":0,"parent":4569,"menu_order":0,"comment_status":"closed","ping_status":"closed","template":"","meta":{"_mc_calendar":[],"footnotes":""},"class_list":["post-3666","page","type-page","status-publish","hentry"],"_links":{"self":[{"href":"https:\/\/observator.org.al\/sq\/wp-json\/wp\/v2\/pages\/3666","targetHints":{"allow":["GET"]}}],"collection":[{"href":"https:\/\/observator.org.al\/sq\/wp-json\/wp\/v2\/pages"}],"about":[{"href":"https:\/\/observator.org.al\/sq\/wp-json\/wp\/v2\/types\/page"}],"author":[{"embeddable":true,"href":"https:\/\/observator.org.al\/sq\/wp-json\/wp\/v2\/users\/4"}],"replies":[{"embeddable":true,"href":"https:\/\/observator.org.al\/sq\/wp-json\/wp\/v2\/comments?post=3666"}],"version-history":[{"count":2,"href":"https:\/\/observator.org.al\/sq\/wp-json\/wp\/v2\/pages\/3666\/revisions"}],"predecessor-version":[{"id":3668,"href":"https:\/\/observator.org.al\/sq\/wp-json\/wp\/v2\/pages\/3666\/revisions\/3668"}],"up":[{"embeddable":true,"href":"https:\/\/observator.org.al\/sq\/wp-json\/wp\/v2\/pages\/4569"}],"wp:attachment":[{"href":"https:\/\/observator.org.al\/sq\/wp-json\/wp\/v2\/media?parent=3666"}],"curies":[{"name":"wp","href":"https:\/\/api.w.org\/{rel}","templated":true}]}}