{"id":3373,"date":"2014-02-27T00:14:18","date_gmt":"2014-02-26T23:14:18","guid":{"rendered":"http:\/\/observator.org.al\/?page_id=3373"},"modified":"2018-08-10T09:55:15","modified_gmt":"2018-08-10T07:55:15","slug":"cdo-femije-rom-ne-kopsht","status":"publish","type":"page","link":"https:\/\/observator.org.al\/sq\/nismat-tona\/projekte\/cdo-femije-rom-ne-kopsht\/","title":{"rendered":"\u00c7do f\u00ebmij\u00eb Rom n\u00eb kopsht"},"content":{"rendered":"<div class=\"flex_column av_one_third  flex_column_div first  avia-builder-el-0  el_before_av_one_fifth  avia-builder-el-first  \" ><div  class='avia-image-container avia_animated_image avia_animate_when_almost_visible left-to-right av-styling-    avia-builder-el-1  avia-builder-el-no-sibling  avia-align-center '  itemprop=\"image\" itemscope=\"itemscope\" itemtype=\"https:\/\/schema.org\/ImageObject\"  ><div class='avia-image-container-inner'><div class='avia-image-overlay-wrap'><img decoding=\"async\" width=\"380\" height=\"104\" class='wp-image-7647 avia-img-lazy-loading-not-7647 avia_image' src=\"http:\/\/observator.org.al\/wp-content\/uploads\/2014\/02\/unicef-logo-380x104.png\" alt='' title='unicef-logo'   itemprop=\"thumbnailUrl\" srcset=\"https:\/\/observator.org.al\/wp-content\/uploads\/2014\/02\/unicef-logo-380x104.png 380w, https:\/\/observator.org.al\/wp-content\/uploads\/2014\/02\/unicef-logo-705x194.png 705w, https:\/\/observator.org.al\/wp-content\/uploads\/2014\/02\/unicef-logo-450x124.png 450w, https:\/\/observator.org.al\/wp-content\/uploads\/2014\/02\/unicef-logo.png 1001w\" sizes=\"(max-width: 380px) 100vw, 380px\" \/><\/div><\/div><\/div><\/div>\n<div class=\"flex_column av_one_fifth  flex_column_div av-zero-column-padding   avia-builder-el-2  el_after_av_one_third  el_before_av_one_fourth  \" style='border-radius:0px; '><\/div>\n<div class=\"flex_column av_one_fourth  flex_column_div av-zero-column-padding   avia-builder-el-3  el_after_av_one_fifth  el_before_av_one_fifth  \" style='border-radius:0px; '><\/div>\n<div class=\"flex_column av_one_fifth  flex_column_div av-zero-column-padding   avia-builder-el-4  el_after_av_one_fourth  el_before_av_one_full  \" style='border-radius:0px; '><div  class='avia-image-container avia_animated_image avia_animate_when_almost_visible right-to-left av-styling-    avia-builder-el-5  avia-builder-el-no-sibling  avia-align-center '  itemprop=\"image\" itemscope=\"itemscope\" itemtype=\"https:\/\/schema.org\/ImageObject\"  ><div class='avia-image-container-inner'><div class='avia-image-overlay-wrap'><img decoding=\"async\" width=\"254\" height=\"220\" class='wp-image-7644 avia-img-lazy-loading-not-7644 avia_image' src=\"http:\/\/observator.org.al\/wp-content\/uploads\/2013\/04\/odf-avatar-ang.png\" alt='' title='odf-avatar-ang'   itemprop=\"thumbnailUrl\"  \/><\/div><\/div><\/div><\/div>\n<div class=\"flex_column av_one_full  flex_column_div first  avia-builder-el-6  el_after_av_one_fifth  avia-builder-el-last  column-top-margin\" ><section class=\"av_textblock_section \"  itemscope=\"itemscope\" itemtype=\"https:\/\/schema.org\/CreativeWork\" ><div class='avia_textblock  '   itemprop=\"text\" ><h1>&#8220;\u00c7do f\u00ebmij\u00eb Rom n\u00eb kopsht: Nd\u00ebrtimi i rrjeteve t\u00eb advokimit dhe praktikave t\u00eb suksesshme t\u00eb integrimit t\u00eb f\u00ebmij\u00ebve Rom&#8221;<\/h1>\n<p><b>Donator: <\/b>UNICEF<b> <\/b>&#8211; Shqip\u00ebri<\/p>\n<p><b>Partner\u00ebt n\u00eb zbatimin e \u00a0nism\u00ebs:<\/b><\/p>\n<p>Observatori p\u00ebr t\u00eb Drejtat e F\u00ebmij\u00ebve (OCR),<\/p>\n<p>Qendra p\u00ebr t\u00eb Drejtat e F\u00ebmij\u00ebve t\u00eb Shqip\u00ebris\u00eb (CRCA);<\/p>\n<p>Shoqata e Grave t\u00eb Reja Kristiane (YWCA)<\/p>\n<p><b>Fusha e veprimit:<\/b> Politikat \u00a0p\u00ebr zhvillimin e f\u00ebmij\u00ebris\u00eb s\u00eb hershme dhe p\u00ebrgjegj\u00ebsia e qeverive lokale.<\/p>\n<p><a href=\"http:\/\/observator.org.al\/wp-content\/uploads\/2018\/08\/Miratimi-i-Dokumentit-te-Politikave-Vendore-Bashkia-Roskovec.png\">Miratimi i Dokumentit te Politikave Vendore Bashkia Roskovec<\/a><\/p>\n<p><b>Nisma \u201c<\/b><b>\u00c7do f\u00ebmij\u00eb Rom n\u00eb kopsht\u201d<\/b><\/p>\n<p>Nisma <i>&#8220;\u00c7do f\u00ebmij\u00eb rom n\u00eb kopsht: <\/i><i>Nd\u00ebrtimi i rrjeteve t\u00eb advokimit dhe praktikave t\u00eb suksesshme t\u00eb integrimit t\u00eb f\u00ebmij\u00ebve Rom\u00eb &#8220;<\/i> synon t\u00eb mb\u00ebshtes\u00eb rrjetet lokale p\u00ebr advokim bazuar n\u00eb zhvillimin e hersh\u00ebm t\u00eb f\u00ebmij\u00ebve rom\u00eb. Kjo nism\u00eb do t\u00eb realizohet n\u00eb bashk\u00ebpunim t\u00eb ngusht\u00eb me sh\u00ebrbimet sociale (punonj\u00ebs social\u00eb) dhe institucionet e tjera q\u00eb ofrojn\u00eb kujdes dhe mbrojtje p\u00ebr f\u00ebmij\u00ebt, OJF-t\u00eb dhe partner\u00eb t\u00eb tjer\u00eb social\u00eb.<\/p>\n<p>Sigurimi se f\u00ebmij\u00ebt rom\u00eb dhe jo-rom\u00eb kan\u00eb akses dhe shanse p\u00ebr nj\u00eb fillim t\u00eb barabart\u00eb n\u00eb jet\u00eb \u00ebsht\u00eb nj\u00eb nga pikat e bashk\u00ebpunimit t\u00eb ngritur nd\u00ebrmjet UNICEF dhe Qeveris\u00eb Shqiptare. Me gjith\u00eb programet dhe nismat e nd\u00ebrmarra, kushtet e jetes\u00ebs s\u00eb familjeve dhe f\u00ebmij\u00ebve rom\u00eb vazhdojn\u00eb t\u00eb jen\u00eb n\u00eb kushte tejet t\u00eb v\u00ebshtira, krahasuar kjo me pjes\u00ebn m\u00eb t\u00eb madhe t\u00eb popullsis\u00eb.<\/p>\n<p>Kjo nism\u00eb \u00ebsht\u00eb dizenjuar p\u00ebr t\u00eb mund\u00ebsuar nj\u00eb informim periodik, t\u00eb dh\u00ebna dhe mbledhje d\u00ebshmish, shk\u00ebmbim i praktikave m\u00eb t\u00eb mira, mang\u00ebsit\u00eb e identifikuara dhe analizuara n\u00eb zbatimin e politikave p\u00ebr p\u00ebrfshirjen e rom\u00ebve, &#8211; e cila do t\u00eb rezultoj\u00eb n\u00eb hartimin e praktikave lokale, si nj\u00eb \u00e7el\u00ebs i domosdosh\u00ebm p\u00ebr p\u00ebrmir\u00ebsimin e jetes\u00ebs s\u00eb k\u00ebtyre familjeve t\u00eb varfra.<\/p>\n<p>Kjo nism\u00eb do t\u00eb konsistoj\u00eb n\u00eb:<\/p>\n<ol>\n<li>Leht\u00ebsimin dhe nxitjen e aleancave me autoritetet lokale dhe grupet e rom\u00ebve p\u00ebr p\u00ebrfshirjen n\u00eb arsimin parashkollor t\u00eb f\u00ebmij\u00ebve rom\u00eb;<\/li>\n<li>Mbledhjen e vazhdueshme t\u00eb t\u00eb dh\u00ebnave \/ d\u00ebshmive \/ praktikave t\u00eb mira dhe identifikimin e boshll\u00ebqeve n\u00eb zbatimin e politikave p\u00ebr f\u00ebmij\u00ebt rom\u00eb (bazuar n\u00eb nj\u00eb protokoll t\u00eb unifikuar p\u00ebr t\u00eb mbledhur t\u00eb dh\u00ebna dhe d\u00ebshmi);<\/li>\n<li>P\u00ebrgatitjen e raporteve periodike monitoruese dhe advokimin p\u00ebr ndryshim p\u00ebr nj\u00eb mb\u00ebshtetje t\u00eb p\u00ebrfshirjes s\u00eb f\u00ebmij\u00ebve rom\u00eb n\u00eb kopshte;<\/li>\n<\/ol>\n<p>N\u00ebp\u00ebrmjet k\u00ebsaj nisme, do t\u00eb \u00a0zbatohen nj\u00eb seri veprimtarish drejtuar rolit, funksionit dhe detyrave t\u00eb institucioneve lokale n\u00eb lidhje me \u00e7\u00ebshtjen e p\u00ebrfshirjes s\u00eb hershme sociale t\u00eb f\u00ebmij\u00ebve rom\u00eb n\u00eb lokalitetin e tyre. \u00a0K\u00ebto aksione do t\u00eb g\u00ebrshetohen me detyrat q\u00eb kan\u00eb aktor\u00ebt e Institucioneve shtet\u00ebrore dhe ato t\u00eb shoq\u00ebris\u00eb civile.\u00a0 Kjo do t\u00eb realizohet duke mbledhur t\u00eb dh\u00ebna dhe raste, duke zgjidhur rastet dhe shk\u00ebmbyer praktikat m\u00eb t\u00eb mira t\u00eb fituara, duke identifikuar boshll\u00ebqet dhe gjetur zgjidhjen e duhur brenda roleve dhe detyrave t\u00eb aktor\u00ebve lokal.<\/p>\n<p>Organizatat partnere do t\u00eb angazhohen n\u00eb zbatimin e k\u00ebsaj nisme duke monitoruar dhe zhvilluar praktikat m\u00eb t\u00eb mira p\u00ebr p\u00ebrfshirjen e hershme t\u00eb f\u00ebmij\u00ebve rom n\u00eb \u00e7do vendbanim ku ata jetojn\u00eb, duke mbuluar t\u00eb 12 Qarqet e Shqip\u00ebris\u00eb. \u00a0K\u00ebto organizata do t\u00eb bashk\u00ebrendojn\u00eb pun\u00ebn me nj\u00ebra \u2013 tjetr\u00ebn, duke ngritur pikat e tyre t\u00eb kontaktit, p\u00ebrkat\u00ebsisht n\u00eb qarqet:<\/p>\n<p>&#8211;\u00a0\u00a0\u00a0\u00a0\u00a0\u00a0\u00a0\u00a0\u00a0 <i>Observatori p\u00ebr t\u00eb Drejtat e F\u00ebmij\u00ebve<\/i>: Dib\u00ebr, Kuk\u00ebs, Fier, Vlor\u00eb dhe Tirana Rurale<\/p>\n<p>&#8211;\u00a0\u00a0\u00a0\u00a0\u00a0\u00a0\u00a0\u00a0\u00a0 <i>Qendra p\u00ebr t\u00eb Drejtat e F\u00ebmij\u00ebve t\u00eb Shqip\u00ebris\u00eb:<\/i> Elbasani, Kor\u00e7a, Gjirokastra dhe Tirana Urbane<\/p>\n<p>&#8211;\u00a0\u00a0\u00a0\u00a0\u00a0\u00a0\u00a0\u00a0\u00a0 <i>Shoqata e Grave t\u00eb Reja Kristiane<\/i>: Shkod\u00ebr, Lezh\u00eb, Durr\u00ebs dhe Berat<\/p>\n<p>Angazhimet kryesore t\u00eb k\u00ebtij projekti jan\u00eb:<\/p>\n<p>&#8211;\u00a0\u00a0\u00a0\u00a0\u00a0\u00a0 Ngritja e kontakteve lokale n\u00ebp\u00ebrmjet organizimit t\u00eb takimeve me aktor\u00ebt n\u00eb qarqe dhe vendbanimet lokale, ku jeton komuniteti rom .<\/p>\n<p>&#8211;\u00a0\u00a0\u00a0\u00a0\u00a0\u00a0 Identifikimi i aktor\u00ebve lokal\u00eb q\u00eb punojn\u00eb p\u00ebr p\u00ebrfshirjen e hershme t\u00eb f\u00ebmij\u00ebve Rom\u00eb;<\/p>\n<p>&#8211;\u00a0\u00a0\u00a0\u00a0\u00a0\u00a0 Trajnimi i stafit t\u00eb projektit p\u00ebr t\u00eb gjitha organizatat;<\/p>\n<p>&#8211;\u00a0\u00a0\u00a0\u00a0\u00a0\u00a0 Mb\u00ebshtetja e Sekretariatit Teknik Rom;<\/p>\n<p>&#8211;\u00a0\u00a0\u00a0\u00a0\u00a0\u00a0 Mbledhja e rasteve dhe praktikave m\u00eb t\u00eb mira dhe monitorimi i tyre p\u00ebrgjat\u00eb zbatimit t\u00eb projektit;<\/p>\n<p>&#8211;\u00a0\u00a0\u00a0\u00a0\u00a0\u00a0 Hart\u00ebzimi i institucioneve (lokale dhe qendrore) t\u00eb cilat ofrojn\u00eb sh\u00ebrbime p\u00ebr f\u00ebmij\u00ebt rom\u00eb;<\/p>\n<p>&#8211;\u00a0\u00a0\u00a0\u00a0\u00a0\u00a0 Organizimi i workshopeve rajonale n\u00eb 12 rajonet e Shqip\u00ebris\u00eb;<\/p>\n<p>&#8211;\u00a0\u00a0\u00a0\u00a0\u00a0\u00a0 P\u00ebrgatitja e raporteve periodike t\u00eb monitorimit t\u00eb veprimit p\u00ebr regjistrimin e f\u00ebmij\u00ebve Rom\u00eb \u00a0n\u00eb kopshte;<\/p>\n<p>&#8211;\u00a0\u00a0\u00a0\u00a0\u00a0\u00a0 Nd\u00ebrtimi i nj\u00eb dialogu me krer\u00ebt e komunave \/ bashkive \/ DAR \/ sh\u00ebrbimeve shoq\u00ebrore rajonale \/ familjeve rome \/ sh\u00ebrbimeve sh\u00ebndet\u00ebsore rajonale dhe ato lokale.<\/p>\n<p>&#8211;\u00a0\u00a0\u00a0\u00a0\u00a0\u00a0 Ndjekja e regjistrimit t\u00eb f\u00ebmij\u00ebve rom\u00eb n\u00eb kopshte dhe monitorimi i vazhduesh\u00ebm i tyre;<\/p>\n<p>&#8211;\u00a0\u00a0\u00a0\u00a0\u00a0\u00a0 Dh\u00ebnia e 3 (tre) \u00e7mimeve p\u00ebr &#8220;Qeverit\u00eb m\u00eb \u00a0t\u00eb mira lokale&#8221; dhe 3 (tre) \u00e7mime p\u00ebr \u00a0&#8220;punonj\u00ebsit m\u00eb t\u00eb mir\u00eb&#8221; (sh\u00ebndet\u00ebsor \/ social \/ NJDF, etj.). Synimi i k\u00ebtyre \u00e7mimeve \u00ebsht\u00eb q\u00eb t\u00eb nxis\u00eb Institucionet lokale p\u00ebrgjegj\u00ebse dhe punonj\u00ebsit p\u00ebr nj\u00eb leht\u00ebsim dhe garantim t\u00eb pro\u00e7esit t\u00eb p\u00ebrfshirjes s\u00eb f\u00ebmij\u00ebve rom\u00eb n\u00eb kopshte.<\/p>\n<p>&#8211;\u00a0\u00a0\u00a0\u00a0\u00a0\u00a0 Nd\u00ebrtimi i nj\u00eb baze t\u00eb dh\u00ebnash t\u00eb unifikuar dhe nj\u00eb platforme p\u00ebr t\u00eb regjistruar dhe pasqyruar t\u00eb gjitha t\u00eb dh\u00ebnat e mbledhura nga kjo nism\u00eb. Kky sistem do t\u00eb p\u00ebrfshij\u00eb dhe t\u00eb dh\u00ebnat e marra nga nj\u00ebsit\u00eb vendore (bashkit\u00eb\/ komunat \/administrator\u00ebt social\u00eb).<\/p>\n<p>&#8211;\u00a0\u00a0\u00a0\u00a0\u00a0\u00a0 P\u00ebrgatitja e nj\u00eb raporti analitik t\u00eb konsoliduar mbi p\u00ebrfshirjen e hershme t\u00eb rom\u00ebve n\u00eb arsimin parauniversitar dhe realizimi i akseseve n\u00eb sh\u00ebrbime t\u00eb tjera.<\/p>\n<p>&#8211; \u00a0 \u00a0 \u00a0 Publikimi dhe lan\u00e7imi i raportit t\u00eb studimit.<\/p>\n<p>Fact-sheet p\u00ebr k\u00ebt\u00eb nism\u00eb <a href=\"http:\/\/observator.org.al\/wp-content\/uploads\/2014\/02\/Factsheet_Cdo_femije_Rom_ne_kopsht.pdf\">mund ta gjeni k\u00ebtu<\/a> (PDF 3.51 MB)<\/p>\n<\/div><\/section><\/div>\n","protected":false},"excerpt":{"rendered":"","protected":false},"author":2,"featured_media":0,"parent":4569,"menu_order":0,"comment_status":"closed","ping_status":"closed","template":"","meta":{"_mc_calendar":[],"footnotes":""},"class_list":["post-3373","page","type-page","status-publish","hentry"],"_links":{"self":[{"href":"https:\/\/observator.org.al\/sq\/wp-json\/wp\/v2\/pages\/3373","targetHints":{"allow":["GET"]}}],"collection":[{"href":"https:\/\/observator.org.al\/sq\/wp-json\/wp\/v2\/pages"}],"about":[{"href":"https:\/\/observator.org.al\/sq\/wp-json\/wp\/v2\/types\/page"}],"author":[{"embeddable":true,"href":"https:\/\/observator.org.al\/sq\/wp-json\/wp\/v2\/users\/2"}],"replies":[{"embeddable":true,"href":"https:\/\/observator.org.al\/sq\/wp-json\/wp\/v2\/comments?post=3373"}],"version-history":[{"count":6,"href":"https:\/\/observator.org.al\/sq\/wp-json\/wp\/v2\/pages\/3373\/revisions"}],"predecessor-version":[{"id":5827,"href":"https:\/\/observator.org.al\/sq\/wp-json\/wp\/v2\/pages\/3373\/revisions\/5827"}],"up":[{"embeddable":true,"href":"https:\/\/observator.org.al\/sq\/wp-json\/wp\/v2\/pages\/4569"}],"wp:attachment":[{"href":"https:\/\/observator.org.al\/sq\/wp-json\/wp\/v2\/media?parent=3373"}],"curies":[{"name":"wp","href":"https:\/\/api.w.org\/{rel}","templated":true}]}}