{"id":2907,"date":"2013-10-10T16:35:12","date_gmt":"2013-10-10T14:35:12","guid":{"rendered":"http:\/\/observator.org.al\/?page_id=2907"},"modified":"2015-04-19T23:36:59","modified_gmt":"2015-04-19T21:36:59","slug":"verdi-shehu","status":"publish","type":"page","link":"https:\/\/observator.org.al\/sq\/rreth-nesh\/verdi-shehu\/","title":{"rendered":"Verdi Shehu"},"content":{"rendered":"<div class=\"flex_column av_one_fourth  flex_column_div first  avia-builder-el-0  el_before_av_three_fourth  avia-builder-el-first  \" ><section  class='avia-team-member   avia-builder-el-1  avia-builder-el-no-sibling '  itemscope=\"itemscope\" itemtype=\"https:\/\/schema.org\/Person\" ><div class='team-img-container'><img decoding=\"async\" width=\"180\" height=\"180\" class='wp-image-3765 avia-img-lazy-loading-not-3765 avia_image avia_image_team' src=\"http:\/\/observator.org.al\/wp-content\/uploads\/2013\/10\/Staf-Verdi_Shehu-180x180.jpg\" alt='Verdi Shehu'  itemprop=\"image\" srcset=\"https:\/\/observator.org.al\/wp-content\/uploads\/2013\/10\/Staf-Verdi_Shehu-180x180.jpg 180w, https:\/\/observator.org.al\/wp-content\/uploads\/2013\/10\/Staf-Verdi_Shehu-80x80.jpg 80w, https:\/\/observator.org.al\/wp-content\/uploads\/2013\/10\/Staf-Verdi_Shehu-36x36.jpg 36w, https:\/\/observator.org.al\/wp-content\/uploads\/2013\/10\/Staf-Verdi_Shehu-120x120.jpg 120w, https:\/\/observator.org.al\/wp-content\/uploads\/2013\/10\/Staf-Verdi_Shehu.jpg 300w\" sizes=\"(max-width: 180px) 100vw, 180px\" \/><div class='team-social'><div class='team-social-inner'><span class='hidden av_member_url_markup '  itemprop=\"email\" >mailto:diber@observator.org.al<\/span><a rel='v:url' data-avia-tooltip=\"Email\"  class=' avia-team-icon ' href='mailto:diber@observator.org.al' aria-hidden='true' data-av_icon='\ue805' data-av_iconfont='entypo-fontello'><\/a><\/div><\/div><\/div><h3 class='team-member-name'    itemprop=\"name\" >Verdi Shehu<\/h3><div class='team-member-job-title '   itemprop=\"jobTitle\" >Ekspert i ODF - Dib\u00ebr<\/div><span class='hidden team-member-affiliation'  itemprop=\"affiliation\" >Observatori<\/span><\/section><\/div><div class=\"flex_column av_three_fourth  flex_column_div   avia-builder-el-2  el_after_av_one_fourth  avia-builder-el-last  \" ><section class=\"av_textblock_section \"  itemscope=\"itemscope\" itemtype=\"https:\/\/schema.org\/CreativeWork\" ><div class='avia_textblock  '   itemprop=\"text\" ><p>Verdi Shehu ka mbaruar Studimet e larta Bachelor n\u00eb Inxhinieri Agrare n\u00eb Universitetin Bujq\u00ebsor Tiran\u00eb. P\u00ebrfundoi studimet n\u00eb \u201cMaster Profesional \u201c Menaxhim Mjediseve Rurale ne vitin 2011. Q\u00eb nga viti 2011, 2012, 2013, n\u00eb p\u00ebrfundim t\u00eb \u00e7do viti kalendarik ka qene pjes\u00eb e ekipit n\u00eb Drejtori, q\u00eb kan\u00eb hartuar\/p\u00ebrmbyllur vjetarin statistikor zyrtar t\u00eb Drejtoris\u00eb s\u00eb Bujq\u00ebsis\u00eb t\u00eb Qarkut Dib\u00ebr p\u00ebr Ministrin\u00eb e linj\u00ebs. Verdi ka qen\u00eb pjes\u00eb e stafit organizues me detyra t\u00eb ngarkuara p\u00ebr cdo aktivitet t\u00eb organizuar nga DR.Bujq\u00ebsis\u00eb si: Panairet e organizuara dy her\u00eb n\u00eb vit, seminare e workshope, vizita n\u00ebp\u00ebr rrethe t\u00eb ndryshme. Ai ka marr\u00eb pjes\u00eb n\u00eb trajnime p\u00ebr hartimin e projekteve n\u00eb fush\u00ebn e bujq\u00ebsis\u00eb si nga AZHBR (MBUMK) ashtu edhe GIZ p\u00ebr projektet e IPARD-like.<\/p>\n<p>Eksperienca\/angazhimi i tij si vullnetar q\u00eb nga shtator 2013 pran\u00eb &#8220;Observatorit p\u00ebr t\u00eb Drejtat e F\u00ebmij\u00ebve&#8221; Dib\u00ebr, i ka dh\u00ebn\u00eb mund\u00ebsin\u00eb q\u00eb t\u00eb njihet m\u00eb nga af\u00ebr me politikat komb\u00ebtare n\u00eb dobi dhe garantim t\u00eb t\u00eb drejtave t\u00eb f\u00ebmij\u00ebve, si n\u00eb qasjen dhe identifikimin e problemeve me t\u00eb cilat hasen f\u00ebmij\u00ebt n\u00eb qarkun e Dibr\u00ebs, ku nevoja ekstreme q\u00eb k\u00ebrkojn\u00eb nj\u00eb v\u00ebmendje t\u00eb politikave zonale dhe komb\u00ebtare jan\u00eb f\u00ebmij\u00ebt me aft\u00ebsi t\u00eb kufizuar, f\u00ebmij\u00ebt q\u00eb jetojn\u00eb si pjes\u00eb e grupeve komunitare apo kulturore t\u00eb ndryshme, si dhe f\u00ebmij\u00ebt e zonave rurale t\u00eb thella t\u00eb qarkut t\u00eb Dibr\u00ebs<\/p>\n<\/div><\/section><\/div><\/p>\n","protected":false},"excerpt":{"rendered":"","protected":false},"author":2,"featured_media":0,"parent":2557,"menu_order":0,"comment_status":"closed","ping_status":"closed","template":"","meta":{"_mc_calendar":[],"footnotes":""},"class_list":["post-2907","page","type-page","status-publish","hentry"],"_links":{"self":[{"href":"https:\/\/observator.org.al\/sq\/wp-json\/wp\/v2\/pages\/2907","targetHints":{"allow":["GET"]}}],"collection":[{"href":"https:\/\/observator.org.al\/sq\/wp-json\/wp\/v2\/pages"}],"about":[{"href":"https:\/\/observator.org.al\/sq\/wp-json\/wp\/v2\/types\/page"}],"author":[{"embeddable":true,"href":"https:\/\/observator.org.al\/sq\/wp-json\/wp\/v2\/users\/2"}],"replies":[{"embeddable":true,"href":"https:\/\/observator.org.al\/sq\/wp-json\/wp\/v2\/comments?post=2907"}],"version-history":[{"count":4,"href":"https:\/\/observator.org.al\/sq\/wp-json\/wp\/v2\/pages\/2907\/revisions"}],"predecessor-version":[{"id":3767,"href":"https:\/\/observator.org.al\/sq\/wp-json\/wp\/v2\/pages\/2907\/revisions\/3767"}],"up":[{"embeddable":true,"href":"https:\/\/observator.org.al\/sq\/wp-json\/wp\/v2\/pages\/2557"}],"wp:attachment":[{"href":"https:\/\/observator.org.al\/sq\/wp-json\/wp\/v2\/media?parent=2907"}],"curies":[{"name":"wp","href":"https:\/\/api.w.org\/{rel}","templated":true}]}}