{"id":2536,"date":"2013-09-15T16:17:19","date_gmt":"2013-09-15T14:17:19","guid":{"rendered":"http:\/\/observator.org.al\/?page_id=2536"},"modified":"2014-01-21T23:37:14","modified_gmt":"2014-01-21T22:37:14","slug":"kukes","status":"publish","type":"page","link":"https:\/\/observator.org.al\/sq\/observatoret\/kukes\/","title":{"rendered":"Kuk\u00ebs"},"content":{"rendered":"<div class=\"flex_column av_one_full  flex_column_div first  avia-builder-el-0  avia-builder-el-no-sibling  \" ><p><section class=\"av_textblock_section \"  itemscope=\"itemscope\" itemtype=\"https:\/\/schema.org\/CreativeWork\" ><div class='avia_textblock  '   itemprop=\"text\" ><div class=\"tpg-get-posts\" ><div class=\"tpg-get-posts-post\" ><div class=\"tpg-title-class\"><h2><a href=\"https:\/\/observator.org.al\/sq\/raport-2-aspektet-ligjore-sociale-dhe-praktiken-gjyqesore-te-martesave-nen-moshe-ne-shkoder-kukes-tropoje-lezhe-puke-fier-dhe-kavaje-per-periudhen-2011-2017-2\/\" >Raport 2 \u201cAspektet ligjore, sociale dhe praktik\u00ebn gjyq\u00ebsore t\u00eb martesave n\u00ebn mosh\u00eb n\u00eb Shkod\u00ebr, Kuk\u00ebs, Tropoj\u00eb, Lezh\u00eb, Puk\u00eb, Fier dhe Kavaj\u00eb p\u00ebr periudh\u00ebn 2011 \u2013 2017\u201d:<\/a><\/h2><\/div><div  class=\"tpg-byline-class\">By Observatori i te drejtave te femijeve  on 19 Korrik, 2018<\/div><div class=\"tpg-content-class\"><a href=\"https:\/\/observator.org.al\/sq\/raport-2-aspektet-ligjore-sociale-dhe-praktiken-gjyqesore-te-martesave-nen-moshe-ne-shkoder-kukes-tropoje-lezhe-puke-fier-dhe-kavaje-per-periudhen-2011-2017-2\/\"><\/p>\n<div class=\"tpg-thumbnail-class\"><\/div>\n<p><\/a> &#8230; <a href=\"https:\/\/observator.org.al\/sq\/raport-2-aspektet-ligjore-sociale-dhe-praktiken-gjyqesore-te-martesave-nen-moshe-ne-shkoder-kukes-tropoje-lezhe-puke-fier-dhe-kavaje-per-periudhen-2011-2017-2\/\" class=\"more-link\">Lexoni m\u00eb shum\u00eb<\/a><\/div>\n<div class=\"tpg-metadata-class\"><span>Komentet <span class=\"screen-reader-text\"> te Raport 2 \u201cAspektet ligjore, sociale dhe praktik\u00ebn gjyq\u00ebsore t\u00eb martesave n\u00ebn mosh\u00eb n\u00eb Shkod\u00ebr, Kuk\u00ebs, Tropoj\u00eb, Lezh\u00eb, Puk\u00eb, Fier dhe Kavaj\u00eb p\u00ebr periudh\u00ebn 2011 \u2013 2017\u201d:<\/span> Jan\u00eb t\u00eb Mbyllura<\/span>&nbsp;&nbsp;|&nbsp;&nbsp;Filed under: <a href=\"https:\/\/observator.org.al\/sq\/category\/fieri\/\" title=\"View all posts in Fier\">Fier<\/a>, <a href=\"https:\/\/observator.org.al\/sq\/category\/kukesi\/\" title=\"View all posts in Kuk\u00ebs\">Kuk\u00ebs<\/a>, <a href=\"https:\/\/observator.org.al\/sq\/category\/lezha\/\" title=\"View all posts in Lezh\u00eb\">Lezh\u00eb<\/a>, <a href=\"https:\/\/observator.org.al\/sq\/category\/shkodra\/\" title=\"View all posts in Shkod\u00ebr\">Shkod\u00ebr<\/a>, <a href=\"https:\/\/observator.org.al\/sq\/category\/tepergjithshme\/\" title=\"View all posts in Te pergjithshme\">Te pergjithshme<\/a>, <a href=\"https:\/\/observator.org.al\/sq\/category\/tirana\/\" title=\"View all posts in Tiran\u00eb\">Tiran\u00eb<\/a>&nbsp;&nbsp;|&nbsp;&nbsp;<b>Tags:<\/b> No Tag<\/div><\/div><div class=\"tpg-get-posts-post\" ><div class=\"tpg-title-class\"><h2><a href=\"https:\/\/observator.org.al\/sq\/dokument-i-politikave-vendore-per-femijerine-e-hershme-cdo-femije-rom-ne-ciklin-parashkollor-bashkia-kukes\/\" >Dokument i politikave vendore p\u00ebr f\u00ebmij\u00ebrin\u00eb e hershme \u201c\u00c7do f\u00ebmij\u00eb rom n\u00eb ciklin parashkollor\u201d, Bashkia Kuk\u00ebs<\/a><\/h2><\/div><div  class=\"tpg-byline-class\">By Observatori i te drejtave te femijeve  on 19 Korrik, 2017<\/div><div class=\"tpg-content-class\"><a href=\"https:\/\/observator.org.al\/sq\/dokument-i-politikave-vendore-per-femijerine-e-hershme-cdo-femije-rom-ne-ciklin-parashkollor-bashkia-kukes\/\"><\/p>\n<div class=\"tpg-thumbnail-class\"><\/div>\n<p><\/a> &#8230; <a href=\"https:\/\/observator.org.al\/sq\/dokument-i-politikave-vendore-per-femijerine-e-hershme-cdo-femije-rom-ne-ciklin-parashkollor-bashkia-kukes\/\" class=\"more-link\">Lexoni m\u00eb shum\u00eb<\/a><\/div>\n<div class=\"tpg-metadata-class\"><span>Komentet <span class=\"screen-reader-text\"> te Dokument i politikave vendore p\u00ebr f\u00ebmij\u00ebrin\u00eb e hershme \u201c\u00c7do f\u00ebmij\u00eb rom n\u00eb ciklin parashkollor\u201d, Bashkia Kuk\u00ebs<\/span> Jan\u00eb t\u00eb Mbyllura<\/span>&nbsp;&nbsp;|&nbsp;&nbsp;Filed under: <a href=\"https:\/\/observator.org.al\/sq\/category\/kukesi\/\" title=\"View all posts in Kuk\u00ebs\">Kuk\u00ebs<\/a>, <a href=\"https:\/\/observator.org.al\/sq\/category\/tepergjithshme\/\" title=\"View all posts in Te pergjithshme\">Te pergjithshme<\/a>&nbsp;&nbsp;|&nbsp;&nbsp;<b>Tags:<\/b> No Tag<\/div><\/div><div class=\"tpg-get-posts-post\" ><div class=\"tpg-title-class\"><h2><a href=\"https:\/\/observator.org.al\/sq\/njoftimi-weber\/\" >WeBER<\/a><\/h2><\/div><div  class=\"tpg-byline-class\">By Emiliano Dervishi  on 13 Korrik, 2017<\/div><div class=\"tpg-content-class\"><a href=\"https:\/\/observator.org.al\/sq\/njoftimi-weber\/\"><\/p>\n<div class=\"tpg-thumbnail-class\"><\/div>\n<p><\/a><img loading=\"lazy\" decoding=\"async\" class=\"alignnone wp-image-5565\" src=\"http:\/\/observator.org.al\/wp-content\/uploads\/2017\/07\/obs-e1500398338679-380x131.jpg\" alt=\"\" width=\"290\" height=\"100\" srcset=\"https:\/\/observator.org.al\/wp-content\/uploads\/2017\/07\/obs-e1500398338679-380x131.jpg 380w, https:\/\/observator.org.al\/wp-content\/uploads\/2017\/07\/obs-e1500398338679-705x242.jpg 705w, https:\/\/observator.org.al\/wp-content\/uploads\/2017\/07\/obs-e1500398338679-450x155.jpg 450w, https:\/\/observator.org.al\/wp-content\/uploads\/2017\/07\/obs-e1500398338679.jpg 707w\" sizes=\"auto, (max-width: 290px) 100vw, 290px\" \/><img loading=\"lazy\" decoding=\"async\" class=\"alignnone wp-image-5566\" src=\"http:\/\/observator.org.al\/wp-content\/uploads\/2017\/07\/obs1-380x374.jpg\" alt=\"\" width=\"90\" height=\"89\" srcset=\"https:\/\/observator.org.al\/wp-content\/uploads\/2017\/07\/obs1-380x374.jpg 380w, https:\/\/observator.org.al\/wp-content\/uploads\/2017\/07\/obs1-80x80.jpg 80w, https:\/\/observator.org.al\/wp-content\/uploads\/2017\/07\/obs1-36x36.jpg 36w, https:\/\/observator.org.al\/wp-content\/uploads\/2017\/07\/obs1-180x180.jpg 180w, https:\/\/observator.org.al\/wp-content\/uploads\/2017\/07\/obs1-120x120.jpg 120w, https:\/\/observator.org.al\/wp-content\/uploads\/2017\/07\/obs1-450x443.jpg 450w, https:\/\/observator.org.al\/wp-content\/uploads\/2017\/07\/obs1.jpg 492w\" sizes=\"auto, (max-width: 90px) 100vw, 90px\" \/><img class=\"alignnone size-full wp-image-5591\" ... <a href=\"https:\/\/observator.org.al\/sq\/njoftimi-weber\/\" class=\"more-link\"\/>Lexoni m\u00eb shum\u00eb<\/div>\n<div class=\"tpg-metadata-class\"><span>Komentet <span class=\"screen-reader-text\"> te WeBER<\/span> Jan\u00eb t\u00eb Mbyllura<\/span>&nbsp;&nbsp;|&nbsp;&nbsp;Filed under: <a href=\"https:\/\/observator.org.al\/sq\/category\/berati\/\" title=\"View all posts in Berat\">Berat<\/a>, <a href=\"https:\/\/observator.org.al\/sq\/category\/dibra\/\" title=\"View all posts in Dib\u00ebr\">Dib\u00ebr<\/a>, <a href=\"https:\/\/observator.org.al\/sq\/category\/durresi\/\" title=\"View all posts in Durr\u00ebs\">Durr\u00ebs<\/a>, <a href=\"https:\/\/observator.org.al\/sq\/category\/elbasani\/\" title=\"View all posts in Elbasan\">Elbasan<\/a>, <a href=\"https:\/\/observator.org.al\/sq\/category\/fieri\/\" title=\"View all posts in Fier\">Fier<\/a>, <a href=\"https:\/\/observator.org.al\/sq\/category\/gjirokastra\/\" title=\"View all posts in Gjirokaster\">Gjirokaster<\/a>, <a href=\"https:\/\/observator.org.al\/sq\/category\/korca\/\" title=\"View all posts in Kor\u00e7\u00eb\">Kor\u00e7\u00eb<\/a>, <a href=\"https:\/\/observator.org.al\/sq\/category\/kukesi\/\" title=\"View all posts in Kuk\u00ebs\">Kuk\u00ebs<\/a>, <a href=\"https:\/\/observator.org.al\/sq\/category\/lajme\/\" title=\"View all posts in Lajme\">Lajme<\/a>, <a href=\"https:\/\/observator.org.al\/sq\/category\/lezha\/\" title=\"View all posts in Lezh\u00eb\">Lezh\u00eb<\/a>, <a href=\"https:\/\/observator.org.al\/sq\/category\/shkodra\/\" title=\"View all posts in Shkod\u00ebr\">Shkod\u00ebr<\/a>, <a href=\"https:\/\/observator.org.al\/sq\/category\/tepergjithshme\/\" title=\"View all posts in Te pergjithshme\">Te pergjithshme<\/a>, <a href=\"https:\/\/observator.org.al\/sq\/category\/tirana\/\" title=\"View all posts in Tiran\u00eb\">Tiran\u00eb<\/a>, <a href=\"https:\/\/observator.org.al\/sq\/category\/vlora\/\" title=\"View all posts in Vlor\u00eb\">Vlor\u00eb<\/a>&nbsp;&nbsp;|&nbsp;&nbsp;<b>Tags:<\/b> No Tag<\/div><\/div><div class=\"tpg-get-posts-post\" ><div class=\"tpg-title-class\"><h2><a href=\"https:\/\/observator.org.al\/sq\/regjistrimi-i-nxenesve-ne-klasen-e-pare\/\" >Regjistrimi i nx\u00ebn\u00ebsve n\u00eb klas\u00ebn e par\u00eb<\/a><\/h2><\/div><div  class=\"tpg-byline-class\">By Observatori i te drejtave te femijeve  on 27 Qershor, 2017<\/div><div class=\"tpg-content-class\"><a href=\"https:\/\/observator.org.al\/sq\/regjistrimi-i-nxenesve-ne-klasen-e-pare\/\"><\/p>\n<div class=\"tpg-thumbnail-class\"><\/div>\n<p><\/a><strong>Regjistrimi <\/strong><strong>i nx\u00ebn\u00ebsve n\u00eb klas\u00ebn e par\u00eb <\/strong><strong>b\u00ebhet n\u00eb p\u00ebrputhje me nenin 13 t\u00eb Kreut IV <em>\u201cArsimi baz\u00eb\u201d<\/em> i Dispozitave Normative p\u00ebr sistemin arsimor parauniversitar, 2013.<\/strong><\/p>\n<p><strong>Procedurat e regjistrimit t\u00eb nx\u00ebn\u00ebsve n\u00eb klas\u00ebn e par\u00eb<\/strong><\/p>\n<ol>\n<li>Regjistrimi i &#8230; <a href=\"https:\/\/observator.org.al\/sq\/regjistrimi-i-nxenesve-ne-klasen-e-pare\/\" class=\"more-link\">Lexoni m\u00eb shum\u00eb<\/a><\/li>\n<\/ol>\n<\/div>\n<div class=\"tpg-metadata-class\"><span>Komentet <span class=\"screen-reader-text\"> te Regjistrimi i nx\u00ebn\u00ebsve n\u00eb klas\u00ebn e par\u00eb<\/span> Jan\u00eb t\u00eb Mbyllura<\/span>&nbsp;&nbsp;|&nbsp;&nbsp;Filed under: <a href=\"https:\/\/observator.org.al\/sq\/category\/berati\/\" title=\"View all posts in Berat\">Berat<\/a>, <a href=\"https:\/\/observator.org.al\/sq\/category\/dibra\/\" title=\"View all posts in Dib\u00ebr\">Dib\u00ebr<\/a>, <a href=\"https:\/\/observator.org.al\/sq\/category\/durresi\/\" title=\"View all posts in Durr\u00ebs\">Durr\u00ebs<\/a>, <a href=\"https:\/\/observator.org.al\/sq\/category\/elbasani\/\" title=\"View all posts in Elbasan\">Elbasan<\/a>, <a href=\"https:\/\/observator.org.al\/sq\/category\/fieri\/\" title=\"View all posts in Fier\">Fier<\/a>, <a href=\"https:\/\/observator.org.al\/sq\/category\/gjirokastra\/\" title=\"View all posts in Gjirokaster\">Gjirokaster<\/a>, <a href=\"https:\/\/observator.org.al\/sq\/category\/korca\/\" title=\"View all posts in Kor\u00e7\u00eb\">Kor\u00e7\u00eb<\/a>, <a href=\"https:\/\/observator.org.al\/sq\/category\/kukesi\/\" title=\"View all posts in Kuk\u00ebs\">Kuk\u00ebs<\/a>, <a href=\"https:\/\/observator.org.al\/sq\/category\/lajme\/\" title=\"View all posts in Lajme\">Lajme<\/a>, <a href=\"https:\/\/observator.org.al\/sq\/category\/lezha\/\" title=\"View all posts in Lezh\u00eb\">Lezh\u00eb<\/a>, <a href=\"https:\/\/observator.org.al\/sq\/category\/shkodra\/\" title=\"View all posts in Shkod\u00ebr\">Shkod\u00ebr<\/a>, <a href=\"https:\/\/observator.org.al\/sq\/category\/tepergjithshme\/\" title=\"View all posts in Te pergjithshme\">Te pergjithshme<\/a>, <a href=\"https:\/\/observator.org.al\/sq\/category\/tirana\/\" title=\"View all posts in Tiran\u00eb\">Tiran\u00eb<\/a>, <a href=\"https:\/\/observator.org.al\/sq\/category\/vlora\/\" title=\"View all posts in Vlor\u00eb\">Vlor\u00eb<\/a>&nbsp;&nbsp;|&nbsp;&nbsp;<b>Tags:<\/b> No Tag<\/div><\/div><div class=\"tpg-get-posts-post\" ><div class=\"tpg-title-class\"><h2><a href=\"https:\/\/observator.org.al\/sq\/ne-pritje-te-1-qershorit-2017-unembrojfemijetinvestojmeperfemijet\/\" >N\u00eb pritje t\u00eb 1 Qershorit 2017\u2026. #UneMbrojfemijet#InvestojmePerFemijet<\/a><\/h2><\/div><div  class=\"tpg-byline-class\">By Observatori i te drejtave te femijeve  on 18 Maj, 2017<\/div><div class=\"tpg-content-class\"><a href=\"https:\/\/observator.org.al\/sq\/ne-pritje-te-1-qershorit-2017-unembrojfemijetinvestojmeperfemijet\/\"><\/p>\n<div class=\"tpg-thumbnail-class\"><\/div>\n<p><\/a><\/p>\n<div id=\"id_591d7cbd635e23f65192535\" class=\"text_exposed_root text_exposed\">N\u00eb pritje t\u00eb 1 Qershorit 2017\u2026. <a class=\"_58cn\" href=\"https:\/\/www.facebook.com\/hashtag\/unembrojfemijet\" data-ft=\"{&quot;tn&quot;:&quot;*N&quot;,&quot;type&quot;:104}\">#UneMbrojfemijet<\/a><a class=\"_58cn\" href=\"https:\/\/www.facebook.com\/hashtag\/investojmeperfemijet\" ... <a href=\"https:\/\/observator.org.al\/sq\/ne-pritje-te-1-qershorit-2017-unembrojfemijetinvestojmeperfemijet\/\" class=\"more-link\">Lexoni m\u00eb shum\u00eb<\/a><\/div>\n<\/div>\n<div class=\"tpg-metadata-class\"><span>Komentet <span class=\"screen-reader-text\"> te N\u00eb pritje t\u00eb 1 Qershorit 2017\u2026. #UneMbrojfemijet#InvestojmePerFemijet<\/span> Jan\u00eb t\u00eb Mbyllura<\/span>&nbsp;&nbsp;|&nbsp;&nbsp;Filed under: <a href=\"https:\/\/observator.org.al\/sq\/category\/berati\/\" title=\"View all posts in Berat\">Berat<\/a>, <a href=\"https:\/\/observator.org.al\/sq\/category\/dibra\/\" title=\"View all posts in Dib\u00ebr\">Dib\u00ebr<\/a>, <a href=\"https:\/\/observator.org.al\/sq\/category\/durresi\/\" title=\"View all posts in Durr\u00ebs\">Durr\u00ebs<\/a>, <a href=\"https:\/\/observator.org.al\/sq\/category\/elbasani\/\" title=\"View all posts in Elbasan\">Elbasan<\/a>, <a href=\"https:\/\/observator.org.al\/sq\/category\/fieri\/\" title=\"View all posts in Fier\">Fier<\/a>, <a href=\"https:\/\/observator.org.al\/sq\/category\/gjirokastra\/\" title=\"View all posts in Gjirokaster\">Gjirokaster<\/a>, <a href=\"https:\/\/observator.org.al\/sq\/category\/korca\/\" title=\"View all posts in Kor\u00e7\u00eb\">Kor\u00e7\u00eb<\/a>, <a href=\"https:\/\/observator.org.al\/sq\/category\/kukesi\/\" title=\"View all posts in Kuk\u00ebs\">Kuk\u00ebs<\/a>, <a href=\"https:\/\/observator.org.al\/sq\/category\/lajme\/\" title=\"View all posts in Lajme\">Lajme<\/a>, <a href=\"https:\/\/observator.org.al\/sq\/category\/lezha\/\" title=\"View all posts in Lezh\u00eb\">Lezh\u00eb<\/a>, <a href=\"https:\/\/observator.org.al\/sq\/category\/shkodra\/\" title=\"View all posts in Shkod\u00ebr\">Shkod\u00ebr<\/a>, <a href=\"https:\/\/observator.org.al\/sq\/category\/tepergjithshme\/\" title=\"View all posts in Te pergjithshme\">Te pergjithshme<\/a>, <a href=\"https:\/\/observator.org.al\/sq\/category\/tirana\/\" title=\"View all posts in Tiran\u00eb\">Tiran\u00eb<\/a>, <a href=\"https:\/\/observator.org.al\/sq\/category\/vlora\/\" title=\"View all posts in Vlor\u00eb\">Vlor\u00eb<\/a>&nbsp;&nbsp;|&nbsp;&nbsp;<b>Tags:<\/b> No Tag<\/div><\/div><\/div><!-- #tpg-get-posts -->\n<\/div><\/section><br \/>\n<div  style='padding-bottom:10px; ' class='av-special-heading av-special-heading-h3    avia-builder-el-2  el_after_av_textblock  el_before_av_textblock  '><h3 class='av-special-heading-tag '  itemprop=\"headline\"  >Flet\u00ebpalosje p\u00ebr qarkun e Kuk\u00ebsit<\/h3><div class='special-heading-border'><div class='special-heading-inner-border' ><\/div><\/div><\/div><br \/>\n<section class=\"av_textblock_section \"  itemscope=\"itemscope\" itemtype=\"https:\/\/schema.org\/CreativeWork\" ><div class='avia_textblock  '   itemprop=\"text\" ><p>[book id=&#8217;10&#8217; \/]<\/p>\n<\/div><\/section><\/p><\/div>\n","protected":false},"excerpt":{"rendered":"","protected":false},"author":2,"featured_media":0,"parent":2554,"menu_order":0,"comment_status":"closed","ping_status":"closed","template":"","meta":{"_mc_calendar":[],"footnotes":""},"class_list":["post-2536","page","type-page","status-publish","hentry"],"_links":{"self":[{"href":"https:\/\/observator.org.al\/sq\/wp-json\/wp\/v2\/pages\/2536","targetHints":{"allow":["GET"]}}],"collection":[{"href":"https:\/\/observator.org.al\/sq\/wp-json\/wp\/v2\/pages"}],"about":[{"href":"https:\/\/observator.org.al\/sq\/wp-json\/wp\/v2\/types\/page"}],"author":[{"embeddable":true,"href":"https:\/\/observator.org.al\/sq\/wp-json\/wp\/v2\/users\/2"}],"replies":[{"embeddable":true,"href":"https:\/\/observator.org.al\/sq\/wp-json\/wp\/v2\/comments?post=2536"}],"version-history":[{"count":4,"href":"https:\/\/observator.org.al\/sq\/wp-json\/wp\/v2\/pages\/2536\/revisions"}],"predecessor-version":[{"id":3281,"href":"https:\/\/observator.org.al\/sq\/wp-json\/wp\/v2\/pages\/2536\/revisions\/3281"}],"up":[{"embeddable":true,"href":"https:\/\/observator.org.al\/sq\/wp-json\/wp\/v2\/pages\/2554"}],"wp:attachment":[{"href":"https:\/\/observator.org.al\/sq\/wp-json\/wp\/v2\/media?parent=2536"}],"curies":[{"name":"wp","href":"https:\/\/api.w.org\/{rel}","templated":true}]}}