{"id":2515,"date":"2013-09-15T16:05:01","date_gmt":"2013-09-15T14:05:01","guid":{"rendered":"http:\/\/observator.org.al\/?page_id=2515"},"modified":"2014-01-21T23:22:27","modified_gmt":"2014-01-21T22:22:27","slug":"durres-2","status":"publish","type":"page","link":"https:\/\/observator.org.al\/sq\/observatoret\/durres-2\/","title":{"rendered":"Durr\u00ebs"},"content":{"rendered":"<div class=\"flex_column av_one_full  flex_column_div first  avia-builder-el-0  avia-builder-el-no-sibling  \" ><p><section class=\"av_textblock_section \"  itemscope=\"itemscope\" itemtype=\"https:\/\/schema.org\/CreativeWork\" ><div class='avia_textblock  '   itemprop=\"text\" ><div class=\"tpg-get-posts\" ><div class=\"tpg-get-posts-post\" ><div class=\"tpg-title-class\"><h2><a href=\"https:\/\/observator.org.al\/sq\/kerkese-per-oferte-2\/\" >K\u00ebrkes\u00eb P\u00ebr Ofert\u00eb<\/a><\/h2><\/div><div  class=\"tpg-byline-class\">By Observatori i te drejtave te femijeve  on 2 Dhjetor, 2022<\/div><div class=\"tpg-content-class\"><a href=\"https:\/\/observator.org.al\/sq\/kerkese-per-oferte-2\/\"><\/p>\n<div class=\"tpg-thumbnail-class\"><\/div>\n<p><\/a><\/p>\n<p style=\"text-align: right;\"><strong>Tiran\u00eb, m\u00eb 02 Dhjetor 2022<\/strong><\/p>\n<p><strong>\u201cObservatori p\u00ebr t\u00eb Drejtat e F\u00ebmij\u00ebve dhe t\u00eb Rinjve\u201d <\/strong>\u00ebsht\u00eb e interesuar q\u00eb t\u00eb pun\u00ebsoj <strong>Subjekt per Organizimin e Eventeve<\/strong> p\u00ebr zbatimin e Projektit me donator <strong>UNICEF Monitoring and Reporting on children rights for &#8230; <a href=\"https:\/\/observator.org.al\/sq\/kerkese-per-oferte-2\/\" class=\"more-link\">Lexoni m\u00eb shum\u00eb<\/a><\/strong><\/div>\n<div class=\"tpg-metadata-class\"><span>Komentet <span class=\"screen-reader-text\"> te K\u00ebrkes\u00eb P\u00ebr Ofert\u00eb<\/span> Jan\u00eb t\u00eb Mbyllura<\/span>&nbsp;&nbsp;|&nbsp;&nbsp;Filed under: <a href=\"https:\/\/observator.org.al\/sq\/category\/durresi\/\" title=\"View all posts in Durr\u00ebs\">Durr\u00ebs<\/a>, <a href=\"https:\/\/observator.org.al\/sq\/category\/lajme\/\" title=\"View all posts in Lajme\">Lajme<\/a>, <a href=\"https:\/\/observator.org.al\/sq\/category\/tepergjithshme\/\" title=\"View all posts in Te pergjithshme\">Te pergjithshme<\/a>, <a href=\"https:\/\/observator.org.al\/sq\/category\/tirana\/\" title=\"View all posts in Tiran\u00eb\">Tiran\u00eb<\/a>&nbsp;&nbsp;|&nbsp;&nbsp;<b>Tags:<\/b> No Tag<\/div><\/div><div class=\"tpg-get-posts-post\" ><div class=\"tpg-title-class\"><h2><a href=\"https:\/\/observator.org.al\/sq\/analiza-e-buxhetimit-per-rinine-nga-bashkia-durres\/\" >Analiza e buxhetimit p\u00ebr rinin\u00eb nga Bashkia Durr\u00ebs<\/a><\/h2><\/div><div  class=\"tpg-byline-class\">By Observatori i te drejtave te femijeve  on 19 Dhjetor, 2018<\/div><div class=\"tpg-content-class\"><a href=\"https:\/\/observator.org.al\/sq\/analiza-e-buxhetimit-per-rinine-nga-bashkia-durres\/\"><\/p>\n<div class=\"tpg-thumbnail-class\"><\/div>\n<p><\/a> &#8230; <a href=\"https:\/\/observator.org.al\/sq\/analiza-e-buxhetimit-per-rinine-nga-bashkia-durres\/\" class=\"more-link\">Lexoni m\u00eb shum\u00eb<\/a><\/div>\n<div class=\"tpg-metadata-class\"><span>Komentet <span class=\"screen-reader-text\"> te Analiza e buxhetimit p\u00ebr rinin\u00eb nga Bashkia Durr\u00ebs<\/span> Jan\u00eb t\u00eb Mbyllura<\/span>&nbsp;&nbsp;|&nbsp;&nbsp;Filed under: <a href=\"https:\/\/observator.org.al\/sq\/category\/durresi\/\" title=\"View all posts in Durr\u00ebs\">Durr\u00ebs<\/a>, <a href=\"https:\/\/observator.org.al\/sq\/category\/tepergjithshme\/\" title=\"View all posts in Te pergjithshme\">Te pergjithshme<\/a>&nbsp;&nbsp;|&nbsp;&nbsp;<b>Tags:<\/b> No Tag<\/div><\/div><div class=\"tpg-get-posts-post\" ><div class=\"tpg-title-class\"><h2><a href=\"https:\/\/observator.org.al\/sq\/martesa-e-femijeve-njohurite-qendrimet-dhe-perceptimet-nder-komunitetet-e-prekura-ne-shqiperi\/\" >\u201cMartesa e f\u00ebmij\u00ebve: Njohurit\u00eb, qendrimet dhe perceptimet nd\u00ebr komunitetet e prekura n\u00eb Shqip\u00ebri\u201d<\/a><\/h2><\/div><div  class=\"tpg-byline-class\">By Observatori i te drejtave te femijeve  on 19 Tetor, 2018<\/div><div class=\"tpg-content-class\"><a href=\"https:\/\/observator.org.al\/sq\/martesa-e-femijeve-njohurite-qendrimet-dhe-perceptimet-nder-komunitetet-e-prekura-ne-shqiperi\/\"><\/p>\n<div class=\"tpg-thumbnail-class\"><\/div>\n<p><\/a> &#8230; <a href=\"https:\/\/observator.org.al\/sq\/martesa-e-femijeve-njohurite-qendrimet-dhe-perceptimet-nder-komunitetet-e-prekura-ne-shqiperi\/\" class=\"more-link\">Lexoni m\u00eb shum\u00eb<\/a><\/div>\n<div class=\"tpg-metadata-class\"><span>Komentet <span class=\"screen-reader-text\"> te \u201cMartesa e f\u00ebmij\u00ebve: Njohurit\u00eb, qendrimet dhe perceptimet nd\u00ebr komunitetet e prekura n\u00eb Shqip\u00ebri\u201d<\/span> Jan\u00eb t\u00eb Mbyllura<\/span>&nbsp;&nbsp;|&nbsp;&nbsp;Filed under: <a href=\"https:\/\/observator.org.al\/sq\/category\/durresi\/\" title=\"View all posts in Durr\u00ebs\">Durr\u00ebs<\/a>, <a href=\"https:\/\/observator.org.al\/sq\/category\/korca\/\" title=\"View all posts in Kor\u00e7\u00eb\">Kor\u00e7\u00eb<\/a>, <a href=\"https:\/\/observator.org.al\/sq\/category\/lezha\/\" title=\"View all posts in Lezh\u00eb\">Lezh\u00eb<\/a>, <a href=\"https:\/\/observator.org.al\/sq\/category\/tepergjithshme\/\" title=\"View all posts in Te pergjithshme\">Te pergjithshme<\/a>, <a href=\"https:\/\/observator.org.al\/sq\/category\/tirana\/\" title=\"View all posts in Tiran\u00eb\">Tiran\u00eb<\/a>&nbsp;&nbsp;|&nbsp;&nbsp;<b>Tags:<\/b> No Tag<\/div><\/div><div class=\"tpg-get-posts-post\" ><div class=\"tpg-title-class\"><h2><a href=\"https:\/\/observator.org.al\/sq\/fact-sheet-nga-anketimi-me-te-rinjte-e-durresit\/\" >Fact Sheet nga anketimi me t\u00eb rinjt\u00eb e Durr\u00ebsit<\/a><\/h2><\/div><div  class=\"tpg-byline-class\">By Observatori i te drejtave te femijeve  on 19 Gusht, 2018<\/div><div class=\"tpg-content-class\"><a href=\"https:\/\/observator.org.al\/sq\/fact-sheet-nga-anketimi-me-te-rinjte-e-durresit\/\"><\/p>\n<div class=\"tpg-thumbnail-class\"><\/div>\n<p><\/a> &#8230; <a href=\"https:\/\/observator.org.al\/sq\/fact-sheet-nga-anketimi-me-te-rinjte-e-durresit\/\" class=\"more-link\">Lexoni m\u00eb shum\u00eb<\/a><\/div>\n<div class=\"tpg-metadata-class\"><span>Komentet <span class=\"screen-reader-text\"> te Fact Sheet nga anketimi me t\u00eb rinjt\u00eb e Durr\u00ebsit<\/span> Jan\u00eb t\u00eb Mbyllura<\/span>&nbsp;&nbsp;|&nbsp;&nbsp;Filed under: <a href=\"https:\/\/observator.org.al\/sq\/category\/durresi\/\" title=\"View all posts in Durr\u00ebs\">Durr\u00ebs<\/a>, <a href=\"https:\/\/observator.org.al\/sq\/category\/tepergjithshme\/\" title=\"View all posts in Te pergjithshme\">Te pergjithshme<\/a>&nbsp;&nbsp;|&nbsp;&nbsp;<b>Tags:<\/b> No Tag<\/div><\/div><div class=\"tpg-get-posts-post\" ><div class=\"tpg-title-class\"><h2><a href=\"https:\/\/observator.org.al\/sq\/njoftimi-weber\/\" >WeBER<\/a><\/h2><\/div><div  class=\"tpg-byline-class\">By Emiliano Dervishi  on 13 Korrik, 2017<\/div><div class=\"tpg-content-class\"><a href=\"https:\/\/observator.org.al\/sq\/njoftimi-weber\/\"><\/p>\n<div class=\"tpg-thumbnail-class\"><\/div>\n<p><\/a><img loading=\"lazy\" decoding=\"async\" class=\"alignnone wp-image-5565\" src=\"http:\/\/observator.org.al\/wp-content\/uploads\/2017\/07\/obs-e1500398338679-380x131.jpg\" alt=\"\" width=\"290\" height=\"100\" srcset=\"https:\/\/observator.org.al\/wp-content\/uploads\/2017\/07\/obs-e1500398338679-380x131.jpg 380w, https:\/\/observator.org.al\/wp-content\/uploads\/2017\/07\/obs-e1500398338679-705x242.jpg 705w, https:\/\/observator.org.al\/wp-content\/uploads\/2017\/07\/obs-e1500398338679-450x155.jpg 450w, https:\/\/observator.org.al\/wp-content\/uploads\/2017\/07\/obs-e1500398338679.jpg 707w\" sizes=\"auto, (max-width: 290px) 100vw, 290px\" \/><img loading=\"lazy\" decoding=\"async\" class=\"alignnone wp-image-5566\" src=\"http:\/\/observator.org.al\/wp-content\/uploads\/2017\/07\/obs1-380x374.jpg\" alt=\"\" width=\"90\" height=\"89\" srcset=\"https:\/\/observator.org.al\/wp-content\/uploads\/2017\/07\/obs1-380x374.jpg 380w, https:\/\/observator.org.al\/wp-content\/uploads\/2017\/07\/obs1-80x80.jpg 80w, https:\/\/observator.org.al\/wp-content\/uploads\/2017\/07\/obs1-36x36.jpg 36w, https:\/\/observator.org.al\/wp-content\/uploads\/2017\/07\/obs1-180x180.jpg 180w, https:\/\/observator.org.al\/wp-content\/uploads\/2017\/07\/obs1-120x120.jpg 120w, https:\/\/observator.org.al\/wp-content\/uploads\/2017\/07\/obs1-450x443.jpg 450w, https:\/\/observator.org.al\/wp-content\/uploads\/2017\/07\/obs1.jpg 492w\" sizes=\"auto, (max-width: 90px) 100vw, 90px\" \/><img class=\"alignnone size-full wp-image-5591\" ... <a href=\"https:\/\/observator.org.al\/sq\/njoftimi-weber\/\" class=\"more-link\"\/>Lexoni m\u00eb shum\u00eb<\/div>\n<div class=\"tpg-metadata-class\"><span>Komentet <span class=\"screen-reader-text\"> te WeBER<\/span> Jan\u00eb t\u00eb Mbyllura<\/span>&nbsp;&nbsp;|&nbsp;&nbsp;Filed under: <a href=\"https:\/\/observator.org.al\/sq\/category\/berati\/\" title=\"View all posts in Berat\">Berat<\/a>, <a href=\"https:\/\/observator.org.al\/sq\/category\/dibra\/\" title=\"View all posts in Dib\u00ebr\">Dib\u00ebr<\/a>, <a href=\"https:\/\/observator.org.al\/sq\/category\/durresi\/\" title=\"View all posts in Durr\u00ebs\">Durr\u00ebs<\/a>, <a href=\"https:\/\/observator.org.al\/sq\/category\/elbasani\/\" title=\"View all posts in Elbasan\">Elbasan<\/a>, <a href=\"https:\/\/observator.org.al\/sq\/category\/fieri\/\" title=\"View all posts in Fier\">Fier<\/a>, <a href=\"https:\/\/observator.org.al\/sq\/category\/gjirokastra\/\" title=\"View all posts in Gjirokaster\">Gjirokaster<\/a>, <a href=\"https:\/\/observator.org.al\/sq\/category\/korca\/\" title=\"View all posts in Kor\u00e7\u00eb\">Kor\u00e7\u00eb<\/a>, <a href=\"https:\/\/observator.org.al\/sq\/category\/kukesi\/\" title=\"View all posts in Kuk\u00ebs\">Kuk\u00ebs<\/a>, <a href=\"https:\/\/observator.org.al\/sq\/category\/lajme\/\" title=\"View all posts in Lajme\">Lajme<\/a>, <a href=\"https:\/\/observator.org.al\/sq\/category\/lezha\/\" title=\"View all posts in Lezh\u00eb\">Lezh\u00eb<\/a>, <a href=\"https:\/\/observator.org.al\/sq\/category\/shkodra\/\" title=\"View all posts in Shkod\u00ebr\">Shkod\u00ebr<\/a>, <a href=\"https:\/\/observator.org.al\/sq\/category\/tepergjithshme\/\" title=\"View all posts in Te pergjithshme\">Te pergjithshme<\/a>, <a href=\"https:\/\/observator.org.al\/sq\/category\/tirana\/\" title=\"View all posts in Tiran\u00eb\">Tiran\u00eb<\/a>, <a href=\"https:\/\/observator.org.al\/sq\/category\/vlora\/\" title=\"View all posts in Vlor\u00eb\">Vlor\u00eb<\/a>&nbsp;&nbsp;|&nbsp;&nbsp;<b>Tags:<\/b> No Tag<\/div><\/div><\/div><!-- #tpg-get-posts -->\n<\/div><\/section><br \/>\n<div  style='padding-bottom:10px; ' class='av-special-heading av-special-heading-h3    avia-builder-el-2  el_after_av_textblock  el_before_av_textblock  '><h3 class='av-special-heading-tag '  itemprop=\"headline\"  >Flet\u00ebpalosje p\u00ebr qytetin e Durr\u00ebsit<\/h3><div class='special-heading-border'><div class='special-heading-inner-border' ><\/div><\/div><\/div><br \/>\n<section class=\"av_textblock_section \"  itemscope=\"itemscope\" itemtype=\"https:\/\/schema.org\/CreativeWork\" ><div class='avia_textblock  '   itemprop=\"text\" ><p><strong>[book id=&#8217;5&#8242; \/]<\/strong><\/p>\n<\/div><\/section><\/p><\/div>\n","protected":false},"excerpt":{"rendered":"","protected":false},"author":2,"featured_media":0,"parent":2554,"menu_order":0,"comment_status":"closed","ping_status":"closed","template":"","meta":{"_mc_calendar":[],"footnotes":""},"class_list":["post-2515","page","type-page","status-publish","hentry"],"_links":{"self":[{"href":"https:\/\/observator.org.al\/sq\/wp-json\/wp\/v2\/pages\/2515","targetHints":{"allow":["GET"]}}],"collection":[{"href":"https:\/\/observator.org.al\/sq\/wp-json\/wp\/v2\/pages"}],"about":[{"href":"https:\/\/observator.org.al\/sq\/wp-json\/wp\/v2\/types\/page"}],"author":[{"embeddable":true,"href":"https:\/\/observator.org.al\/sq\/wp-json\/wp\/v2\/users\/2"}],"replies":[{"embeddable":true,"href":"https:\/\/observator.org.al\/sq\/wp-json\/wp\/v2\/comments?post=2515"}],"version-history":[{"count":5,"href":"https:\/\/observator.org.al\/sq\/wp-json\/wp\/v2\/pages\/2515\/revisions"}],"predecessor-version":[{"id":2714,"href":"https:\/\/observator.org.al\/sq\/wp-json\/wp\/v2\/pages\/2515\/revisions\/2714"}],"up":[{"embeddable":true,"href":"https:\/\/observator.org.al\/sq\/wp-json\/wp\/v2\/pages\/2554"}],"wp:attachment":[{"href":"https:\/\/observator.org.al\/sq\/wp-json\/wp\/v2\/media?parent=2515"}],"curies":[{"name":"wp","href":"https:\/\/api.w.org\/{rel}","templated":true}]}}